{"id":3346,"date":"2014-08-13T12:13:38","date_gmt":"2014-08-13T15:13:38","guid":{"rendered":"https:\/\/direito.ufpr.br\/?page_id=3346"},"modified":"2024-08-05T19:45:03","modified_gmt":"2024-08-05T22:45:03","slug":"ementa-das-disciplinas-em-construcao","status":"publish","type":"page","link":"https:\/\/direito.ufpr.br\/?page_id=3346","title":{"rendered":"Ementa das Disciplinas (em constru\u00e7\u00e3o)"},"content":{"rendered":"<p><span style=\"color: #824951;\">Uma ementa apresenta os t\u00f3picos gerais que ser\u00e3o abordados ao longo da disciplina.<\/span><\/p>\n<p><span style=\"color: #824951;\">As ementas aqui postadas seguem a RESOLU\u00c7\u00c3O N\u00b030\/90-CEPE. Os docentes mencionados em cada documento remete-se ao momento da aprova\u00e7\u00e3o e ao juste curricular do curso de Bacharel em Direito da UFPR.<\/span><\/p>\n<p><span style=\"color: #824951;\">\u00a0<\/span><\/p>\n<table style=\"height: 10231px;\" width=\"665\">\n<tbody>\n<tr>\n<td style=\"text-align: center;\" colspan=\"2\" width=\"1126\"><strong>DISCIPLINAS OBRIGAT\u00d3RIAS<\/strong><\/td>\n<\/tr>\n<tr>\n<td><\/td>\n<td><\/td>\n<\/tr>\n<tr>\n<td><strong>C\u00f3digo<\/strong><\/td>\n<td><strong>Discipina<\/strong><\/td>\n<\/tr>\n<tr>\n<td><\/td>\n<td><span style=\"color: #0000ff;\"><strong>1\u00ba ano<\/strong><\/span><\/td>\n<\/tr>\n<tr>\n<td><a href=\"https:\/\/direito.ufpr.br\/wp-content\/uploads\/2013\/11\/DB438-ECONOMIA-POL\u00cdTICA-1\u00b0ano-curriculo-novo-1.pdf\">DB438<\/a><\/td>\n<td>Economia Pol\u00edtica<\/td>\n<\/tr>\n<tr>\n<td><a href=\"https:\/\/direito.ufpr.br\/wp-content\/uploads\/2013\/11\/DB431-TEORIA-DO-ESTADO-E-CI\u00caNCIA-POL\u00cdTICA-1\u00b0ano-curriculo-novo-1.pdf\">DB431<\/a><\/td>\n<td>Teoria do Estado e Ci\u00eancia Pol\u00edtica<\/td>\n<\/tr>\n<tr>\n<td><a href=\"https:\/\/direito.ufpr.br\/wp-content\/uploads\/2013\/10\/DB439-DIREITO-E-SOCIEDADE-curr\u00edculo-novo-1.pdf\">DB439<\/a><\/td>\n<td>Direito e Sociedade<\/td>\n<\/tr>\n<tr>\n<td><a href=\"https:\/\/direito.ufpr.br\/wp-content\/uploads\/2013\/11\/DV447-TEORIA-DO-DIREITO-1\u00b0ano-curriculo-novo-1.pdf\">DV447<\/a><\/td>\n<td>Teoria do Direito<\/td>\n<\/tr>\n<tr>\n<td><a href=\"https:\/\/direito.ufpr.br\/wp-content\/uploads\/2013\/11\/DV437-METODOLOGIA-DO-TRABALHO-CIENT\u00cdFICO-EM-DIREITO-1\u00b0ano-curriculo-novo-1.pdf\">DV437<\/a><\/td>\n<td>Metodologia do Trabalho Cient\u00edfico em Direito<\/td>\n<\/tr>\n<tr>\n<td><a href=\"https:\/\/direito.ufpr.br\/wp-content\/uploads\/2013\/11\/DV448-HIST\u00d3RIA-DO-DIREITO-1\u00b0ano-curriculo-novo-1.pdf\">DV448<\/a><\/td>\n<td>Hist\u00f3ria do Direito<\/td>\n<\/tr>\n<tr>\n<td><a href=\"https:\/\/direito.ufpr.br\/wp-content\/uploads\/2013\/11\/DV452-DIREITO-ROMANO-1\u00b0ano-curriculo-novo-1.pdf\">DV452<\/a><\/td>\n<td>Direito Romano<\/td>\n<\/tr>\n<tr>\n<td><a href=\"https:\/\/direito.ufpr.br\/wp-content\/uploads\/2013\/11\/DC425-DIREITO-CIVIL-A-1\u00b0ano-curriculo-novo-1.pdf\">DC425<\/a><\/td>\n<td>Direito Civil A<\/td>\n<\/tr>\n<tr>\n<td><\/td>\n<td><\/td>\n<\/tr>\n<tr>\n<td><\/td>\n<td><strong><span style=\"color: #0000ff;\">2\u00ba ano<\/span><\/strong><\/td>\n<\/tr>\n<tr>\n<td><a href=\"https:\/\/direito.ufpr.br\/wp-content\/uploads\/2013\/11\/DB435-DIREITO-CONSTITUCIONAL-A-2\u00b0ano-curriculo-novo-1.pdf\">DB435<\/a><\/td>\n<td>Direito Constitucional A<\/td>\n<\/tr>\n<tr>\n<td><a href=\"https:\/\/direito.ufpr.br\/wp-content\/uploads\/2013\/11\/DB426-DIREITO-INTERNACIONAL-P\u00daBLICO-2\u00b0ano-curriculo-novo-1.pdf\">DB426<\/a><\/td>\n<td>Direito Internacional P\u00fablico<\/td>\n<\/tr>\n<tr>\n<td><a href=\"https:\/\/direito.ufpr.br\/wp-content\/uploads\/2013\/11\/DB441-ANTROPOLOGIA-JUR\u00cdDICA-2\u00b0ano-curriculo-novo-1.pdf\">DB441<\/a><\/td>\n<td>Antropologia Jur\u00eddica<\/td>\n<\/tr>\n<tr>\n<td><a href=\"https:\/\/direito.ufpr.br\/wp-content\/uploads\/2013\/11\/DP417-DIREITO-PENAL-A-2\u00b0ano-curriculo-novo-1.pdf\">DP417<\/a><\/td>\n<td>Direito Penal A<\/td>\n<\/tr>\n<tr>\n<td><a href=\"https:\/\/direito.ufpr.br\/wp-content\/uploads\/2013\/11\/DP425-CRIMINOLOGIA-5\u00b0ano-curriculo-novo-1.pdf\">DP425<\/a><\/td>\n<td>Criminologia<\/td>\n<\/tr>\n<tr>\n<td><a href=\"https:\/\/direito.ufpr.br\/wp-content\/uploads\/2013\/11\/DV441-DIREITO-INTERNACIONAL-PRIVADO-2\u00b0ano-curriculo-novo-1.pdf\">DV441<\/a><\/td>\n<td>Direito Internacional Privado<\/td>\n<\/tr>\n<tr>\n<td><a href=\"https:\/\/direito.ufpr.br\/wp-content\/uploads\/2013\/11\/DC426-DIREITO-CIVIL-B-2\u00b0ano-curriculo-novo-1.pdf\">DC426<\/a><\/td>\n<td>Direito Civil B<\/td>\n<\/tr>\n<tr>\n<td><a href=\"https:\/\/direito.ufpr.br\/wp-content\/uploads\/2013\/11\/DC429-DIREITO-PROCESSUAL-CIVIL-A-2\u00b0ano-curriculo-novo-1.pdf\">DC429<\/a><\/td>\n<td>Direito Processual Civil A<\/td>\n<\/tr>\n<tr>\n<td><a href=\"https:\/\/direito.ufpr.br\/wp-content\/uploads\/2013\/11\/DV453-Filosofia-do-Direito-2\u00b0ano-curriculo-novo-1.pdf\">DV453<\/a><\/td>\n<td>Filosofia do Direito<\/td>\n<\/tr>\n<tr>\n<td><\/td>\n<td><\/td>\n<\/tr>\n<tr>\n<td><\/td>\n<td><strong><span style=\"color: #0000ff;\">3\u00ba ano<\/span><\/strong><\/td>\n<\/tr>\n<tr>\n<td><a href=\"https:\/\/direito.ufpr.br\/wp-content\/uploads\/2013\/11\/DB436-DIREITO-CONSTITUCIONAL-B-3\u00b0ano-curriculo-novo-1.pdf\">DB436<\/a><\/td>\n<td>Direito Constitucional B<\/td>\n<\/tr>\n<tr>\n<td><a href=\"https:\/\/direito.ufpr.br\/wp-content\/uploads\/2013\/11\/DB442-DIREITO-FINANCEIRO-E-POL\u00cdTICAS-PUBLICAS-3\u00b0ano-curriculo-novo-1.pdf\">DB442<\/a><\/td>\n<td>Direito Financeiro e Pol\u00edticas P\u00fablicas<\/td>\n<\/tr>\n<tr>\n<td><a href=\"https:\/\/direito.ufpr.br\/wp-content\/uploads\/2013\/11\/DB443-DIREITO-ADMINISTRATIVO-A-3\u00b0ano-curriculo-novo-1.pdf\">DB443<\/a><\/td>\n<td>Direito Administrativo A<\/td>\n<\/tr>\n<tr>\n<td><a href=\"https:\/\/direito.ufpr.br\/wp-content\/uploads\/2013\/11\/DP418-DIREITO-PENAL-B-3\u00b0ano-curriculo-novo-1.pdf\">DP418<\/a><\/td>\n<td>Direito Penal B<\/td>\n<\/tr>\n<tr>\n<td><a href=\"https:\/\/direito.ufpr.br\/wp-content\/uploads\/2013\/11\/DV449-DIREITO-EMPRESARIAL-A-3\u00b0ano-curriculo-novo-1.pdf\">DV449<\/a><\/td>\n<td>Direito Empresarial A<\/td>\n<\/tr>\n<tr>\n<td><a href=\"https:\/\/direito.ufpr.br\/wp-content\/uploads\/2013\/11\/DC427-DIREITO-CIVIL-C-3\u00b0ano-curriculo-novo-1.pdf\">DC427<\/a><\/td>\n<td>Direito Civil C<\/td>\n<\/tr>\n<tr>\n<td><a href=\"https:\/\/direito.ufpr.br\/wp-content\/uploads\/2013\/11\/DC430-DIREITO-PROCESSUAL-CIVIL-B-3\u00b0ano-curriculo-novo-1.pdf\">DC430<\/a><\/td>\n<td>Direito Processual Civil B<\/td>\n<\/tr>\n<tr>\n<td>Vari\u00e1vel<\/td>\n<td>T\u00f3pica A1<\/td>\n<\/tr>\n<tr>\n<td>Vari\u00e1vel<\/td>\n<td>T\u00f3pica A2<\/td>\n<\/tr>\n<tr>\n<td>Vari\u00e1vel<\/td>\n<td>T\u00f3pica B1<\/td>\n<\/tr>\n<tr>\n<td>Vari\u00e1vel<\/td>\n<td>T\u00f3pica B2<\/td>\n<\/tr>\n<tr>\n<td><\/td>\n<td><\/td>\n<\/tr>\n<tr>\n<td><\/td>\n<td><span style=\"color: #0000ff;\"><strong>4\u00ba ano<\/strong><\/span><\/td>\n<\/tr>\n<tr>\n<td><a href=\"https:\/\/direito.ufpr.br\/wp-content\/uploads\/2013\/11\/DB444-DIREITO-ADMINISTRATIVO-B-4\u00b0ano-curriculo-novo-1.pdf\">DB444<\/a><\/td>\n<td>Direito Administrativo B<\/td>\n<\/tr>\n<tr>\n<td><a href=\"https:\/\/direito.ufpr.br\/wp-content\/uploads\/2013\/11\/DP419-DIREITO-PENAL-C-4\u00b0ano-curriculo-novo-1.pdf\">DP419<\/a><\/td>\n<td>Direito Penal C<\/td>\n<\/tr>\n<tr>\n<td><a href=\"https:\/\/direito.ufpr.br\/wp-content\/uploads\/2013\/11\/DP421-DIREITO-PROCESSUAL-PENAL-A-4\u00b0ano-curriculo-novo-1.pdf\">DP421<\/a><\/td>\n<td>Direito Processual Penal A<\/td>\n<\/tr>\n<tr>\n<td><a href=\"https:\/\/direito.ufpr.br\/wp-content\/uploads\/2013\/11\/DV450-DIREITO-EMPRESARIAL-B-4\u00b0ano-curriculo-novo-1.pdf\">DV450<\/a><\/td>\n<td>Direito Empresarial B<\/td>\n<\/tr>\n<tr>\n<td>DV445<\/td>\n<td>Direito do Trabalho<\/td>\n<\/tr>\n<tr>\n<td><a href=\"https:\/\/direito.ufpr.br\/wp-content\/uploads\/2013\/11\/DC428-DIREITO-CIVIL-D-4\u00b0ano-curriculo-novo-1.pdf\">DC428<\/a><\/td>\n<td>Direito Civil D<\/td>\n<\/tr>\n<tr>\n<td><a href=\"https:\/\/direito.ufpr.br\/wp-content\/uploads\/2013\/11\/DC431-DIREITO-PROCESSUAL-CIVIL-C-4\u00b0ano-curriculo-novo-1.pdf\">DC431<\/a><\/td>\n<td>Direito Processual Civil C<\/td>\n<\/tr>\n<tr>\n<td>Vari\u00e1vel<\/td>\n<td>T\u00f3pica C1<\/td>\n<\/tr>\n<tr>\n<td>Vari\u00e1vel<\/td>\n<td>T\u00f3pica C2<\/td>\n<\/tr>\n<tr>\n<td>Vari\u00e1vel<\/td>\n<td>T\u00f3pica D1<\/td>\n<\/tr>\n<tr>\n<td>Vari\u00e1vel<\/td>\n<td>T\u00f3pica D2<\/td>\n<\/tr>\n<tr>\n<td>DIR402<\/td>\n<td>Trabalho de Conclus\u00e3o de Curso<\/td>\n<\/tr>\n<tr>\n<td><\/td>\n<td><\/td>\n<\/tr>\n<tr>\n<td><\/td>\n<td><strong><span style=\"color: #0000ff;\">5\u00ba ano<\/span><\/strong><\/td>\n<\/tr>\n<tr>\n<td><a href=\"https:\/\/direito.ufpr.br\/wp-content\/uploads\/2013\/11\/DB428-DIREITO-TRIBUT\u00c1RIO-5\u00b0ano-curriculo-novo-1.pdf\">DB428<\/a><\/td>\n<td>Direito Tribut\u00e1rio<\/td>\n<\/tr>\n<tr>\n<td><a href=\"https:\/\/direito.ufpr.br\/wp-content\/uploads\/2013\/11\/DB440-DIREITO-AMBIENTAL-2\u00b0ano-curriculo-novo-1.pdf\">DB440<\/a><\/td>\n<td>Direito Ambiental<\/td>\n<\/tr>\n<tr>\n<td><a href=\"https:\/\/direito.ufpr.br\/wp-content\/uploads\/2013\/11\/DB445-DIREITO-ECON\u00d4MICO-5\u00b0ano-curriculo-novo-1.pdf\">DB445<\/a><\/td>\n<td>Direito Econ\u00f4mico<\/td>\n<\/tr>\n<tr>\n<td><a href=\"https:\/\/direito.ufpr.br\/wp-content\/uploads\/2013\/11\/DP422-DIREITO-PROCESSUAL-PENAL-B-5\u00b0ano-curriculo-novo-1.pdf\">DP422<\/a><\/td>\n<td>Direito Processual Penal B<\/td>\n<\/tr>\n<tr>\n<td><a href=\"https:\/\/direito.ufpr.br\/wp-content\/uploads\/2013\/11\/DV451-DIREITO-PROCESSUAL-DO-TRABALHO-5\u00b0ano-curriculo-novo-1.pdf\">DV451<\/a><\/td>\n<td>Direito Processual do Trabalho<\/td>\n<\/tr>\n<tr>\n<td><a href=\"https:\/\/direito.ufpr.br\/wp-content\/uploads\/2013\/11\/DC435-DIREITO-CIVIL-E-5\u00b0ano-curriculo-novo-1.pdf\">DC435<\/a><\/td>\n<td>Direito Civil E<\/td>\n<\/tr>\n<tr>\n<td>Vari\u00e1vel<\/td>\n<td>T\u00f3pica E1<\/td>\n<\/tr>\n<tr>\n<td>Vari\u00e1vel<\/td>\n<td>T\u00f3pica E2<\/td>\n<\/tr>\n<tr>\n<td>Vari\u00e1vel<\/td>\n<td>T\u00f3pica F1<\/td>\n<\/tr>\n<tr>\n<td>Vari\u00e1vel<\/td>\n<td>T\u00f3pica F2<\/td>\n<\/tr>\n<tr>\n<td>DIR403<\/td>\n<td>Trabalho de Conclus\u00e3o de Curso<\/td>\n<\/tr>\n<tr>\n<td>DIR(Vari\u00e1vel)<\/td>\n<td>Pr\u00e1tica Jur\u00eddica<\/td>\n<\/tr>\n<tr>\n<td>DIR404<\/td>\n<td>Est\u00e1gio Supervisionado<\/td>\n<\/tr>\n<tr>\n<td><\/td>\n<td><\/td>\n<\/tr>\n<tr>\n<td><\/td>\n<td><\/td>\n<\/tr>\n<tr>\n<td style=\"text-align: center;\" colspan=\"2\"><strong>DISCIPLINAS DO N\u00daCLEO DE PR\u00c1TICA JUR\u00cdDICA<\/strong><\/td>\n<\/tr>\n<tr>\n<td><\/td>\n<td><\/td>\n<\/tr>\n<tr>\n<td><\/td>\n<td><\/td>\n<\/tr>\n<tr>\n<td width=\"546\">DIR405<\/td>\n<td width=\"580\">Pr\u00e1tica Jur\u00eddica Civil<\/td>\n<\/tr>\n<tr>\n<td width=\"546\"><a href=\"https:\/\/direito.ufpr.br\/wp-content\/uploads\/2014\/10\/DIR406-PR\u00c1TICA-JUR\u00cdDICA-DTO-PENAL-1.pdf\">DIR406<\/a><\/td>\n<td width=\"580\">Pr\u00e1tica Jur\u00eddica Penal<\/td>\n<\/tr>\n<tr>\n<td width=\"546\">DIR407<\/td>\n<td width=\"580\">Pr\u00e1tica Jur\u00eddica Trabalhista<\/td>\n<\/tr>\n<tr>\n<td width=\"546\"><a href=\"https:\/\/direito.ufpr.br\/wp-content\/uploads\/2014\/08\/DIR408-PR\u00c1TICA-PREVIDENCI\u00c1RIA-1.pdf\">DIR408<\/a><\/td>\n<td width=\"580\">Pr\u00e1tica Jur\u00eddica Previdenci\u00e1ria<\/td>\n<\/tr>\n<tr>\n<td width=\"546\"><a href=\"https:\/\/direito.ufpr.br\/wp-content\/uploads\/2014\/08\/DIR409-PR\u00c1TICA-DIREITOS-HUMANOS-1.pdf\">DIR409<\/a><\/td>\n<td width=\"580\">Pr\u00e1tica Jur\u00eddica em Direitos Humanos<\/td>\n<\/tr>\n<tr>\n<td width=\"546\"><\/td>\n<td width=\"580\"><\/td>\n<\/tr>\n<tr>\n<td><\/td>\n<td><\/td>\n<\/tr>\n<tr>\n<td style=\"text-align: center;\" colspan=\"2\"><\/td>\n<\/tr>\n<tr>\n<td><\/td>\n<td><\/td>\n<\/tr>\n<tr>\n<td style=\"text-align: center;\" colspan=\"2\"><strong>T\u00d3PICAS &#8211; TEORIA DO DIREITO E DIREITOS HUMANOS<\/strong><\/td>\n<\/tr>\n<tr>\n<td><\/td>\n<td><\/td>\n<\/tr>\n<tr>\n<td><strong>C\u00f3digo<\/strong><\/td>\n<td><strong>Discipina<\/strong><\/td>\n<\/tr>\n<tr>\n<td><a href=\"https:\/\/direito.ufpr.br\/wp-content\/uploads\/2013\/11\/DB034-T\u00d3PICOS-DE-DIREITO-E-SOCIEDADE-A-t\u00f3pica-1.pdf\">DB034<\/a><\/td>\n<td>T\u00f3picos de Direito e Sociedade A<\/td>\n<\/tr>\n<tr>\n<td><a href=\"https:\/\/direito.ufpr.br\/wp-content\/uploads\/2013\/11\/DB035-T\u00d3PICOS-DE-DIREITO-E-SOCIEDADE-B-t\u00f3pica-1.pdf\">DB035<\/a><\/td>\n<td>T\u00f3picos de Direito e Sociedade B<\/td>\n<\/tr>\n<tr>\n<td><a href=\"https:\/\/direito.ufpr.br\/wp-content\/uploads\/2013\/11\/DB036-T\u00d3PICOS-DE-DIREITO-E-SOCIEDADE-C-t\u00f3pica-1.pdf\">DB036<\/a><\/td>\n<td>T\u00f3picos de Direito e Sociedade C<\/td>\n<\/tr>\n<tr>\n<td><a href=\"https:\/\/direito.ufpr.br\/wp-content\/uploads\/2013\/11\/DB037-T\u00d3PICOS-DE-DIREITO-E-SOCIEDADE-D-t\u00f3pica-1.pdf\">DB037<\/a><\/td>\n<td>T\u00f3picos de Direito e Sociedade D<\/td>\n<\/tr>\n<tr>\n<td><a href=\"https:\/\/direito.ufpr.br\/wp-content\/uploads\/2013\/11\/DB038-T\u00d3PICOS-DE-DIREITO-E-SOCIEDADE-E-t\u00f3pica-1.pdf\">DB038<\/a><\/td>\n<td>T\u00f3picos de Direito e Sociedade E<\/td>\n<\/tr>\n<tr>\n<td><a href=\"https:\/\/direito.ufpr.br\/wp-content\/uploads\/2013\/11\/DB039-T\u00d3PICOS-DE-DIREITO-E-SOCIEDADE-F-t\u00f3pica-1.pdf\">DB039<\/a><\/td>\n<td>T\u00f3picos de Direito e Sociedade F<\/td>\n<\/tr>\n<tr>\n<td><a href=\"https:\/\/direito.ufpr.br\/wp-content\/uploads\/2013\/11\/DB039-T\u00d3PICOS-DE-DIREITO-E-SOCIEDADE-F-t\u00f3pica-1.pdf\">DB040<\/a><\/td>\n<td>Direito e Literatura<\/td>\n<\/tr>\n<tr>\n<td><a href=\"https:\/\/direito.ufpr.br\/wp-content\/uploads\/2013\/11\/DB041-T\u00d3PICOS-DE-TEORIA-DO-ESTADO-E-CI\u00caNCIA-POL\u00cdTICA-A-t\u00f3pica-1.pdf\">DB041<\/a><\/td>\n<td>T\u00f3picos de Teoria do Estado e Ci\u00eancia Pol\u00edtica A<\/td>\n<\/tr>\n<tr>\n<td><a href=\"https:\/\/direito.ufpr.br\/wp-content\/uploads\/2013\/11\/DB042-T\u00d3PICOS-DE-TEORIA-DO-ESTADO-E-CI\u00caNCIA-POL\u00cdTICA-B-t\u00f3pica-1.pdf\">DB042<\/a><\/td>\n<td>T\u00f3picos de Teoria do Estado e Ci\u00eancia Pol\u00edtica B<\/td>\n<\/tr>\n<tr>\n<td><a href=\"https:\/\/direito.ufpr.br\/wp-content\/uploads\/2013\/11\/DB043-T\u00d3PICOS-DE-TEORIA-DO-ESTADO-E-CI\u00caNCIA-POL\u00cdTICA-C-t\u00f3pica-1.pdf\">DB043<\/a><\/td>\n<td>T\u00f3picos de Teoria do Estado e Ci\u00eancia Pol\u00edtica C<\/td>\n<\/tr>\n<tr>\n<td><a href=\"https:\/\/direito.ufpr.br\/wp-content\/uploads\/2013\/11\/DB044-T\u00d3PICOS-DE-TEORIA-DO-ESTADO-E-CI\u00caNCIA-POL\u00cdTICA-D-t\u00f3pica-1.pdf\">DB044<\/a><\/td>\n<td>T\u00f3picos de Teoria do Estado e Ci\u00eancia Pol\u00edtica D<\/td>\n<\/tr>\n<tr>\n<td><a href=\"https:\/\/direito.ufpr.br\/wp-content\/uploads\/2014\/08\/DB045-T\u00d3PICOS-DE-TEORIA-DO-ESTADO-E-CI\u00caNCIA-POL\u00cdTICA-E-1.pdf\">DB045<\/a><\/td>\n<td>T\u00f3picos de Teoria do Estado e Ci\u00eancia Pol\u00edtica E<\/td>\n<\/tr>\n<tr>\n<td><a href=\"https:\/\/direito.ufpr.br\/wp-content\/uploads\/2013\/11\/DB046-T\u00d3PICOS-DE-TEORIA-DO-ESTADO-E-CI\u00caNCIA-POL\u00cdTICA-F-t\u00f3pica-1.pdf\">DB046<\/a><\/td>\n<td>T\u00f3picos de Teoria do Estado e Ci\u00eancia Pol\u00edtica F<\/td>\n<\/tr>\n<tr>\n<td><a href=\"https:\/\/direito.ufpr.br\/wp-content\/uploads\/2013\/11\/DB047-T\u00d3PICOS-DE-DIREITOS-HUMANOS-E-FUNDAMENTAIS-A-t\u00f3pica-1.pdf\">DB047<\/a><\/td>\n<td>T\u00f3picos de Direitos Humanos e Fundamentais A<\/td>\n<\/tr>\n<tr>\n<td><a href=\"https:\/\/direito.ufpr.br\/wp-content\/uploads\/2013\/11\/DB048-T\u00d3PICOS-DE-DIREITOS-HUMANOS-E-FUNDAMENTAIS-B-t\u00f3pica-1.pdf\">DB048<\/a><\/td>\n<td>T\u00f3picos de Direitos Humanos e Fundamentais B<\/td>\n<\/tr>\n<tr>\n<td>DB085<\/td>\n<td>Antropologia Jur\u00eddica I<\/td>\n<\/tr>\n<tr>\n<td>DB086<\/td>\n<td>Antropologia Jur\u00eddica II<\/td>\n<\/tr>\n<tr>\n<td>DB087<\/td>\n<td>Quest\u00f5es Contempor\u00e2neas do Direito Internacional P\u00fablico<\/td>\n<\/tr>\n<tr>\n<td>DB088<\/td>\n<td>T\u00f3picos de Antropologia Jur\u00eddica A<\/td>\n<\/tr>\n<tr>\n<td>DB089<\/td>\n<td>T\u00f3picos de Antropologia Jur\u00eddica B<\/td>\n<\/tr>\n<tr>\n<td>DB090<\/td>\n<td>T\u00f3picos de Antropologia Jur\u00eddica C<\/td>\n<\/tr>\n<tr>\n<td>DB091<\/td>\n<td>T\u00f3picos de Antropologia Jur\u00eddica D<\/td>\n<\/tr>\n<tr>\n<td><a href=\"https:\/\/direito.ufpr.br\/wp-content\/uploads\/2014\/08\/DB092-T\u00d3PICOS-DE-ANTOPOLOGIA-JUR\u00cdDICA-E-1.pdf\">DB092<\/a><\/td>\n<td>T\u00f3picos de Antropologia Jur\u00eddica E<\/td>\n<\/tr>\n<tr>\n<td>DB093<\/td>\n<td>Direito e Marxismo<\/td>\n<\/tr>\n<tr>\n<td>DB094<\/td>\n<td>Assessoria Jur\u00eddica Popular<\/td>\n<\/tr>\n<tr>\n<td>DB097<\/td>\n<td>Hist\u00f3ria do Pensamento Econ\u00f4mico<\/td>\n<\/tr>\n<tr>\n<td>DB098<\/td>\n<td>Ruralidade e Meio Ambiente I<\/td>\n<\/tr>\n<tr>\n<td><a href=\"https:\/\/direito.ufpr.br\/wp-content\/uploads\/2014\/08\/DB099-Ruralidade-e-Meio-Ambiente-II-1.pdf\">DB099<\/a><\/td>\n<td>Ruralidade e Meio Ambiente II<\/td>\n<\/tr>\n<tr>\n<td>DB101<\/td>\n<td>Territorialidades e Direitos Humanos<\/td>\n<\/tr>\n<tr>\n<td>DB210<\/td>\n<td>Direito Internacional dos Direitos Humanos<\/td>\n<\/tr>\n<tr>\n<td><a href=\"https:\/\/direito.ufpr.br\/wp-content\/uploads\/2013\/11\/DV046-DIREITO-E-CINEMA-t\u00f3pica-1.pdf\">DV046<\/a><\/td>\n<td>Direito e Cinema<\/td>\n<\/tr>\n<tr>\n<td><a href=\"https:\/\/direito.ufpr.br\/wp-content\/uploads\/2013\/11\/DV047-FUNDAMENTOS-TE\u00d3RICOS-DO-DIREITOS-HUMANOS-t\u00f3pica-1.pdf\">DV047<\/a><\/td>\n<td>Fundamentos Te\u00f3ricos dos Direitos Humanos e da Democracia<\/td>\n<\/tr>\n<tr>\n<td><a href=\"https:\/\/direito.ufpr.br\/wp-content\/uploads\/2013\/11\/DV048-TUTELA-DOS-DIREITOS-HUMANOS-t\u00f3pica-1.pdf\">DV048<\/a><\/td>\n<td>Tutela dos Direitos Humanos<\/td>\n<\/tr>\n<tr>\n<td>DV049<\/td>\n<td>T\u00f3picos de Direito Romano<\/td>\n<\/tr>\n<tr>\n<td><a href=\"https:\/\/direito.ufpr.br\/wp-content\/uploads\/2013\/11\/DV050-DIREITO-E-SUBJETIVIDADE-t\u00f3pica-1.pdf\">DV050<\/a><\/td>\n<td>Direito e Subjetividade<\/td>\n<\/tr>\n<tr>\n<td><a href=\"https:\/\/direito.ufpr.br\/wp-content\/uploads\/2013\/11\/DV051-T\u00d3PICAS-EM-HIST\u00d3RIA-DO-DIREITO-A-t\u00f3pica-1.pdf\">DV051<\/a><\/td>\n<td>T\u00f3picos em Hist\u00f3ria do Direito A<\/td>\n<\/tr>\n<tr>\n<td><a href=\"https:\/\/direito.ufpr.br\/wp-content\/uploads\/2013\/11\/DV052-T\u00d3PICOS-EM-HIST\u00d3RIA-DO-DIREITO-B-t\u00f3pica-1.pdf\">DV052<\/a><\/td>\n<td>T\u00f3picos em Hist\u00f3ria do Direito B<\/td>\n<\/tr>\n<tr>\n<td><a href=\"https:\/\/direito.ufpr.br\/wp-content\/uploads\/2013\/11\/DV053-T\u00d3PICOS-EM-HIST\u00d3RIA-DO-DIREITO-C-t\u00f3pica-1.pdf\">DV053<\/a><\/td>\n<td>T\u00f3picos em Hist\u00f3ria do Direito C<\/td>\n<\/tr>\n<tr>\n<td><a href=\"https:\/\/direito.ufpr.br\/wp-content\/uploads\/2013\/11\/DV054-T\u00d3PICOS-EM-HIST\u00d3RIA-DO-DIREITO-D-t\u00f3pica-1.pdf\">DV054<\/a><\/td>\n<td>T\u00f3picos em Hist\u00f3ria do Direito D<\/td>\n<\/tr>\n<tr>\n<td><a href=\"https:\/\/direito.ufpr.br\/wp-content\/uploads\/2013\/11\/DV055-T\u00d3PICOS-EM-HIST\u00d3RIA-DO-DIREITO-E-t\u00f3pica-1.pdf\">DV055<\/a><\/td>\n<td>T\u00f3picos em Hist\u00f3ria do Direito E<\/td>\n<\/tr>\n<tr>\n<td><a href=\"https:\/\/direito.ufpr.br\/wp-content\/uploads\/2013\/11\/DV056-T\u00d3PICOS-EM-HIST\u00d3RIA-DO-DIREITO-F-t\u00f3pica-1.pdf\">DV056<\/a><\/td>\n<td>T\u00f3picos em Hist\u00f3ria do Direito F<\/td>\n<\/tr>\n<tr>\n<td><a href=\"https:\/\/direito.ufpr.br\/wp-content\/uploads\/2013\/11\/DV057-T\u00d3PICOS-EM-HIST\u00d3RIA-DO-DIREITO-G-t\u00f3pica-1.pdf\">DV057<\/a><\/td>\n<td>T\u00f3picos em Hist\u00f3ria do Direito G<\/td>\n<\/tr>\n<tr>\n<td><a href=\"https:\/\/direito.ufpr.br\/wp-content\/uploads\/2013\/11\/DV058-T\u00d3PICOS-EM-HIST\u00d3RIA-DO-DIREITO-H-t\u00f3pica-1.pdf\">DV058<\/a><\/td>\n<td>T\u00f3picos em Hist\u00f3ria do Direito H<\/td>\n<\/tr>\n<tr>\n<td><a href=\"https:\/\/direito.ufpr.br\/wp-content\/uploads\/2013\/11\/DV059-T\u00d3PICOS-EM-HIST\u00d3RIA-DO-DIREITO-I-t\u00f3pica-1.pdf\">DV059<\/a><\/td>\n<td>T\u00f3picos em Hist\u00f3ria do Direito I<\/td>\n<\/tr>\n<tr>\n<td><a href=\"https:\/\/direito.ufpr.br\/wp-content\/uploads\/2013\/11\/DV060-T\u00d3PICOS-EM-HIST\u00d3RIA-DO-DIREITO-J-t\u00f3pica-1.pdf\">DV060<\/a><\/td>\n<td>T\u00f3picos em Hist\u00f3ria do Direito J<\/td>\n<\/tr>\n<tr>\n<td><a href=\"https:\/\/direito.ufpr.br\/wp-content\/uploads\/2013\/11\/DV061-T\u00d3PICOS-EM-HIST\u00d3RIA-DO-DIREITO-L-t\u00f3pica-1.pdf\">DV061<\/a><\/td>\n<td>T\u00f3picos em Hist\u00f3ria do Direito L<\/td>\n<\/tr>\n<tr>\n<td><a href=\"https:\/\/direito.ufpr.br\/wp-content\/uploads\/2013\/11\/DV062-T\u00d3PICOS-EM-HIST\u00d3RIA-DO-DIREITO-M-t\u00f3pica-1.pdf\">DV062<\/a><\/td>\n<td>T\u00f3picos em Hist\u00f3ria do Direito M<\/td>\n<\/tr>\n<tr>\n<td><a href=\"https:\/\/direito.ufpr.br\/wp-content\/uploads\/2013\/11\/DV063-T\u00d3PICOS-EM-HIST\u00d3RIA-DO-DIREITO-N-t\u00f3pica-1.pdf\">DV063<\/a><\/td>\n<td>T\u00f3picos em Hist\u00f3ria do Direito N<\/td>\n<\/tr>\n<tr>\n<td><a href=\"https:\/\/direito.ufpr.br\/wp-content\/uploads\/2014\/08\/DV064-T\u00d3PICOS-ESPECIAIS-DE-FILOSOFIA-DO-DIREITO-A-FILOSOFIA-ANTIGA-I-1.pdf\">DV064<\/a><\/td>\n<td>T\u00f3picos Especiais de Filosofia do Direito A: Filosofia Antiga I<\/td>\n<\/tr>\n<tr>\n<td><a href=\"https:\/\/direito.ufpr.br\/wp-content\/uploads\/2014\/08\/DV065-T\u00d3PICOS-ESPECIAIS-DE-FILOSOFIA-DO-DIREITO-B-FILOSOFIA-ANTIGA-II-1.pdf\">DV065<\/a><\/td>\n<td>T\u00f3picos Especiais de Filosofia do Direito B: Filosofia Antiga II<\/td>\n<\/tr>\n<tr>\n<td><a href=\"https:\/\/direito.ufpr.br\/wp-content\/uploads\/2014\/08\/DV066-T\u00d3PICOS-ESPECIAIS-DE-FILOSOFIA-DO-DIREITO-C-FILOSOFIA-MEDIEVAL-I-1.pdf\">DV066<\/a><\/td>\n<td>T\u00f3picos Especiais de Filosofia do Direito C: Filosofia Medieval I<\/td>\n<\/tr>\n<tr>\n<td><a href=\"https:\/\/direito.ufpr.br\/wp-content\/uploads\/2014\/08\/DV067-T\u00d3PICOS-ESPECIAIS-DE-FILOSOFIA-DO-DIREITO-D-FILOSOFIA-MEDIEVAL-II-1.pdf\">DV067<\/a><\/td>\n<td>T\u00f3picos Especiais de Filosofia do Direito D: Filosofia Medieval II<\/td>\n<\/tr>\n<tr>\n<td><a href=\"https:\/\/direito.ufpr.br\/wp-content\/uploads\/2014\/08\/DV068-T\u00d3PICOS-ESPECIAIS-DE-FILOSOFIA-DO-DIREITO-E-FILOSOFIA-MODERNA-I-1.pdf\">DV068<\/a><\/td>\n<td>T\u00f3picos Especiais de Filosofia do Direito E: Filosofia Moderna I<\/td>\n<\/tr>\n<tr>\n<td><a href=\"https:\/\/direito.ufpr.br\/wp-content\/uploads\/2014\/08\/DV069-T\u00d3PICOS-ESPECIAIS-DE-FILOSOFIA-DO-DIREITO-F-FILOSOFIA-MODERNA-II-1.pdf\">DV069<\/a><\/td>\n<td>T\u00f3picos Especiais de Filosofia do Direito F: Filosofia Moderna II<\/td>\n<\/tr>\n<tr>\n<td><a href=\"https:\/\/direito.ufpr.br\/wp-content\/uploads\/2014\/08\/DV070-T\u00d3PICOS-ESPECIAIS-DE-FILOSOFIA-DO-DIREITO-G-FILOSOFIA-CONTEMPOR\u00c2NEA-I-1.pdf\">DV070<\/a><\/td>\n<td>T\u00f3picos Especiais de Filosofia do Direito G: Filosofia Contempor\u00e2nea I<\/td>\n<\/tr>\n<tr>\n<td><a href=\"https:\/\/direito.ufpr.br\/wp-content\/uploads\/2014\/07\/DV071-T\u00d3PICOS-ESPECIAIS-DE-FILOSOFIA-DO-DIREITO-H_-FILOSOFIA-DO-DIREITO-E-TEORIA-DO-CONHECIMENTO-1.pdf\">DV071<\/a><\/td>\n<td>T\u00f3picos Especiais de Filosofia do Direito H: Filosofia do Direito e Teoria do Conhecimento<\/td>\n<\/tr>\n<tr>\n<td><a href=\"https:\/\/direito.ufpr.br\/wp-content\/uploads\/2014\/08\/DV072-T\u00d3PICOS-ESPECIAIS-DE-FILOSOFIA-DO-DIREITO-I-FILOSOFIA-DOS-DIREITOS-HUMANOS-A-1.pdf\">DV072<\/a><\/td>\n<td>T\u00f3picos Especiais de Filosofia do Direito I: Filosofia dos Direitos Humanos A<\/td>\n<\/tr>\n<tr>\n<td><a href=\"https:\/\/direito.ufpr.br\/wp-content\/uploads\/2014\/08\/DV073-T\u00d3PICOS-ESPECIAIS-DE-FILOSOFIA-DO-DIREITO-J-FILOSOFIA-DOS-DIREITOS-HUMANOS-B-1.pdf\">DV073<\/a><\/td>\n<td>T\u00f3picos Especiais de Filosofia do Direito J: Filosofia dos Direitos Humanos B<\/td>\n<\/tr>\n<tr>\n<td>DV074<\/td>\n<td>T\u00f3picos Especiais de Filosofia do Direito K:: Filosofia do Direito e Teoria do Conhecimento<\/td>\n<\/tr>\n<tr>\n<td><a href=\"https:\/\/direito.ufpr.br\/wp-content\/uploads\/2014\/08\/DV075-T\u00d3PICOS-ESPECIAIS-DE-FILOSOFIA-DO-DIREITO-L-FILOSOFIA-DO-DIREITO-E-EPISTEMOLOGIA-1.pdf\">DV075<\/a><\/td>\n<td>T\u00f3picos Especiais de Filosofia do Direito L: Filosofia do Direito e Epistemologia<\/td>\n<\/tr>\n<tr>\n<td><a href=\"https:\/\/direito.ufpr.br\/wp-content\/uploads\/2014\/08\/DV076-T\u00d3PICOS-ESPECIAIS-DE-FILOSOFIA-DO-DIREITO-M-L\u00d3GICA-E-L\u00d3GICA-JUR\u00cdDICA-1.pdf\">DV076<\/a><\/td>\n<td>T\u00f3picos Especiais de Filosofia do Direito M: L\u00f3gica e L\u00f3gica Jur\u00eddica<\/td>\n<\/tr>\n<tr>\n<td>DV077<\/td>\n<td>T\u00f3picos Especiais de Filosofia do Direito N: Hermen\u00eautica e Hermen\u00eautica Jur\u00eddica<\/td>\n<\/tr>\n<tr>\n<td><a href=\"https:\/\/direito.ufpr.br\/wp-content\/uploads\/2013\/11\/DV078-T\u00d3PICOS-ESPECIAIS-DE-FILOSOFIA-DO-DIREITO-O-t\u00f3pica-1.pdf\">DV078<\/a><\/td>\n<td>T\u00f3picos Especiais de Filosofia do Direito O: Ret\u00f3rica e Argumenta\u00e7\u00e3o<\/td>\n<\/tr>\n<tr>\n<td><a href=\"https:\/\/direito.ufpr.br\/wp-content\/uploads\/2013\/11\/DV080-T\u00d3PICOS-ESPECIAIS-DE-FILOSOFIA-DO-DIREITO-Q-t\u00f3pica-1.pdf\">DV080<\/a><\/td>\n<td>T\u00f3picos Especiais de Filosofia do Direito Q: Direito, Linguagem e Filosofia da Linguagem<\/td>\n<\/tr>\n<tr>\n<td><a href=\"https:\/\/direito.ufpr.br\/wp-content\/uploads\/2013\/11\/DV081-T\u00d3PICOS-ESPECIAIS-DE-FILOSOFIA-DO-DIREITO-R-t\u00f3pica-1.pdf\">DV081<\/a><\/td>\n<td>T\u00f3picos Especiais de Filosofia do Direito R: Filosofia P\u00f3s-Colonial<\/td>\n<\/tr>\n<tr>\n<td>DV082<\/td>\n<td>T\u00f3picos Especiais de Filosofia do Direito S: Filosofia \u00c9tica<\/td>\n<\/tr>\n<tr>\n<td><a href=\"https:\/\/direito.ufpr.br\/wp-content\/uploads\/2013\/11\/DV083-T\u00d3PICOS-ESPECIAIS-DE-FILOSOFIA-DO-DIREITO-T-t\u00f3pica-1.pdf\">DV083<\/a><\/td>\n<td>T\u00f3picos Especiais de Filosofia do Direito T: Direito, Intelig\u00eancia Artificial e Inform\u00e1tica<\/td>\n<\/tr>\n<tr>\n<td><a href=\"https:\/\/direito.ufpr.br\/wp-content\/uploads\/2013\/11\/DV084-T\u00d3PICOS-ESPECIAIS-DE-FILOSOFIA-DO-DIREITO-U-t\u00f3pica-1.pdf\">DV084<\/a><\/td>\n<td>T\u00f3picos Especiais de Filosofia do Direito U: Direito e Internet<\/td>\n<\/tr>\n<tr>\n<td><a href=\"https:\/\/direito.ufpr.br\/wp-content\/uploads\/2013\/11\/DV085-T\u00d3PICOS-ESPECIAIS-DE-FILOSOFIA-DO-DIREITO-V-t\u00f3pica-1.pdf\">DV085<\/a><\/td>\n<td>T\u00f3picos Especiais de Filosofia do Direito V: Direito e Semi\u00f3tica<\/td>\n<\/tr>\n<tr>\n<td><a href=\"https:\/\/direito.ufpr.br\/wp-content\/uploads\/2014\/08\/DV086-T\u00d3PICOS-DE-TEORIA-DO-DIREITO-A-TEORIA-DA-NORMA-JUR\u00cdDICA-1.pdf\">DV086<\/a><\/td>\n<td>T\u00f3picos de Teoria do Direito A: Teoria da Norma Jur\u00eddica<\/td>\n<\/tr>\n<tr>\n<td><a href=\"https:\/\/direito.ufpr.br\/wp-content\/uploads\/2014\/08\/DV087-T\u00d3PICOS-DE-TEORIA-DO-DIREITO-B-TEORIA-DO-ORDENAMENTO-JUR\u00cdDICO-1.pdf\">DV087<\/a><\/td>\n<td>T\u00f3picos de Teoria do Direito B: Teoria do Ordenamento Jur\u00eddico<\/td>\n<\/tr>\n<tr>\n<td><a href=\"https:\/\/direito.ufpr.br\/wp-content\/uploads\/2014\/08\/DV088-T\u00d3PICOS-DE-TEORIA-DO-DIREITO-C-RELA\u00c7\u00d5ES-DE-PERTENCIMENTO-1.pdf\">DV088<\/a><\/td>\n<td>T\u00f3picos de Teoria do Direito C: Direito e Rela\u00e7\u00f5es de Pertencimento<\/td>\n<\/tr>\n<tr>\n<td><a href=\"https:\/\/direito.ufpr.br\/wp-content\/uploads\/2013\/11\/DC035-DIREITOS-HUMANOS-E-RELA\u00c7\u00d5ES-FAMILIARES-1.pdf\">DC035<\/a><\/td>\n<td>Direitos Humanos e Rela\u00e7\u00f5es Familiares<\/td>\n<\/tr>\n<tr>\n<td><a href=\"https:\/\/direito.ufpr.br\/wp-content\/uploads\/2013\/11\/DC036-DIREITOS-HUMANOS-E-RELA\u00c7\u00d5ES-PROPRIET\u00c1RIAS-1.pdf\">DC036<\/a><\/td>\n<td>Direitos Humanos e Rela\u00e7\u00f5es Propriet\u00e1rias<\/td>\n<\/tr>\n<tr>\n<td><a href=\"https:\/\/direito.ufpr.br\/wp-content\/uploads\/2013\/11\/DC037-DIREITOS-HUMANOS-E-RELA\u00c7\u00d5ES-CONTRATUAIS-1.pdf\">DC037<\/a><\/td>\n<td>Direitos Humanos e Rela\u00e7\u00f5es Contratuais<\/td>\n<\/tr>\n<tr>\n<td><a href=\"https:\/\/direito.ufpr.br\/wp-content\/uploads\/2013\/11\/DC038-DIREITOS-HUMANOS-E-RELA\u00c7\u00d5ES-PESSOAIS-1.pdf\">DC038<\/a><\/td>\n<td>Direitos Humanos e Rela\u00e7\u00f5es Pessoais<\/td>\n<\/tr>\n<tr>\n<td><a href=\"https:\/\/direito.ufpr.br\/wp-content\/uploads\/2013\/11\/DC039-TEORIA-CR\u00cdTICA-DO-DIREITO-CIVIL-A-1.pdf\">DC039<\/a><\/td>\n<td>Teoria Cr\u00edtica do Direito Civil A<\/td>\n<\/tr>\n<tr>\n<td><a href=\"https:\/\/direito.ufpr.br\/wp-content\/uploads\/2013\/11\/DC040-TEORIA-CR\u00cdTICA-DO-DIREITO-CIVIL-B-1.pdf\">DC040<\/a><\/td>\n<td>Teoria Cr\u00edtica do Direito Civil B<\/td>\n<\/tr>\n<tr>\n<td>DIR005<\/td>\n<td>Pr\u00e1tica Jur\u00eddica em Assessoria Jur\u00eddica em Direitos Humanos e Jogos Teatrais<\/td>\n<\/tr>\n<tr>\n<td><a href=\"https:\/\/direito.ufpr.br\/wp-content\/uploads\/2014\/08\/DIR006-T\u00d3PICA-ESTRAT\u00c9GIAS-S\u00d3CIO-JUR\u00cdDICAS-EM-MONITORAMENTO-DOS-DIREITOS-HUMANOS-Ficha-2-1.pdf\">DIR006<\/a><\/td>\n<td>Pr\u00e1tica Jur\u00eddica em \u00a0 Estrat\u00e9gias S\u00f3cio-Jur\u00eddicas de Monitoramento dos Direitos Humanos<\/td>\n<\/tr>\n<tr>\n<td>DIR008<\/td>\n<td>Casos Jur\u00eddicos em Direitos Humanos I<\/td>\n<\/tr>\n<tr>\n<td>DIR013<\/td>\n<td>Seguridade Social e Direitos Humanos: Estudo de Casos<\/td>\n<\/tr>\n<tr>\n<td><\/td>\n<td><\/td>\n<\/tr>\n<tr>\n<td><\/td>\n<td><\/td>\n<\/tr>\n<tr>\n<td style=\"text-align: center;\" colspan=\"2\"><strong>T\u00d3PICAS &#8211; DIREITO DO ESTADO<\/strong><\/td>\n<\/tr>\n<tr>\n<td><\/td>\n<td><\/td>\n<\/tr>\n<tr>\n<td><\/td>\n<td><\/td>\n<\/tr>\n<tr>\n<td><\/td>\n<td><\/td>\n<\/tr>\n<tr>\n<td>DB018<\/td>\n<td>T\u00f3picos Especiais de Temas Fundamentais de Direito Constitucional A<\/td>\n<\/tr>\n<tr>\n<td>DB019<\/td>\n<td>T\u00f3picos Especiais de Temas Fundamentais de Direito Constitucional B<\/td>\n<\/tr>\n<tr>\n<td>DB020<\/td>\n<td>T\u00f3picos Especiais de Novas Tend\u00eancias do Direito Administrativo<\/td>\n<\/tr>\n<tr>\n<td>DB021<\/td>\n<td>T\u00f3picos Especiais de Direito Ambiental<\/td>\n<\/tr>\n<tr>\n<td>DB022<\/td>\n<td>T\u00f3picos Especiais de Direito Constitucional da Ordem Econ\u00f4mica<\/td>\n<\/tr>\n<tr>\n<td>DB023<\/td>\n<td>T\u00f3picos Especiais de Novas Tend\u00eancias do Direito Internacional P\u00fablico<\/td>\n<\/tr>\n<tr>\n<td>DB024<\/td>\n<td>T\u00f3picos Especiais: As Comunidades Internacionais<\/td>\n<\/tr>\n<tr>\n<td>DB025<\/td>\n<td>T\u00f3picos Especiais de \u00a0 Novas Tend\u00eancias do Direito Tribut\u00e1rio<\/td>\n<\/tr>\n<tr>\n<td>DB026<\/td>\n<td>Direito Econ\u00f4mico<\/td>\n<\/tr>\n<tr>\n<td><a href=\"https:\/\/direito.ufpr.br\/wp-content\/uploads\/2013\/11\/DB027-DIREITO-URBANISTICO-t\u00f3pica-1.pdf\">DB027<\/a><\/td>\n<td>Direito Urban\u00edstico<\/td>\n<\/tr>\n<tr>\n<td><a href=\"https:\/\/direito.ufpr.br\/wp-content\/uploads\/2014\/08\/DB028-Direito-Ambiental-1.pdf\">DB028<\/a><\/td>\n<td>Direito Ambiental<\/td>\n<\/tr>\n<tr>\n<td><a href=\"https:\/\/direito.ufpr.br\/wp-content\/uploads\/2014\/08\/DB029-Licita\u00e7\u00f5es-e-Contratos-Administrativos-1.pdf\">DB029<\/a><\/td>\n<td>Licita\u00e7\u00f5es e Contratos Administrativos<\/td>\n<\/tr>\n<tr>\n<td><a href=\"https:\/\/direito.ufpr.br\/wp-content\/uploads\/2014\/08\/DB030-Direito-da-Integra\u00e7\u00e3o-Regional-1.pdf\">DB030<\/a><\/td>\n<td>Direito da Integra\u00e7\u00e3o Regional<\/td>\n<\/tr>\n<tr>\n<td><a href=\"https:\/\/direito.ufpr.br\/wp-content\/uploads\/2014\/08\/DB031-Direito-Tribut\u00e1rio-Especial-1.pdf\">DB031<\/a><\/td>\n<td>Direito Tribut\u00e1rio Especial<\/td>\n<\/tr>\n<tr>\n<td><a href=\"https:\/\/direito.ufpr.br\/wp-content\/uploads\/2014\/08\/DB032-Direito-Municipal-1.pdf\">DB032<\/a><\/td>\n<td>Direito Municipal<\/td>\n<\/tr>\n<tr>\n<td>DB033<\/td>\n<td>Direito Tribut\u00e1rio<\/td>\n<\/tr>\n<tr>\n<td><a href=\"https:\/\/direito.ufpr.br\/wp-content\/uploads\/2013\/11\/DB049-T\u00d3PICOS-DE-TEORIA-CONSTITUCIONAL-A-t\u00f3pica-1.pdf\">DB049<\/a><\/td>\n<td>T\u00f3picos de Teoria Constitucional A<\/td>\n<\/tr>\n<tr>\n<td><a href=\"https:\/\/direito.ufpr.br\/wp-content\/uploads\/2013\/11\/DB050-T\u00d3PICOS-DE-TEORIA-CONSTITUCIONAL-B-t\u00f3pica-1.pdf\">DB050<\/a><\/td>\n<td>T\u00f3picos de Teoria Constitucional B<\/td>\n<\/tr>\n<tr>\n<td><a href=\"https:\/\/direito.ufpr.br\/wp-content\/uploads\/2013\/11\/DB051-T\u00d3PICOS-DE-TEORIA-CONSTITUCIONAL-C-t\u00f3pica-1.pdf\">DB051<\/a><\/td>\n<td>T\u00f3picos de Teoria Constitucional C<\/td>\n<\/tr>\n<tr>\n<td><a href=\"https:\/\/direito.ufpr.br\/wp-content\/uploads\/2013\/11\/DB052-T\u00d3PICOS-DE-TEORIA-CONSTITUCIONAL-D-t\u00f3pica-1.pdf\">DB052<\/a><\/td>\n<td>T\u00f3picos de Teoria Constitucional D<\/td>\n<\/tr>\n<tr>\n<td><a href=\"https:\/\/direito.ufpr.br\/wp-content\/uploads\/2013\/11\/DB053-PLANEJAMENTO-E-RESPONSABILIDADE-FISCAL-t\u00f3pica-1.pdf\">DB053<\/a><\/td>\n<td>Planejamento e Responsabilidade Fiscal<\/td>\n<\/tr>\n<tr>\n<td><a href=\"https:\/\/direito.ufpr.br\/wp-content\/uploads\/2013\/11\/DB054-CONTROLE-DO-ESTADO-t\u00f3pica-1.pdf\">DB054<\/a><\/td>\n<td>Controle do Estado<\/td>\n<\/tr>\n<tr>\n<td><a href=\"https:\/\/direito.ufpr.br\/wp-content\/uploads\/2013\/11\/DB055-DIREITO-TRIBUT\u00c1RIO-APLICADO-A-t\u00f3pica-1.pdf\">DB055<\/a><\/td>\n<td>Direito Tribut\u00e1rio Aplicado A<\/td>\n<\/tr>\n<tr>\n<td><a href=\"https:\/\/direito.ufpr.br\/wp-content\/uploads\/2013\/11\/DB056-DIREITO-TRIBUT\u00c1RIO-APLICADO-B-t\u00f3pica-1.pdf\">DB056<\/a><\/td>\n<td>Direito Tribut\u00e1rio Aplicado B<\/td>\n<\/tr>\n<tr>\n<td><a href=\"https:\/\/direito.ufpr.br\/wp-content\/uploads\/2013\/11\/DB057-DIREITO-TRIBUT\u00c1RIO-SANCIONADOR-t\u00f3pica-1.pdf\">DB057<\/a><\/td>\n<td>Direito Tribut\u00e1rio Sancionador<\/td>\n<\/tr>\n<tr>\n<td><a href=\"https:\/\/direito.ufpr.br\/wp-content\/uploads\/2013\/11\/DB058-DIREITO-PENAL-TRIBUT\u00c1RIO-t\u00f3pica-1.pdf\">DB058<\/a><\/td>\n<td>Direito Penal Tribut\u00e1rio<\/td>\n<\/tr>\n<tr>\n<td><a href=\"https:\/\/direito.ufpr.br\/wp-content\/uploads\/2013\/11\/DB059-DIREITO-TRIBUT\u00c1RIO-AMBIENTAL-t\u00f3pica-1.pdf\">DB059<\/a><\/td>\n<td>Direito Tribut\u00e1rio Ambiental<\/td>\n<\/tr>\n<tr>\n<td><a href=\"https:\/\/direito.ufpr.br\/wp-content\/uploads\/2013\/11\/DB060-DIREITO-PROCESSUAL-TRIBUT\u00c1RIO-t\u00f3pica-1.pdf\">DB060<\/a><\/td>\n<td>Direito Processual Tribut\u00e1rio<\/td>\n<\/tr>\n<tr>\n<td><a href=\"https:\/\/direito.ufpr.br\/wp-content\/uploads\/2013\/11\/DB061-T\u00d3PICOS-DE-DIREITO-TRIBUT\u00c1RIO-A-t\u00f3pica-1.pdf\">DB061<\/a><\/td>\n<td>T\u00f3picos de Direito Tribut\u00e1rio A<\/td>\n<\/tr>\n<tr>\n<td><a href=\"https:\/\/direito.ufpr.br\/wp-content\/uploads\/2013\/11\/DB062-T\u00d3PICOS-DE-DIREITO-TRIBUT\u00c1RIO-B-t\u00f3pica-1.pdf\">DB062<\/a><\/td>\n<td>T\u00f3picos de Direito Tribut\u00e1rio B<\/td>\n<\/tr>\n<tr>\n<td><a href=\"https:\/\/direito.ufpr.br\/wp-content\/uploads\/2013\/11\/DB063-T\u00d3PICOS-DE-DIREITO-TRIBUT\u00c1RIO-C-t\u00f3pica-1.pdf\">DB063<\/a><\/td>\n<td>T\u00f3picos de Direito Tribut\u00e1rio C<\/td>\n<\/tr>\n<tr>\n<td><a href=\"https:\/\/direito.ufpr.br\/wp-content\/uploads\/2013\/11\/DB064-T\u00d3PICOS-DE-DIREITO-TRIBUT\u00c1RIO-D-t\u00f3pica-1.pdf\">DB064<\/a><\/td>\n<td>T\u00f3picos de Direito Tribut\u00e1rio D<\/td>\n<\/tr>\n<tr>\n<td><a href=\"https:\/\/direito.ufpr.br\/wp-content\/uploads\/2013\/11\/DB065-T\u00d3PICOS-DE-DIREITO-TRIBUT\u00c1RIO-E-t\u00f3pica1-1.pdf\">DB065<\/a><\/td>\n<td>T\u00f3picos de Direito Tribut\u00e1rio E<\/td>\n<\/tr>\n<tr>\n<td><a href=\"https:\/\/direito.ufpr.br\/wp-content\/uploads\/2013\/11\/DB066-T\u00d3PICOS-DE-DIREITO-TRIBUT\u00c1RIO-F-t\u00f3pica-1.pdf\">DB066<\/a><\/td>\n<td>T\u00f3picos de Direito Tribut\u00e1rio F<\/td>\n<\/tr>\n<tr>\n<td><a href=\"https:\/\/direito.ufpr.br\/wp-content\/uploads\/2013\/11\/DB067-T\u00d3PICOS-DE-DIREITO-TRIBUT\u00c1RIO-G-t\u00f3pica-1.pdf\">DB067<\/a><\/td>\n<td>T\u00f3picos de Direito Tribut\u00e1rio G<\/td>\n<\/tr>\n<tr>\n<td><a href=\"https:\/\/direito.ufpr.br\/wp-content\/uploads\/2013\/11\/DB068-TEORIA-DOS-DEVERES-FUNDAMENTAIS-t\u00f3pica-1.pdf\">DB068<\/a><\/td>\n<td>Teoria dos Deveres Fundamentais<\/td>\n<\/tr>\n<tr>\n<td><a href=\"https:\/\/direito.ufpr.br\/wp-content\/uploads\/2013\/11\/DB069-DIREITO-DAS-CONCESS\u00d5ES-DESERVI\u00c7O-P\u00daBLICOS-t\u00f3pica-1.pdf\">DB069<\/a><\/td>\n<td>Direito das Concess\u00f5es de Servi\u00e7os P\u00fablicos<\/td>\n<\/tr>\n<tr>\n<td><a href=\"https:\/\/direito.ufpr.br\/wp-content\/uploads\/2013\/11\/DB070-JURISDI\u00c7\u00c3O-ELEITORAL-t\u00f3pica-1.pdf\">DB070<\/a><\/td>\n<td>Jurisdi\u00e7\u00e3o Eleitoral<\/td>\n<\/tr>\n<tr>\n<td><a href=\"https:\/\/direito.ufpr.br\/wp-content\/uploads\/2013\/11\/DB071-DIREITO-ELEITORAL-t\u00f3pica-1.pdf\">DB071<\/a><\/td>\n<td>Direito Eleitoral<\/td>\n<\/tr>\n<tr>\n<td><a href=\"https:\/\/direito.ufpr.br\/wp-content\/uploads\/2013\/11\/DB072-T\u00d3PICOS-DE-DIREITO-ELEITORAL-A-t\u00f3pica-1.pdf\">DB072<\/a><\/td>\n<td>T\u00f3picos de Direito Eleitoral A<\/td>\n<\/tr>\n<tr>\n<td><a href=\"https:\/\/direito.ufpr.br\/wp-content\/uploads\/2013\/11\/DB073-T\u00d3PICOS-DE-DIREITO-ELEITORAL-B-t\u00f3pica-1.pdf\">DB073<\/a><\/td>\n<td>T\u00f3picos de Direito Eleitoral B<\/td>\n<\/tr>\n<tr>\n<td><a href=\"https:\/\/direito.ufpr.br\/wp-content\/uploads\/2013\/11\/DB074-DIREITO-URBAN\u00cdSTICO-t\u00f3pica-1.pdf\">DB074<\/a><\/td>\n<td>Direito Urban\u00edstico<\/td>\n<\/tr>\n<tr>\n<td><a href=\"https:\/\/direito.ufpr.br\/wp-content\/uploads\/2013\/11\/DB075-DIREITO-MUNICIPAL-t\u00f3pica-1.pdf\">DB075<\/a><\/td>\n<td>Direito Municipal<\/td>\n<\/tr>\n<tr>\n<td><a href=\"https:\/\/direito.ufpr.br\/wp-content\/uploads\/2013\/11\/DB076-PROCESSO-ADMINISTRATIVO-t\u00f3pica-1.pdf\">DB076<\/a><\/td>\n<td>Processo Administrativo<\/td>\n<\/tr>\n<tr>\n<td><a href=\"https:\/\/direito.ufpr.br\/wp-content\/uploads\/2013\/11\/DB077-T\u00d3PICOS-DE-DIREITO-ADMINISTRATIVO-A-t\u00f3pica-1.pdf\">DB077<\/a><\/td>\n<td>T\u00f3picos de Direito Administrativo A<\/td>\n<\/tr>\n<tr>\n<td><a href=\"https:\/\/direito.ufpr.br\/wp-content\/uploads\/2013\/11\/DB078-T\u00d3PICOS-DE-DIREITO-ADMINISTRATIVO-B-t\u00f3pica-1.pdf\">DB078<\/a><\/td>\n<td>T\u00f3picos de Direito Administrativo B<\/td>\n<\/tr>\n<tr>\n<td><a href=\"https:\/\/direito.ufpr.br\/wp-content\/uploads\/2013\/11\/DB079-T\u00d3PICOS-DE-DIREITO-ADMINISTRATIVO-C-t\u00f3pica1-1.pdf\">DB079<\/a><\/td>\n<td>T\u00f3picos de Direito Administrativo C<\/td>\n<\/tr>\n<tr>\n<td><a href=\"https:\/\/direito.ufpr.br\/wp-content\/uploads\/2013\/11\/DB080-T\u00d3PICOS-DE-DIREITO-ADMINISTRATIVO-D-t\u00f3pica-1.pdf\">DB080<\/a><\/td>\n<td>T\u00f3picos de Direito Administrativo D<\/td>\n<\/tr>\n<tr>\n<td><a href=\"https:\/\/direito.ufpr.br\/wp-content\/uploads\/2013\/11\/DB081-T\u00d3PICOS-DE-DIREITO-ECON\u00d4MICO-A-t\u00f3pica-1.pdf\">DB081<\/a><\/td>\n<td>T\u00f3picos de Direito Econ\u00f4mico A<\/td>\n<\/tr>\n<tr>\n<td><a href=\"https:\/\/direito.ufpr.br\/wp-content\/uploads\/2013\/11\/DB082-DIREITO-DA-CONCORR\u00caNCIA-t\u00f3pica-1.pdf\">DB082<\/a><\/td>\n<td>Direito da Concorr\u00eancia<\/td>\n<\/tr>\n<tr>\n<td><a href=\"https:\/\/direito.ufpr.br\/wp-content\/uploads\/2013\/11\/DB083-AN\u00c1LISE-ECON\u00d4MICA-DO-DIREITO-t\u00f3pica-1.pdf\">DB083<\/a><\/td>\n<td>An\u00e1lise Econ\u00f4mica do Direito<\/td>\n<\/tr>\n<tr>\n<td><a href=\"https:\/\/direito.ufpr.br\/wp-content\/uploads\/2013\/11\/DB084-DIREITO-DO-TERCEIRO-SETOR-t\u00f3pica-1.pdf\">DB084<\/a><\/td>\n<td>Direito do Terceiro Setor<\/td>\n<\/tr>\n<tr>\n<td><a href=\"https:\/\/direito.ufpr.br\/wp-content\/uploads\/2014\/08\/DB095-T\u00d3PICA-DE-DIREITO-AMBIENTAL-I-1.pdf\">DB095<\/a><\/td>\n<td>T\u00f3picos do Direito Ambiental I<\/td>\n<\/tr>\n<tr>\n<td><a href=\"https:\/\/direito.ufpr.br\/wp-content\/uploads\/2013\/11\/DB096-T\u00d3PICA-DE-DIREITO-AMBIENTAL-II-t\u00f3pica-1.pdf\">DB096<\/a><\/td>\n<td>T\u00f3picos do Direito Ambiental II<\/td>\n<\/tr>\n<tr>\n<td><a href=\"https:\/\/direito.ufpr.br\/wp-content\/uploads\/2013\/11\/DB201-INSTITUI\u00c7\u00d5ES-DE-DIREITO-P\u00daBLICO-Sociais-aplicadas-1.pdf\">DB201<\/a><\/td>\n<td>Institui\u00e7\u00f5es de Direito P\u00fablico<\/td>\n<\/tr>\n<tr>\n<td><a href=\"https:\/\/direito.ufpr.br\/wp-content\/uploads\/2013\/11\/DB202-LEGISLA\u00c7\u00c3O-TRIBUT\u00c1RIA-Sociais-aplicadas-1.pdf\">DB202<\/a><\/td>\n<td>Legisla\u00e7\u00e3o Tribut\u00e1ria<\/td>\n<\/tr>\n<tr>\n<td>DB204<\/td>\n<td>Temas Fundamentais de Direito Constitucional<\/td>\n<\/tr>\n<tr>\n<td>DB205<\/td>\n<td>Direitos Pol\u00edticos e Direito Eleitoral<\/td>\n<\/tr>\n<tr>\n<td>DB206<\/td>\n<td>Novas Tend\u00eancias do Direito Internacional P\u00fablico<\/td>\n<\/tr>\n<tr>\n<td>DB207<\/td>\n<td>Temas Fundamentais do Direito Administrativo<\/td>\n<\/tr>\n<tr>\n<td>DB208<\/td>\n<td>Direito Urban\u00edstico e Ambiental<\/td>\n<\/tr>\n<tr>\n<td>DB209<\/td>\n<td>Novas Tend\u00eancias do Direito Tribut\u00e1rio<\/td>\n<\/tr>\n<tr>\n<td><a href=\"https:\/\/direito.ufpr.br\/wp-content\/uploads\/2013\/11\/DP028-PRINCIPIOS-FUNDAMENTAIS-DO-PROCESSO-PENAL-1.pdf\">DP028<\/a><\/td>\n<td>Princ\u00edpios Fundamentais de Processo Penal<\/td>\n<\/tr>\n<tr>\n<td><a href=\"https:\/\/direito.ufpr.br\/wp-content\/uploads\/2013\/11\/DP029-SISTEMAS-PROCESSUAIS-PENAIS-1.pdf\">DP029<\/a><\/td>\n<td>Sistemas Processuais Penais<\/td>\n<\/tr>\n<tr>\n<td><a href=\"https:\/\/direito.ufpr.br\/wp-content\/uploads\/2013\/11\/DP030-T\u00d3PICOS-DE-CRIMINOLOGIA-A-1.pdf\">DP030<\/a><\/td>\n<td>T\u00f3picos de Criminologia A<\/td>\n<\/tr>\n<tr>\n<td><a href=\"https:\/\/direito.ufpr.br\/wp-content\/uploads\/2013\/11\/DP031-T\u00d3PICOS-DE-CRIMINOLOGIA-B-1.pdf\">DP031<\/a><\/td>\n<td>T\u00f3picos de Criminologia B<\/td>\n<\/tr>\n<tr>\n<td><a href=\"https:\/\/direito.ufpr.br\/wp-content\/uploads\/2013\/11\/DP032-MEDICINAL-LEGAL-A-1.pdf\">DP032<\/a><\/td>\n<td>Medicina Legal A<\/td>\n<\/tr>\n<tr>\n<td><a href=\"https:\/\/direito.ufpr.br\/wp-content\/uploads\/2013\/11\/DP033-MEDICINAL-LEGAL-B-1.pdf\">DP033<\/a><\/td>\n<td>Medicina Legal B<\/td>\n<\/tr>\n<tr>\n<td><a href=\"https:\/\/direito.ufpr.br\/wp-content\/uploads\/2013\/11\/DP034-LEGISLA\u00c7\u00c3O-PENAL-ESPECIAL-A-1.pdf\">DP034<\/a><\/td>\n<td>Legisla\u00e7\u00e3o Penal Especial A<\/td>\n<\/tr>\n<tr>\n<td><a href=\"https:\/\/direito.ufpr.br\/wp-content\/uploads\/2013\/11\/DP035-LEGISLA\u00c7\u00c3O-PENAL-ESPECIAL-PENAL-B-1.pdf\">DP035<\/a><\/td>\n<td>Legisla\u00e7\u00e3o Penal Especial B<\/td>\n<\/tr>\n<tr>\n<td><a href=\"https:\/\/direito.ufpr.br\/wp-content\/uploads\/2013\/11\/DP036-LEGISLA\u00c7\u00c3O-PENAL-ESPECIAL-C-1.pdf\">DP036<\/a><\/td>\n<td>Legisla\u00e7\u00e3o Penal Especial C<\/td>\n<\/tr>\n<tr>\n<td><a href=\"https:\/\/direito.ufpr.br\/wp-content\/uploads\/2013\/11\/DP037-LEGISLA\u00c7\u00c3O-PENAL-ESPECIAL-D-1.pdf\">DP037<\/a><\/td>\n<td>Legisla\u00e7\u00e3o Penal Especial D<\/td>\n<\/tr>\n<tr>\n<td><a href=\"https:\/\/direito.ufpr.br\/wp-content\/uploads\/2013\/11\/DP038-LEGISLA\u00c7\u00c3O-PROCESSUAL-PENAL-ELEITORAL-1.pdf\">DP038<\/a><\/td>\n<td>Direito Processual Penal Eleitoral<\/td>\n<\/tr>\n<tr>\n<td><a href=\"https:\/\/direito.ufpr.br\/wp-content\/uploads\/2013\/11\/DP039-\u00daLTIMAS-REFORMAS-PROCESSUAIS-1.pdf\">DP039<\/a><\/td>\n<td>\u00daltimas Reformas Processuais<\/td>\n<\/tr>\n<tr>\n<td><a href=\"https:\/\/direito.ufpr.br\/wp-content\/uploads\/2013\/11\/DP040-TUTELA-DE-URG\u00caNCIA-NO-PROCESSO-PENAL-1.pdf\">DP040<\/a><\/td>\n<td>Tutela de Urg\u00eancia no Processo Penal<\/td>\n<\/tr>\n<tr>\n<td><a href=\"https:\/\/direito.ufpr.br\/wp-content\/uploads\/2013\/11\/DP041-SEGURAN\u00c7A-P\u00daBLICA-UMA-AN\u00c1LISE-A-PATIR-DAS-POL\u00cdCIAS-t\u00f3pica-1.pdf\">DP041<\/a><\/td>\n<td>Seguran\u00e7a P\u00fablica: uma an\u00e1lise a partir das pol\u00edcias<\/td>\n<\/tr>\n<tr>\n<td>DP042<\/td>\n<td>Execu\u00e7\u00e3o Penal<\/td>\n<\/tr>\n<tr>\n<td><a href=\"https:\/\/direito.ufpr.br\/wp-content\/uploads\/2014\/08\/DP044-Pol\u00edtica-Criminal-de-Drogas-1.pdf\">DP044<\/a><\/td>\n<td>Pol\u00edtica Criminal de Drogas<\/td>\n<\/tr>\n<tr>\n<td><a href=\"https:\/\/direito.ufpr.br\/wp-content\/uploads\/2013\/11\/DP045-DIREITO-PENAL-INTERNACIONAL-t\u00f3pica-1.pdf\">DP045<\/a><\/td>\n<td>Direito Penal Internacional<\/td>\n<\/tr>\n<tr>\n<td>DP046<\/td>\n<td>Temas de Direito Penal Comparado<\/td>\n<\/tr>\n<tr>\n<td><a href=\"https:\/\/direito.ufpr.br\/wp-content\/uploads\/2013\/11\/DP047-SISTEMA-PENAL-E-G\u00caNERO-t\u00f3pica-1.pdf\">DP047<\/a><\/td>\n<td>Sistema Penal e G\u00eanero<\/td>\n<\/tr>\n<tr>\n<td><a href=\"https:\/\/direito.ufpr.br\/wp-content\/uploads\/2013\/11\/DP048-FUNDAMENTOS-DO-SISTEMA-CRIMINAL-t\u00f3pica-1.pdf\">DP048<\/a><\/td>\n<td>Fundamentos do Sistema Criminal<\/td>\n<\/tr>\n<tr>\n<td><a href=\"https:\/\/direito.ufpr.br\/wp-content\/uploads\/2014\/08\/DP049-NOVAS-TEND\u00caNCIAS-DO-PROCESSO-PENAL-1.pdf\">DP049<\/a><\/td>\n<td>Novas Tend\u00eancias do Processo Penal<\/td>\n<\/tr>\n<tr>\n<td><a href=\"https:\/\/direito.ufpr.br\/wp-content\/uploads\/2014\/08\/DP050-Reformas-no-Sistema-Penal-1.pdf\">DP050<\/a><\/td>\n<td>Reforma do Sistema Penal<\/td>\n<\/tr>\n<tr>\n<td>DIR001<\/td>\n<td>Aplica\u00e7\u00e3o da Pena<\/td>\n<\/tr>\n<tr>\n<td>DIR002<\/td>\n<td>Seguran\u00e7a P\u00fablica e Direito<\/td>\n<\/tr>\n<tr>\n<td>DIR003<\/td>\n<td>Pr\u00e1ticas Restaurativas<\/td>\n<\/tr>\n<tr>\n<td>DIR004<\/td>\n<td>Execu\u00e7\u00e3o Penal<\/td>\n<\/tr>\n<tr>\n<td><a href=\"https:\/\/direito.ufpr.br\/wp-content\/uploads\/2014\/08\/DIR011-T\u00d3PICA-DIREITOS-AUTORAIS-TEORIA-CR\u00cdTICA-E-ESTUDO-DE-CASOS-PLANO-DE-ENSINO-1.pdf\">DIR011<\/a><\/td>\n<td>Direitos Autorais: Teoria Cr\u00edtica e Estudo de Casos<\/td>\n<\/tr>\n<tr>\n<td><\/td>\n<td><\/td>\n<\/tr>\n<tr>\n<td><\/td>\n<td><\/td>\n<\/tr>\n<tr>\n<td style=\"text-align: center;\" colspan=\"2\"><strong>T\u00d3PICAS &#8211; DIREITO DAS RELA\u00c7OES SOCIAIS<\/strong><\/td>\n<\/tr>\n<tr>\n<td><\/td>\n<td><\/td>\n<\/tr>\n<tr>\n<td><\/td>\n<td><\/td>\n<\/tr>\n<tr>\n<td><\/td>\n<td><\/td>\n<\/tr>\n<tr>\n<td><a href=\"https:\/\/direito.ufpr.br\/wp-content\/uploads\/2013\/11\/DV089-DIREITO-COMUNIT\u00d3RIO-DO-TRABALHO-t\u00f3pica-1.pdf\">DV089<\/a><\/td>\n<td>Direito Comunit\u00e1rio do Trabalho<\/td>\n<\/tr>\n<tr>\n<td><a href=\"https:\/\/direito.ufpr.br\/wp-content\/uploads\/2013\/11\/DV090-DIREITO-INTERNACIONAL-DO-TRABALHO-t\u00f3pica-1.pdf\">DV090<\/a><\/td>\n<td>Direito Internacional do Trabalho<\/td>\n<\/tr>\n<tr>\n<td><a href=\"https:\/\/direito.ufpr.br\/wp-content\/uploads\/2013\/11\/DV091-T\u00d3PICOS-ESPECIAIS-DE-DIREITO-EMPRESARIAL-A-t\u00f3pica-1.pdf\">DV091<\/a><\/td>\n<td>T\u00f3picos Especiais de Direito Empresarial A<\/td>\n<\/tr>\n<tr>\n<td><a href=\"https:\/\/direito.ufpr.br\/wp-content\/uploads\/2013\/11\/DV092-T\u00d3PICOS-ESPECIAIS-DE-DIREITO-EMPRESARIAL-B-t\u00f3pica-1.pdf\">DV092<\/a><\/td>\n<td>T\u00f3picos Especiais de Direito Empresarial B<\/td>\n<\/tr>\n<tr>\n<td><a href=\"https:\/\/direito.ufpr.br\/wp-content\/uploads\/2013\/11\/DV093-T\u00d3PICOS-ESPECIAIS-DE-DIREITO-EMPRESARIAL-C-t\u00f3pica-1.pdf\">DV093<\/a><\/td>\n<td>T\u00f3picos Especiais de Direito Empresarial C<\/td>\n<\/tr>\n<tr>\n<td><a href=\"https:\/\/direito.ufpr.br\/wp-content\/uploads\/2013\/11\/DV094-T\u00d3PICOS-ESPECIAIS-DE-DIREITO-EMPRESARIAL-D-t\u00f3pica-1.pdf\">DV094<\/a><\/td>\n<td>T\u00f3picos Especiais de Direito Empresarial D<\/td>\n<\/tr>\n<tr>\n<td><a href=\"https:\/\/direito.ufpr.br\/wp-content\/uploads\/2013\/11\/DV095-T\u00d3PICOS-ESPECIAIS-DE-DIREITO-EMPRESARIAL-E-t\u00f3pica-1.pdf\">DV095<\/a><\/td>\n<td>T\u00f3picos Especiais de Direito Empresarial E<\/td>\n<\/tr>\n<tr>\n<td><a href=\"https:\/\/direito.ufpr.br\/wp-content\/uploads\/2013\/11\/DV096-T\u00d3PICOS-ESPECIAIS-DE-DIREITO-EMPRESARIAL-F-t\u00f3pica-1.pdf\">DV096<\/a><\/td>\n<td>T\u00f3picos Especiais de Direito Empresarial F<\/td>\n<\/tr>\n<tr>\n<td><a href=\"https:\/\/direito.ufpr.br\/wp-content\/uploads\/2013\/11\/DV097-T\u00d3PICOS-ESPECIAIS-DE-DIREITO-EMPRESARIAL-G-t\u00f3pica-1.pdf\">DV097<\/a><\/td>\n<td>T\u00f3picos Especiais de Direito Empresarial G<\/td>\n<\/tr>\n<tr>\n<td><a href=\"https:\/\/direito.ufpr.br\/wp-content\/uploads\/2013\/11\/DV098-T\u00d3PICOS-ESPECIAIS-DE-DIREITO-EMPRESARIAL-H-t\u00f3pica-1.pdf\">DV098<\/a><\/td>\n<td>T\u00f3picos Especiais de Direito Empresarial H<\/td>\n<\/tr>\n<tr>\n<td><a href=\"https:\/\/direito.ufpr.br\/wp-content\/uploads\/2013\/11\/DV099-NEGOCIA\u00c7\u00c3O-COLETIVA-E-SINDICALISMO-t\u00f3pica-1.pdf\">DV099<\/a><\/td>\n<td>Negocia\u00e7\u00e3o Coletiva e Sindicalismo<\/td>\n<\/tr>\n<tr>\n<td><a href=\"https:\/\/direito.ufpr.br\/wp-content\/uploads\/2013\/11\/DV100-SEGURIDADE-SOCIAL-t\u00f3pica-1.pdf\">DV100<\/a><\/td>\n<td>Seguridade Social<\/td>\n<\/tr>\n<tr>\n<td><a href=\"https:\/\/direito.ufpr.br\/wp-content\/uploads\/2013\/11\/DV101-RESPONSABILIDADE-CIVIL-EM-ACIDENTE-DE-TRABALHO-t\u00f3pica-1.pdf\">DV101<\/a><\/td>\n<td>Responsabilidade Civil em Acidente de Trabalho<\/td>\n<\/tr>\n<tr>\n<td><a href=\"https:\/\/direito.ufpr.br\/wp-content\/uploads\/2013\/11\/DV102-T\u00d3PICOS-DE-DIREITO-INTERNACIONAL-PRIVADO-A-e-B-t\u00f3pica-1.pdf\">DV102<\/a><\/td>\n<td>T\u00f3picos de Direito Internacional Privado A e B<\/td>\n<\/tr>\n<tr>\n<td><a href=\"https:\/\/direito.ufpr.br\/wp-content\/uploads\/2014\/08\/DV103-T\u00d3PICOS-DE-DIREITO-DO-TRABALHO-A-1.pdf\">DV103<\/a><\/td>\n<td>T\u00f3picos de Direito do Trabalho A<\/td>\n<\/tr>\n<tr>\n<td><a href=\"https:\/\/direito.ufpr.br\/wp-content\/uploads\/2014\/08\/DV104-T\u00d3PICOS-DE-DIREITO-DO-TRABALHO-B-1.pdf\">DV104<\/a><\/td>\n<td>T\u00f3picos de Direito do Trabalho B<\/td>\n<\/tr>\n<tr>\n<td><a href=\"https:\/\/direito.ufpr.br\/wp-content\/uploads\/2013\/11\/DV105-TRABALHO-E-HIST\u00d3RIA-t\u00f3pica-1.pdf\">DV105<\/a><\/td>\n<td>Trabalho e Hist\u00f3ria<\/td>\n<\/tr>\n<tr>\n<td><a href=\"https:\/\/direito.ufpr.br\/wp-content\/uploads\/2013\/11\/DC041-TEORIA-DOS-CONTRATOS-A-1.pdf\">DC041<\/a><\/td>\n<td>Teoria dos Contratos A<\/td>\n<\/tr>\n<tr>\n<td><a href=\"https:\/\/direito.ufpr.br\/wp-content\/uploads\/2013\/11\/DC042-TEORIA-DOS-CONTRATOS-B-1.pdf\">DC042<\/a><\/td>\n<td>Teoria dos Contratos B<\/td>\n<\/tr>\n<tr>\n<td><a href=\"https:\/\/direito.ufpr.br\/wp-content\/uploads\/2013\/11\/DC043-T\u00d3PICOS-DE-DIREITOS-REAIS-A-1.pdf\">DC043<\/a><\/td>\n<td>T\u00f3picos de Direitos Reais A<\/td>\n<\/tr>\n<tr>\n<td><a href=\"https:\/\/direito.ufpr.br\/wp-content\/uploads\/2013\/11\/DC044-T\u00d3PICOS-DE-DIREITOS-REAIS-B-1.pdf\">DC044<\/a><\/td>\n<td>T\u00f3picos de Direitos Reais B<\/td>\n<\/tr>\n<tr>\n<td><a href=\"https:\/\/direito.ufpr.br\/wp-content\/uploads\/2013\/11\/DC045-T\u00d3PICOS-DE-DIREITOS-DE-FAM\u00cdLIA-A-1.pdf\">DC045<\/a><\/td>\n<td>T\u00f3picos de Direito de Fam\u00edlia A<\/td>\n<\/tr>\n<tr>\n<td><a href=\"https:\/\/direito.ufpr.br\/wp-content\/uploads\/2013\/11\/DC046-T\u00d3PICOS-DE-DIREITOS-DE-FAM\u00cdLIA-B-1.pdf\">DC046<\/a><\/td>\n<td>T\u00f3picos de Direito de Fam\u00edlia B<\/td>\n<\/tr>\n<tr>\n<td><a href=\"https:\/\/direito.ufpr.br\/wp-content\/uploads\/2013\/11\/DC047-T\u00d3PICOS-DE-RESPONSABILIDADE-CIVIL-A-1.pdf\">DC047<\/a><\/td>\n<td>T\u00f3picos de Responsabilidade A<\/td>\n<\/tr>\n<tr>\n<td><a href=\"https:\/\/direito.ufpr.br\/wp-content\/uploads\/2013\/11\/DC048-T\u00d3PICOS-DE-RESPONSABILIDADE-CIVIL-B-1.pdf\">DC048<\/a><\/td>\n<td>T\u00f3picos de Responsabilidade B<\/td>\n<\/tr>\n<tr>\n<td><a href=\"https:\/\/direito.ufpr.br\/wp-content\/uploads\/2013\/11\/DC049-CONSUMIDOR-E-RELA\u00c7\u00d5ES-INTERPRIVADAS-1.pdf\">DC049<\/a><\/td>\n<td>Consumidor e Rela\u00e7\u00f5es Interprivadas<\/td>\n<\/tr>\n<tr>\n<td><a href=\"https:\/\/direito.ufpr.br\/wp-content\/uploads\/2013\/11\/DC050-CATEGORIAS-CONTRATUAIS-CONTEMPOR\u00c2NEAS-1.pdf\">DC050<\/a><\/td>\n<td>Categorias Contratuais Contempor\u00e2neas<\/td>\n<\/tr>\n<tr>\n<td><a href=\"https:\/\/direito.ufpr.br\/wp-content\/uploads\/2013\/11\/DC051-DIREITO-E-BIO\u00c9TICA-1.pdf\">DC051<\/a><\/td>\n<td>Direito e Bio\u00e9tica<\/td>\n<\/tr>\n<tr>\n<td><a href=\"https:\/\/direito.ufpr.br\/wp-content\/uploads\/2013\/11\/DC052-DIREITO-DA-PERSONALIDADE-E-RESPONSABILIDADE-CIVIL-1.pdf\">DC052<\/a><\/td>\n<td>Direitos da Personalidade e Responsabilidade Civil<\/td>\n<\/tr>\n<tr>\n<td><a href=\"https:\/\/direito.ufpr.br\/wp-content\/uploads\/2013\/11\/DC053-AN\u00c1LISE-CR\u00cdTICA-DA-JURISPRUD\u00caNCIA-CIVIL-1.pdf\">DC053<\/a><\/td>\n<td>An\u00e1lise Cr\u00edtica da Jurisprud\u00eancia Civil<\/td>\n<\/tr>\n<tr>\n<td><a href=\"https:\/\/direito.ufpr.br\/wp-content\/uploads\/2013\/11\/DC054-POSSE-E-PROPRIEDADE-REFORMA-AGR\u00c1RIA-E-URBANA-1.pdf\">DC054<\/a><\/td>\n<td>Posse e Propriedade: Reforma Agr\u00e1ria e Urbana<\/td>\n<\/tr>\n<tr>\n<td><a href=\"https:\/\/direito.ufpr.br\/wp-content\/uploads\/2013\/11\/DC055-SOCIEDADES-COOPERATIVAS-AUTOGEST\u00c3O-E-ECONOMIA-SOLID\u00c1RIA-1.pdf\">DC055<\/a><\/td>\n<td>Sociedades cooperativas, autogest\u00e3o e economia solid\u00e1ria<\/td>\n<\/tr>\n<tr>\n<td><a href=\"https:\/\/direito.ufpr.br\/wp-content\/uploads\/2013\/11\/DC056-BENS-IMATERIAIS-E-TITULARIDADES-1.pdf\">DC056<\/a><\/td>\n<td>Bens imateriais e titularidades<\/td>\n<\/tr>\n<tr>\n<td><a href=\"https:\/\/direito.ufpr.br\/wp-content\/uploads\/2013\/11\/DC057-AN\u00c1LISE-HIST\u00d3RIA-DAS-CODIFICA\u00c7\u00d5ES-CIVIS-1.pdf\">DC057<\/a><\/td>\n<td>An\u00e1lise hist\u00f3rica das codifica\u00e7\u00f5es civis<\/td>\n<\/tr>\n<tr>\n<td><a href=\"https:\/\/direito.ufpr.br\/wp-content\/uploads\/2013\/11\/DC058-DIREITO-CIVIL-ARTE-E-LITERATURA-1.pdf\">DC058<\/a><\/td>\n<td>Direito Civil, arte e literatura<\/td>\n<\/tr>\n<tr>\n<td><a href=\"https:\/\/direito.ufpr.br\/wp-content\/uploads\/2013\/11\/DC059-DIREITO-AGR\u00c1RIO-1.pdf\">DC059<\/a><\/td>\n<td>Direito Agr\u00e1rio<\/td>\n<\/tr>\n<tr>\n<td><a href=\"https:\/\/direito.ufpr.br\/wp-content\/uploads\/2013\/11\/DC060-PROCESSO-CIVIL-E-DIREITO-MATERIAL-A-TEORIA-DA-TUTELA-JURISDICIONAL-DOS-DIREITOS-1.pdf\">DC060<\/a><\/td>\n<td>Processo civil e direito material: a teoria da tutela jurisdicional dos direitos<\/td>\n<\/tr>\n<tr>\n<td><a href=\"https:\/\/direito.ufpr.br\/wp-content\/uploads\/2013\/11\/DC061-PROCESSO-CIVIL-E-COMMOM-LAW-1.pdf\">DC061<\/a><\/td>\n<td>Processo Civil e Common Law<\/td>\n<\/tr>\n<tr>\n<td><a href=\"https:\/\/direito.ufpr.br\/wp-content\/uploads\/2013\/11\/DC062-PROCESSO-CIVIL-E-DIREITOS-FUNDAMENTAIS-1.pdf\">DC062<\/a><\/td>\n<td>Processo Civil e Direitos Fundamentais<\/td>\n<\/tr>\n<tr>\n<td><a href=\"https:\/\/direito.ufpr.br\/wp-content\/uploads\/2013\/11\/DC063-PROCESSO-CIVIL-E-PODER-P\u00daBLICO-1.pdf\">DC063<\/a><\/td>\n<td>Processo Civil e Poder P\u00fablico<\/td>\n<\/tr>\n<tr>\n<td><a href=\"https:\/\/direito.ufpr.br\/wp-content\/uploads\/2013\/11\/DC064-Procedimentos-especiais-1.pdf\">DC064<\/a><\/td>\n<td>Procedimentos Especiais<\/td>\n<\/tr>\n<tr>\n<td><a href=\"https:\/\/direito.ufpr.br\/wp-content\/uploads\/2013\/11\/DC065-JUIZADOS-ESPECIAIS-C\u00cdVEIS-1.pdf\">DC065<\/a><\/td>\n<td>Juizados Especiais C\u00edveis<\/td>\n<\/tr>\n<tr>\n<td><a href=\"https:\/\/direito.ufpr.br\/wp-content\/uploads\/2013\/11\/DC066-A\u00c7\u00d5ES-CONSTITUCIONAIS-1.pdf\">DC066<\/a><\/td>\n<td>A\u00e7\u00f5es Constitucionais<\/td>\n<\/tr>\n<tr>\n<td><a href=\"https:\/\/direito.ufpr.br\/wp-content\/uploads\/2013\/11\/DC067-PROCESSO-COLETIVO-1.pdf\">DC067<\/a><\/td>\n<td>Processo Coletivo<\/td>\n<\/tr>\n<tr>\n<td><a href=\"https:\/\/direito.ufpr.br\/wp-content\/uploads\/2013\/11\/DC068-MEIOS-ALTERNATIVOS-DE-SOLU\u00c7\u00c3O-DE-LIT\u00cdGIOS-1.pdf\">DC068<\/a><\/td>\n<td>Meios alternativos de solu\u00e7\u00e3o dos lit\u00edgios<\/td>\n<\/tr>\n<tr>\n<td><a href=\"https:\/\/direito.ufpr.br\/wp-content\/uploads\/2013\/11\/DC069-FUN\u00c7\u00c3O-SOCIAL-DO-PROCESSO-t\u00f3pica-1.pdf\">DC069<\/a><\/td>\n<td>Fun\u00e7\u00e3o Social do Processo<\/td>\n<\/tr>\n<tr>\n<td><a href=\"https:\/\/direito.ufpr.br\/wp-content\/uploads\/2013\/11\/DC070-T\u00d3PICOS-DE-ENRIQUECIMENTO-SEM-CAUSA-1.pdf\">DC070<\/a><\/td>\n<td>T\u00f3picos de Enriquecimento sem Causa<\/td>\n<\/tr>\n<tr>\n<td><a href=\"https:\/\/direito.ufpr.br\/wp-content\/uploads\/2013\/11\/DC071-PROCESSO-CIVIL-COMPARADO-t\u00f3pica-1.pdf\">DC071<\/a><\/td>\n<td>Processo Civil Comparado<\/td>\n<\/tr>\n<tr>\n<td><a href=\"https:\/\/direito.ufpr.br\/wp-content\/uploads\/2013\/11\/DC072-HIST\u00d3RIA-DO-PROCESSO-CIVIL-t\u00f3pica-1.pdf\">DC072<\/a><\/td>\n<td>Hist\u00f3ria do Processo Civil<\/td>\n<\/tr>\n<tr>\n<td><a href=\"https:\/\/direito.ufpr.br\/wp-content\/uploads\/2013\/11\/DC073-ARBITRAGEM-CONCRETIZADA-t\u00f3pica-1.pdf\">DC073<\/a><\/td>\n<td>Arbitragem Concretizada<\/td>\n<\/tr>\n<tr>\n<td>DIR007<\/td>\n<td>Direito do Consumidor na Pr\u00e1tica<\/td>\n<\/tr>\n<tr>\n<td>ET082<\/td>\n<td>Comunica\u00e7\u00e3o em L\u00edngua Brasileira de Sinais \u2013 LIBRAS<\/td>\n<\/tr>\n<tr>\n<td><\/td>\n<td><\/td>\n<\/tr>\n<tr>\n<td><\/td>\n<td><\/td>\n<\/tr>\n<tr>\n<td style=\"text-align: center;\" colspan=\"2\"><strong>T\u00d3PICAS &#8211; EXTENS\u00c3O E PESQUISA<\/strong><\/td>\n<\/tr>\n<tr>\n<td width=\"546\"><\/td>\n<td width=\"580\"><\/td>\n<\/tr>\n<tr>\n<td><strong>C\u00f3digo<\/strong><\/td>\n<td><strong>Discipina<\/strong><\/td>\n<\/tr>\n<tr>\n<td width=\"546\">DIR014<\/td>\n<td width=\"580\">T\u00f3pica em Atividade de Extens\u00e3o I<\/td>\n<\/tr>\n<tr>\n<td width=\"546\">DIR015<\/td>\n<td width=\"580\">T\u00f3picas em Atividade de Extens\u00e3o II<\/td>\n<\/tr>\n<tr>\n<td width=\"546\">DIR016<\/td>\n<td width=\"580\">T\u00f3picas em Atividade de Pesquisa I<\/td>\n<\/tr>\n<tr>\n<td width=\"546\">DIR017<\/td>\n<td width=\"580\">T\u00f3picas em Atividade de Pesquisa II<\/td>\n<\/tr>\n<tr>\n<td><\/td>\n<td><\/td>\n<\/tr>\n<tr>\n<td style=\"text-align: center;\"><\/td>\n<td><\/td>\n<\/tr>\n<tr>\n<td style=\"text-align: center;\" colspan=\"2\"><\/td>\n<\/tr>\n<tr>\n<td><\/td>\n<td><\/td>\n<\/tr>\n<\/tbody>\n<\/table>\n<p>&nbsp;<\/p>\n<p>&nbsp;<\/p>\n","protected":false},"excerpt":{"rendered":"<p>Uma ementa apresenta os t\u00f3picos gerais que ser\u00e3o abordados ao longo da disciplina. As ementas aqui postadas seguem a RESOLU\u00c7\u00c3O N\u00b030\/90-CEPE. Os docentes mencionados em cada documento remete-se ao momento da aprova\u00e7\u00e3o e ao juste curricular do curso de Bacharel em Direito da UFPR. \u00a0 DISCIPLINAS OBRIGAT\u00d3RIAS C\u00f3digo Discipina 1\u00ba ano DB438 Economia Pol\u00edtica DB431 [&hellip;]<\/p>\n","protected":false},"author":54,"featured_media":0,"parent":0,"menu_order":0,"comment_status":"closed","ping_status":"closed","template":"","meta":{"_acf_changed":false,"_eb_attr":"","footnotes":""},"class_list":["post-3346","page","type-page","status-publish","hentry"],"acf":[],"_links":{"self":[{"href":"https:\/\/direito.ufpr.br\/index.php?rest_route=\/wp\/v2\/pages\/3346","targetHints":{"allow":["GET"]}}],"collection":[{"href":"https:\/\/direito.ufpr.br\/index.php?rest_route=\/wp\/v2\/pages"}],"about":[{"href":"https:\/\/direito.ufpr.br\/index.php?rest_route=\/wp\/v2\/types\/page"}],"author":[{"embeddable":true,"href":"https:\/\/direito.ufpr.br\/index.php?rest_route=\/wp\/v2\/users\/54"}],"replies":[{"embeddable":true,"href":"https:\/\/direito.ufpr.br\/index.php?rest_route=%2Fwp%2Fv2%2Fcomments&post=3346"}],"version-history":[{"count":1,"href":"https:\/\/direito.ufpr.br\/index.php?rest_route=\/wp\/v2\/pages\/3346\/revisions"}],"predecessor-version":[{"id":48041,"href":"https:\/\/direito.ufpr.br\/index.php?rest_route=\/wp\/v2\/pages\/3346\/revisions\/48041"}],"wp:attachment":[{"href":"https:\/\/direito.ufpr.br\/index.php?rest_route=%2Fwp%2Fv2%2Fmedia&parent=3346"}],"curies":[{"name":"wp","href":"https:\/\/api.w.org\/{rel}","templated":true}]}}