{"id":433,"date":"2013-08-01T13:16:20","date_gmt":"2013-08-01T13:16:20","guid":{"rendered":"https:\/\/direito.ufpr.br\/graduacao\/?page_id=433"},"modified":"2025-01-31T12:11:23","modified_gmt":"2025-01-31T15:11:23","slug":"docentes-por-departamento","status":"publish","type":"page","link":"https:\/\/direito.ufpr.br\/?page_id=433","title":{"rendered":""},"content":{"rendered":"\n<div class=\"wp-block-group\"><div class=\"wp-block-group__inner-container is-layout-flow wp-block-group-is-layout-flow\">\n<div class=\"wp-block-group\"><div class=\"wp-block-group__inner-container is-layout-flow wp-block-group-is-layout-flow\">\n<div class=\"wp-block-group\"><div class=\"wp-block-group__inner-container is-layout-flow wp-block-group-is-layout-flow\">\n<div class=\"wp-block-group\"><div class=\"wp-block-group__inner-container is-layout-flow wp-block-group-is-layout-flow\">\n<div class=\"wp-block-columns is-layout-flex wp-container-core-columns-is-layout-9d6595d7 wp-block-columns-is-layout-flex\">\n<div class=\"wp-block-column is-layout-flow wp-block-column-is-layout-flow\" style=\"flex-basis:100%\">\n<div class=\"wp-block-group\"><div class=\"wp-block-group__inner-container is-layout-constrained wp-block-group-is-layout-constrained\">\n<p><img loading=\"lazy\" decoding=\"async\" width=\"1024\" height=\"200\" class=\"wp-image-33042 size-full aligncenter\" src=\"https:\/\/direito.ufpr.br\/wp-content\/uploads\/2021\/12\/Barra_sup_grade_docen.jpg\" alt=\"\" srcset=\"https:\/\/direito.ufpr.br\/wp-content\/uploads\/2021\/12\/Barra_sup_grade_docen.jpg 1024w, https:\/\/direito.ufpr.br\/wp-content\/uploads\/2021\/12\/Barra_sup_grade_docen-300x59.jpg 300w, https:\/\/direito.ufpr.br\/wp-content\/uploads\/2021\/12\/Barra_sup_grade_docen-768x150.jpg 768w\" sizes=\"auto, (max-width: 1024px) 100vw, 1024px\" \/><\/p>\n\n<p style=\"text-align: center\"><span style=\"font-family: 'arial black', sans-serif;font-size: 14pt\">DEPARTAMENTO DE DIREITO CIVIL E PROCESSUAL CIVIL<\/span><\/p>\n<table style=\"width: 100%;border-collapse: collapse\" border=\"0\">\n<tbody>\n<tr style=\"height: 25px\">\n<td style=\"width: 33.33%;height: 25px\"><img loading=\"lazy\" decoding=\"async\" width=\"150\" height=\"150\" class=\"alignleft wp-image-12012 size-thumbnail\" src=\"https:\/\/direito.ufpr.br\/wp-content\/uploads\/2018\/10\/ADRIANA-ESP\u00cdNDOLA-CORR\u00caA-250-1-150x150.png\" alt=\"\" srcset=\"https:\/\/direito.ufpr.br\/wp-content\/uploads\/2018\/10\/ADRIANA-ESP\u00cdNDOLA-CORR\u00caA-250-1-150x150.png 150w, https:\/\/direito.ufpr.br\/wp-content\/uploads\/2018\/10\/ADRIANA-ESP\u00cdNDOLA-CORR\u00caA-250-1.png 250w\" sizes=\"auto, (max-width: 150px) 100vw, 150px\" \/><\/td>\n<td style=\"width: 33.33%;height: 25px\">\n<p><span style=\"font-family: arial,helvetica,sans-serif\"><strong>ADRIANA ESP\u00cdNDOLA CORR\u00caA<\/strong><\/span><\/p>\n<p>Doutora em Direito<\/p>\n<p><em><span style=\"font-family: arial,helvetica,sans-serif\">Ingresso na institui\u00e7\u00e3o em 23.12.2015<\/span><\/em><\/p>\n<\/td>\n<td style=\"width: 33.33%;height: 25px\"><address><strong><em> <img loading=\"lazy\" decoding=\"async\" width=\"34\" height=\"33\" class=\"alignnone wp-image-1650 size-full\" src=\"https:\/\/direito.ufpr.br\/wp-content\/uploads\/2013\/08\/lattes-1.png\" alt=\"lattes\"> <a rel=\"noopener\" href=\"http:\/\/lattes.cnpq.br\/2244409485255640\">Lattes&nbsp;<\/a><\/em><\/strong><strong><em>&nbsp;<a title=\"CNPQ\" rel=\"noopener noreferrer\" href=\"http:\/\/dgp.cnpq.br\/dgp\/espelhorh\/2244409485255640\" target=\"_blank\"><strong><em><img loading=\"lazy\" decoding=\"async\" width=\"32\" height=\"32\" class=\"alignnone wp-image-1633\" src=\"https:\/\/direito.ufpr.br\/wp-content\/uploads\/2013\/06\/cnpq-e1372192590974-1.png\" alt=\"cnpq\"><\/em><\/strong> CNPq<\/a><\/em><\/strong><\/address><\/td>\n<\/tr>\n<tr style=\"height: 25px\">\n<td style=\"width: 33.33%;height: 25px\"><img loading=\"lazy\" decoding=\"async\" width=\"150\" height=\"150\" class=\"alignleft wp-image-12016 size-thumbnail\" src=\"https:\/\/direito.ufpr.br\/wp-content\/uploads\/2018\/10\/ANA-CARLA-HARMATIUK-MATOS-150x150.jpg\" alt=\"\"><\/td>\n<td style=\"width: 33.33%;height: 25px;text-align: left\">\n<p><span style=\"font-family: arial,helvetica,sans-serif\"><strong>ANA CARLA HARMATIUK MATOS<\/strong><\/span><\/p>\n<p>Doutora em Direito<\/p>\n<p><em><span style=\"font-family: arial,helvetica,sans-serif\">Ingresso na institui\u00e7\u00e3o em 03.08.2006<\/span><\/em><\/p>\n<\/td>\n<td style=\"width: 33.33%;height: 25px\"><address><strong><em><img loading=\"lazy\" decoding=\"async\" width=\"34\" height=\"33\" class=\"alignnone wp-image-1650 size-full\" src=\"https:\/\/direito.ufpr.br\/wp-content\/uploads\/2013\/08\/lattes-1.png\" alt=\"lattes\"> <a rel=\"noopener noreferrer\" href=\"http:\/\/buscatextual.cnpq.br\/buscatextual\/visualizacv.do?id=K4737144U5\" target=\"_blank\">Lattes<\/a><\/em><\/strong><strong style=\"font-family: inherit;font-size: inherit\"><em><a title=\"CNPQ\" rel=\"noopener noreferrer\" href=\"http:\/\/dgp.cnpq.br\/dgp\/espelhorh\/0802929603563951\" target=\"_blank\"><strong><em><img loading=\"lazy\" decoding=\"async\" width=\"32\" height=\"32\" class=\"alignnone wp-image-1633\" src=\"https:\/\/direito.ufpr.br\/wp-content\/uploads\/2013\/06\/cnpq-e1372192590974-1.png\" alt=\"cnpq\"><\/em><\/strong> CNPq<\/a><\/em><\/strong><\/address><\/td>\n<\/tr>\n<tr style=\"height: 25px\" data-wp-editing=\"1\">\n<td style=\"width: 33.33%;height: 25px\"><img loading=\"lazy\" decoding=\"async\" width=\"150\" height=\"150\" class=\"alignleft wp-image-12017 size-thumbnail\" src=\"https:\/\/direito.ufpr.br\/wp-content\/uploads\/2018\/10\/CARLOS-EDUARDO-PIANOVSKI-RUZYK--150x150.jpg\" alt=\"\"><\/td>\n<td style=\"width: 33.33%;height: 25px\">\n<p><span style=\"font-family: arial,helvetica,sans-serif\"><strong>CARLOS EDUARDO PIANOVSKI RUZYK<\/strong><\/span><\/p>\n<p>Doutor em Direito<\/p>\n<p><em><span style=\"font-family: arial,helvetica,sans-serif\">Ingresso na institui\u00e7\u00e3o em 21.01.2008<\/span><\/em><\/p>\n<\/td>\n<td style=\"width: 33.33%;height: 25px\"><address><strong><em><strong><em><img loading=\"lazy\" decoding=\"async\" width=\"34\" height=\"33\" class=\"alignnone wp-image-1650 size-full\" src=\"https:\/\/direito.ufpr.br\/wp-content\/uploads\/2013\/08\/lattes-1.png\" alt=\"lattes\"><\/em><\/strong> <a rel=\"noopener noreferrer\" href=\"http:\/\/buscatextual.cnpq.br\/buscatextual\/visualizacv.do?id=K4730328E3\" target=\"_blank\">Lattes <\/a><\/em><\/strong><strong><em><a title=\"CNPQ\" rel=\"noopener noreferrer\" href=\"http:\/\/dgp.cnpq.br\/dgp\/espelhorh\/1899419068096109\" target=\"_blank\"><strong><em><img loading=\"lazy\" decoding=\"async\" width=\"32\" height=\"32\" class=\"alignnone wp-image-1633\" src=\"https:\/\/direito.ufpr.br\/wp-content\/uploads\/2013\/06\/cnpq-e1372192590974-1.png\" alt=\"cnpq\"><\/em><\/strong> CNPq <\/a><\/em><\/strong><\/address><\/td>\n<\/tr>\n<tr style=\"height: 25px\">\n<td style=\"width: 33.33%;height: 25px\"><img loading=\"lazy\" decoding=\"async\" width=\"150\" height=\"150\" class=\"alignleft wp-image-12019 size-thumbnail\" src=\"https:\/\/direito.ufpr.br\/wp-content\/uploads\/2018\/10\/CLAYTON-DE-ALBUQUERQUE-MARANH\u00c3O-1-e1540217917174-150x150.jpg\" alt=\"\"><\/td>\n<td style=\"width: 33.33%;height: 25px\">\n<p><span style=\"font-family: arial,helvetica,sans-serif\"><strong>CLAYTON DE ALBUQUERQUE MARANH\u00c3O<\/strong><\/span><\/p>\n<p>Doutor em Direito<\/p>\n<p><em><span style=\"font-family: arial,helvetica,sans-serif\">Ingresso na institui\u00e7\u00e3o em 30.06.2010<\/span><\/em><\/p>\n<\/td>\n<td style=\"width: 33.33%;height: 25px\"><address><em><strong><strong><em><img loading=\"lazy\" decoding=\"async\" width=\"34\" height=\"33\" class=\"alignnone wp-image-1650 size-full\" src=\"https:\/\/direito.ufpr.br\/wp-content\/uploads\/2013\/08\/lattes-1.png\" alt=\"lattes\"><\/em><\/strong> <a rel=\"noopener noreferrer\" href=\"http:\/\/buscatextual.cnpq.br\/buscatextual\/visualizacv.do?id=K4700543H9\" target=\"_blank\">Lattes<\/a><\/strong><\/em><em style=\"font-family: inherit;font-size: inherit;font-weight: inherit\"><strong><a rel=\"noopener noreferrer\" href=\"http:\/\/dgp.cnpq.br\/dgp\/espelhorh\/7119503923163457\" target=\"_blank\"><strong><em><img loading=\"lazy\" decoding=\"async\" width=\"32\" height=\"32\" class=\"alignnone wp-image-1633\" src=\"https:\/\/direito.ufpr.br\/wp-content\/uploads\/2013\/06\/cnpq-e1372192590974-1.png\" alt=\"cnpq\"><\/em><\/strong> CNPq<\/a><\/strong><\/em><\/address><\/td>\n<\/tr>\n<tr style=\"height: 25px\">\n<td style=\"width: 33.33%;height: 25px\"><img loading=\"lazy\" decoding=\"async\" width=\"150\" height=\"150\" class=\"alignleft wp-image-12026 size-thumbnail\" src=\"https:\/\/direito.ufpr.br\/wp-content\/uploads\/2018\/10\/EDUARDO-TALAMINI-150x150.jpg\" alt=\"\"><\/td>\n<td style=\"width: 33.33%;height: 25px\">\n<p><span style=\"font-family: arial,helvetica,sans-serif\"><strong>EDUARDO TALAMINI<\/strong><\/span><\/p>\n<p>Doutor em Direito Processual<\/p>\n<p><em><span style=\"font-family: arial,helvetica,sans-serif\"> Ingresso na institui\u00e7\u00e3o em 15.06.2009<\/span><\/em><\/p>\n<\/td>\n<td style=\"width: 33.33%;height: 25px\"><address><strong><em><strong><em><img loading=\"lazy\" decoding=\"async\" width=\"34\" height=\"33\" class=\"alignnone wp-image-1650 size-full\" src=\"https:\/\/direito.ufpr.br\/wp-content\/uploads\/2013\/08\/lattes-1.png\" alt=\"lattes\"><\/em><\/strong> <a rel=\"noopener noreferrer\" href=\"http:\/\/buscatextual.cnpq.br\/buscatextual\/visualizacv.do?id=K4593222P2\" target=\"_blank\">Lattes<\/a><\/em><\/strong><strong><em><a rel=\"noopener noreferrer\" href=\"http:\/\/dgp.cnpq.br\/dgp\/espelhorh\/5468372586915869\" target=\"_blank\"><strong><em><img loading=\"lazy\" decoding=\"async\" width=\"32\" height=\"32\" class=\"alignnone wp-image-1633\" src=\"https:\/\/direito.ufpr.br\/wp-content\/uploads\/2013\/06\/cnpq-e1372192590974-1.png\" alt=\"cnpq\"><\/em><\/strong> CNPq<\/a><\/em><\/strong><\/address><\/td>\n<\/tr>\n\n<tr style=\"height: 25px\">\n<td style=\"width: 33.33%;height: 25px\"><img loading=\"lazy\" decoding=\"async\" width=\"150\" height=\"150\" class=\"alignleft wp-image-12029 size-thumbnail\" src=\"https:\/\/direito.ufpr.br\/wp-content\/uploads\/2018\/10\/ELTON-VENTURI-e1540218948533-150x150.jpg\" alt=\"\"><\/td>\n<td style=\"width: 33.33%;height: 25px\">\n<p><span style=\"font-family: arial,helvetica,sans-serif\"><strong>ELTON VENTURI<\/strong><\/span><\/p>\n<p>Doutor em Direito<\/p>\n<p><em><span style=\"font-family: arial,helvetica,sans-serif\">Ingresso na institui\u00e7\u00e3o em 03.12.2009<\/span><\/em><\/p>\n<\/td>\n<td style=\"width: 33.33%;height: 25px\"><address><strong><em><a rel=\"noopener noreferrer\" href=\"http:\/\/buscatextual.cnpq.br\/buscatextual\/visualizacv.do?id=K4796009P6\" target=\"_blank\"><strong><em><img loading=\"lazy\" decoding=\"async\" width=\"34\" height=\"33\" class=\"alignnone size-full wp-image-1650\" src=\"https:\/\/direito.ufpr.br\/wp-content\/uploads\/2013\/08\/lattes-1.png\" alt=\"lattes\"><\/em><\/strong> Lattes <\/a><\/em><\/strong><strong><em><a rel=\"noopener noreferrer\" href=\"http:\/\/dgp.cnpq.br\/dgp\/espelhorh\/2638684214525545\" target=\"_blank\"><strong><em><img loading=\"lazy\" decoding=\"async\" width=\"32\" height=\"32\" class=\"alignnone wp-image-1633\" src=\"https:\/\/direito.ufpr.br\/wp-content\/uploads\/2013\/06\/cnpq-e1372192590974-1.png\" alt=\"cnpq\"><\/em><\/strong> CNPq<\/a><\/em><\/strong><\/address><\/td>\n<\/tr>\n<tr style=\"height: 25px\">\n<td style=\"width: 33.33%;height: 25px\"><img loading=\"lazy\" decoding=\"async\" width=\"150\" height=\"150\" class=\"alignleft wp-image-12030 size-thumbnail\" src=\"https:\/\/direito.ufpr.br\/wp-content\/uploads\/2018\/10\/EROULTHS-CORTIANO-JUNIOR-150x150.jpg\" alt=\"\"><\/td>\n<td style=\"width: 33.33%;height: 25px\">\n<p><span style=\"font-family: arial,helvetica,sans-serif\"><strong>EROULTHS CORTIANO JUNIOR<\/strong><\/span><\/p>\n<p>Doutor em Direito<\/p>\n<p><em><span style=\"font-family: arial,helvetica,sans-serif\">Ingresso na institui\u00e7\u00e3o em 18.06.1997<\/span><\/em><\/p>\n<\/td>\n<td style=\"width: 33.33%;height: 25px\"><address><strong><em><strong><em><img loading=\"lazy\" decoding=\"async\" width=\"34\" height=\"33\" class=\"alignnone wp-image-1650 size-full\" src=\"https:\/\/direito.ufpr.br\/wp-content\/uploads\/2013\/08\/lattes-1.png\" alt=\"lattes\"><\/em><\/strong> <a rel=\"noopener noreferrer\" href=\"http:\/\/buscatextual.cnpq.br\/buscatextual\/visualizacv.do?id=K4766335T8\" target=\"_blank\">Lattes<\/a><\/em><\/strong><strong><em><a rel=\"noopener noreferrer\" href=\"http:\/\/dgp.cnpq.br\/dgp\/espelhorh\/0006668011607652\" target=\"_blank\"><strong><em><img loading=\"lazy\" decoding=\"async\" width=\"32\" height=\"32\" class=\"alignnone wp-image-1633\" src=\"https:\/\/direito.ufpr.br\/wp-content\/uploads\/2013\/06\/cnpq-e1372192590974-1.png\" alt=\"cnpq\"><\/em><\/strong> CNPq <\/a><\/em><\/strong><\/address><\/td>\n<\/tr>\n<tr style=\"height: 25px\">\n<td style=\"width: 33.33%;height: 25px\"><img loading=\"lazy\" decoding=\"async\" width=\"150\" height=\"150\" class=\"alignnone wp-image-41561 size-thumbnail\" src=\"https:\/\/direito.ufpr.br\/wp-content\/uploads\/2023\/03\/Frederico-Eduardo-Zenedin-Glitz-150x150.jpeg\" alt=\"\"><\/td>\n<td style=\"width: 33.33%;height: 25px\">\n<p><span style=\"font-family: arial,helvetica,sans-serif\"><strong>FREDERICO EDUARDO ZENEDIN GLITZ<\/strong><\/span><\/p>\n<p>Doutor em Direito<\/p>\n<p><em><span style=\"font-family: arial,helvetica,sans-serif\">Ingresso na institui\u00e7\u00e3o em 20.03.2023<\/span><\/em><\/p>\n<\/td>\n<td style=\"width: 33.33%;height: 25px\"><address><strong><em><strong><em><img loading=\"lazy\" decoding=\"async\" width=\"34\" height=\"33\" class=\"alignnone wp-image-1650 size-full\" src=\"https:\/\/direito.ufpr.br\/wp-content\/uploads\/2013\/08\/lattes-1.png\" alt=\"lattes\"><\/em><\/strong> <a rel=\"noopener noreferrer\" href=\"http:\/\/lattes.cnpq.br\/6190787636978029\" target=\"_blank\">Lattes<\/a><\/em><\/strong><strong><em><a rel=\"noopener noreferrer\" href=\"http:\/\/dgp.cnpq.br\/dgp\/espelhorh\/6190787636978029\" target=\"_blank\"><strong><em><img loading=\"lazy\" decoding=\"async\" width=\"32\" height=\"32\" class=\"alignnone wp-image-1633\" src=\"https:\/\/direito.ufpr.br\/wp-content\/uploads\/2013\/06\/cnpq-e1372192590974-1.png\" alt=\"cnpq\"><\/em><\/strong> CNPq <\/a><\/em><\/strong><\/address><\/td>\n<\/tr>\n<tr style=\"height: 25px\">\n<td style=\"width: 33.33%;height: 25px\"><img loading=\"lazy\" decoding=\"async\" width=\"150\" height=\"150\" class=\"alignnone wp-image-39473 size-thumbnail\" src=\"https:\/\/direito.ufpr.br\/wp-content\/uploads\/2022\/10\/gustavo-osna-150x150.jpg\" alt=\"\"><\/td>\n<td style=\"width: 33.33%;height: 25px\">\n<p><span style=\"font-family: arial,helvetica,sans-serif\"><strong>GUSTAVO OSNA<\/strong><\/span><\/p>\n<p>Doutor em Direito<\/p>\n<p><em><span style=\"font-family: arial,helvetica,sans-serif\">Ingresso na institui\u00e7\u00e3o em 18.10.2023<\/span><\/em><\/p>\n<\/td>\n<td style=\"width: 33.33%;height: 25px\"><address><strong><em><strong><em><img loading=\"lazy\" decoding=\"async\" width=\"34\" height=\"33\" class=\"alignnone wp-image-1650 size-full\" src=\"https:\/\/direito.ufpr.br\/wp-content\/uploads\/2013\/08\/lattes-1.png\" alt=\"lattes\"><\/em><\/strong> <a rel=\"noopener noreferrer\" href=\"http:\/\/lattes.cnpq.br\/6404084238253036\" target=\"_blank\">Lattes<\/a><\/em><\/strong><strong><em><a rel=\"noopener noreferrer\" href=\"http:\/\/dgp.cnpq.br\/dgp\/espelhorh\/6404084238253036\" target=\"_blank\"><strong><em><img loading=\"lazy\" decoding=\"async\" width=\"32\" height=\"32\" class=\"alignnone wp-image-1633\" src=\"https:\/\/direito.ufpr.br\/wp-content\/uploads\/2013\/06\/cnpq-e1372192590974-1.png\" alt=\"cnpq\"><\/em><\/strong> CNPq <\/a><\/em><\/strong><\/address><\/td>\n<\/tr>\n<tr style=\"height: 95px\">\n<td style=\"width: 33.33%;height: 95px\"><img loading=\"lazy\" decoding=\"async\" width=\"150\" height=\"150\" class=\"alignleft wp-image-12032 size-thumbnail\" src=\"https:\/\/direito.ufpr.br\/wp-content\/uploads\/2018\/10\/JOS\u00c9-ANT\u00d4NIO-PERES-GEDIEL-150x150.jpg\" alt=\"\"><\/td>\n<td style=\"width: 33.33%;height: 95px\">\n<p><span style=\"font-family: arial,helvetica,sans-serif\"><strong>JOS\u00c9 ANT\u00d4NIO PERES GEDIEL<\/strong><\/span><\/p>\n<p>Doutor em Direito<\/p>\n<p><em><span style=\"font-family: arial,helvetica,sans-serif\">Ingresso na institui\u00e7\u00e3o em 07.08.1995<\/span><\/em><\/p>\n<\/td>\n<td style=\"width: 33.33%;height: 95px\"><address><strong><em><strong><em><img loading=\"lazy\" decoding=\"async\" width=\"34\" height=\"33\" class=\"alignnone wp-image-1650 size-full\" src=\"https:\/\/direito.ufpr.br\/wp-content\/uploads\/2013\/08\/lattes-1.png\" alt=\"lattes\"><\/em><\/strong> <strong><em><a rel=\"noopener noreferrer\" href=\"http:\/\/buscatextual.cnpq.br\/buscatextual\/visualizacv.do?id=K4766144J9\" target=\"_blank\">Lattes<\/a><\/em><\/strong><\/em><\/strong><strong><em><strong><em><a rel=\"noopener noreferrer\" href=\"http:\/\/dgp.cnpq.br\/dgp\/espelhorh\/4524745757444990\" target=\"_blank\"><strong><em><img loading=\"lazy\" decoding=\"async\" width=\"32\" height=\"32\" class=\"alignnone wp-image-1633\" src=\"https:\/\/direito.ufpr.br\/wp-content\/uploads\/2013\/06\/cnpq-e1372192590974-1.png\" alt=\"cnpq\"><\/em><\/strong> CNPq<\/a><\/em><\/strong><\/em><\/strong><\/address><\/td>\n<\/tr>\n<tr style=\"height: 95px\">\n<td style=\"width: 33.33%;height: 95px\"><img loading=\"lazy\" decoding=\"async\" width=\"150\" height=\"150\" class=\"alignnone wp-image-19218 size-thumbnail\" src=\"https:\/\/direito.ufpr.br\/wp-content\/uploads\/2019\/10\/Luciana-Pedroso-Xavier-150x150.jpg\" alt=\"\"><\/td>\n<td style=\"width: 33.33%;height: 95px\">\n<p><span style=\"font-family: arial,helvetica,sans-serif\"><strong>LUCIANA PEDROSO XAVIER<\/strong><\/span><\/p>\n<p>Doutora em Direito<\/p>\n<p><em><span style=\"font-family: arial,helvetica,sans-serif\">Ingresso na institui\u00e7\u00e3o em 22.05.2019<\/span><\/em><\/p>\n<\/td>\n<td style=\"width: 33.33%;height: 95px\"><address><strong><em><strong><em><img loading=\"lazy\" decoding=\"async\" width=\"34\" height=\"33\" class=\"alignnone wp-image-1650 size-full\" src=\"https:\/\/direito.ufpr.br\/wp-content\/uploads\/2013\/08\/lattes-1.png\" alt=\"lattes\"><\/em><\/strong> <strong><em><a rel=\"noopener noreferrer\" href=\"http:\/\/lattes.cnpq.br\/2401596085196565\" target=\"_blank\">Lattes<\/a><\/em><\/strong><\/em><\/strong><strong><em><strong><em><a rel=\"noopener noreferrer\" href=\"http:\/\/dgp.cnpq.br\/dgp\/espelhorh\/2401596085196565\" target=\"_blank\"><strong><em><img loading=\"lazy\" decoding=\"async\" width=\"32\" height=\"32\" class=\"alignnone wp-image-1633\" src=\"https:\/\/direito.ufpr.br\/wp-content\/uploads\/2013\/06\/cnpq-e1372192590974-1.png\" alt=\"cnpq\"><\/em><\/strong> CNPq<\/a><\/em><\/strong><\/em><\/strong><\/address><\/td>\n<\/tr>\n<tr style=\"height: 95px\">\n<td style=\"width: 33.33%;height: 95px\"><img loading=\"lazy\" decoding=\"async\" width=\"150\" height=\"150\" class=\"alignleft wp-image-12034 size-thumbnail\" src=\"https:\/\/direito.ufpr.br\/wp-content\/uploads\/2018\/10\/maxresdefault-150x150.jpg\" alt=\"\"><\/td>\n<td style=\"width: 33.33%;height: 95px\">\n<p><span style=\"font-family: arial,helvetica,sans-serif\"><strong>MANOEL CAETANO FERREIRA FILHO<\/strong><\/span><\/p>\n<p>Mestre em Direito<\/p>\n<p><em><span style=\"font-family: arial,helvetica,sans-serif\">Ingresso na institui\u00e7\u00e3o em 01.03.1982 &nbsp;<\/span><\/em><\/p>\n<\/td>\n<td style=\"width: 33.33%;height: 95px\"><address><strong><em><img loading=\"lazy\" decoding=\"async\" width=\"34\" height=\"33\" class=\"alignnone wp-image-1650 size-full\" src=\"https:\/\/direito.ufpr.br\/wp-content\/uploads\/2013\/08\/lattes-1.png\" alt=\"lattes\"><\/em><a rel=\"noopener noreferrer\" href=\"http:\/\/buscatextual.cnpq.br\/buscatextual\/visualizacv.do?id=P11058\" target=\"_blank\">Lattes<\/a><\/strong><strong><a href=\"http:\/\/dgp.cnpq.br\/buscaoperacional\/detalhepesq.jsp?pesq=0802929603563951\"><img loading=\"lazy\" decoding=\"async\" width=\"32\" height=\"32\" class=\"alignnone wp-image-1633\" src=\"https:\/\/direito.ufpr.br\/wp-content\/uploads\/2013\/06\/cnpq-e1372192590974-1.png\" alt=\"cnpq\"><\/a> <a rel=\"noopener noreferrer\" href=\"http:\/\/dgp.cnpq.br\/dgp\/espelhorh\/5252217579170058\" target=\"_blank\">CNPq<\/a><\/strong><\/address><\/td>\n<\/tr>\n<tr style=\"height: 119px\">\n<td style=\"width: 33.33%;height: 119px\"><img loading=\"lazy\" decoding=\"async\" width=\"150\" height=\"150\" class=\"alignleft wp-image-12035 size-thumbnail\" src=\"https:\/\/direito.ufpr.br\/wp-content\/uploads\/2018\/10\/foto-maria-candida-200x300-e1540219622585-150x150.jpg\" alt=\"\"><\/td>\n<td style=\"width: 33.33%;height: 119px\">\n<p><span style=\"font-family: arial,helvetica,sans-serif\"><strong><span style=\"font-family: arial,helvetica,sans-serif\">MARIA<\/span> C\u00c2NDIDA PIRES VIEIRA DO AMARAL KROETZ<\/strong><\/span><\/p>\n<p>Doutora em Direito<\/p>\n<p><em><span style=\"font-family: arial,helvetica,sans-serif\">Ingresso na institui\u00e7\u00e3o em 27.06.2008<\/span><\/em><\/p>\n<\/td>\n<td style=\"width: 33.33%;height: 119px\"><address><strong><em><img loading=\"lazy\" decoding=\"async\" width=\"34\" height=\"33\" class=\"alignnone wp-image-1650 size-full\" src=\"https:\/\/direito.ufpr.br\/wp-content\/uploads\/2013\/08\/lattes-1.png\" alt=\"lattes\"><\/em> <a rel=\"noopener noreferrer\" href=\"http:\/\/buscatextual.cnpq.br\/buscatextual\/visualizacv.do?id=K4753075D1\" target=\"_blank\">Lattes <\/a><\/strong><strong><a rel=\"noopener noreferrer\" href=\"http:\/\/dgp.cnpq.br\/dgp\/espelhorh\/9272318531711042\" target=\"_blank\"><em><img loading=\"lazy\" decoding=\"async\" width=\"32\" height=\"32\" class=\"alignnone wp-image-1633\" src=\"https:\/\/direito.ufpr.br\/wp-content\/uploads\/2013\/06\/cnpq-e1372192590974-1.png\" alt=\"cnpq\"><\/em> CNPq<\/a><\/strong><\/address><\/td>\n<\/tr>\n<tr>\n<td style=\"width: 33.33%\"><img loading=\"lazy\" decoding=\"async\" width=\"150\" height=\"150\" class=\"alignnone wp-image-12762 size-thumbnail\" src=\"https:\/\/direito.ufpr.br\/wp-content\/uploads\/2018\/11\/Paulo-Nalin-e1543232665477-150x150.jpg\" alt=\"\"><\/td>\n<td style=\"width: 33.33%\" width=\"378\"><address><address><span style=\"font-family: arial, helvetica, sans-serif\"><strong>PAULO ROBERTO RIBEIRO NALIN<\/strong><\/span><\/address><address><span style=\"font-family: inherit;font-size: inherit;font-weight: inherit\">Doutor em Direito<\/span><\/address><address><em style=\"font-family: inherit;font-size: inherit;font-weight: inherit\">Ingresso na institui\u00e7\u00e3o em 31.05.2004<\/em><\/address><\/address><\/td>\n<td style=\"width: 33.33%\" width=\"331\"><address><strong><em><img loading=\"lazy\" decoding=\"async\" width=\"34\" height=\"33\" class=\"alignnone wp-image-1650 size-full\" src=\"https:\/\/direito.ufpr.br\/wp-content\/uploads\/2013\/08\/lattes-1.png\" alt=\"lattes\"> <a rel=\"noopener noreferrer\" href=\"http:\/\/buscatextual.cnpq.br\/buscatextual\/visualizacv.do?id=K4706102E8\" target=\"_blank\">Lattes<\/a><\/em><\/strong><strong><em><a href=\"http:\/\/dgp.cnpq.br\/buscaoperacional\/detalhepesq.jsp?pesq=0802929603563951\"><img loading=\"lazy\" decoding=\"async\" width=\"32\" height=\"32\" class=\"alignnone wp-image-1633\" src=\"https:\/\/direito.ufpr.br\/wp-content\/uploads\/2013\/06\/cnpq-e1372192590974-1.png\" alt=\"cnpq\"><\/a><a rel=\"noopener noreferrer\" href=\"http:\/\/dgp.cnpq.br\/dgp\/espelhorh\/2555711954189473\" target=\"_blank\">&nbsp;CNPq<\/a><\/em><\/strong><\/address><\/td>\n<\/tr>\n<tr>\n<td style=\"width: 33.33%\"><img loading=\"lazy\" decoding=\"async\" width=\"150\" height=\"150\" class=\"alignnone wp-image-12764 size-thumbnail\" src=\"https:\/\/direito.ufpr.br\/wp-content\/uploads\/2018\/11\/Rodrigo-Xavier-150x150.jpg\" alt=\"\" srcset=\"https:\/\/direito.ufpr.br\/wp-content\/uploads\/2018\/11\/Rodrigo-Xavier-150x150.jpg 150w, https:\/\/direito.ufpr.br\/wp-content\/uploads\/2018\/11\/Rodrigo-Xavier.jpg 200w\" sizes=\"auto, (max-width: 150px) 100vw, 150px\" \/><\/td>\n<td style=\"width: 33.33%\" width=\"378\"><address><address><span style=\"font-family: arial, helvetica, sans-serif\"><strong>RODRIGO XAVIER LEONARDO<\/strong><\/span><\/address><address>Doutor em Direito<\/span><\/address><\/address><address><address><em><span style=\"font-family: arial,helvetica,sans-serif\">Ingresso na institui\u00e7\u00e3o em 03.08.2006<\/span><\/em><\/address><\/address><\/td>\n<td style=\"width: 33.33%\" width=\"331\"><address><strong><em><img loading=\"lazy\" decoding=\"async\" width=\"34\" height=\"33\" class=\"alignnone wp-image-1650 size-full\" src=\"https:\/\/direito.ufpr.br\/wp-content\/uploads\/2013\/08\/lattes-1.png\" alt=\"lattes\"><\/em> <a rel=\"noopener noreferrer\" href=\"http:\/\/buscatextual.cnpq.br\/buscatextual\/visualizacv.do?id=K4760012P1\" target=\"_blank\">Lattes&nbsp;<\/a><\/strong><strong><img loading=\"lazy\" decoding=\"async\" width=\"32\" height=\"32\" class=\"alignnone wp-image-1633\" src=\"https:\/\/direito.ufpr.br\/wp-content\/uploads\/2013\/06\/cnpq-e1372192590974-1.png\" alt=\"cnpq\"><\/strong><a rel=\"noopener noreferrer\" href=\"http:\/\/dgp.cnpq.br\/dgp\/espelhorh\/4392591985058002\" target=\"_blank\">&nbsp;&nbsp;<strong>CNPq<\/strong><\/a><\/address><\/td>\n<\/tr>\n<tr>\n<td style=\"width: 33.33%\"><img loading=\"lazy\" decoding=\"async\" width=\"150\" height=\"150\" class=\"alignnone wp-image-12765 size-thumbnail\" src=\"https:\/\/direito.ufpr.br\/wp-content\/uploads\/2018\/11\/Rosalice-e1543232799695-150x150.jpg\" alt=\"\"><\/td>\n<td style=\"width: 33.33%\" width=\"378\"><address><address><span style=\"font-family: arial, helvetica, sans-serif\"><strong>ROSALICE FIDALGO PINHEIRO<\/strong><\/span><\/address><address><span style=\"font-family: inherit;font-size: inherit;font-weight: inherit\">Doutora em Direito<\/span><\/address><\/address><address><em style=\"font-family: inherit;font-size: inherit;font-weight: inherit\"><span style=\"font-family: arial,helvetica,sans-serif\">Ingresso na institui\u00e7\u00e3o em 27.04.2010<\/span><\/em><\/address><\/td>\n<td style=\"width: 33.33%\" width=\"331\"><address><strong><em><img loading=\"lazy\" decoding=\"async\" width=\"34\" height=\"33\" class=\"alignnone wp-image-1650 size-full\" src=\"https:\/\/direito.ufpr.br\/wp-content\/uploads\/2013\/08\/lattes-1.png\" alt=\"lattes\"><\/em><\/strong> <strong><a rel=\"noopener noreferrer\" href=\"http:\/\/buscatextual.cnpq.br\/buscatextual\/visualizacv.do?id=K4731754T4\" target=\"_blank\">Lattes <\/a><\/strong><strong><img loading=\"lazy\" decoding=\"async\" width=\"32\" height=\"32\" class=\"alignnone wp-image-1633\" src=\"https:\/\/direito.ufpr.br\/wp-content\/uploads\/2013\/06\/cnpq-e1372192590974-1.png\" alt=\"cnpq\"><\/strong><a rel=\"noopener noreferrer\" href=\"http:\/\/dgp.cnpq.br\/dgp\/espelhorh\/1422840891828940\" target=\"_blank\">&nbsp;&nbsp;<strong>CNPq<\/strong><\/a><\/address><\/td>\n<\/tr>\n<tr>\n<td style=\"width: 33.33%\"><img loading=\"lazy\" decoding=\"async\" width=\"150\" height=\"150\" class=\"alignnone wp-image-12766 size-thumbnail\" src=\"https:\/\/direito.ufpr.br\/wp-content\/uploads\/2018\/11\/Sandro-Kozikoski-150x150.jpg\" alt=\"\" srcset=\"https:\/\/direito.ufpr.br\/wp-content\/uploads\/2018\/11\/Sandro-Kozikoski-150x150.jpg 150w, https:\/\/direito.ufpr.br\/wp-content\/uploads\/2018\/11\/Sandro-Kozikoski.jpg 268w\" sizes=\"auto, (max-width: 150px) 100vw, 150px\" \/><\/td>\n<td style=\"width: 33.33%\" width=\"378\"><address><address><span style=\"font-family: arial, helvetica, sans-serif\"><strong>SANDRO MARCELO KOZIKOSKI<\/strong><\/span><\/address><address><span style=\"font-family: inherit;font-size: inherit;font-weight: inherit\">Doutor em Direito<\/span><\/address><\/address><address><address><em><span style=\"font-family: arial,helvetica,sans-serif\">Ingresso na institui\u00e7\u00e3o em 22.04.2015<\/span><\/em><\/address><\/address><\/td>\n<td style=\"width: 33.33%\" width=\"331\">\n<p><strong><em><img loading=\"lazy\" decoding=\"async\" width=\"34\" height=\"33\" class=\"alignnone wp-image-1650 size-full\" src=\"https:\/\/direito.ufpr.br\/wp-content\/uploads\/2013\/08\/lattes-1.png\" alt=\"lattes\"> <a rel=\"noopener noreferrer\" href=\"http:\/\/buscatextual.cnpq.br\/buscatextual\/visualizacv.do?id=K4799315D6\" target=\"_blank\">Lattes <\/a><\/em><\/strong><strong><em><img loading=\"lazy\" decoding=\"async\" width=\"32\" height=\"32\" class=\"alignnone wp-image-1633\" src=\"https:\/\/direito.ufpr.br\/wp-content\/uploads\/2013\/06\/cnpq-e1372192590974-1.png\" alt=\"cnpq\"><\/em><\/strong><strong><em>&nbsp;<a href=\"http:\/\/dgp.cnpq.br\/dgp\/espelhorh\/2324997368158454\">CNPq<\/a><\/em><\/strong><\/p>\n<\/td>\n<\/tr>\n<tr>\n<td style=\"width: 33.33%\"><img loading=\"lazy\" decoding=\"async\" width=\"150\" height=\"150\" class=\"alignnone wp-image-12767 size-thumbnail\" src=\"https:\/\/direito.ufpr.br\/wp-content\/uploads\/2018\/11\/S\u00e9rgio-Arenhart-e1543232890512-150x150.jpg\" alt=\"\"><\/td>\n<td style=\"width: 33.33%\" width=\"378\"><address><address><span style=\"font-family: arial, helvetica, sans-serif\"><strong>SERGIO CRUZ ARENHART<\/strong><\/span><\/address><address><span style=\"font-family: inherit;font-size: inherit;font-weight: inherit\">Doutor em Direito<\/span><\/address><\/address><address><address><em><span style=\"font-family: arial,helvetica,sans-serif\">Ingresso na institui\u00e7\u00e3o em 29.11.2005<\/span><\/em><\/address><\/address><\/td>\n<td style=\"width: 33.33%\" width=\"331\"><address><strong><em><img loading=\"lazy\" decoding=\"async\" width=\"34\" height=\"33\" class=\"alignnone wp-image-1650 size-full\" src=\"https:\/\/direito.ufpr.br\/wp-content\/uploads\/2013\/08\/lattes-1.png\" alt=\"lattes\"><\/em> <a rel=\"noopener noreferrer\" href=\"http:\/\/buscatextual.cnpq.br\/buscatextual\/visualizacv.do?id=K4737718J7\" target=\"_blank\">Lattes<\/a><\/strong><strong><img loading=\"lazy\" decoding=\"async\" width=\"32\" height=\"32\" class=\"alignnone wp-image-1633\" src=\"https:\/\/direito.ufpr.br\/wp-content\/uploads\/2013\/06\/cnpq-e1372192590974-1.png\" alt=\"cnpq\"><\/strong><a rel=\"noopener noreferrer\" href=\"http:\/\/dgp.cnpq.br\/dgp\/espelhorh\/1180676244369627\" target=\"_blank\">&nbsp;&nbsp;<strong>CNPq<\/strong><\/a><\/address><\/td>\n<\/tr>\n<tr>\n<td style=\"width: 33.33%\"><img loading=\"lazy\" decoding=\"async\" width=\"150\" height=\"150\" class=\"alignnone wp-image-12768 size-thumbnail\" src=\"https:\/\/direito.ufpr.br\/wp-content\/uploads\/2018\/11\/Vicente-150x150.png\" alt=\"\" srcset=\"https:\/\/direito.ufpr.br\/wp-content\/uploads\/2018\/11\/Vicente-150x150.png 150w, https:\/\/direito.ufpr.br\/wp-content\/uploads\/2018\/11\/Vicente.png 293w\" sizes=\"auto, (max-width: 150px) 100vw, 150px\" \/><\/td>\n<td style=\"width: 33.33%\" width=\"378\"><address><span style=\"font-family: arial, helvetica, sans-serif\"><strong>VICENTE DE PAULA ATA\u00cdDE J\u00daNIOR<\/strong><\/span><\/address><address>Doutor em Direito<\/span><\/address><\/address><address><address><em><span style=\"font-family: arial,helvetica,sans-serif\">Ingresso na institui\u00e7\u00e3o em 17.10.2017<\/span><\/em><\/address><\/td>\n<td style=\"width: 33.33%\" width=\"331\"><address><strong><em><img loading=\"lazy\" decoding=\"async\" width=\"34\" height=\"33\" class=\"alignnone wp-image-1650 size-full\" src=\"https:\/\/direito.ufpr.br\/wp-content\/uploads\/2013\/08\/lattes-1.png\" alt=\"lattes\"><\/em> <a rel=\"noopener noreferrer\" href=\"http:\/\/buscatextual.cnpq.br\/buscatextual\/visualizacv.do?id=K4236004E6\" target=\"_blank\">Lattes <\/a><\/strong><strong><img loading=\"lazy\" decoding=\"async\" width=\"32\" height=\"32\" class=\"alignnone wp-image-1633\" src=\"https:\/\/direito.ufpr.br\/wp-content\/uploads\/2013\/06\/cnpq-e1372192590974-1.png\" alt=\"cnpq\"><\/strong><a rel=\"noopener noreferrer\" href=\"http:\/\/dgp.cnpq.br\/dgp\/espelhorh\/8067162391395637\" target=\"_blank\"><strong>&nbsp;CNPq<\/strong><\/a><\/address><\/td>\n<\/tr>\n<\/tbody>\n<\/table>\n<p style=\"text-align: center\"><span style=\"font-family: 'arial black', sans-serif;font-size: 14pt\">DEPARTAMENTO DE DIREITO PENAL E PROCESSUAL PENAL<\/span><\/p>\n<address>\n<table style=\"width: 100%;border-collapse: collapse\" border=\"0\">\n<tbody>\n<tr style=\"height: 165px\">\n<td style=\"width: 27.9126%;height: 23px\"><img loading=\"lazy\" decoding=\"async\" width=\"150\" height=\"150\" class=\"alignnone wp-image-12045 size-thumbnail\" src=\"https:\/\/direito.ufpr.br\/wp-content\/uploads\/2018\/10\/CARLOS-ROBERTO-BACILA-150x150.jpg\" alt=\"\"><\/td>\n<td style=\"width: 44.5274%;height: 23px\" width=\"378\">\n<p><span style=\"font-family: arial, helvetica, sans-serif\"><strong>CARLOS ROBERTO BACILA<\/strong><\/span><\/p>\n<p>Doutor em Direito<\/p>\n<p><em><span style=\"font-family: arial, helvetica, sans-serif\">Ingresso na institui\u00e7\u00e3o em 01.08.2006&nbsp;(em licen\u00e7a)<\/span><\/em><\/p>\n<\/td>\n<td style=\"width: 27.55%;height: 23px\" width=\"331\"><address><strong><strong><em><img loading=\"lazy\" decoding=\"async\" width=\"34\" height=\"33\" class=\"alignnone wp-image-1650 size-full\" src=\"https:\/\/direito.ufpr.br\/wp-content\/uploads\/2013\/08\/lattes-1.png\" alt=\"lattes\"><\/em><\/strong> <a rel=\"noopener noreferrer\" href=\"http:\/\/buscatextual.cnpq.br\/buscatextual\/visualizacv.do?id=K4773896E7\" target=\"_blank\">Lattes<\/a> <strong><em><img loading=\"lazy\" decoding=\"async\" width=\"32\" height=\"32\" class=\"alignnone wp-image-1633\" src=\"https:\/\/direito.ufpr.br\/wp-content\/uploads\/2013\/06\/cnpq-e1372192590974-1.png\" alt=\"cnpq\"><\/em><\/strong><\/strong><strong> <a rel=\"noopener noreferrer\" href=\"http:\/\/dgp.cnpq.br\/dgp\/espelhorh\/3215782256761546\" target=\"_blank\">CNPq<\/a> <\/strong><\/address><\/td>\n<\/tr>\n<tr style=\"height: 23px\">\n<td style=\"width: 27.9126%;height: 23px\"><img loading=\"lazy\" decoding=\"async\" width=\"150\" height=\"150\" class=\"alignleft wp-image-12046 size-thumbnail\" src=\"https:\/\/direito.ufpr.br\/wp-content\/uploads\/2018\/10\/CLARA-MARIA-ROMAN-BORGES-150x150.jpg\" alt=\"\"><\/td>\n<td style=\"width: 44.5274%;height: 23px\" width=\"378\">\n<p><span style=\"font-family: arial, helvetica, sans-serif\"><strong>CLARA MARIA ROMAN BORGES<\/strong><\/span><\/p>\n<p>Doutora em Direito<\/p>\n<p><em><span style=\"font-family: arial, helvetica, sans-serif\">Ingresso na institui\u00e7\u00e3o em 09.08.2006<\/span><\/em><\/p>\n<\/td>\n<td style=\"width: 27.55%;height: 23px\" width=\"331\"><address><strong><strong><em><img loading=\"lazy\" decoding=\"async\" width=\"34\" height=\"33\" class=\"alignnone wp-image-1650 size-full\" src=\"https:\/\/direito.ufpr.br\/wp-content\/uploads\/2013\/08\/lattes-1.png\" alt=\"lattes\"><\/em><\/strong> <a rel=\"noopener noreferrer\" href=\"http:\/\/buscatextual.cnpq.br\/buscatextual\/visualizacv.do?id=K4772293T3\" target=\"_blank\">Lattes <\/a> <a rel=\"noopener noreferrer\" href=\"http:\/\/dgp.cnpq.br\/dgp\/espelhorh\/2956229202316120\" target=\"_blank\"><strong><em><img loading=\"lazy\" decoding=\"async\" width=\"32\" height=\"32\" class=\"alignnone wp-image-1633\" src=\"https:\/\/direito.ufpr.br\/wp-content\/uploads\/2013\/06\/cnpq-e1372192590974-1.png\" alt=\"cnpq\"><\/em><\/strong> CNPq<\/a> <\/strong><\/address><\/td>\n<\/tr>\n<tr style=\"height: 23px\">\n<td style=\"width: 27.9126%;height: 23px\"><img loading=\"lazy\" decoding=\"async\" width=\"150\" height=\"150\" class=\"alignnone wp-image-19914 size-thumbnail\" src=\"https:\/\/direito.ufpr.br\/wp-content\/uploads\/2024\/05\/Decio-Franco-David-scaled-e1716216340191.jpg\" alt=\"\"><\/td>\n<td style=\"width: 44.5274%;height: 23px\" width=\"378\">\n<p><span style=\"font-family: arial, helvetica, sans-serif\"><strong>D\u00c9CIO FRANCO DAVID<\/strong><\/span><\/p>\n<p>Doutor em Direito<\/p>\n<p><em><span style=\"font-family: arial, helvetica, sans-serif\">Ingresso na institui\u00e7\u00e3o em 01.04.2024<\/span><\/em><\/p>\n<\/td>\n<td style=\"width: 27.55%;height: 23px\" width=\"331\"><address><strong><strong><em><img loading=\"lazy\" decoding=\"async\" width=\"34\" height=\"33\" class=\"alignnone wp-image-1650 size-full\" src=\"https:\/\/direito.ufpr.br\/wp-content\/uploads\/2013\/08\/lattes-1.png\" alt=\"lattes\"><\/em><\/strong> <a rel=\"noopener noreferrer\" href=\"http:\/\/lattes.cnpq.br\/4417997720081911\" target=\"_blank\">Lattes <\/a> <a rel=\"noopener noreferrer\" href=\"http:\/\/dgp.cnpq.br\/dgp\/espelhorh\/4417997720081911\" target=\"_blank\"><strong><em><img loading=\"lazy\" decoding=\"async\" width=\"32\" height=\"32\" class=\"alignnone wp-image-1633\" src=\"https:\/\/direito.ufpr.br\/wp-content\/uploads\/2013\/06\/cnpq-e1372192590974-1.png\" alt=\"cnpq\"><\/em><\/strong> CNPq<\/a><\/strong><\/address><\/td>\n<\/tr>\n<tr style=\"height: 23px\">\n<td style=\"width: 27.9126%;height: 23px\"><img loading=\"lazy\" decoding=\"async\" width=\"150\" height=\"150\" class=\"alignnone wp-image-19914 size-thumbnail\" src=\"https:\/\/direito.ufpr.br\/wp-content\/uploads\/2024\/09\/Flavio-Bortolozzi-Junior-0000-1.jpg\" alt=\"\"><\/td>\n<td style=\"width: 44.5274%;height: 23px\" width=\"378\">\n<p><span style=\"font-family: arial, helvetica, sans-serif\"><strong>FL\u00c1VIO BORTOLOZZI J\u00daNIOR<\/strong><\/span><\/p>\n<p>Doutor em Direito<\/p>\n<p><em><span style=\"font-family: arial, helvetica, sans-serif\">Ingresso na institui\u00e7\u00e3o em 04.09.2024<\/span><\/em><\/p>\n<\/td>\n<td style=\"width: 27.55%;height: 23px\" width=\"331\"><address><strong><strong><em><img loading=\"lazy\" decoding=\"async\" width=\"34\" height=\"33\" class=\"alignnone wp-image-1650 size-full\" src=\"https:\/\/direito.ufpr.br\/wp-content\/uploads\/2013\/08\/lattes-1.png\" alt=\"lattes\"><\/em><\/strong> <a rel=\"noopener noreferrer\" href=\"http:\/\/lattes.cnpq.br\/0255197645302786\" target=\"_blank\">Lattes <\/a> <a rel=\"noopener noreferrer\" href=\"http:\/\/dgp.cnpq.br\/dgp\/espelhorh\/0255197645302786\" target=\"_blank\"><strong><em><img loading=\"lazy\" decoding=\"async\" width=\"32\" height=\"32\" class=\"alignnone wp-image-1633\" src=\"https:\/\/direito.ufpr.br\/wp-content\/uploads\/2013\/06\/cnpq-e1372192590974-1.png\" alt=\"cnpq\"><\/em><\/strong> CNPq<\/a><\/strong><\/address><\/td>\n<\/tr>\n<tr style=\"height: 23px\">\n<td style=\"width: 27.9126%;height: 23px\"><img loading=\"lazy\" decoding=\"async\" width=\"150\" height=\"150\" class=\"alignnone wp-image-19914 size-thumbnail\" src=\"https:\/\/direito.ufpr.br\/wp-content\/uploads\/2019\/11\/prof-francisco-150x150.png\" alt=\"\"><\/td>\n<td style=\"width: 44.5274%;height: 23px\" width=\"378\">\n<p><span style=\"font-family: arial, helvetica, sans-serif\"><strong>FRANCISCO DE ASSIS DO R\u00caGO MONTEIRO ROCHA J\u00daNIOR<\/strong><\/span><\/p>\n<p>Doutor em Direito<\/p>\n<p><em><span style=\"font-family: arial, helvetica, sans-serif\">Ingresso na institui\u00e7\u00e3o em 10.09.2019<\/span><\/em><\/p>\n<\/td>\n<td style=\"width: 27.55%;height: 23px\" width=\"331\"><address><strong><strong><em><img loading=\"lazy\" decoding=\"async\" width=\"34\" height=\"33\" class=\"alignnone wp-image-1650 size-full\" src=\"https:\/\/direito.ufpr.br\/wp-content\/uploads\/2013\/08\/lattes-1.png\" alt=\"lattes\"><\/em><\/strong> <a rel=\"noopener noreferrer\" href=\"http:\/\/lattes.cnpq.br\/9457945336008870\" target=\"_blank\">Lattes <\/a> <a rel=\"noopener noreferrer\" href=\"http:\/\/dgp.cnpq.br\/dgp\/espelhorh\/9457945336008870\" target=\"_blank\"><strong><em><img loading=\"lazy\" decoding=\"async\" width=\"32\" height=\"32\" class=\"alignnone wp-image-1633\" src=\"https:\/\/direito.ufpr.br\/wp-content\/uploads\/2013\/06\/cnpq-e1372192590974-1.png\" alt=\"cnpq\"><\/em><\/strong> CNPq<\/a><\/strong><\/address><\/td>\n<\/tr>\n<tr style=\"height: 23px\">\n<td style=\"width: 27.9126%;height: 23px\"><img loading=\"lazy\" decoding=\"async\" width=\"150\" height=\"150\" class=\"alignleft wp-image-24032 size-thumbnail\" src=\"https:\/\/direito.ufpr.br\/wp-content\/uploads\/2020\/09\/GUILHERME-BRENNER-LUCCHESI-150x150.jpg\" alt=\"\" srcset=\"https:\/\/direito.ufpr.br\/wp-content\/uploads\/2020\/09\/GUILHERME-BRENNER-LUCCHESI-150x150.jpg 150w, https:\/\/direito.ufpr.br\/wp-content\/uploads\/2020\/09\/GUILHERME-BRENNER-LUCCHESI-300x300.jpg 300w, https:\/\/direito.ufpr.br\/wp-content\/uploads\/2020\/09\/GUILHERME-BRENNER-LUCCHESI-1024x1024.jpg 1024w, https:\/\/direito.ufpr.br\/wp-content\/uploads\/2020\/09\/GUILHERME-BRENNER-LUCCHESI-768x768.jpg 768w, https:\/\/direito.ufpr.br\/wp-content\/uploads\/2020\/09\/GUILHERME-BRENNER-LUCCHESI-1536x1536.jpg 1536w, https:\/\/direito.ufpr.br\/wp-content\/uploads\/2020\/09\/GUILHERME-BRENNER-LUCCHESI-2048x2048.jpg 2048w\" sizes=\"auto, (max-width: 150px) 100vw, 150px\" \/><\/td>\n<td style=\"width: 44.5274%;height: 23px\" width=\"378\">\n<p><span style=\"font-family: arial, helvetica, sans-serif\"><strong>GUILHERME BRENNER LUCCHESI<\/strong><\/span><\/p>\n<p>Doutor em Direito<\/p>\n<p><em><span style=\"font-family: arial, helvetica, sans-serif\">Ingresso na institui\u00e7\u00e3o em 28.01.2019<\/span><\/em><\/p>\n<\/td>\n<td style=\"width: 27.55%;height: 23px\" width=\"331\"><address><strong><em><strong><em><img loading=\"lazy\" decoding=\"async\" width=\"34\" height=\"33\" class=\"alignnone wp-image-1650 size-full\" src=\"https:\/\/direito.ufpr.br\/wp-content\/uploads\/2013\/08\/lattes-1.png\" alt=\"lattes\"><\/em><\/strong> <a rel=\"noopener noreferrer\" href=\"http:\/\/lattes.cnpq.br\/1512135510310992\" target=\"_blank\">Lattes<\/a> <a href=\"http:\/\/dgp.cnpq.br\/dgp\/espelhorh\/1512135510310992\"><img loading=\"lazy\" decoding=\"async\" width=\"32\" height=\"32\" class=\"alignnone wp-image-1633\" src=\"https:\/\/direito.ufpr.br\/wp-content\/uploads\/2013\/06\/cnpq-e1372192590974-1.png\" alt=\"cnpq\">CNPq<\/a><\/em><\/strong><\/address><\/td>\n<\/tr>\n<tr style=\"height: 23px\">\n<td style=\"width: 27.9126%;height: 23px\"><img loading=\"lazy\" decoding=\"async\" width=\"150\" height=\"150\" class=\"alignleft wp-image-12053 size-thumbnail\" src=\"https:\/\/direito.ufpr.br\/wp-content\/uploads\/2018\/10\/JO\u00c3O-GUALBERTO-GARCEZ-RAMOS-150x150.jpg\" alt=\"\"><\/td>\n<td style=\"width: 44.5274%;height: 23px\" width=\"378\">\n<p><span style=\"font-family: arial, helvetica, sans-serif\"><strong>JO\u00c3O GUALBERTO GARCEZ RAMOS<\/strong><\/span><\/p>\n<p>Doutor em Direito<\/p>\n<p><em><span style=\"font-family: arial, helvetica, sans-serif\">Ingresso na institui\u00e7\u00e3o em 06.12.1991<\/span><\/em><\/p>\n<\/td>\n<td style=\"width: 27.55%;height: 23px\" width=\"331\"><address><strong><strong><em><img loading=\"lazy\" decoding=\"async\" width=\"34\" height=\"33\" class=\"alignnone wp-image-1650 size-full\" src=\"https:\/\/direito.ufpr.br\/wp-content\/uploads\/2013\/08\/lattes-1.png\" alt=\"lattes\"><\/em><\/strong> <a rel=\"noopener noreferrer\" href=\"http:\/\/buscatextual.cnpq.br\/buscatextual\/visualizacv.do?id=K4777868J4\" target=\"_blank\">Lattes <\/a> <a href=\"http:\/\/dgp.cnpq.br\/dgp\/espelhorh\/8327348443018894\"><strong><em><img loading=\"lazy\" decoding=\"async\" width=\"32\" height=\"32\" class=\"alignnone wp-image-1633\" src=\"https:\/\/direito.ufpr.br\/wp-content\/uploads\/2013\/06\/cnpq-e1372192590974-1.png\" alt=\"cnpq\"><\/em><\/strong><\/a><\/strong><a rel=\"noopener noreferrer\" href=\"http:\/\/dgp.cnpq.br\/dgp\/espelhorh\/8327348443018894\" target=\"_blank\"><strong> CNPq<\/strong><\/a><\/address><\/td>\n<\/tr>\n<tr style=\"height: 23px\">\n<td style=\"width: 27.9126%;height: 23px\"><img loading=\"lazy\" decoding=\"async\" width=\"150\" height=\"150\" class=\"alignleft wp-image-12054 size-thumbnail\" src=\"https:\/\/direito.ufpr.br\/wp-content\/uploads\/2018\/10\/KATIE-SILENE-C\u00c1CERES-ARGUELLO-e1540251226309-150x150.jpg\" alt=\"\"><\/td>\n<td style=\"width: 44.5274%;height: 23px\" width=\"378\">\n<p><span style=\"font-family: arial, helvetica, sans-serif\"><strong>KATIE SILENE C\u00c1CERES ARGUELLO<\/strong><\/span><\/p>\n<p>Doutorado em Antrhropologie et Sociologie du Politique<\/p>\n<p><em><span style=\"font-family: arial, helvetica, sans-serif\">Ingresso na institui\u00e7\u00e3o em 01.07.1998<\/span><\/em><\/p>\n<\/td>\n<td style=\"width: 27.55%;height: 23px\" width=\"331\"><address><strong><strong><em><img loading=\"lazy\" decoding=\"async\" width=\"34\" height=\"33\" class=\"alignnone wp-image-1650 size-full\" src=\"https:\/\/direito.ufpr.br\/wp-content\/uploads\/2013\/08\/lattes-1.png\" alt=\"lattes\"><\/em><\/strong> <a rel=\"noopener noreferrer\" href=\"http:\/\/buscatextual.cnpq.br\/buscatextual\/visualizacv.do?id=K4706124J1\" target=\"_blank\">Lattes<\/a> <a rel=\"noopener noreferrer\" href=\"http:\/\/dgp.cnpq.br\/dgp\/espelhorh\/2357366953048438\" target=\"_blank\"><strong><em><img loading=\"lazy\" decoding=\"async\" width=\"32\" height=\"32\" class=\"alignnone wp-image-1633\" src=\"https:\/\/direito.ufpr.br\/wp-content\/uploads\/2013\/06\/cnpq-e1372192590974-1.png\" alt=\"cnpq\"><\/em><\/strong> CNPq<\/a><\/strong><\/address><\/td>\n<\/tr>\n<tr style=\"height: 23px\">\n<td style=\"width: 27.9126%;height: 23px\"><img loading=\"lazy\" decoding=\"async\" width=\"150\" height=\"150\" class=\"alignleft wp-image-12063 size-thumbnail\" src=\"https:\/\/direito.ufpr.br\/wp-content\/uploads\/2018\/10\/LUIZ-ANT\u00d4NIO-LACERDA-DO-AMARAL-e1540295051375-150x150.jpg\" alt=\"\"><\/td>\n<td style=\"width: 44.5274%;height: 23px\" width=\"378\">\n<p><span style=\"font-family: arial, helvetica, sans-serif\"><strong>LUIZ ANT\u00d4NIO LACERDA DO AMARAL<\/strong><\/span><\/p>\n<p>Especializa\u00e7\u00e3o em Did\u00e1tica do Ensino Superior<\/p>\n<p><em><span style=\"font-family: arial, helvetica, sans-serif\">Ingresso na institui\u00e7\u00e3o em 06.06.1997<\/span><\/em><\/p>\n<\/td>\n<td style=\"width: 27.55%;height: 23px\" width=\"331\"><address><strong><strong><em><img loading=\"lazy\" decoding=\"async\" width=\"34\" height=\"33\" class=\"alignnone wp-image-1650 size-full\" src=\"https:\/\/direito.ufpr.br\/wp-content\/uploads\/2013\/08\/lattes-1.png\" alt=\"lattes\"><\/em><\/strong> <a href=\"http:\/\/lattes.cnpq.br\/5594234307001210\">Lattes<\/a> <strong><em><img loading=\"lazy\" decoding=\"async\" width=\"32\" height=\"32\" class=\"alignnone wp-image-1633\" src=\"https:\/\/direito.ufpr.br\/wp-content\/uploads\/2013\/06\/cnpq-e1372192590974-1.png\" alt=\"cnpq\"><\/em><\/strong><\/strong><a href=\"http:\/\/dgp.cnpq.br\/dgp\/espelhorh\/5594234307001210\"><strong> CNPq<\/strong><\/a><\/address><\/td>\n<\/tr>\n<tr style=\"height: 23px\">\n<td style=\"width: 27.9126%;height: 23px\"><img loading=\"lazy\" decoding=\"async\" width=\"150\" height=\"150\" class=\"alignnone wp-image-41766 size-thumbnail\" src=\"https:\/\/direito.ufpr.br\/wp-content\/uploads\/2023\/03\/Marcos-Aurelio-Nunes-150x150.jpg\" alt=\"\"><\/td>\n<td style=\"width: 44.5274%;height: 23px\" width=\"378\">\n<p><span style=\"font-family: arial, helvetica, sans-serif\"><strong>MARCO AUR\u00c9LIO NUNES DA SILVEIRA<\/strong><\/span><\/p>\n<p>Doutor em Direito<\/p>\n<p><em><span style=\"font-family: arial, helvetica, sans-serif\">Ingresso na institui\u00e7\u00e3o em 31.01.2019<\/span><\/em><\/p>\n<\/td>\n<td style=\"width: 27.55%;height: 23px\" width=\"331\"><address><strong><strong><em><img loading=\"lazy\" decoding=\"async\" width=\"34\" height=\"33\" class=\"alignnone wp-image-1650 size-full\" src=\"https:\/\/direito.ufpr.br\/wp-content\/uploads\/2013\/08\/lattes-1.png\" alt=\"lattes\"><\/em><\/strong> <a rel=\"noopener noreferrer\" href=\"http:\/\/lattes.cnpq.br\/6931615599694788\" target=\"_blank\">Lattes <\/a> <a href=\"http:\/\/dgp.cnpq.br\/dgp\/espelhorh\/8327348443018894\"><strong><em><img loading=\"lazy\" decoding=\"async\" width=\"32\" height=\"32\" class=\"alignnone wp-image-1633\" src=\"https:\/\/direito.ufpr.br\/wp-content\/uploads\/2013\/06\/cnpq-e1372192590974-1.png\" alt=\"cnpq\"><\/em><\/strong><\/a><\/strong><a rel=\"noopener noreferrer\" href=\"http:\/\/dgp.cnpq.br\/dgp\/espelhorh\/6931615599694788\" target=\"_blank\"><strong> CNPq<\/strong><\/a><\/address><\/td>\n<\/tr>\n<tr style=\"height: 23px\">\n<td style=\"width: 27.9126%;height: 23px\"><img loading=\"lazy\" decoding=\"async\" width=\"150\" height=\"150\" class=\"alignleft wp-image-12065 size-thumbnail\" src=\"https:\/\/direito.ufpr.br\/wp-content\/uploads\/2018\/10\/PAULO-CESAR-BUSATO-150x150.jpg\" alt=\"\"><\/td>\n<td style=\"width: 44.5274%;height: 23px\" width=\"378\">\n<p><span style=\"font-family: arial, helvetica, sans-serif\"><strong>PAULO CESAR BUSATO<\/strong><\/span><\/p>\n<p>Doutor em Problemas Atuais do Direito Penal<\/p>\n<p><em><span style=\"font-family: arial, helvetica, sans-serif\">Ingresso na institui\u00e7\u00e3o em 29.05.2009<\/span><\/em><\/p>\n<\/td>\n<td style=\"width: 27.55%;height: 23px\" width=\"331\"><address><strong><strong><em><img loading=\"lazy\" decoding=\"async\" width=\"34\" height=\"33\" class=\"alignnone wp-image-1650 size-full\" src=\"https:\/\/direito.ufpr.br\/wp-content\/uploads\/2013\/08\/lattes-1.png\" alt=\"lattes\"><\/em><\/strong> <a rel=\"noopener noreferrer\" href=\"http:\/\/buscatextual.cnpq.br\/buscatextual\/visualizacv.do?id=K4774746P0\" target=\"_blank\">Lattes<\/a> <a rel=\"noopener noreferrer\" href=\"http:\/\/dgp.cnpq.br\/dgp\/espelhorh\/1158362233412153\" target=\"_blank\"><strong><em><img loading=\"lazy\" decoding=\"async\" width=\"32\" height=\"32\" class=\"alignnone wp-image-1633\" src=\"https:\/\/direito.ufpr.br\/wp-content\/uploads\/2013\/06\/cnpq-e1372192590974-1.png\" alt=\"cnpq\"><\/em><\/strong> CNPq<\/a><\/strong><\/address><\/td>\n<\/tr>\n<tr style=\"height: 23px\">\n<td style=\"width: 27.9126%;height: 23px\"><img loading=\"lazy\" decoding=\"async\" width=\"150\" height=\"150\" class=\"alignleft wp-image-12066 size-thumbnail\" src=\"https:\/\/direito.ufpr.br\/wp-content\/uploads\/2018\/10\/PRISCILLA-PLACHA-S\u00c1-150x150.jpeg\" alt=\"\"><\/td>\n<td style=\"width: 44.5274%;height: 23px\" width=\"378\">\n<p><span style=\"font-family: arial, helvetica, sans-serif\"><strong>PRISCILLA PLACHA S\u00c1<\/strong><\/span><\/p>\n<p>Doutora em Direito<\/p>\n<p><em><span style=\"font-family: arial, helvetica, sans-serif\">Ingresso na institui\u00e7\u00e3o em 12.01.2010 (em licen\u00e7a)<\/span><\/em><\/p>\n<\/td>\n<td style=\"width: 27.55%;height: 23px\" width=\"331\"><address><strong><strong><em><img loading=\"lazy\" decoding=\"async\" width=\"34\" height=\"33\" class=\"alignnone wp-image-1650 size-full\" src=\"https:\/\/direito.ufpr.br\/wp-content\/uploads\/2013\/08\/lattes-1.png\" alt=\"lattes\"><\/em><\/strong> <a rel=\"noopener noreferrer\" href=\"http:\/\/buscatextual.cnpq.br\/buscatextual\/visualizacv.do?id=K4732052T8\" target=\"_blank\">Lattes<\/a> <a rel=\"noopener noreferrer\" href=\"http:\/\/dgp.cnpq.br\/dgp\/espelhorh\/5772348783494506\" target=\"_blank\"><strong><em><img loading=\"lazy\" decoding=\"async\" width=\"32\" height=\"32\" class=\"alignnone wp-image-1633\" src=\"https:\/\/direito.ufpr.br\/wp-content\/uploads\/2013\/06\/cnpq-e1372192590974-1.png\" alt=\"cnpq\"><\/em><\/strong> CNPq<\/a><\/strong><\/address><\/td>\n<\/tr>\n<tr style=\"height: 23px\">\n<td><img loading=\"lazy\" decoding=\"async\" width=\"150\" height=\"150\" class=\"alignnone wp-image-28833 size-thumbnail\" src=\"https:\/\/direito.ufpr.br\/wp-content\/uploads\/2021\/06\/Ricardo-Rachid-150x150.jpg\" alt=\"\" srcset=\"https:\/\/direito.ufpr.br\/wp-content\/uploads\/2021\/06\/Ricardo-Rachid-150x150.jpg 150w, https:\/\/direito.ufpr.br\/wp-content\/uploads\/2021\/06\/Ricardo-Rachid.jpg 300w\" sizes=\"auto, (max-width: 150px) 100vw, 150px\" \/><\/td>\n<td style=\"width: 44.5274%;height: 23px\" width=\"378\">\n<p><span style=\"font-family: arial, helvetica, sans-serif\"><strong>RICARDO RACHID DE OLIVEIRA<\/strong><\/span><\/p>\n<p>Doutor em Direito<\/p>\n<p><em><span style=\"font-family: arial, helvetica, sans-serif\">Ingresso na institui\u00e7\u00e3o em 23.11.2020<\/span><\/em><\/p>\n<\/td>\n<td style=\"width: 27.55%;height: 23px\" width=\"331\"><address><strong><strong><em><img loading=\"lazy\" decoding=\"async\" width=\"34\" height=\"33\" class=\"alignnone wp-image-1650 size-full\" src=\"https:\/\/direito.ufpr.br\/wp-content\/uploads\/2013\/08\/lattes-1.png\" alt=\"lattes\"><\/em><\/strong> <a rel=\"noopener noreferrer\" href=\"http:\/\/lattes.cnpq.br\/5269617871939603\" target=\"_blank\">Lattes<\/a> <strong><em><img loading=\"lazy\" decoding=\"async\" width=\"32\" height=\"32\" class=\"alignnone wp-image-1633\" src=\"https:\/\/direito.ufpr.br\/wp-content\/uploads\/2013\/06\/cnpq-e1372192590974-1.png\" alt=\"cnpq\"><\/em><\/strong> <a rel=\"noopener noreferrer\" href=\"http:\/\/dgp.cnpq.br\/dgp\/espelhorh\/5269617871939603\" target=\"_blank\">CNPq<\/a><\/strong><\/address><\/td>\n<\/tr>\n<tr>\n<td style=\"width: 33.3333%\"><img loading=\"lazy\" decoding=\"async\" width=\"150\" height=\"150\" class=\"alignnone wp-image-18861 size-thumbnail\" src=\"https:\/\/direito.ufpr.br\/wp-content\/uploads\/2019\/10\/Rui-Dissenha-150x150.png\" alt=\"\"><\/td>\n<td style=\"width: 33.4235%\" width=\"378\">\n<p><span style=\"font-family: arial, helvetica, sans-serif\"><strong>RUI CARLO DISSENHA<\/strong><\/span><\/p>\n<p>Doutor em Direito<\/p>\n<p><em><span style=\"font-family: arial, helvetica, sans-serif\">Ingresso na institui\u00e7\u00e3o em 30.12.2019<\/span><\/em><\/p>\n<\/td>\n<td style=\"text-align: center;width: 33.2882%\" width=\"331\"><address><strong><em><strong><em><img loading=\"lazy\" decoding=\"async\" width=\"34\" height=\"33\" class=\"alignnone wp-image-1650 size-full\" src=\"https:\/\/direito.ufpr.br\/wp-content\/uploads\/2013\/08\/lattes-1.png\" alt=\"lattes\"><\/em><\/strong> <a rel=\"noopener noreferrer\" href=\"http:\/\/buscatextual.cnpq.br\/buscatextual\/visualizacv.do?metodo=apresentar&amp;id=K4737740J0\" target=\"_blank\">Lattes<\/a> <strong><em><img loading=\"lazy\" decoding=\"async\" width=\"32\" height=\"32\" class=\"alignnone wp-image-1633\" src=\"https:\/\/direito.ufpr.br\/wp-content\/uploads\/2013\/06\/cnpq-e1372192590974-1.png\" alt=\"cnpq\"><\/em><\/strong><\/em><\/strong><strong><em> <a rel=\"noopener noreferrer\" href=\"http:\/\/dgp.cnpq.br\/dgp\/espelhorh\/4023717510453385\" target=\"_blank\">CNPq<\/a><\/em><\/strong><\/address><\/td>\n<\/tr>\n<\/tbody>\n<\/table>\n<p style=\"text-align: center\"><span style=\"font-family: 'arial black', sans-serif;font-size: 14pt\">DEPARTAMENTO DE DIREITO PRIVADO<\/span><\/p>\n<address>\n<table style=\"width: 100%;border-collapse: collapse\" border=\"0\">\n<tbody>\n<tr style=\"height: 165px\">\n<td style=\"width: 33.3575%;height: 165px\"><img loading=\"lazy\" decoding=\"async\" width=\"150\" height=\"150\" class=\"alignleft wp-image-12072 size-thumbnail\" src=\"https:\/\/direito.ufpr.br\/wp-content\/uploads\/2018\/10\/ANGELA-COUTO-MACHADO-FONSECA-150x150.jpg\" alt=\"\"><\/td>\n<td style=\"width: 33.285%;height: 165px\">\n<p><span style=\"font-family: arial, helvetica, sans-serif\"><strong>ANGELA COUTO MACHADO FONSECA<\/strong><\/span><\/p>\n<p>Doutora em Direito<\/p>\n<p><em><span style=\"font-family: arial, helvetica, sans-serif\">Ingresso na institui\u00e7\u00e3o em 18.04.2016<\/span><\/em><\/p>\n<\/td>\n<td style=\"text-align: center;width: 33.285%;height: 165px\"><address><strong><em><strong><em><img loading=\"lazy\" decoding=\"async\" width=\"34\" height=\"33\" class=\"alignnone wp-image-1650 size-full\" src=\"https:\/\/direito.ufpr.br\/wp-content\/uploads\/2013\/08\/lattes-1.png\" alt=\"lattes\"><\/em><\/strong> <a rel=\"noopener noreferrer\" href=\"http:\/\/lattes.cnpq.br\/9891009099511623\" target=\"_blank\">Lattes <\/a> <a rel=\"noopener noreferrer\" href=\"http:\/\/dgp.cnpq.br\/dgp\/espelhorh\/9891009099511623\" target=\"_blank\"> <strong><em><img loading=\"lazy\" decoding=\"async\" width=\"32\" height=\"32\" class=\"alignnone wp-image-1633\" src=\"https:\/\/direito.ufpr.br\/wp-content\/uploads\/2013\/06\/cnpq-e1372192590974-1.png\" alt=\"cnpq\"><\/em><\/strong> CNPq<\/a><\/em><\/strong><\/address><\/td>\n<\/tr>\n<tr style=\"height: 143px\">\n<td style=\"width: 33.3575%;height: 143px\"><img loading=\"lazy\" decoding=\"async\" width=\"150\" height=\"150\" class=\"alignnone wp-image-16706 size-thumbnail\" src=\"https:\/\/direito.ufpr.br\/wp-content\/uploads\/2019\/07\/CARLOS-JOAQUIM-e1563560325826-150x150.jpg\" alt=\"\"><\/td>\n<td style=\"width: 33.285%;height: 143px\">\n<p><span style=\"font-family: arial, helvetica, sans-serif\"><strong>CARLOS JOAQUIM DE OLIVEIRA FRANCO<\/strong><\/span><\/p>\n<p><em style=\"font-size: inherit;font-family: inherit;font-weight: inherit\"><span style=\"font-family: arial, helvetica, sans-serif\">Ingresso na institui\u00e7\u00e3o em 23.03.1993<\/span><\/em><\/p>\n<\/td>\n<td style=\"text-align: center;width: 33.285%;height: 143px\"><address><strong><em><strong><em><img loading=\"lazy\" decoding=\"async\" width=\"34\" height=\"33\" class=\"alignnone wp-image-1650 size-full\" src=\"https:\/\/direito.ufpr.br\/wp-content\/uploads\/2013\/08\/lattes-1.png\" alt=\"lattes\"><\/em><\/strong> <a href=\"http:\/\/lattes.cnpq.br\/8351452101375766\">Lattes<\/a> <strong><em><img loading=\"lazy\" decoding=\"async\" width=\"32\" height=\"32\" class=\"alignnone wp-image-1633\" src=\"https:\/\/direito.ufpr.br\/wp-content\/uploads\/2013\/06\/cnpq-e1372192590974-1.png\" alt=\"cnpq\"><\/em><\/strong> <\/em><\/strong><a href=\"https:\/\/dgp.cnpq.br\/dgp\/espelhorh\/8351452101375766\"><strong><em> CNPq<\/em><\/strong><\/a><\/address><\/td>\n<\/tr>\n<tr style=\"height: 165px\">\n<td style=\"width: 33.3575%;height: 165px\"><img loading=\"lazy\" decoding=\"async\" width=\"150\" height=\"150\" class=\"alignleft wp-image-12074 size-thumbnail\" src=\"https:\/\/direito.ufpr.br\/wp-content\/uploads\/2018\/10\/C\u00c9LIO-HORST-WALDRAFF-e1540297238177-150x150.jpg\" alt=\"\"><\/td>\n<td style=\"width: 33.285%;height: 165px\">\n<p><span style=\"font-family: arial, helvetica, sans-serif\"><strong>C\u00c9LIO HORST WALDRAFF<\/strong><\/span><\/p>\n<p>Doutor em Direito<\/p>\n<p><em><span style=\"font-family: arial, helvetica, sans-serif\">Ingresso na institui\u00e7\u00e3o em 28.08.2006 (em licen\u00e7a)<\/span><\/em><\/p>\n<\/td>\n<td style=\"text-align: center;width: 33.285%;height: 165px\"><address><strong><em><strong><em><img loading=\"lazy\" decoding=\"async\" width=\"34\" height=\"33\" class=\"alignnone wp-image-1650 size-full\" src=\"https:\/\/direito.ufpr.br\/wp-content\/uploads\/2013\/08\/lattes-1.png\" alt=\"lattes\"><\/em><\/strong> <a rel=\"noopener noreferrer\" href=\"http:\/\/buscatextual.cnpq.br\/buscatextual\/visualizacv.do?id=K4737763Y5\" target=\"_blank\">Lattes <\/a> <a href=\"http:\/\/dgp.cnpq.br\/dgp\/espelhorh\/8472358590598506\"> <strong><em><img loading=\"lazy\" decoding=\"async\" width=\"32\" height=\"32\" class=\"alignnone wp-image-1633\" src=\"https:\/\/direito.ufpr.br\/wp-content\/uploads\/2013\/06\/cnpq-e1372192590974-1.png\" alt=\"cnpq\"><\/em><\/strong> <\/a><\/em><\/strong><a rel=\"noopener noreferrer\" href=\"http:\/\/dgp.cnpq.br\/dgp\/espelhorh\/8472358590598506\" target=\"_blank\"><strong><em> CNPq<\/em><\/strong><\/a><\/address><\/td>\n<\/tr>\n<tr style=\"height: 119px\">\n<td style=\"width: 33.3575%;height: 119px\"><img loading=\"lazy\" decoding=\"async\" width=\"150\" height=\"150\" class=\"alignleft wp-image-12076 size-thumbnail\" src=\"https:\/\/direito.ufpr.br\/wp-content\/uploads\/2018\/10\/CESAR-ANTONIO-SERBENA-e1540297376759-150x150.jpg\" alt=\"\"><\/td>\n<td style=\"width: 33.285%;height: 119px\">\n<p><span style=\"font-family: arial, helvetica, sans-serif\"><strong>CESAR ANTONIO SERBENA<\/strong><\/span><\/p>\n<p>Doutor em Direito<\/p>\n<p><em><span style=\"font-family: arial, helvetica, sans-serif\">Ingresso na institui\u00e7\u00e3o em 06.12.2000<\/span><\/em><\/p>\n<\/td>\n<td style=\"text-align: center;width: 33.285%;height: 119px\"><address><strong><em><strong><em><img loading=\"lazy\" decoding=\"async\" width=\"34\" height=\"33\" class=\"alignnone wp-image-1650 size-full\" src=\"https:\/\/direito.ufpr.br\/wp-content\/uploads\/2013\/08\/lattes-1.png\" alt=\"lattes\"><\/em><\/strong> <a rel=\"noopener noreferrer\" href=\"http:\/\/buscatextual.cnpq.br\/buscatextual\/visualizacv.do?id=K4779078H2\" target=\"_blank\">Lattes <\/a> <a rel=\"noopener noreferrer\" href=\"http:\/\/dgp.cnpq.br\/dgp\/espelhorh\/0603998326134817\" target=\"_blank\"> <strong><em><img loading=\"lazy\" decoding=\"async\" width=\"32\" height=\"32\" class=\"alignnone wp-image-1633\" src=\"https:\/\/direito.ufpr.br\/wp-content\/uploads\/2013\/06\/cnpq-e1372192590974-1.png\" alt=\"cnpq\"><\/em><\/strong> CNPq<\/a><\/em><\/strong><\/address><\/td>\n<\/tr>\n<tr style=\"height: 143px\">\n<td style=\"width: 33.3575%;height: 143px\"><img loading=\"lazy\" decoding=\"async\" width=\"150\" height=\"150\" class=\"alignleft wp-image-12081 size-thumbnail\" src=\"https:\/\/direito.ufpr.br\/wp-content\/uploads\/2018\/10\/ILTON-NORBERTO-ROBL-FILHO-2-e1540298147624-150x150.jpg\" alt=\"\"><\/td>\n<td style=\"width: 33.285%;height: 143px\">\n<p><span style=\"font-family: arial, helvetica, sans-serif\"><strong>ILTON NORBERTO ROBL FILHO<\/strong><\/span><\/p>\n<p>Doutor em Direito<\/p>\n<p><em><span style=\"font-family: arial, helvetica, sans-serif\">Ingresso na institui\u00e7\u00e3o em 03.04.2012 <\/span><\/em><\/p>\n<\/td>\n<td style=\"text-align: center;width: 33.285%;height: 143px\"><address><em><strong><strong><em><img loading=\"lazy\" decoding=\"async\" width=\"34\" height=\"33\" class=\"alignnone wp-image-1650 size-full\" src=\"https:\/\/direito.ufpr.br\/wp-content\/uploads\/2013\/08\/lattes-1.png\" alt=\"lattes\"><\/em><\/strong> <a rel=\"noopener noreferrer\" href=\"http:\/\/buscatextual.cnpq.br\/buscatextual\/visualizacv.do?id=K4737091J3\" target=\"_blank\">Lattes<\/a><\/strong> <strong> <a href=\"http:\/\/dgp.cnpq.br\/dgp\/espelhorh\/6850075090457033\"> <strong><em><img loading=\"lazy\" decoding=\"async\" width=\"32\" height=\"32\" class=\"alignnone wp-image-1633\" src=\"https:\/\/direito.ufpr.br\/wp-content\/uploads\/2013\/06\/cnpq-e1372192590974-1.png\" alt=\"cnpq\"><\/em><\/strong> <\/a><a rel=\"noopener noreferrer\" href=\"http:\/\/dgp.cnpq.br\/dgp\/espelhorh\/6850075090457033\" target=\"_blank\">CNPq<\/a><\/strong><\/em><\/address><\/td>\n<\/tr>\n<tr style=\"height: 119px\">\n<td style=\"width: 33.3575%;height: 119px\"><img loading=\"lazy\" decoding=\"async\" width=\"150\" height=\"150\" class=\"alignleft wp-image-12083 size-thumbnail\" src=\"https:\/\/direito.ufpr.br\/wp-content\/uploads\/2018\/10\/KATYA-KOZICKI-e1540298521315-150x150.jpg\" alt=\"\"><\/td>\n<td style=\"width: 33.285%;height: 119px\">\n<p><span style=\"font-family: arial, helvetica, sans-serif\"><strong>KATYA KOZICKI<\/strong><\/span><\/p>\n<p>Doutora em Direito<\/p>\n<p><em><span style=\"font-family: arial, helvetica, sans-serif\">Ingresso na institui\u00e7\u00e3o em 27.10.1992<\/span><\/em><\/p>\n<\/td>\n<td style=\"text-align: center;width: 33.285%;height: 119px\"><address><em><strong><em><img loading=\"lazy\" decoding=\"async\" width=\"34\" height=\"33\" class=\"alignnone wp-image-1650 size-full\" src=\"https:\/\/direito.ufpr.br\/wp-content\/uploads\/2013\/08\/lattes-1.png\" alt=\"lattes\"><\/em><\/strong> <strong><a rel=\"noopener noreferrer\" href=\"http:\/\/buscatextual.cnpq.br\/buscatextual\/visualizacv.do?id=K4728555U5\" target=\"_blank\"> Lattes<\/a> <a href=\"http:\/\/dgp.cnpq.br\/dgp\/espelhorh\/8804746815321094\"> <strong><em><img loading=\"lazy\" decoding=\"async\" width=\"32\" height=\"32\" class=\"alignnone wp-image-1633\" src=\"https:\/\/direito.ufpr.br\/wp-content\/uploads\/2013\/06\/cnpq-e1372192590974-1.png\" alt=\"cnpq\"><\/em><\/strong><\/a><\/strong><\/em><a rel=\"noopener noreferrer\" href=\"http:\/\/dgp.cnpq.br\/dgp\/espelhorh\/2324997368158454\" target=\"_blank\"><strong><em> CNPq<\/em>\n<\/strong><\/a><\/address><\/td>\n<\/tr>\n<tr style=\"height: 167px\">\n<td style=\"width: 33.3575%;height: 167px\"><img loading=\"lazy\" decoding=\"async\" width=\"150\" height=\"150\" class=\"alignleft wp-image-12084 size-thumbnail\" src=\"https:\/\/direito.ufpr.br\/wp-content\/uploads\/2018\/10\/luis_fernando_10-09-e1540298634492-150x150.jpg\" alt=\"\"><\/td>\n<td style=\"width: 33.285%;height: 167px\">\n<p><span style=\"font-family: arial, helvetica, sans-serif\"><strong>LU\u00cdS FERNANDO LOPES PEREIRA<\/strong><\/span><\/p>\n<p>Doutor em Hist\u00f3ria Social<span class=\"ajaxCAPES\" data-param=\"&amp;codigoCurso=33002010032P9&amp;nivelCurso=D\" style=\"font-size: inherit;font-family: inherit;font-weight: inherit\">&nbsp;<\/span><\/p>\n<p><em><span style=\"font-family: arial, helvetica, sans-serif\">Ingresso na institui\u00e7\u00e3o em 04.08.2006 (ocupando cargo de Ouvidor Geral da UFPR)<\/span><\/em><\/p>\n<\/td>\n<td style=\"text-align: center;width: 33.285%;height: 167px\"><address><em><strong><strong><em><img loading=\"lazy\" decoding=\"async\" width=\"34\" height=\"33\" class=\"alignnone wp-image-1650 size-full\" src=\"https:\/\/direito.ufpr.br\/wp-content\/uploads\/2013\/08\/lattes-1.png\" alt=\"lattes\"><\/em><\/strong> <a rel=\"noopener noreferrer\" href=\"http:\/\/buscatextual.cnpq.br\/buscatextual\/visualizacv.do?id=K4791142H9\" target=\"_blank\">Lattes <\/a> <a href=\"http:\/\/dgp.cnpq.br\/dgp\/espelhorh\/2562222304915449\"><strong> <em><img loading=\"lazy\" decoding=\"async\" width=\"32\" height=\"32\" class=\"alignnone wp-image-1633\" src=\"https:\/\/direito.ufpr.br\/wp-content\/uploads\/2013\/06\/cnpq-e1372192590974-1.png\" alt=\"cnpq\"><\/em><\/strong> <\/a><a rel=\"noopener noreferrer\" href=\"http:\/\/dgp.cnpq.br\/dgp\/espelhorh\/2562222304915449\" target=\"_blank\">CNPq<\/a><\/strong><\/em><\/address><\/td>\n<\/tr>\n<tr style=\"height: 167px\">\n<td style=\"width: 33.3575%;height: 167px\"><img loading=\"lazy\" decoding=\"async\" width=\"150\" height=\"150\" class=\"alignleft wp-image-24043 size-thumbnail\" src=\"https:\/\/direito.ufpr.br\/wp-content\/uploads\/2020\/09\/FotoIAP-150x150.jpg\" alt=\"\"><\/td>\n<td style=\"width: 33.285%;height: 167px\">\n<p><span style=\"font-family: arial, helvetica, sans-serif\"><strong>LUIZ DANIEL RODRIGUES HAJ MUSSI<\/strong><\/span><\/p>\n<p>Doutor em Direito Comercial<\/p>\n<p><em><span style=\"font-family: arial, helvetica, sans-serif\">Ingresso na institui\u00e7\u00e3o em 12.07.2010<\/span><\/em><\/p>\n<\/td>\n<td style=\"text-align: center;width: 33.285%;height: 167px\"><address><em><strong><strong><em><img loading=\"lazy\" decoding=\"async\" width=\"34\" height=\"33\" class=\"alignnone wp-image-1650 size-full\" src=\"https:\/\/direito.ufpr.br\/wp-content\/uploads\/2013\/08\/lattes-1.png\" alt=\"lattes\"><\/em><\/strong> <a rel=\"noopener noreferrer\" href=\"http:\/\/lattes.cnpq.br\/3596383805321512\" target=\"_blank\">Lattes <\/a> <a href=\"http:\/\/dgp.cnpq.br\/dgp\/espelhorh\/2562222304915449\"><strong> <em><img loading=\"lazy\" decoding=\"async\" width=\"32\" height=\"32\" class=\"alignnone wp-image-1633\" src=\"https:\/\/direito.ufpr.br\/wp-content\/uploads\/2013\/06\/cnpq-e1372192590974-1.png\" alt=\"cnpq\"><\/em><\/strong> <\/a><a href=\"http:\/\/dgp.cnpq.br\/dgp\/espelhorh\/3596383805321512\">CNPq<\/a><\/strong><\/em><\/address><\/td>\n<\/tr>\n<tr style=\"height: 143px\">\n<td style=\"width: 33.3575%;height: 143px\"><img loading=\"lazy\" decoding=\"async\" width=\"150\" height=\"150\" class=\"alignleft wp-image-12085 size-thumbnail\" src=\"https:\/\/direito.ufpr.br\/wp-content\/uploads\/2018\/10\/MARCIA-CARLA-PEREIRA-RIBEIRO-150x150.jpg\" alt=\"\"><\/td>\n<td style=\"width: 33.285%;height: 143px\">\n<p><span style=\"font-family: arial, helvetica, sans-serif\"><strong>MARCIA CARLA PEREIRA RIBEIRO<\/strong><\/span><\/p>\n<p>Doutora em Direito<\/p>\n<p><em><span style=\"font-family: arial, helvetica, sans-serif\">Ingresso na institui\u00e7\u00e3o em 03.08.1995<\/span><\/em><\/p>\n<\/td>\n<td style=\"text-align: center;width: 33.285%;height: 143px\"><address><em><strong><strong><em> <img loading=\"lazy\" decoding=\"async\" width=\"34\" height=\"33\" class=\"alignnone wp-image-1650\" src=\"https:\/\/direito.ufpr.br\/wp-content\/uploads\/2013\/08\/lattes-1.png\" alt=\"lattes\"><\/em><\/strong> <a rel=\"noopener noreferrer\" href=\"http:\/\/buscatextual.cnpq.br\/buscatextual\/visualizacv.do?id=K4707272Z1\" target=\"_blank\">Lattes<\/a> <a href=\"http:\/\/dgp.cnpq.br\/dgp\/espelhorh\/1514127912243020\"><strong> <em><img loading=\"lazy\" decoding=\"async\" width=\"32\" height=\"32\" class=\"alignnone wp-image-1633\" src=\"https:\/\/direito.ufpr.br\/wp-content\/uploads\/2013\/06\/cnpq-e1372192590974-1.png\" alt=\"cnpq\"><\/em><\/strong> <\/a> <a rel=\"noopener noreferrer\" href=\"http:\/\/dgp.cnpq.br\/dgp\/espelhorh\/1514127912243020\" target=\"_blank\">CNPq<\/a><\/strong><\/em><\/address><\/td>\n<\/tr>\n<tr style=\"height: 143px\">\n<td style=\"width: 33.3575%;height: 143px\"><img loading=\"lazy\" decoding=\"async\" width=\"150\" height=\"150\" class=\"alignleft wp-image-12087 size-thumbnail\" src=\"https:\/\/direito.ufpr.br\/wp-content\/uploads\/2018\/10\/MARCO-AUR\u00c9LIO-SERAU-JUNIOR-e1540298855831-150x150.jpg\" alt=\"\"><\/td>\n<td style=\"width: 33.285%;height: 143px\">\n<p><span style=\"font-family: arial, helvetica, sans-serif\"><strong>MARCO AUR\u00c9LIO SERAU JUNIOR<\/strong><\/span><\/p>\n<p>Doutor em Direitos Humanos<\/p>\n<p><em><span style=\"font-family: arial, helvetica, sans-serif\">Ingresso na institui\u00e7\u00e3o em 01.12.2017<\/span><\/em><\/p>\n<\/td>\n<td style=\"text-align: center;width: 33.285%;height: 143px\"><address><em><strong><strong><em><img loading=\"lazy\" decoding=\"async\" width=\"34\" height=\"33\" class=\"alignnone wp-image-1650 size-full\" src=\"https:\/\/direito.ufpr.br\/wp-content\/uploads\/2013\/08\/lattes-1.png\" alt=\"lattes\"><\/em><\/strong> <a rel=\"noopener noreferrer\" href=\"http:\/\/lattes.cnpq.br\/4872132272952651\" target=\"_blank\">Lattes<\/a> <img loading=\"lazy\" decoding=\"async\" width=\"32\" height=\"32\" class=\"alignnone wp-image-1633\" src=\"https:\/\/direito.ufpr.br\/wp-content\/uploads\/2013\/06\/cnpq-e1372192590974-1.png\" alt=\"cnpq\"><\/strong><\/em> <a href=\"http:\/\/dgp.cnpq.br\/dgp\/espelhorh\/4872132272952651\"><strong>CNPq<\/strong><\/a><\/address><\/td>\n<\/tr>\n<tr style=\"height: 47px\">\n<td style=\"width: 33.3575%;height: 119px\"><img loading=\"lazy\" decoding=\"async\" width=\"150\" height=\"150\" class=\"alignleft wp-image-12089 size-thumbnail\" src=\"https:\/\/direito.ufpr.br\/wp-content\/uploads\/2018\/10\/MARCOS-WACHOWICZ-1-150x150.jpg\" alt=\"\" srcset=\"https:\/\/direito.ufpr.br\/wp-content\/uploads\/2018\/10\/MARCOS-WACHOWICZ-1-150x150.jpg 150w, https:\/\/direito.ufpr.br\/wp-content\/uploads\/2018\/10\/MARCOS-WACHOWICZ-1-300x300.jpg 300w, https:\/\/direito.ufpr.br\/wp-content\/uploads\/2018\/10\/MARCOS-WACHOWICZ-1.jpg 500w\" sizes=\"auto, (max-width: 150px) 100vw, 150px\" \/><\/td>\n<td style=\"width: 33.285%;height: 119px\">\n<p><span style=\"font-family: arial, helvetica, sans-serif\"><strong>MARCOS WACHOWICZ<\/strong><\/span><\/p>\n<p>Doutor em Direito<\/p>\n<p><em><span style=\"font-family: arial, helvetica, sans-serif\">Ingresso na institui\u00e7\u00e3o em 07.06.2006<\/span><\/em><\/p>\n<\/td>\n<td style=\"text-align: center;width: 33.285%;height: 119px\"><address><em><strong><strong><em><img loading=\"lazy\" decoding=\"async\" width=\"34\" height=\"33\" class=\"alignnone wp-image-1650 size-full\" src=\"https:\/\/direito.ufpr.br\/wp-content\/uploads\/2013\/08\/lattes-1.png\" alt=\"lattes\"><\/em><\/strong> <a rel=\"noopener noreferrer\" href=\"http:\/\/buscatextual.cnpq.br\/buscatextual\/visualizacv.do?id=K4704971J8\" target=\"_blank\">Lattes<\/a> <a href=\"http:\/\/dgp.cnpq.br\/dgp\/espelhorh\/9040315303540650\"><strong> <em><img loading=\"lazy\" decoding=\"async\" width=\"32\" height=\"32\" class=\"alignnone wp-image-1633\" src=\"https:\/\/direito.ufpr.br\/wp-content\/uploads\/2013\/06\/cnpq-e1372192590974-1.png\" alt=\"cnpq\"><\/em><\/strong> <\/a><a rel=\"noopener noreferrer\" href=\"http:\/\/dgp.cnpq.br\/dgp\/espelhorh\/9040315303540650\" target=\"_blank\">CNPq<\/a><\/strong><\/em><\/address><\/td>\n<\/tr>\n<tr style=\"height: 47px\">\n<td style=\"width: 33.3575%;height: 119px\"><img loading=\"lazy\" decoding=\"async\" width=\"150\" height=\"150\" class=\"alignnone wp-image-36463 size-thumbnail\" src=\"https:\/\/direito.ufpr.br\/wp-content\/uploads\/2022\/03\/Noa-150x150.jpg\" alt=\"\" srcset=\"https:\/\/direito.ufpr.br\/wp-content\/uploads\/2022\/03\/Noa-150x150.jpg 150w, https:\/\/direito.ufpr.br\/wp-content\/uploads\/2022\/03\/Noa-300x300.jpg 300w, https:\/\/direito.ufpr.br\/wp-content\/uploads\/2022\/03\/Noa-1024x1024.jpg 1024w, https:\/\/direito.ufpr.br\/wp-content\/uploads\/2022\/03\/Noa-768x768.jpg 768w, https:\/\/direito.ufpr.br\/wp-content\/uploads\/2022\/03\/Noa.jpg 1093w\" sizes=\"auto, (max-width: 150px) 100vw, 150px\" \/><\/td>\n<td style=\"width: 33.285%;height: 119px\">\n<p><strong><span style=\"font-family: arial, helvetica, sans-serif\"><span style=\"font-family: arial, helvetica, sans-serif\">NOA PIAT\u00c3 BASSFELD GNATA<\/span><\/span><\/strong><\/p>\n<p>Doutor em Direito<\/p>\n<p><em><span style=\"font-family: arial, helvetica, sans-serif\">Ingresso na institui\u00e7\u00e3o em 16.03.2022<\/span><\/em><\/p>\n<\/td>\n<td style=\"text-align: center;width: 33.285%;height: 119px\"><address><em><strong><strong><em><img loading=\"lazy\" decoding=\"async\" width=\"34\" height=\"33\" class=\"alignnone wp-image-1650 size-full\" src=\"https:\/\/direito.ufpr.br\/wp-content\/uploads\/2013\/08\/lattes-1.png\" alt=\"lattes\"><\/em><\/strong> <a rel=\"noopener noreferrer\" href=\"http:\/\/lattes.cnpq.br\/8737049212420667\" target=\"_blank\">Lattes<\/a> <a href=\"http:\/\/dgp.cnpq.br\/dgp\/espelhorh\/9040315303540650\"><strong> <em><img loading=\"lazy\" decoding=\"async\" width=\"32\" height=\"32\" class=\"alignnone wp-image-1633\" src=\"https:\/\/direito.ufpr.br\/wp-content\/uploads\/2013\/06\/cnpq-e1372192590974-1.png\" alt=\"cnpq\"><\/em><\/strong> <\/a><a rel=\"noopener noreferrer\" href=\"http:\/\/dgp.cnpq.br\/dgp\/espelhorh\/8737049212420667\" target=\"_blank\">CNPq<\/a><\/strong><\/em><\/address><\/td>\n<\/tr>\n<tr style=\"height: 71px\">\n<td style=\"width: 33.3575%;height: 143px\"><img loading=\"lazy\" decoding=\"async\" width=\"150\" height=\"150\" class=\"alignleft wp-image-12090 size-thumbnail\" src=\"https:\/\/direito.ufpr.br\/wp-content\/uploads\/2018\/10\/PAULO-RICARDO-OPUSZKA-e1540299082954-150x150.jpg\" alt=\"\"><\/td>\n<td style=\"width: 33.285%;height: 143px\">\n<p><span style=\"font-family: arial, helvetica, sans-serif\"><strong>PAULO RICARDO OPUSZKA<\/strong><\/span><\/p>\n<p>Doutor em Direito<\/p>\n<p><em><span style=\"font-family: arial, helvetica, sans-serif\">Ingresso em 03.05.2016<\/span><\/em><\/p>\n<\/td>\n<td style=\"text-align: center;width: 33.285%;height: 143px\"><address><strong><em><a rel=\"noopener noreferrer\" href=\"http:\/\/lattes.cnpq.br\/1213692787728070\" target=\"_blank\"><strong><em><img loading=\"lazy\" decoding=\"async\" width=\"34\" height=\"33\" class=\"alignnone size-full wp-image-1650\" src=\"https:\/\/direito.ufpr.br\/wp-content\/uploads\/2013\/08\/lattes-1.png\" alt=\"lattes\"><\/em><\/strong> Lattes<\/a> <strong><em><img loading=\"lazy\" decoding=\"async\" width=\"32\" height=\"32\" class=\"alignnone wp-image-1633\" src=\"https:\/\/direito.ufpr.br\/wp-content\/uploads\/2013\/06\/cnpq-e1372192590974-1.png\" alt=\"cnpq\"><\/em><\/strong><\/em><\/strong><strong><em> <a rel=\"noopener noreferrer\" href=\"http:\/\/dgp.cnpq.br\/dgp\/espelhorh\/1213692787728070\" target=\"_blank\">CNPq<\/a><\/em><\/strong><\/address><\/td>\n<\/tr>\n<tr style=\"height: 71px\">\n<td style=\"width: 33.3575%;height: 143px\"><img loading=\"lazy\" decoding=\"async\" width=\"150\" height=\"150\" class=\"alignleft wp-image-12092 size-thumbnail\" src=\"https:\/\/direito.ufpr.br\/wp-content\/uploads\/2018\/10\/ricardo-marcelo-fonseca-150x150.jpg\" alt=\"\"><\/td>\n<td style=\"width: 33.285%;height: 143px\">\n<p><span style=\"font-family: arial, helvetica, sans-serif\"><strong>RICARDO MARCELO FONSECA<\/strong><\/span><\/p>\n<p>Doutor em Direito<\/p>\n<p><em><span style=\"font-family: arial, helvetica, sans-serif\">Ingresso na institui\u00e7\u00e3o em 29.06.1998 (em licen\u00e7a)<\/span><\/em><\/p>\n<\/td>\n<td style=\"text-align: center;width: 33.285%;height: 143px\"><address><em><strong><strong><em><img loading=\"lazy\" decoding=\"async\" width=\"34\" height=\"33\" class=\"alignnone wp-image-1650 size-full\" src=\"https:\/\/direito.ufpr.br\/wp-content\/uploads\/2013\/08\/lattes-1.png\" alt=\"lattes\"><\/em><\/strong> <a rel=\"noopener noreferrer\" href=\"http:\/\/buscatextual.cnpq.br\/buscatextual\/visualizacv.do?id=K4777266P2\" target=\"_blank\">Lattes <\/a> <a rel=\"noopener noreferrer\" href=\"http:\/\/dgp.cnpq.br\/dgp\/espelhorh\/6699533363626162\" target=\"_blank\"><strong><em><img loading=\"lazy\" decoding=\"async\" width=\"32\" height=\"32\" class=\"alignnone wp-image-1633\" src=\"https:\/\/direito.ufpr.br\/wp-content\/uploads\/2013\/06\/cnpq-e1372192590974-1.png\" alt=\"cnpq\"><\/em><\/strong><\/a><a rel=\"noopener noreferrer\" href=\"http:\/\/dgp.cnpq.br\/dgp\/espelhorh\/6699533363626162\" target=\"_blank\">CNPq<\/a><\/strong><\/em><\/address><\/td>\n<\/tr>\n<tr style=\"height: 47px\">\n<td style=\"width: 33.3575%;height: 119px\"><img loading=\"lazy\" decoding=\"async\" width=\"150\" height=\"150\" class=\"alignleft wp-image-12095 size-thumbnail\" src=\"https:\/\/direito.ufpr.br\/wp-content\/uploads\/2018\/10\/S\u00c9RGIO-SAID-STAUT-J\u00daNIOR-1-e1540299476385-150x150.jpg\" alt=\"\"><\/td>\n<td style=\"width: 33.285%;height: 119px\">\n<p><span style=\"font-family: arial, helvetica, sans-serif\"><strong>S\u00c9RGIO SAID STAUT J\u00daNIOR<\/strong><\/span><\/p>\n<p>Doutor em Direito<\/p>\n<p><em><span style=\"font-family: arial, helvetica, sans-serif\">Ingresso na institui\u00e7\u00e3o em 17.01.2008<\/span><\/em><\/p>\n<\/td>\n<td style=\"text-align: center;width: 33.285%;height: 119px\"><address><em><strong><strong><em><img loading=\"lazy\" decoding=\"async\" width=\"34\" height=\"33\" class=\"alignnone wp-image-1650 size-full\" src=\"https:\/\/direito.ufpr.br\/wp-content\/uploads\/2013\/08\/lattes-1.png\" alt=\"lattes\"><\/em><\/strong> <a rel=\"noopener noreferrer\" href=\"http:\/\/buscatextual.cnpq.br\/buscatextual\/visualizacv.do?id=K4765555H4\" target=\"_blank\">Lattes<\/a> <a href=\"http:\/\/dgp.cnpq.br\/dgp\/espelhorh\/9466092083737589\"><strong> <em><img loading=\"lazy\" decoding=\"async\" width=\"32\" height=\"32\" class=\"alignnone wp-image-1633\" src=\"https:\/\/direito.ufpr.br\/wp-content\/uploads\/2013\/06\/cnpq-e1372192590974-1.png\" alt=\"cnpq\"><\/em><\/strong><\/a><a rel=\"noopener noreferrer\" href=\"http:\/\/dgp.cnpq.br\/dgp\/espelhorh\/9466092083737589\" target=\"_blank\">CNPq<\/a><\/strong><\/em><\/address><\/td>\n<\/tr>\n<tr style=\"height: 47px\">\n<td style=\"width: 33.3575%;height: 119px\"><img loading=\"lazy\" decoding=\"async\" width=\"150\" height=\"150\" class=\"alignleft wp-image-12096 size-thumbnail\" src=\"https:\/\/direito.ufpr.br\/wp-content\/uploads\/2018\/10\/TATYANA-SCHEILA-FRIEDRICH-e1540299769490-150x150.jpg\" alt=\"\"><\/td>\n<td style=\"width: 33.285%;height: 119px\">\n<p><span style=\"font-family: arial, helvetica, sans-serif\"><strong>TATYANA SCHEILA FRIEDRICH<\/strong><\/span><\/p>\n<p>Doutora em Direito<\/p>\n<p><em><span style=\"font-family: arial, helvetica, sans-serif\">Ingresso na institui\u00e7\u00e3o em 18.05.2004&nbsp;<\/span><\/em><\/p>\n<\/td>\n<td style=\"text-align: center;width: 33.285%;height: 119px\"><address><em><strong><strong><em><img loading=\"lazy\" decoding=\"async\" width=\"34\" height=\"33\" class=\"alignnone wp-image-1650 size-full\" src=\"https:\/\/direito.ufpr.br\/wp-content\/uploads\/2013\/08\/lattes-1.png\" alt=\"lattes\"><\/em><\/strong> <a rel=\"noopener noreferrer\" href=\"http:\/\/buscatextual.cnpq.br\/buscatextual\/visualizacv.do?id=K4771154T6\" target=\"_blank\">Lattes<\/a> <a href=\"http:\/\/dgp.cnpq.br\/dgp\/espelhorh\/5493243786420926\"><strong> <em><img loading=\"lazy\" decoding=\"async\" width=\"32\" height=\"32\" class=\"alignnone wp-image-1633\" src=\"https:\/\/direito.ufpr.br\/wp-content\/uploads\/2013\/06\/cnpq-e1372192590974-1.png\" alt=\"cnpq\"><\/em><\/strong><\/a><a rel=\"noopener noreferrer\" href=\"http:\/\/dgp.cnpq.br\/dgp\/espelhorh\/5493243786420926\" target=\"_blank\">CNPq<\/a><\/strong><\/em><\/address><\/td>\n<\/tr>\n<tr style=\"height: 47px\">\n<td style=\"width: 33.3575%;height: 119px\"><img loading=\"lazy\" decoding=\"async\" width=\"150\" height=\"150\" class=\"alignnone wp-image-35253 size-thumbnail\" src=\"https:\/\/direito.ufpr.br\/wp-content\/uploads\/2022\/02\/s200_thiago.hoshino-150x150.jpg\" alt=\"\" srcset=\"https:\/\/direito.ufpr.br\/wp-content\/uploads\/2022\/02\/s200_thiago.hoshino-150x150.jpg 150w, https:\/\/direito.ufpr.br\/wp-content\/uploads\/2022\/02\/s200_thiago.hoshino.jpg 200w\" sizes=\"auto, (max-width: 150px) 100vw, 150px\" \/><\/td>\n<td style=\"width: 33.285%;height: 119px\">\n<p><span style=\"font-family: arial, helvetica, sans-serif\"><strong>THIAGO DE AZEVEDO PINHEIRO HOSHINO<\/strong><\/span><\/p>\n<p>Doutor em Direito<\/p>\n<p><em><span style=\"font-family: arial, helvetica, sans-serif\">Ingresso na institui\u00e7\u00e3o em 27.01.2022<\/span><\/em><\/p>\n<\/td>\n<td style=\"text-align: center;width: 33.285%;height: 119px\"><address><em><strong><strong><em><img loading=\"lazy\" decoding=\"async\" width=\"34\" height=\"33\" class=\"alignnone wp-image-1650 size-full\" src=\"https:\/\/direito.ufpr.br\/wp-content\/uploads\/2013\/08\/lattes-1.png\" alt=\"lattes\"><\/em><\/strong> <a rel=\"noopener noreferrer\" href=\"http:\/\/lattes.cnpq.br\/3560166918160545\" target=\"_blank\">Lattes<\/a> <a href=\"http:\/\/dgp.cnpq.br\/dgp\/espelhorh\/5493243786420926\"><strong> <em><img loading=\"lazy\" decoding=\"async\" width=\"32\" height=\"32\" class=\"alignnone wp-image-1633\" src=\"https:\/\/direito.ufpr.br\/wp-content\/uploads\/2013\/06\/cnpq-e1372192590974-1.png\" alt=\"cnpq\"><\/em><\/strong><\/a><a rel=\"noopener noreferrer\" href=\"http:\/\/dgp.cnpq.br\/dgp\/espelhorh\/3560166918160545\" target=\"_blank\">CNPq<\/a><\/strong><\/em><\/address><\/td>\n<\/tr>\n<tr style=\"height: 47px\">\n<td style=\"width: 33.3575%;height: 119px\"><img loading=\"lazy\" decoding=\"async\" width=\"150\" height=\"150\" class=\"alignleft wp-image-24040 size-thumbnail\" src=\"https:\/\/direito.ufpr.br\/wp-content\/uploads\/2020\/09\/THIAGO-FREITAS-HANSEN-150x150.jpg\" alt=\"\" srcset=\"https:\/\/direito.ufpr.br\/wp-content\/uploads\/2020\/09\/THIAGO-FREITAS-HANSEN-150x150.jpg 150w, https:\/\/direito.ufpr.br\/wp-content\/uploads\/2020\/09\/THIAGO-FREITAS-HANSEN-300x300.jpg 300w, https:\/\/direito.ufpr.br\/wp-content\/uploads\/2020\/09\/THIAGO-FREITAS-HANSEN.jpg 565w\" sizes=\"auto, (max-width: 150px) 100vw, 150px\" \/><\/td>\n<td style=\"width: 33.285%;height: 119px\">\n<p><span style=\"font-family: arial, helvetica, sans-serif\"><strong>THIAGO FREITAS HANSEN<\/strong><\/span><\/p>\n<p>Doutor em Direito<\/p>\n<p><em><span style=\"font-family: arial, helvetica, sans-serif\">Ingresso na institui\u00e7\u00e3o em 31.05.2019<\/span><\/em><\/p>\n<\/td>\n<td style=\"text-align: center;width: 33.285%;height: 119px\"><address><em><strong><strong><em><img loading=\"lazy\" decoding=\"async\" width=\"34\" height=\"33\" class=\"alignnone wp-image-1650 size-full\" src=\"https:\/\/direito.ufpr.br\/wp-content\/uploads\/2013\/08\/lattes-1.png\" alt=\"lattes\"><\/em><\/strong> <a rel=\"noopener noreferrer\" href=\"http:\/\/lattes.cnpq.br\/5163179251798882\" target=\"_blank\">Lattes<\/a> <a href=\"http:\/\/dgp.cnpq.br\/dgp\/espelhorh\/5493243786420926\"><strong> <em><img loading=\"lazy\" decoding=\"async\" width=\"32\" height=\"32\" class=\"alignnone wp-image-1633\" src=\"https:\/\/direito.ufpr.br\/wp-content\/uploads\/2013\/06\/cnpq-e1372192590974-1.png\" alt=\"cnpq\"><\/em><\/strong><\/a><a rel=\"noopener noreferrer\" href=\"http:\/\/dgp.cnpq.br\/dgp\/espelhorh\/5163179251798882\" target=\"_blank\">CNPq<\/a><\/strong><\/em><\/address><\/td>\n<\/tr>\n<tr style=\"height: 47px\">\n<td style=\"width: 33.3575%;height: 119px\"><img loading=\"lazy\" decoding=\"async\" width=\"150\" height=\"150\" class=\"alignnone wp-image-41449 size-thumbnail\" src=\"https:\/\/direito.ufpr.br\/wp-content\/uploads\/2023\/03\/Vinicius-Klein-150x150.jpeg\" alt=\"\" srcset=\"https:\/\/direito.ufpr.br\/wp-content\/uploads\/2023\/03\/Vinicius-Klein-150x150.jpeg 150w, https:\/\/direito.ufpr.br\/wp-content\/uploads\/2023\/03\/Vinicius-Klein-300x300.jpeg 300w, https:\/\/direito.ufpr.br\/wp-content\/uploads\/2023\/03\/Vinicius-Klein.jpeg 642w\" sizes=\"auto, (max-width: 150px) 100vw, 150px\" \/><\/td>\n<td style=\"width: 33.285%;height: 119px\">\n<p><span style=\"font-family: arial, helvetica, sans-serif\"><strong>VINICIUS KLEIN<\/strong><\/span><\/p>\n<p>Doutor em Direito<\/p>\n<p><em><span style=\"font-family: arial, helvetica, sans-serif\">Ingresso na institui\u00e7\u00e3o em 25.09.2015<\/span><\/em><\/p>\n<\/td>\n<td style=\"text-align: center;width: 33.285%;height: 119px\"><address><em><strong><strong><em><img loading=\"lazy\" decoding=\"async\" width=\"34\" height=\"33\" class=\"alignnone wp-image-1650 size-full\" src=\"https:\/\/direito.ufpr.br\/wp-content\/uploads\/2013\/08\/lattes-1.png\" alt=\"lattes\"><\/em><\/strong> <a rel=\"noopener noreferrer\" href=\"http:\/\/lattes.cnpq.br\/3557006102051289\" target=\"_blank\">Lattes<\/a> <a href=\"http:\/\/dgp.cnpq.br\/dgp\/espelhorh\/3557006102051289\"><strong> <em><img loading=\"lazy\" decoding=\"async\" width=\"32\" height=\"32\" class=\"alignnone wp-image-1633\" src=\"https:\/\/direito.ufpr.br\/wp-content\/uploads\/2013\/06\/cnpq-e1372192590974-1.png\" alt=\"cnpq\"><\/em><\/strong><\/a><a rel=\"noopener noreferrer\" href=\"http:\/\/dgp.cnpq.br\/dgp\/espelhorh\/3557006102051289\" target=\"_blank\">CNPq<\/a><\/strong><\/em><\/address><\/td>\n<\/tr>\n<tr style=\"height: 47px\">\n<td style=\"width: 33.3575%;height: 119px\"><img loading=\"lazy\" decoding=\"async\" width=\"150\" height=\"150\" class=\"alignleft wp-image-12098 size-thumbnail\" src=\"https:\/\/direito.ufpr.br\/wp-content\/uploads\/2018\/10\/WALTER-GUANDALINI-J\u00daNIOR-150x150.jpg\" alt=\"\" srcset=\"https:\/\/direito.ufpr.br\/wp-content\/uploads\/2018\/10\/WALTER-GUANDALINI-J\u00daNIOR-150x150.jpg 150w, https:\/\/direito.ufpr.br\/wp-content\/uploads\/2018\/10\/WALTER-GUANDALINI-J\u00daNIOR.jpg 225w\" sizes=\"auto, (max-width: 150px) 100vw, 150px\" \/><\/td>\n<td style=\"width: 33.285%;height: 119px\">\n<p><span style=\"font-family: arial, helvetica, sans-serif\"><strong>WALTER GUANDALINI J\u00daNIOR<\/strong><\/span><\/p>\n<p>Doutor em Direito<\/p>\n<p><em><span style=\"font-family: arial, helvetica, sans-serif\">Ingresso na institui\u00e7\u00e3o em 03.12.2013<\/span><\/em><\/p>\n<\/td>\n<td style=\"text-align: center;width: 33.285%;height: 119px\"><address><em><strong><strong><em><img loading=\"lazy\" decoding=\"async\" width=\"34\" height=\"33\" class=\"alignnone wp-image-1650 size-full\" src=\"https:\/\/direito.ufpr.br\/wp-content\/uploads\/2013\/08\/lattes-1.png\" alt=\"lattes\"><\/em><\/strong> <a rel=\"noopener noreferrer\" href=\"http:\/\/buscatextual.cnpq.br\/buscatextual\/visualizacv.do?id=K4775913U0\" target=\"_blank\">Lattes<\/a> <strong><a href=\"http:\/\/dgp.cnpq.br\/dgp\/espelhorh\/1235236220070863\"><em><img loading=\"lazy\" decoding=\"async\" width=\"32\" height=\"32\" class=\"alignnone wp-image-1633\" src=\"https:\/\/direito.ufpr.br\/wp-content\/uploads\/2013\/06\/cnpq-e1372192590974-1.png\" alt=\"cnpq\"><\/em><\/a><\/strong><a href=\"http:\/\/dgp.cnpq.br\/dgp\/espelhorh\/1235236220070863\">CNPq<\/a><\/strong><\/em><\/address><\/td>\n<\/tr>\n<\/tbody>\n<\/table>\n&nbsp;<\/address>\n<p style=\"text-align: center\"><span style=\"font-family: 'arial black', sans-serif;font-size: 14pt\"><strong>DEPARTAMENTO DE DIREITO P\u00daBLICO<\/strong><\/span><\/p>\n<address>\n<table style=\"width: 100%;border-collapse: collapse\" border=\"0\">\n<tbody>\n<tr style=\"height: 23px\">\n<td style=\"width: 33.4235%;height: 23px\"><img loading=\"lazy\" decoding=\"async\" width=\"150\" height=\"150\" class=\"alignleft wp-image-12104 size-thumbnail\" src=\"https:\/\/direito.ufpr.br\/wp-content\/uploads\/2023\/08\/Prof-Abili-2.jpg\" alt=\"\"><\/td>\n<td style=\"width: 33.4235%\">\n<p><span style=\"font-family: arial, helvetica, sans-serif\"><strong>ABILI L\u00c1ZARO CASTRO DE LIMA<\/strong><\/span><\/p>\n<p>Doutor em Direito<\/p>\n<p><em><span style=\"font-family: arial, helvetica, sans-serif\">Ingresso na institui\u00e7\u00e3o em 29.06.1998<\/span><\/em><\/p>\n<\/td>\n<td style=\"text-align: center;width: 33.1529%;height: 47px\"><address><strong><em><strong><em><img loading=\"lazy\" decoding=\"async\" width=\"34\" height=\"33\" class=\"alignnone wp-image-1650 size-full\" src=\"https:\/\/direito.ufpr.br\/wp-content\/uploads\/2013\/08\/lattes-1.png\" alt=\"lattes\"><\/em><\/strong> <a rel=\"noopener noreferrer\" href=\"http:\/\/buscatextual.cnpq.br\/buscatextual\/visualizacv.do?id=K4706278D6\" target=\"_blank\">Lattes<\/a> <\/em><\/strong><strong><em> <strong><em><img loading=\"lazy\" decoding=\"async\" width=\"32\" height=\"32\" class=\"alignnone wp-image-1633\" src=\"https:\/\/direito.ufpr.br\/wp-content\/uploads\/2013\/06\/cnpq-e1372192590974-1.png\" alt=\"cnpq\"><\/em><\/strong><\/em><\/strong><strong><em> <a rel=\"noopener noreferrer\" href=\"http:\/\/dgp.cnpq.br\/dgp\/espelhorh\/0200324962329558\" target=\"_blank\">CNPq<\/a><\/em><\/strong><\/address><\/td>\n<\/tr>\n<tr style=\"height: 23px\">\n<td style=\"width: 33.4235%;height: 23px\"><img loading=\"lazy\" decoding=\"async\" width=\"150\" height=\"150\" class=\"alignleft wp-image-12105 size-thumbnail\" src=\"https:\/\/direito.ufpr.br\/wp-content\/uploads\/2018\/10\/ALEXANDRE-DITZEL-FARACO-e1540302259223-150x150.jpg\" alt=\"\"><\/td>\n<td style=\"width: 33.4235%\">\n<p><span style=\"font-family: arial, helvetica, sans-serif\"><strong>ALEXANDRE DITZEL FARACO<\/strong><\/span><\/p>\n<p>Doutor em Direito<\/p>\n<p><em><span style=\"font-family: arial, helvetica, sans-serif\">Ingresso na institui\u00e7\u00e3o em 06.05.2009<\/span><\/em><\/p>\n<\/td>\n<td style=\"text-align: center;width: 33.1529%;height: 47px\"><address><strong><em><strong><em><img loading=\"lazy\" decoding=\"async\" width=\"34\" height=\"33\" class=\"alignnone wp-image-1650 size-full\" src=\"https:\/\/direito.ufpr.br\/wp-content\/uploads\/2013\/08\/lattes-1.png\" alt=\"lattes\"><\/em><\/strong> <a rel=\"noopener noreferrer\" href=\"http:\/\/buscatextual.cnpq.br\/buscatextual\/visualizacv.do?id=K4796619Y9\" target=\"_blank\">Lattes<\/a> <strong><em><img loading=\"lazy\" decoding=\"async\" width=\"32\" height=\"32\" class=\"alignnone wp-image-1633\" src=\"https:\/\/direito.ufpr.br\/wp-content\/uploads\/2013\/06\/cnpq-e1372192590974-1.png\" alt=\"cnpq\"><\/em><\/strong> <a rel=\"noopener noreferrer\" href=\"http:\/\/dgp.cnpq.br\/dgp\/espelhorh\/1695900581926821\" target=\"_blank\">CNPq<\/a><\/em><\/strong><\/address><\/td>\n<\/tr>\n<tr style=\"height: 23px\">\n<td style=\"width: 33.4235%;height: 23px\"><img loading=\"lazy\" decoding=\"async\" width=\"150\" height=\"150\" class=\"alignleft wp-image-12106 size-thumbnail\" src=\"https:\/\/direito.ufpr.br\/wp-content\/uploads\/2018\/10\/ANDR\u00c9-PEIXOTO-DE-SOUZA-e1540302322238-150x150.jpg\" alt=\"\"><\/td>\n<td style=\"width: 33.4235%\">\n<p><span style=\"font-family: arial, helvetica, sans-serif\"><strong>ANDR\u00c9 PEIXOTO DE SOUZA<\/strong><\/span><\/p>\n<p>Doutor em Direito<\/p>\n<p><em><span style=\"font-family: arial, helvetica, sans-serif\">Ingresso na institui\u00e7\u00e3o em 15.02.2011<\/span><\/em><\/p>\n<\/td>\n<td style=\"text-align: center;width: 33.1529%;height: 47px\"><address><strong><em><strong><em><img loading=\"lazy\" decoding=\"async\" width=\"34\" height=\"33\" class=\"alignnone wp-image-1650 size-full\" src=\"https:\/\/direito.ufpr.br\/wp-content\/uploads\/2013\/08\/lattes-1.png\" alt=\"lattes\"><\/em><\/strong> <a rel=\"noopener noreferrer\" href=\"http:\/\/buscatextual.cnpq.br\/buscatextual\/visualizacv.do?id=K4737741E6\" target=\"_blank\">Lattes<\/a> <strong><em><img loading=\"lazy\" decoding=\"async\" width=\"32\" height=\"32\" class=\"alignnone wp-image-1633\" src=\"https:\/\/direito.ufpr.br\/wp-content\/uploads\/2013\/06\/cnpq-e1372192590974-1.png\" alt=\"cnpq\"><\/em><\/strong> <a rel=\"noopener noreferrer\" href=\"http:\/\/dgp.cnpq.br\/dgp\/espelhorh\/6730905740474677\" target=\"_blank\">CNPq<\/a><\/em><\/strong><\/address><\/td>\n<\/tr>\n<tr style=\"height: 23px\">\n<td style=\"width: 33.4235%;height: 23px\"><img loading=\"lazy\" decoding=\"async\" width=\"150\" height=\"150\" class=\"alignleft wp-image-12107 size-thumbnail\" src=\"https:\/\/direito.ufpr.br\/wp-content\/uploads\/2018\/10\/ANGELA-CASSIA-COSTALDELLO-e1540302951294-150x150.jpg\" alt=\"\"><\/td>\n<td style=\"width: 33.4235%\">\n<p><span style=\"font-family: arial, helvetica, sans-serif\"><strong>ANGELA CASSIA COSTALDELLO<\/strong><\/span><\/p>\n<p>Doutora em Direito<\/p>\n<p><em><span style=\"font-family: arial, helvetica, sans-serif\">Ingresso na institui\u00e7\u00e3o em 16.03.1995<\/span><\/em><\/p>\n<\/td>\n<td style=\"text-align: center;width: 33.1529%;height: 47px\"><address><strong><em><strong><em><img loading=\"lazy\" decoding=\"async\" width=\"34\" height=\"33\" class=\"alignnone wp-image-1650 size-full\" src=\"https:\/\/direito.ufpr.br\/wp-content\/uploads\/2013\/08\/lattes-1.png\" alt=\"lattes\"><\/em><\/strong> <a rel=\"noopener noreferrer\" href=\"http:\/\/lattes.cnpq.br\/8824542153573621\" target=\"_blank\">Lattes<\/a> <strong><em><img loading=\"lazy\" decoding=\"async\" width=\"32\" height=\"32\" class=\"alignnone wp-image-1633\" src=\"https:\/\/direito.ufpr.br\/wp-content\/uploads\/2013\/06\/cnpq-e1372192590974-1.png\" alt=\"cnpq\"><\/em><\/strong> <a rel=\"noopener noreferrer\" href=\"http:\/\/dgp.cnpq.br\/dgp\/espelhorh\/8824542153573621\" target=\"_blank\">CNPq<\/a><\/em><\/strong><\/address><\/td>\n<\/tr>\n<tr style=\"height: 23px\">\n<td style=\"width: 33.4235%;height: 23px\"><img loading=\"lazy\" decoding=\"async\" width=\"150\" height=\"150\" class=\"alignnone wp-image-12113 size-thumbnail\" src=\"https:\/\/direito.ufpr.br\/wp-content\/uploads\/2018\/10\/Betina-e1540303515419-150x150.jpg\" alt=\"\"><\/td>\n<td style=\"width: 33.4235%\">\n<p><span style=\"font-family: arial, helvetica, sans-serif\"><strong>BETINA TREIGER GRUPENMACHER<\/strong><\/span><\/p>\n<p>Doutora em Direito<\/p>\n<p><em><span style=\"font-family: arial, helvetica, sans-serif\">Ingresso na institui\u00e7\u00e3o em 30.05.1994<\/span><\/em><\/p>\n<\/td>\n<td style=\"text-align: center;width: 33.1529%;height: 47px\"><address><strong><em><strong><em><img loading=\"lazy\" decoding=\"async\" width=\"34\" height=\"33\" class=\"alignnone wp-image-1650 size-full\" src=\"https:\/\/direito.ufpr.br\/wp-content\/uploads\/2013\/08\/lattes-1.png\" alt=\"lattes\"><\/em><\/strong> <a rel=\"noopener noreferrer\" href=\"http:\/\/buscatextual.cnpq.br\/buscatextual\/visualizacv.do?id=K4767370D9\" target=\"_blank\">Lattes<\/a> <strong><em><img loading=\"lazy\" decoding=\"async\" width=\"32\" height=\"32\" class=\"alignnone wp-image-1633\" src=\"https:\/\/direito.ufpr.br\/wp-content\/uploads\/2013\/06\/cnpq-e1372192590974-1.png\" alt=\"cnpq\"><\/em><\/strong> <a rel=\"noopener noreferrer\" href=\"http:\/\/dgp.cnpq.br\/dgp\/espelhorh\/3931073455086808\" target=\"_blank\">CNPq<\/a><\/em><\/strong><\/address><\/td>\n<\/tr>\n<tr style=\"height: 23px\">\n<td style=\"width: 33.4235%;height: 23px\"><img loading=\"lazy\" decoding=\"async\" width=\"150\" height=\"150\" class=\"alignnone size-thumbnail wp-image-12114\" src=\"https:\/\/direito.ufpr.br\/wp-content\/uploads\/2018\/10\/Daniel-Wunder-Hachem-e1540303786773-150x150.jpg\" alt=\"\"><\/td>\n<td style=\"width: 33.4235%\">\n<p><span style=\"font-family: arial, helvetica, sans-serif\"><strong>DANIEL WUNDER HACHEM<\/strong><\/span><\/p>\n<p>Doutor em Direito<\/p>\n<p><em><span style=\"font-family: arial, helvetica, sans-serif\">Ingresso na institui\u00e7\u00e3o em 05.04.2012<\/span><\/em><\/p>\n<\/td>\n<td style=\"text-align: center;width: 33.1529%;height: 47px\"><address><strong><em><strong><em><img loading=\"lazy\" decoding=\"async\" width=\"34\" height=\"33\" class=\"alignnone wp-image-1650 size-full\" src=\"https:\/\/direito.ufpr.br\/wp-content\/uploads\/2013\/08\/lattes-1.png\" alt=\"lattes\"><\/em><\/strong> <a rel=\"noopener noreferrer\" href=\"http:\/\/buscatextual.cnpq.br\/buscatextual\/visualizacv.do?id=W8571672\" target=\"_blank\"> Lattes<\/a> <strong><em><img loading=\"lazy\" decoding=\"async\" width=\"32\" height=\"32\" class=\"alignnone wp-image-1633\" src=\"https:\/\/direito.ufpr.br\/wp-content\/uploads\/2013\/06\/cnpq-e1372192590974-1.png\" alt=\"cnpq\"><\/em><\/strong> <a rel=\"noopener noreferrer\" href=\"http:\/\/dgp.cnpq.br\/dgp\/espelhorh\/3961234292193598\" target=\"_blank\">CNPq<\/a><\/em><\/strong><\/address><\/td>\n<\/tr>\n<tr style=\"height: 23px\">\n<td style=\"width: 33.4235%;height: 23px\"><img loading=\"lazy\" decoding=\"async\" width=\"150\" height=\"150\" class=\"alignnone size-thumbnail wp-image-12115\" src=\"https:\/\/direito.ufpr.br\/wp-content\/uploads\/2018\/10\/Egon-150x150.jpg\" alt=\"\" srcset=\"https:\/\/direito.ufpr.br\/wp-content\/uploads\/2018\/10\/Egon-150x150.jpg 150w, https:\/\/direito.ufpr.br\/wp-content\/uploads\/2018\/10\/Egon-300x300.jpg 300w, https:\/\/direito.ufpr.br\/wp-content\/uploads\/2018\/10\/Egon-768x768.jpg 768w, https:\/\/direito.ufpr.br\/wp-content\/uploads\/2018\/10\/Egon.jpg 900w\" sizes=\"auto, (max-width: 150px) 100vw, 150px\" \/><\/td>\n<td style=\"width: 33.4235%\">\n<p><span style=\"font-family: arial, helvetica, sans-serif\"><strong>EGON BOCKMANN MOREIRA<\/strong><\/span><\/p>\n<p>Doutor em Direito<\/p>\n<p><em><span style=\"font-family: arial, helvetica, sans-serif\">Ingresso na institui\u00e7\u00e3o em 10.08.2006 <span style=\"font-family: arial,helvetica,sans-serif\"><\/span><\/span><\/em><\/p>\n<\/td>\n<td style=\"text-align: center;width: 33.1529%;height: 47px\"><address><strong><em><strong><em><img loading=\"lazy\" decoding=\"async\" width=\"34\" height=\"33\" class=\"alignnone wp-image-1650 size-full\" src=\"https:\/\/direito.ufpr.br\/wp-content\/uploads\/2013\/08\/lattes-1.png\" alt=\"lattes\"><\/em><\/strong><a rel=\"noopener noreferrer\" href=\"http:\/\/buscatextual.cnpq.br\/buscatextual\/visualizacv.do?id=K4133483U7\" target=\"_blank\"> Lattes<\/a> <strong><em><img loading=\"lazy\" decoding=\"async\" width=\"32\" height=\"32\" class=\"alignnone wp-image-1633\" src=\"https:\/\/direito.ufpr.br\/wp-content\/uploads\/2013\/06\/cnpq-e1372192590974-1.png\" alt=\"cnpq\"><\/em><\/strong> <a href=\"http:\/\/dgp.cnpq.br\/dgp\/espelhorh\/5859990024741610\">CNPq<\/a><\/em><\/strong><\/address><\/td>\n<\/tr>\n<tr style=\"height: 23px\">\n<td style=\"width: 33.4235%;height: 23px\"><img loading=\"lazy\" decoding=\"async\" width=\"150\" height=\"150\" class=\"alignnone size-thumbnail wp-image-12116\" src=\"https:\/\/direito.ufpr.br\/wp-content\/uploads\/2018\/10\/Emerson-Gabardo-150x150.jpg\" alt=\"\"><\/td>\n<td style=\"width: 33.4235%\">\n<p><span style=\"font-family: arial, helvetica, sans-serif\"><strong>EMERSON GABARDO<\/strong><\/span><\/p>\n<p>Doutor em Direito<\/p>\n<p><em><span style=\"font-family: arial, helvetica, sans-serif\">Ingresso na institui\u00e7\u00e3o em 09.08.2010<\/span><\/em><\/p>\n<\/td>\n<td style=\"text-align: center;width: 33.1529%;height: 47px\"><address><strong><em><strong><em><img loading=\"lazy\" decoding=\"async\" width=\"34\" height=\"33\" class=\"alignnone wp-image-1650 size-full\" src=\"https:\/\/direito.ufpr.br\/wp-content\/uploads\/2013\/08\/lattes-1.png\" alt=\"lattes\"><\/em><\/strong> <a rel=\"noopener noreferrer\" href=\"http:\/\/buscatextual.cnpq.br\/buscatextual\/visualizacv.do?id=K4772670J9\" target=\"_blank\">Lattes<\/a> <strong><em><img loading=\"lazy\" decoding=\"async\" width=\"32\" height=\"32\" class=\"alignnone wp-image-1633\" src=\"https:\/\/direito.ufpr.br\/wp-content\/uploads\/2013\/06\/cnpq-e1372192590974-1.png\" alt=\"cnpq\"><\/em><\/strong> <a rel=\"noopener noreferrer\" href=\"http:\/\/dgp.cnpq.br\/dgp\/espelhorh\/3091904591160385\" target=\"_blank\">CNPq<\/a><\/em><\/strong><\/address><\/td>\n<\/tr>\n<tr style=\"height: 23px\">\n<td style=\"width: 33.4235%;height: 23px\"><img loading=\"lazy\" decoding=\"async\" width=\"150\" height=\"150\" class=\"alignnone size-thumbnail wp-image-12117\" src=\"https:\/\/direito.ufpr.br\/wp-content\/uploads\/2018\/10\/Eneida-150x150.jpg\" alt=\"\" srcset=\"https:\/\/direito.ufpr.br\/wp-content\/uploads\/2018\/10\/Eneida-150x150.jpg 150w, https:\/\/direito.ufpr.br\/wp-content\/uploads\/2018\/10\/Eneida-300x300.jpg 300w, https:\/\/direito.ufpr.br\/wp-content\/uploads\/2018\/10\/Eneida.jpg 736w\" sizes=\"auto, (max-width: 150px) 100vw, 150px\" \/><\/td>\n<td style=\"width: 33.4235%\">\n<p><span style=\"font-family: arial, helvetica, sans-serif\"><strong>ENEIDA DESIREE SALGADO<\/strong><\/span><\/p>\n<p>Doutora em Direito<\/p>\n<p><em><span style=\"font-family: arial, helvetica, sans-serif\">Ingresso na institui\u00e7\u00e3o em 21.01.2008<\/span><\/em><\/p>\n<\/td>\n<td style=\"text-align: center;width: 33.1529%;height: 47px\"><address><strong><em><strong><em><img loading=\"lazy\" decoding=\"async\" width=\"34\" height=\"33\" class=\"alignnone wp-image-1650 size-full\" src=\"https:\/\/direito.ufpr.br\/wp-content\/uploads\/2013\/08\/lattes-1.png\" alt=\"lattes\"><\/em><\/strong> <a rel=\"noopener noreferrer\" href=\"http:\/\/buscatextual.cnpq.br\/buscatextual\/visualizacv.do?id=K4739643P3\" target=\"_blank\">Lattes <\/a> <strong><em><img loading=\"lazy\" decoding=\"async\" width=\"32\" height=\"32\" class=\"alignnone wp-image-1633\" src=\"https:\/\/direito.ufpr.br\/wp-content\/uploads\/2013\/06\/cnpq-e1372192590974-1.png\" alt=\"cnpq\"><\/em><\/strong> <a rel=\"noopener noreferrer\" href=\"http:\/\/dgp.cnpq.br\/dgp\/espelhorh\/7098767645536830\" target=\"_blank\">CNPq<\/a><\/em><\/strong><\/address><\/td>\n<\/tr>\n<tr style=\"height: 23px\">\n<td style=\"width: 33.4235%;height: 23px\"><img loading=\"lazy\" decoding=\"async\" width=\"150\" height=\"150\" class=\"alignnone size-thumbnail wp-image-12118\" src=\"https:\/\/direito.ufpr.br\/wp-content\/uploads\/2018\/10\/Estefania-e1540304126916-150x150.jpg\" alt=\"\"><\/td>\n<td style=\"width: 33.4235%\">\n<p><span style=\"font-family: arial, helvetica, sans-serif\"><strong>ESTEF\u00c2NIA MARIA DE QUEIROZ BARBOZA<\/strong><\/span><\/p>\n<p>Doutora em Direito<\/p>\n<p><em><span style=\"font-family: arial, helvetica, sans-serif\">Ingresso na institui\u00e7\u00e3o em 10.02.2014<\/span><\/em><\/p>\n<\/td>\n<td style=\"text-align: center;width: 33.1529%;height: 47px\"><address><strong><em><strong><em><img loading=\"lazy\" decoding=\"async\" width=\"34\" height=\"33\" class=\"alignnone wp-image-1650 size-full\" src=\"https:\/\/direito.ufpr.br\/wp-content\/uploads\/2013\/08\/lattes-1.png\" alt=\"lattes\"><\/em><\/strong> <a rel=\"noopener noreferrer\" href=\"http:\/\/buscatextual.cnpq.br\/buscatextual\/visualizacv.do?id=K4759628Z6\" target=\"_blank\">Lattes<\/a> <strong><em><img loading=\"lazy\" decoding=\"async\" width=\"32\" height=\"32\" class=\"alignnone wp-image-1633\" src=\"https:\/\/direito.ufpr.br\/wp-content\/uploads\/2013\/06\/cnpq-e1372192590974-1.png\" alt=\"cnpq\"><\/em><\/strong> <a rel=\"noopener noreferrer\" href=\"http:\/\/dgp.cnpq.br\/dgp\/espelhorh\/7537205951629432\" target=\"_blank\">CNPq<\/a><\/em><\/strong><\/address><\/td>\n<\/tr>\n<tr style=\"height: 23px\">\n<td style=\"width: 33.4235%;height: 23px\"><img loading=\"lazy\" decoding=\"async\" width=\"150\" height=\"150\" class=\"alignnone size-thumbnail wp-image-12119\" src=\"https:\/\/direito.ufpr.br\/wp-content\/uploads\/2018\/10\/Fabricio-e1540304339375-150x150.jpg\" alt=\"\"><\/td>\n<td style=\"width: 33.4235%\">\n<p><span style=\"font-family: arial, helvetica, sans-serif\"><strong>FABRICIO RICARDO DE LIMAS TOMIO<\/strong><\/span><\/p>\n<p>Doutor em Ci\u00eancias Sociais<\/p>\n<p><em><span style=\"font-family: arial, helvetica, sans-serif\">Ingresso na institui\u00e7\u00e3o em 23.06.2004<\/span><\/em><\/p>\n<\/td>\n<td style=\"text-align: center;width: 33.1529%;height: 47px\"><address><strong><em><strong><em><img loading=\"lazy\" decoding=\"async\" width=\"34\" height=\"33\" class=\"alignnone wp-image-1650 size-full\" src=\"https:\/\/direito.ufpr.br\/wp-content\/uploads\/2013\/08\/lattes-1.png\" alt=\"lattes\"><\/em><\/strong> <a rel=\"noopener noreferrer\" href=\"http:\/\/buscatextual.cnpq.br\/buscatextual\/visualizacv.do?id=K4784606Z1\" target=\"_blank\">Lattes<\/a> <strong><em><img loading=\"lazy\" decoding=\"async\" width=\"32\" height=\"32\" class=\"alignnone wp-image-1633\" src=\"https:\/\/direito.ufpr.br\/wp-content\/uploads\/2013\/06\/cnpq-e1372192590974-1.png\" alt=\"cnpq\"><\/em><\/strong> <a rel=\"noopener noreferrer\" href=\"http:\/\/dgp.cnpq.br\/dgp\/espelhorh\/5809838365839106\" target=\"_blank\">CNPq<\/a><\/em><\/strong><\/address><\/td>\n<\/tr>\n<tr style=\"height: 23px\">\n<td style=\"width: 33.4235%;height: 23px\"><img loading=\"lazy\" decoding=\"async\" width=\"150\" height=\"150\" class=\"alignnone size-thumbnail wp-image-12121\" src=\"https:\/\/direito.ufpr.br\/wp-content\/uploads\/2018\/10\/Heloisa-e1540304668344-150x150.jpg\" alt=\"\"><\/td>\n<td style=\"width: 33.4235%\">\n<p><span style=\"font-family: arial, helvetica, sans-serif\"><strong>HELOISA FERNANDES C\u00c2MARA<\/strong><\/span><\/p>\n<p>Doutora em Direito<\/p>\n<p><em><span style=\"font-family: arial, helvetica, sans-serif\">Ingresso na institui\u00e7\u00e3o em 27.05.2019<\/span><\/em><\/p>\n<\/td>\n<td style=\"text-align: center;width: 33.1529%;height: 47px\"><address><strong><em><strong><em><img loading=\"lazy\" decoding=\"async\" width=\"34\" height=\"33\" class=\"alignnone wp-image-1650 size-full\" src=\"https:\/\/direito.ufpr.br\/wp-content\/uploads\/2013\/08\/lattes-1.png\" alt=\"lattes\"><\/em><\/strong> <a rel=\"noopener noreferrer\" href=\"http:\/\/lattes.cnpq.br\/2174141390493749\" target=\"_blank\">Lattes<\/a> <strong><em><img loading=\"lazy\" decoding=\"async\" width=\"32\" height=\"32\" class=\"alignnone wp-image-1633\" src=\"https:\/\/direito.ufpr.br\/wp-content\/uploads\/2013\/06\/cnpq-e1372192590974-1.png\" alt=\"cnpq\"><\/em><\/strong> <a rel=\"noopener noreferrer\" href=\"http:\/\/dgp.cnpq.br\/dgp\/espelhorh\/2174141390493749\" target=\"_blank\">CNPq<\/a><\/em><\/strong><\/address><\/td>\n<\/tr>\n<tr style=\"height: 23px\">\n<td style=\"width: 33.4235%;height: 23px\"><img loading=\"lazy\" decoding=\"async\" width=\"150\" height=\"150\" class=\"alignnone size-thumbnail wp-image-12123\" src=\"https:\/\/direito.ufpr.br\/wp-content\/uploads\/2018\/10\/Jos\u00e9-Roberto-Vieira-150x150.jpg\" alt=\"\" srcset=\"https:\/\/direito.ufpr.br\/wp-content\/uploads\/2018\/10\/Jos\u00e9-Roberto-Vieira-150x150.jpg 150w, https:\/\/direito.ufpr.br\/wp-content\/uploads\/2018\/10\/Jos\u00e9-Roberto-Vieira.jpg 220w\" sizes=\"auto, (max-width: 150px) 100vw, 150px\" \/><\/td>\n<td style=\"width: 33.4235%\">\n<p><span style=\"font-family: arial, helvetica, sans-serif\"><strong>JOS\u00c9 ROBERTO VIEIRA<\/strong><\/span><\/p>\n<p>Doutor em Direito<\/p>\n<p><em><span style=\"font-family: arial, helvetica, sans-serif\">Ingresso na institui\u00e7\u00e3o em 27.04.1992<\/span><\/em><\/p>\n<\/td>\n<td style=\"text-align: center;width: 33.1529%;height: 47px\"><address><strong><em><strong><em><a href=\"https:\/\/direito.ufpr.br\/wp-content\/uploads\/2013\/08\/lattes-1.png\"><img loading=\"lazy\" decoding=\"async\" width=\"34\" height=\"33\" class=\"alignnone wp-image-1650 size-full\" src=\"https:\/\/direito.ufpr.br\/wp-content\/uploads\/2013\/08\/lattes-1.png\" alt=\"lattes\"><\/a><\/em><\/strong> <a rel=\"noopener noreferrer\" href=\"http:\/\/buscatextual.cnpq.br\/buscatextual\/visualizacv.do?id=K4771164H6\" target=\"_blank\">Lattes<\/a> <strong><em><img loading=\"lazy\" decoding=\"async\" width=\"32\" height=\"32\" class=\"alignnone wp-image-1633\" src=\"https:\/\/direito.ufpr.br\/wp-content\/uploads\/2013\/06\/cnpq-e1372192590974-1.png\" alt=\"cnpq\"><\/em><\/strong> <a rel=\"noopener noreferrer\" href=\"http:\/\/dgp.cnpq.br\/dgp\/espelhorh\/1773512204469386\" target=\"_blank\">CNPq<\/a><\/em><\/strong><\/address><\/td>\n<\/tr>\n<tr style=\"height: 23px\">\n<td style=\"width: 33.4235%;height: 23px\"><img loading=\"lazy\" decoding=\"async\" width=\"150\" height=\"150\" class=\"alignnone size-thumbnail wp-image-12121\" src=\"https:\/\/direito.ufpr.br\/wp-content\/uploads\/2024\/09\/Julio-Cezar-Bittencourt-Silva-1.jpg\" alt=\"\"><\/td>\n<td style=\"width: 33.4235%\">\n<p><span style=\"font-family: arial, helvetica, sans-serif\"><strong>JULIO CEZAR BITTENCOURT SILVA<\/strong><\/span><\/p>\n<p>Doutor em Direito<\/p>\n<p><em><span style=\"font-family: arial, helvetica, sans-serif\">Ingresso na institui\u00e7\u00e3o em 09.09.2024<\/span><\/em><\/p>\n<\/td>\n<td style=\"text-align: center;width: 33.1529%;height: 47px\"><address><strong><em><strong><em><img loading=\"lazy\" decoding=\"async\" width=\"34\" height=\"33\" class=\"alignnone wp-image-1650 size-full\" src=\"https:\/\/direito.ufpr.br\/wp-content\/uploads\/2013\/08\/lattes-1.png\" alt=\"lattes\"><\/em><\/strong> <a rel=\"noopener noreferrer\" href=\"http:\/\/lattes.cnpq.br\/5323360503892889\" target=\"_blank\">Lattes<\/a> <strong><em><img loading=\"lazy\" decoding=\"async\" width=\"32\" height=\"32\" class=\"alignnone wp-image-1633\" src=\"https:\/\/direito.ufpr.br\/wp-content\/uploads\/2013\/06\/cnpq-e1372192590974-1.png\" alt=\"cnpq\"><\/em><\/strong> <a rel=\"noopener noreferrer\" href=\"http:\/\/dgp.cnpq.br\/dgp\/espelhorh\/5323360503892889\" target=\"_blank\">CNPq<\/a><\/em><\/strong><\/address><\/td>\n<\/tr>\n<tr style=\"height: 23px\">\n<td style=\"width: 33.4235%;height: 23px\"><img loading=\"lazy\" decoding=\"async\" width=\"150\" height=\"150\" class=\"alignnone wp-image-12153 size-thumbnail\" src=\"https:\/\/direito.ufpr.br\/wp-content\/uploads\/2018\/10\/Katya_Isaguirre-150x150.jpg\" alt=\"\" srcset=\"https:\/\/direito.ufpr.br\/wp-content\/uploads\/2018\/10\/Katya_Isaguirre-150x150.jpg 150w, https:\/\/direito.ufpr.br\/wp-content\/uploads\/2018\/10\/Katya_Isaguirre-300x300.jpg 300w, https:\/\/direito.ufpr.br\/wp-content\/uploads\/2018\/10\/Katya_Isaguirre.jpg 512w\" sizes=\"auto, (max-width: 150px) 100vw, 150px\" \/><\/td>\n<td style=\"width: 33.4235%\">\n<p><span style=\"font-family: arial, helvetica, sans-serif\"><strong>KATYA REGINA ISAGUIRRE TORRES<\/strong><\/span><\/p>\n<p>Doutora em Meio Ambiente e Desenvolvimento<\/p>\n<p><em><span style=\"font-family: arial, helvetica, sans-serif\">Ingresso na institui\u00e7\u00e3o em 02.03.2012<\/span><\/em><\/p>\n<\/td>\n<td style=\"text-align: center;width: 33.1529%;height: 47px\"><address><strong><em><strong><em><img loading=\"lazy\" decoding=\"async\" width=\"34\" height=\"33\" class=\"alignnone wp-image-1650 size-full\" src=\"https:\/\/direito.ufpr.br\/wp-content\/uploads\/2013\/08\/lattes-1.png\" alt=\"lattes\"><\/em><\/strong> <a rel=\"noopener noreferrer\" href=\"http:\/\/buscatextual.cnpq.br\/buscatextual\/visualizacv.do?id=K4223598E5\" target=\"_blank\">Lattes<\/a> <strong><em><img loading=\"lazy\" decoding=\"async\" width=\"32\" height=\"32\" class=\"alignnone wp-image-1633\" src=\"https:\/\/direito.ufpr.br\/wp-content\/uploads\/2013\/06\/cnpq-e1372192590974-1.png\" alt=\"cnpq\"><\/em><\/strong> <a rel=\"noopener noreferrer\" href=\"http:\/\/dgp.cnpq.br\/dgp\/espelhorh\/7659948370315258\" target=\"_blank\">CNPq<\/a><\/em><\/strong><\/address><\/td>\n\n<\/tr>\n<tr style=\"height: 23px\">\n<td style=\"width: 33.4235%;height: 23px\"><img loading=\"lazy\" decoding=\"async\" width=\"150\" height=\"150\" class=\"alignnone size-thumbnail wp-image-12125\" src=\"https:\/\/direito.ufpr.br\/wp-content\/uploads\/2018\/10\/Larissa-Ramina-e1540305037116-150x150.jpg\" alt=\"\"><\/td>\n<td style=\"width: 33.4235%\">\n<p><span style=\"font-family: arial, helvetica, sans-serif\"><strong>LARISSA LIZ ODRESKI RAMINA<\/strong><\/span><\/p>\n<p>Doutora em Direito Internacional<\/p>\n<p><em><span style=\"font-family: arial, helvetica, sans-serif\">Ingresso na institui\u00e7\u00e3o em 09.12.2013<\/span><\/em><\/p>\n<\/td>\n<td style=\"text-align: center;width: 33.1529%;height: 95px\"><address><strong><em><strong><em><img loading=\"lazy\" decoding=\"async\" width=\"34\" height=\"33\" class=\"alignnone wp-image-1650 size-full\" src=\"https:\/\/direito.ufpr.br\/wp-content\/uploads\/2013\/08\/lattes-1.png\" alt=\"lattes\"><\/em><\/strong> <a rel=\"noopener noreferrer\" href=\"http:\/\/buscatextual.cnpq.br\/buscatextual\/visualizacv.do?id=K4731127J0\" target=\"_blank\">Lattes <\/a> <strong><em><img loading=\"lazy\" decoding=\"async\" width=\"32\" height=\"32\" class=\"alignnone wp-image-1633\" src=\"https:\/\/direito.ufpr.br\/wp-content\/uploads\/2013\/06\/cnpq-e1372192590974-1.png\" alt=\"cnpq\"><\/em><\/strong> <a rel=\"noopener noreferrer\" href=\"http:\/\/dgp.cnpq.br\/dgp\/espelhorh\/8573145002897337\" target=\"_blank\">CNPq<\/a><\/em><\/strong><\/address><\/td>\n<\/tr>\n<tr style=\"height: 23px\">\n<td style=\"width: 33.4235%;height: 23px\"><img loading=\"lazy\" decoding=\"async\" width=\"150\" height=\"150\" class=\"alignnone wp-image-12153 size-thumbnail\" src=\"https:\/\/direito.ufpr.br\/wp-content\/uploads\/2023\/06\/LETICIA-REGINA-CAMARGO-KREUZ.jpg\" alt=\"\"><\/td>\n<td style=\"width: 33.4235%\">\n<p><span style=\"font-family: arial, helvetica, sans-serif\"><strong>LET\u00cdCIA REGINA CAMARGO KREUZ<\/strong><\/span><\/p>\n<p>Doutora em Direito<\/p>\n<p><em><span style=\"font-family: arial, helvetica, sans-serif\">Ingresso na institui\u00e7\u00e3o em 22.05.2023<\/span><\/em><\/p>\n<\/td>\n<td style=\"text-align: center;width: 33.1529%;height: 47px\"><address><strong><em><strong><em><img loading=\"lazy\" decoding=\"async\" width=\"34\" height=\"33\" class=\"alignnone wp-image-1650 size-full\" src=\"https:\/\/direito.ufpr.br\/wp-content\/uploads\/2013\/08\/lattes-1.png\" alt=\"lattes\"><\/em><\/strong> <a rel=\"noopener noreferrer\" href=\"http:\/\/lattes.cnpq.br\/0529752315402429\" target=\"_blank\">Lattes<\/a> <strong><em><img loading=\"lazy\" decoding=\"async\" width=\"32\" height=\"32\" class=\"alignnone wp-image-1633\" src=\"https:\/\/direito.ufpr.br\/wp-content\/uploads\/2013\/06\/cnpq-e1372192590974-1.png\" alt=\"cnpq\"><\/em><\/strong> <a rel=\"noopener noreferrer\" href=\"http:\/\/dgp.cnpq.br\/dgp\/espelhorh\/0529752315402429\" target=\"_blank\">CNPq<\/a><\/em><\/strong><\/address><\/td>\n<\/tr>\n<tr style=\"height: 23px\">\n<td style=\"width: 33.4235%;height: 23px\"><img loading=\"lazy\" decoding=\"async\" width=\"150\" height=\"150\" class=\"alignnone size-thumbnail wp-image-12128\" src=\"https:\/\/direito.ufpr.br\/wp-content\/uploads\/2018\/10\/Melina-e1540305200101-150x150.jpg\" alt=\"\" srcset=\"https:\/\/direito.ufpr.br\/wp-content\/uploads\/2018\/10\/Melina-e1540305200101-150x150.jpg 150w, https:\/\/direito.ufpr.br\/wp-content\/uploads\/2018\/10\/Melina-e1540305200101-300x297.jpg 300w, https:\/\/direito.ufpr.br\/wp-content\/uploads\/2018\/10\/Melina-e1540305200101.jpg 346w\" sizes=\"auto, (max-width: 150px) 100vw, 150px\" \/><\/td>\n<td style=\"width: 33.4235%\">\n<p><span style=\"font-family: arial, helvetica, sans-serif\"><strong>MELINA GIRARDI FACHIN<\/strong><\/span><\/p>\n<p>Doutora em Direito<\/p>\n<p><em><span style=\"font-family: arial, helvetica, sans-serif\">Ingresso na institui\u00e7\u00e3o em 25.07.2012<\/span><\/em><\/p>\n<\/td>\n<td style=\"text-align: center;width: 33.1529%;height: 47px\"><address><strong><em><strong><em><img loading=\"lazy\" decoding=\"async\" width=\"34\" height=\"33\" class=\"alignnone wp-image-1650 size-full\" src=\"https:\/\/direito.ufpr.br\/wp-content\/uploads\/2013\/08\/lattes-1.png\" alt=\"lattes\"><\/em><\/strong> <a rel=\"noopener noreferrer\" href=\"http:\/\/buscatextual.cnpq.br\/buscatextual\/visualizacv.do?id=K4746686H6\" target=\"_blank\">Lattes<\/a> <strong><em><img loading=\"lazy\" decoding=\"async\" width=\"32\" height=\"32\" class=\"alignnone wp-image-1633\" src=\"https:\/\/direito.ufpr.br\/wp-content\/uploads\/2013\/06\/cnpq-e1372192590974-1.png\" alt=\"cnpq\"><\/em><\/strong> <a rel=\"noopener noreferrer\" href=\"http:\/\/dgp.cnpq.br\/dgp\/espelhorh\/1368334568714375\" target=\"_blank\">CNPq<\/a><\/em><\/strong><\/address><\/td>\n<\/tr>\n<tr style=\"height: 47px\">\n<td style=\"width: 33.3575%;height: 119px\"><img loading=\"lazy\" decoding=\"async\" width=\"148\" height=\"150\" class=\"alignnone wp-image-16340 size-thumbnail\" src=\"https:\/\/direito.ufpr.br\/wp-content\/uploads\/2019\/06\/Miguel-148x150.png\" alt=\"\"><\/td>\n<td style=\"width: 33.285%;height: 119px\">\n<p><span style=\"font-family: arial, helvetica, sans-serif\"><strong>MIGUEL GUALANO DE GODOY<\/strong><\/span><\/p>\n<p>Doutor em Direito<\/p>\n<p><em><span style=\"font-family: arial, helvetica, sans-serif\">Ingresso na institui\u00e7\u00e3o em 10.06.2019 (em licen\u00e7a)<\/span><\/em><\/p>\n<\/td>\n<td style=\"text-align: center;width: 33.285%;height: 119px\"><address><em><strong><strong><em><img loading=\"lazy\" decoding=\"async\" width=\"34\" height=\"33\" class=\"alignnone wp-image-1650 size-full\" src=\"https:\/\/direito.ufpr.br\/wp-content\/uploads\/2013\/08\/lattes-1.png\" alt=\"lattes\"><\/em><\/strong> <a rel=\"noopener noreferrer\" href=\"http:\/\/lattes.cnpq.br\/5084161927220609\" target=\"_blank\">Lattes<\/a> <a href=\"http:\/\/dgp.cnpq.br\/dgp\/espelhorh\/5084161927220609\"><strong><em><img loading=\"lazy\" decoding=\"async\" width=\"32\" height=\"32\" class=\"alignnone wp-image-1633\" src=\"https:\/\/direito.ufpr.br\/wp-content\/uploads\/2013\/06\/cnpq-e1372192590974-1.png\" alt=\"cnpq\"><\/em><\/strong>CNPq<\/a><\/strong><\/em><\/address><\/td>\n<\/tr>\n<tr style=\"height: 23px\">\n<td style=\"width: 33.4235%;height: 23px\"><img loading=\"lazy\" decoding=\"async\" width=\"150\" height=\"150\" class=\"alignnone size-thumbnail wp-image-12131\" src=\"https:\/\/direito.ufpr.br\/wp-content\/uploads\/2018\/10\/Ricardo-Pazello-e1540305408362-150x150.jpg\" alt=\"\"><\/td>\n<td style=\"width: 33.4235%\">\n<p><span style=\"font-family: arial, helvetica, sans-serif\"><strong>RICARDO PRESTES PAZELLO<\/strong><\/span><\/p>\n<p>Doutor em Direito<\/p>\n<p><em><span style=\"font-family: arial, helvetica, sans-serif\">Ingresso na institui\u00e7\u00e3o em 09.07.2010<\/span><\/em><\/p>\n<\/td>\n<td style=\"text-align: center;width: 33.1529%;height: 47px\"><address><strong><em><strong><em><img loading=\"lazy\" decoding=\"async\" width=\"34\" height=\"33\" class=\"alignnone wp-image-1650 size-full\" src=\"https:\/\/direito.ufpr.br\/wp-content\/uploads\/2013\/08\/lattes-1.png\" alt=\"lattes\"><\/em><\/strong> <a rel=\"noopener noreferrer\" href=\"http:\/\/buscatextual.cnpq.br\/buscatextual\/visualizacv.do?id=K4130797D5\" target=\"_blank\">Lattes<\/a> <strong><em><img loading=\"lazy\" decoding=\"async\" width=\"32\" height=\"32\" class=\"alignnone wp-image-1633\" src=\"https:\/\/direito.ufpr.br\/wp-content\/uploads\/2013\/06\/cnpq-e1372192590974-1.png\" alt=\"cnpq\"><\/em><\/strong> <a rel=\"noopener noreferrer\" href=\"http:\/\/dgp.cnpq.br\/dgp\/espelhorh\/2753053001101053\" target=\"_blank\">CNPq<\/a><\/em><\/strong><\/address><\/td>\n<\/tr>\n<tr style=\"height: 23px\">\n<td style=\"width: 33.4235%;height: 23px\"><img loading=\"lazy\" decoding=\"async\" width=\"150\" height=\"150\" class=\"alignnone size-thumbnail wp-image-12132\" src=\"https:\/\/direito.ufpr.br\/wp-content\/uploads\/2018\/10\/Rodrigo-Kanayama-150x150.jpg\" alt=\"\"><\/td>\n<td style=\"width: 33.4235%\">\n<p><span style=\"font-family: arial, helvetica, sans-serif\"><strong>RODRIGO LU\u00cdS KANAYAMA<\/strong><\/span><\/p>\n<p>Doutor em Direito<\/p>\n<p><em><span style=\"font-family: arial, helvetica, sans-serif\">Ingresso na institui\u00e7\u00e3o em 01.06.2009<\/span><\/em><\/p>\n<\/td>\n<td style=\"text-align: center;width: 33.1529%;height: 47px\"><address><strong><em><strong><em><img loading=\"lazy\" decoding=\"async\" width=\"34\" height=\"33\" class=\"alignnone wp-image-1650 size-full\" src=\"https:\/\/direito.ufpr.br\/wp-content\/uploads\/2013\/08\/lattes-1.png\" alt=\"lattes\"><\/em><\/strong> <a rel=\"noopener noreferrer\" href=\"http:\/\/buscatextual.cnpq.br\/buscatextual\/visualizacv.do?id=K4138845T3\" target=\"_blank\">Lattes<\/a> <strong><em><img loading=\"lazy\" decoding=\"async\" width=\"32\" height=\"32\" class=\"alignnone wp-image-1633\" src=\"https:\/\/direito.ufpr.br\/wp-content\/uploads\/2013\/06\/cnpq-e1372192590974-1.png\" alt=\"cnpq\"><\/em><\/strong> <a rel=\"noopener noreferrer\" href=\"https:\/\/dgp.cnpq.br\/dgp\/espelhorh\/6130548557084828\" target=\"_blank\">CNPq<\/a><\/em><\/strong><\/address><\/td>\n<\/tr>\n<tr style=\"height: 23px\">\n<td style=\"width: 33.4235%;height: 23px\"><img loading=\"lazy\" decoding=\"async\" width=\"150\" height=\"150\" class=\"alignnone size-thumbnail wp-image-12133\" src=\"https:\/\/direito.ufpr.br\/wp-content\/uploads\/2018\/10\/Vera-Karam-de-Chueiri-150x150.jpg\" alt=\"\" srcset=\"https:\/\/direito.ufpr.br\/wp-content\/uploads\/2018\/10\/Vera-Karam-de-Chueiri-150x150.jpg 150w, https:\/\/direito.ufpr.br\/wp-content\/uploads\/2018\/10\/Vera-Karam-de-Chueiri.jpg 200w\" sizes=\"auto, (max-width: 150px) 100vw, 150px\" \/><\/td>\n<td style=\"width: 33.4235%\">\n<p><span style=\"font-family: arial, helvetica, sans-serif\"><strong>VERA KARAM DE CHUEIRI<\/strong><\/span><\/p>\n<p>Doutora em Filosofia<\/p>\n<p><em><span style=\"font-family: arial, helvetica, sans-serif\">Ingresso na institui\u00e7\u00e3o em 23.08.1995<\/span><\/em><\/p>\n<\/td>\n<td style=\"text-align: center;width: 33.1529%;height: 47px\"><address><strong><em><a rel=\"noopener noreferrer\" href=\"http:\/\/buscatextual.cnpq.br\/buscatextual\/visualizacv.do?id=K4783091A2\" target=\"_blank\"><strong><em><img loading=\"lazy\" decoding=\"async\" width=\"34\" height=\"33\" class=\"alignnone wp-image-1650 size-full\" src=\"https:\/\/direito.ufpr.br\/wp-content\/uploads\/2013\/08\/lattes-1.png\" alt=\"lattes\"><\/em><\/strong> Lattes<\/a> <strong><em><img loading=\"lazy\" decoding=\"async\" width=\"32\" height=\"32\" class=\"alignnone wp-image-1633\" src=\"https:\/\/direito.ufpr.br\/wp-content\/uploads\/2013\/06\/cnpq-e1372192590974-1.png\" alt=\"cnpq\"><\/em><\/strong> <a rel=\"noopener noreferrer\" href=\"http:\/\/dgp.cnpq.br\/dgp\/espelhorh\/6091643712340626\" target=\"_blank\">CNPq<\/a><\/em><\/strong><\/address><\/td>\n<\/tr>\n<\/tbody>\n<\/table>\n&nbsp;<\/address>\n<p style=\"text-align: center\"><span style=\"font-family: 'arial black', sans-serif;font-size: 14pt\"><strong>DEPARTAMENTO DE PR\u00c1TICAS JUR\u00cdDICAS<\/strong><\/span><\/p>\n<address>\n<table style=\"border-collapse: collapse;width: 100%\" border=\"1\">\n<tbody>\n<tr>\n<td style=\"width: 33.3333%\"><img loading=\"lazy\" decoding=\"async\" width=\"150\" height=\"150\" class=\"alignnone size-thumbnail wp-image-12134\" src=\"https:\/\/direito.ufpr.br\/wp-content\/uploads\/2018\/10\/Andre-Giamberardino-e1540305997836-150x150.jpg\" alt=\"\"><\/td>\n<td style=\"width: 33.4235%\" width=\"378\">\n<p><span style=\"font-family: arial, helvetica, sans-serif\"><strong>ANDR\u00c9 RIBEIRO GIAMBERARDINO<\/strong><\/span><\/p>\n<p>Doutor em Direito<\/p>\n<p><em><span style=\"font-family: arial, helvetica, sans-serif\">Ingresso na institui\u00e7\u00e3o em 27.07.2010&nbsp;(em cess\u00e3o em outro \u00f3rg\u00e3o)<\/span><\/em><\/p>\n<\/td>\n<td style=\"text-align: center;width: 33.2882%\" width=\"331\"><address><strong><em><strong><em><img loading=\"lazy\" decoding=\"async\" width=\"34\" height=\"33\" class=\"alignnone wp-image-1650 size-full\" src=\"https:\/\/direito.ufpr.br\/wp-content\/uploads\/2013\/08\/lattes-1.png\" alt=\"lattes\"><\/em><\/strong> <a rel=\"noopener noreferrer\" href=\"http:\/\/buscatextual.cnpq.br\/buscatextual\/visualizacv.do?id=K4755241T8\" target=\"_blank\">Lattes<\/a> <strong><em><img loading=\"lazy\" decoding=\"async\" width=\"32\" height=\"32\" class=\"alignnone wp-image-1633\" src=\"https:\/\/direito.ufpr.br\/wp-content\/uploads\/2013\/06\/cnpq-e1372192590974-1.png\" alt=\"cnpq\"><\/em><\/strong> <a rel=\"noopener noreferrer\" href=\"http:\/\/dgp.cnpq.br\/dgp\/espelhorh\/0997816643711510\" target=\"_blank\">CNPq<\/a><\/em><\/strong><\/address><\/td>\n<\/tr>\n<tr>\n<td style=\"width: 33.3333%\"><img loading=\"lazy\" decoding=\"async\" width=\"150\" height=\"150\" class=\"alignnone wp-image-21387 size-thumbnail\" src=\"https:\/\/direito.ufpr.br\/wp-content\/uploads\/2020\/03\/Danielle-Anonni-150x150.jpg\" alt=\"\" srcset=\"https:\/\/direito.ufpr.br\/wp-content\/uploads\/2020\/03\/Danielle-Anonni-150x150.jpg 150w, https:\/\/direito.ufpr.br\/wp-content\/uploads\/2020\/03\/Danielle-Anonni-300x300.jpg 300w, https:\/\/direito.ufpr.br\/wp-content\/uploads\/2020\/03\/Danielle-Anonni.jpg 400w\" sizes=\"auto, (max-width: 150px) 100vw, 150px\" \/><\/td>\n<td style=\"width: 33.4235%\" width=\"378\">\n<p><span style=\"font-family: arial, helvetica, sans-serif\"><strong>DANIELLE ANNONI<\/strong><\/span><\/p>\n<p>Doutora em Direito<\/p>\n<p><em><span style=\"font-family: arial, helvetica, sans-serif\">Ingresso na institui\u00e7\u00e3o em 18.04.2018<\/span><\/em><\/p>\n<\/td>\n<td style=\"text-align: center;width: 33.2882%\" width=\"331\"><address><strong><em><strong><em><img loading=\"lazy\" decoding=\"async\" width=\"34\" height=\"33\" class=\"alignnone wp-image-1650 size-full\" src=\"https:\/\/direito.ufpr.br\/wp-content\/uploads\/2013\/08\/lattes-1.png\" alt=\"lattes\"><\/em><\/strong> <a rel=\"noopener noreferrer\" href=\"http:\/\/lattes.cnpq.br\/6879670263291053\" target=\"_blank\">Lattes<\/a> <strong><em><img loading=\"lazy\" decoding=\"async\" width=\"32\" height=\"32\" class=\"alignnone wp-image-1633\" src=\"https:\/\/direito.ufpr.br\/wp-content\/uploads\/2013\/06\/cnpq-e1372192590974-1.png\" alt=\"cnpq\"><\/em><\/strong><\/em><\/strong><strong><em> <a rel=\"noopener noreferrer\" href=\"http:\/\/dgp.cnpq.br\/dgp\/espelhorh\/6879670263291053\" target=\"_blank\">CNPq<\/a><\/em><\/strong><\/address><\/td>\n<\/tr>\n<tr>\n<td style=\"width: 33.3333%\"><img loading=\"lazy\" decoding=\"async\" width=\"150\" height=\"150\" class=\"alignnone size-thumbnail wp-image-12135\" src=\"https:\/\/direito.ufpr.br\/wp-content\/uploads\/2018\/10\/Leandro-Franklin-e1540306187888-150x150.jpg\" alt=\"\"><\/td>\n<td style=\"width: 33.4235%\" width=\"378\">\n<p><span style=\"font-family: arial, helvetica, sans-serif\"><strong>LEANDRO FRANKLIN GORSDORF<\/strong><\/span><\/p>\n<p>Doutor em Direito<\/p>\n<p><em><span style=\"font-family: arial, helvetica, sans-serif\">Ingresso na institui\u00e7\u00e3o em 04.02.2011<\/span><\/em><\/p>\n<\/td>\n<td style=\"text-align: center;width: 33.2882%\" width=\"331\"><address><strong><em><strong><em><img loading=\"lazy\" decoding=\"async\" width=\"34\" height=\"33\" class=\"alignnone wp-image-1650 size-full\" src=\"https:\/\/direito.ufpr.br\/wp-content\/uploads\/2013\/08\/lattes-1.png\" alt=\"lattes\"><\/em><\/strong> <a rel=\"noopener noreferrer\" href=\"http:\/\/lattes.cnpq.br\/4442105583996723\" target=\"_blank\">Lattes<\/a> <strong><em><img loading=\"lazy\" decoding=\"async\" width=\"32\" height=\"32\" class=\"alignnone wp-image-1633\" src=\"https:\/\/direito.ufpr.br\/wp-content\/uploads\/2013\/06\/cnpq-e1372192590974-1.png\" alt=\"cnpq\"><\/em><\/strong> <a rel=\"noopener noreferrer\" href=\"http:\/\/dgp.cnpq.br\/dgp\/espelhorh\/4442105583996723\" target=\"_blank\">CNPq<\/a><\/em><\/strong><\/address><\/td>\n<\/tr>\n<tr>\n<td style=\"width: 33.3333%\"><img loading=\"lazy\" decoding=\"async\" width=\"150\" height=\"150\" class=\"alignnone size-thumbnail wp-image-12136\" src=\"https:\/\/direito.ufpr.br\/wp-content\/uploads\/2018\/10\/Marcelo-Conrado-e1540306252928-150x150.jpg\" alt=\"\"><\/td>\n<td style=\"width: 33.4235%\" width=\"378\">\n<p><span style=\"font-family: arial, helvetica, sans-serif\"><strong>MARCELO MIGUEL CONRADO<\/strong><\/span><\/p>\n<p>Doutor em Direito<\/p>\n<p><em><span style=\"font-family: arial, helvetica, sans-serif\">Ingresso na institui\u00e7\u00e3o em 09.09.2010<\/span><\/em><\/p>\n<\/td>\n<td style=\"text-align: center;width: 33.2882%\" width=\"331\"><address><strong><em><strong><em><img loading=\"lazy\" decoding=\"async\" width=\"34\" height=\"33\" class=\"alignnone wp-image-1650 size-full\" src=\"https:\/\/direito.ufpr.br\/wp-content\/uploads\/2013\/08\/lattes-1.png\" alt=\"lattes\"><\/em><\/strong> <a rel=\"noopener noreferrer\" href=\"http:\/\/buscatextual.cnpq.br\/buscatextual\/visualizacv.do?id=K4164173Z2\" target=\"_blank\">Lattes<\/a> <strong><em><img loading=\"lazy\" decoding=\"async\" width=\"32\" height=\"32\" class=\"alignnone wp-image-1633\" src=\"https:\/\/direito.ufpr.br\/wp-content\/uploads\/2013\/06\/cnpq-e1372192590974-1.png\" alt=\"cnpq\"><\/em><\/strong><\/em><\/strong><strong><em> <a rel=\"noopener noreferrer\" href=\"http:\/\/dgp.cnpq.br\/dgp\/espelhorh\/3469653603954623\" target=\"_blank\">CNPq<\/a><\/em><\/strong><\/address><\/td>\n<\/tr>\n<tr>\n<td style=\"width: 33.3333%\"><img loading=\"lazy\" decoding=\"async\" width=\"150\" height=\"150\" class=\"alignnone size-thumbnail wp-image-12138\" src=\"https:\/\/direito.ufpr.br\/wp-content\/uploads\/2018\/10\/Marilia-Xavier-150x150.jpg\" alt=\"\"><\/td>\n<td style=\"width: 33.4235%\" width=\"378\">\n<p><span style=\"font-family: arial, helvetica, sans-serif\"><strong>MAR\u00cdLIA PEDROSO XAVIER<\/strong><\/span><\/p>\n<p>Doutora em Direito Civil<\/p>\n<p><em><span style=\"font-family: arial, helvetica, sans-serif\">Ingresso na institui\u00e7\u00e3o em 20.09.2016<\/span><\/em><\/p>\n<\/td>\n<td style=\"text-align: center;width: 33.2882%\" width=\"331\"><address><strong><em><strong><em><img loading=\"lazy\" decoding=\"async\" width=\"34\" height=\"33\" class=\"alignnone wp-image-1650 size-full\" src=\"https:\/\/direito.ufpr.br\/wp-content\/uploads\/2013\/08\/lattes-1.png\" alt=\"lattes\"><\/em><\/strong> <a rel=\"noopener noreferrer\" href=\"http:\/\/buscatextual.cnpq.br\/buscatextual\/visualizacv.do?id=K4260501J1\" target=\"_blank\">Lattes<\/a> <strong><em><img loading=\"lazy\" decoding=\"async\" width=\"32\" height=\"32\" class=\"alignnone wp-image-1633\" src=\"https:\/\/direito.ufpr.br\/wp-content\/uploads\/2013\/06\/cnpq-e1372192590974-1.png\" alt=\"cnpq\"><\/em><\/strong><\/em><\/strong><strong><em> <a rel=\"noopener noreferrer\" href=\"http:\/\/dgp.cnpq.br\/dgp\/espelhorh\/9828738337740597\" target=\"_blank\">CNPq<\/a><\/em><\/strong><\/address><\/td>\n<\/tr>\n<td style=\"width: 33.3333%\"><img loading=\"lazy\" decoding=\"async\" width=\"150\" height=\"150\" class=\"alignnone size-thumbnail wp-image-12139\" src=\"https:\/\/direito.ufpr.br\/wp-content\/uploads\/2018\/10\/Roberto-Del-Claro-e1540306419110-150x150.jpg\" alt=\"\"><\/td>\n<td style=\"width: 33.4235%\" width=\"378\">\n<p><span style=\"font-family: arial, helvetica, sans-serif\"><strong>ROBERTO BENGHI DEL CLARO<\/strong><\/span><\/p>\n<p>Doutor em Direito Processual<\/p>\n<p><em><span style=\"font-family: arial, helvetica, sans-serif\">Ingresso na institui\u00e7\u00e3o em 22.07.2010<\/span><\/em><\/p>\n<\/td>\n<td style=\"text-align: center;width: 33.2882%\" width=\"331\"><address><strong><em><strong><em><img loading=\"lazy\" decoding=\"async\" width=\"34\" height=\"33\" class=\"alignnone wp-image-1650 size-full\" src=\"https:\/\/direito.ufpr.br\/wp-content\/uploads\/2013\/08\/lattes-1.png\" alt=\"lattes\"><\/em><\/strong> <a rel=\"noopener noreferrer\" href=\"http:\/\/buscatextual.cnpq.br\/buscatextual\/visualizacv.do?id=K4771136E7\" target=\"_blank\">Lattes<\/a> <strong><em><img loading=\"lazy\" decoding=\"async\" width=\"32\" height=\"32\" class=\"alignnone wp-image-1633\" src=\"https:\/\/direito.ufpr.br\/wp-content\/uploads\/2013\/06\/cnpq-e1372192590974-1.png\" alt=\"cnpq\"><\/em><\/strong><\/em><\/strong><strong><em> <a rel=\"noopener noreferrer\" href=\"http:\/\/dgp.cnpq.br\/dgp\/espelhorh\/7950609008849397\" target=\"_blank\">CNPq<\/a><\/em><\/strong><\/address><\/td>\n<\/tr>\n<td style=\"width: 33.3333%\"><img loading=\"lazy\" decoding=\"async\" width=\"150\" height=\"150\" class=\"alignnone size-thumbnail wp-image-12139\" src=\"https:\/\/direito.ufpr.br\/wp-content\/uploads\/2024\/08\/Rodrigo-Leite-Ferreira-Cabral-2.gif\" alt=\"\"><\/td>\n<td style=\"width: 33.4235%\" width=\"378\">\n<p><span style=\"font-family: arial, helvetica, sans-serif\"><strong>RODRIGO LEITE FERREIRA CABRAL<\/strong><\/span><\/p>\n<p>Doutor em Ci\u00eancias Jur\u00eddicas e Pol\u00edticas<\/p>\n<p><em><span style=\"font-family: arial, helvetica, sans-serif\">Ingresso na institui\u00e7\u00e3o em 02.08.2024<\/span><\/em><\/p>\n<\/td>\n<td style=\"text-align: center;width: 33.2882%\" width=\"331\"><address><strong><em><strong><em><img loading=\"lazy\" decoding=\"async\" width=\"34\" height=\"33\" class=\"alignnone wp-image-1650 size-full\" src=\"https:\/\/direito.ufpr.br\/wp-content\/uploads\/2013\/08\/lattes-1.png\" alt=\"lattes\"><\/em><\/strong> <a rel=\"noopener noreferrer\" href=\"http:\/\/lattes.cnpq.br\/9184059229359738\" target=\"_blank\">Lattes<\/a> <strong><em><img loading=\"lazy\" decoding=\"async\" width=\"32\" height=\"32\" class=\"alignnone wp-image-1633\" src=\"https:\/\/direito.ufpr.br\/wp-content\/uploads\/2013\/06\/cnpq-e1372192590974-1.png\" alt=\"cnpq\"><\/em><\/strong><\/em><\/strong><strong><em> <a rel=\"noopener noreferrer\" href=\"http:\/\/dgp.cnpq.br\/dgp\/espelhorh\/9184059229359738\" target=\"_blank\">CNPq<\/a><\/em><\/strong><\/address><\/td>\n<tr>\n<td style=\"width: 33.3333%\"><img loading=\"lazy\" decoding=\"async\" width=\"150\" height=\"150\" class=\"alignnone wp-image-18861 size-thumbnail\" src=\"https:\/\/direito.ufpr.br\/wp-content\/uploads\/2019\/10\/Rui-Dissenha-150x150.png\" alt=\"\"><\/td>\n<td style=\"width: 33.4235%\" width=\"378\">\n<p><span style=\"font-family: arial, helvetica, sans-serif\"><strong>RUI CARLO DISSENHA<\/strong><\/span><\/p>\n<p>Doutor em Direito<\/p>\n<p><em><span style=\"font-family: arial, helvetica, sans-serif\">Ingresso na institui\u00e7\u00e3o em 21.08.2015<\/span><\/em><\/p>\n<\/td>\n<td style=\"text-align: center;width: 33.2882%\" width=\"331\"><address><strong><em><strong><em><img loading=\"lazy\" decoding=\"async\" width=\"34\" height=\"33\" class=\"alignnone wp-image-1650 size-full\" src=\"https:\/\/direito.ufpr.br\/wp-content\/uploads\/2013\/08\/lattes-1.png\" alt=\"lattes\"><\/em><\/strong> <a rel=\"noopener noreferrer\" href=\"http:\/\/buscatextual.cnpq.br\/buscatextual\/visualizacv.do?metodo=apresentar&amp;id=K4737740J0\" target=\"_blank\">Lattes<\/a> <strong><em><img loading=\"lazy\" decoding=\"async\" width=\"32\" height=\"32\" class=\"alignnone wp-image-1633\" src=\"https:\/\/direito.ufpr.br\/wp-content\/uploads\/2013\/06\/cnpq-e1372192590974-1.png\" alt=\"cnpq\"><\/em><\/strong><\/em><\/strong><strong><em> <a rel=\"noopener noreferrer\" href=\"http:\/\/dgp.cnpq.br\/dgp\/espelhorh\/4023717510453385\" target=\"_blank\">CNPq<\/a><\/em><\/strong><\/address><\/td>\n<\/tr>\n<tr>\n<td style=\"width: 33.3333%\"><img loading=\"lazy\" decoding=\"async\" width=\"150\" height=\"150\" class=\"alignnone wp-image-12152 size-thumbnail\" src=\"https:\/\/direito.ufpr.br\/wp-content\/uploads\/2018\/10\/Sandro-Lunard-1-e1540308681691-150x150.jpg\" alt=\"\"><\/td>\n<td style=\"width: 33.4235%\" width=\"378\">\n<p><span style=\"font-family: arial, helvetica, sans-serif\"><strong>SANDRO LUNARD NICOLADELI<\/strong><\/span><\/p>\n<p>Doutor em Direito<\/p>\n<p><em><span style=\"font-family: arial, helvetica, sans-serif\">Ingresso na institui\u00e7\u00e3o em 17.01.2011<\/span><\/em><\/p>\n<\/td>\n<td style=\"text-align: center;width: 33.2882%\" width=\"331\"><address><strong><em><strong><em><img loading=\"lazy\" decoding=\"async\" width=\"34\" height=\"33\" class=\"alignnone wp-image-1650 size-full\" src=\"https:\/\/direito.ufpr.br\/wp-content\/uploads\/2013\/08\/lattes-1.png\" alt=\"lattes\"><\/em><\/strong> <a rel=\"noopener noreferrer\" href=\"http:\/\/lattes.cnpq.br\/3317736532048248\" target=\"_blank\">Lattes<\/a> <strong><em><img loading=\"lazy\" decoding=\"async\" width=\"32\" height=\"32\" class=\"alignnone wp-image-1633\" src=\"https:\/\/direito.ufpr.br\/wp-content\/uploads\/2013\/06\/cnpq-e1372192590974-1.png\" alt=\"cnpq\"><\/em><\/strong><\/em><\/strong><strong><em> <a rel=\"noopener noreferrer\" href=\"http:\/\/dgp.cnpq.br\/dgp\/espelhorh\/3317736532048248\" target=\"_blank\">CNPq<\/a><\/em><\/strong><\/address><\/td>\n<\/tr>\n<tr>\n<td style=\"width: 33.3333%\"><img loading=\"lazy\" decoding=\"async\" width=\"150\" height=\"150\" class=\"alignnone wp-image-12151 size-thumbnail\" src=\"https:\/\/direito.ufpr.br\/wp-content\/uploads\/2018\/10\/Sidnei-1-e1540308605875-150x150.jpg\" alt=\"\"><\/td>\n<td style=\"width: 33.4235%\" width=\"378\">\n<p><span style=\"font-family: arial, helvetica, sans-serif\"><strong>SIDNEI MACHADO<\/strong><\/span><\/p>\n<p>Doutor em Direito<\/p>\n<p><em><span style=\"font-family: arial, helvetica, sans-serif\">Ingresso na institui\u00e7\u00e3o em 29.02.2012<\/span><\/em><\/p>\n<\/td>\n<td style=\"text-align: center;width: 33.2882%\" width=\"331\"><strong><em><strong><em><img loading=\"lazy\" decoding=\"async\" width=\"34\" height=\"33\" class=\"alignnone wp-image-1650 size-full\" src=\"https:\/\/direito.ufpr.br\/wp-content\/uploads\/2013\/08\/lattes-1.png\" alt=\"lattes\"><\/em><\/strong> <a rel=\"noopener noreferrer\" href=\"http:\/\/buscatextual.cnpq.br\/buscatextual\/visualizacv.do?id=K4737786E0\" target=\"_blank\">Lattes<\/a> <strong><em><img loading=\"lazy\" decoding=\"async\" width=\"32\" height=\"32\" class=\"alignnone wp-image-1633\" src=\"https:\/\/direito.ufpr.br\/wp-content\/uploads\/2013\/06\/cnpq-e1372192590974-1.png\" alt=\"cnpq\"><\/em><\/strong><\/em><\/strong><strong><em> <a rel=\"noopener noreferrer\" href=\"http:\/\/dgp.cnpq.br\/dgp\/espelhorh\/1779615059502476\" target=\"_blank\">CNPq<\/a><\/em><\/strong><\/td>\n<\/tr>\n<tr>\n<td style=\"width: 33.3333%\"><img loading=\"lazy\" decoding=\"async\" width=\"150\" height=\"150\" class=\"alignnone size-thumbnail wp-image-12150\" src=\"https:\/\/direito.ufpr.br\/wp-content\/uploads\/2018\/10\/Taysa-1-150x150.jpg\" alt=\"\" srcset=\"https:\/\/direito.ufpr.br\/wp-content\/uploads\/2018\/10\/Taysa-1-150x150.jpg 150w, https:\/\/direito.ufpr.br\/wp-content\/uploads\/2018\/10\/Taysa-1-300x300.jpg 300w, https:\/\/direito.ufpr.br\/wp-content\/uploads\/2018\/10\/Taysa-1.jpg 338w\" sizes=\"auto, (max-width: 150px) 100vw, 150px\" \/><\/td>\n<td style=\"width: 33.4235%\" width=\"378\">\n<p><span style=\"font-family: arial, helvetica, sans-serif\"><strong>TAYSA SCHIOCCHET<\/strong><\/span><\/p>\n<p>Doutora em Direito<\/p>\n<p><em><span style=\"font-family: arial, helvetica, sans-serif\">Ingresso na institui\u00e7\u00e3o em 04.03.2016<\/span><\/em><\/p>\n<\/td>\n<td style=\"width: 33.2882%;text-align: center\"><strong><em><img loading=\"lazy\" decoding=\"async\" width=\"34\" height=\"33\" class=\"alignnone wp-image-1650 size-full\" src=\"https:\/\/direito.ufpr.br\/wp-content\/uploads\/2013\/08\/lattes-1.png\" alt=\"lattes\"> <a rel=\"noopener noreferrer\" href=\"http:\/\/lattes.cnpq.br\/4551065746013148\" target=\"_blank\">Lattes<\/a> <img loading=\"lazy\" decoding=\"async\" width=\"32\" height=\"32\" class=\"alignnone wp-image-1633\" src=\"https:\/\/direito.ufpr.br\/wp-content\/uploads\/2013\/06\/cnpq-e1372192590974-1.png\" alt=\"cnpq\"><\/em><\/strong><strong><em> <a rel=\"noopener noreferrer\" href=\"http:\/\/dgp.cnpq.br\/dgp\/espelhorh\/4551065746013148\" target=\"_blank\">CNPq<\/a><\/em><\/strong><\/td>\n<\/tr>\n<\/tbody>\n<\/table>\n<\/address><\/address>\n<\/div><\/div>\n<\/div>\n<\/div>\n<\/div><\/div>\n<\/div><\/div>\n<\/div><\/div>\n<\/div><\/div>\n\n\n\n<p class=\"has-small-font-size\">Atualizado 09\/09\/2024<\/p>\n","protected":false},"excerpt":{"rendered":"<p>DEPARTAMENTO DE DIREITO CIVIL E PROCESSUAL CIVIL ADRIANA ESP\u00cdNDOLA CORR\u00caA Doutora em Direito Ingresso na institui\u00e7\u00e3o em 23.12.2015 Lattes&nbsp;&nbsp; CNPq ANA CARLA HARMATIUK MATOS Doutora em Direito Ingresso na institui\u00e7\u00e3o em 03.08.2006 Lattes CNPq CARLOS EDUARDO PIANOVSKI RUZYK Doutor em Direito Ingresso na institui\u00e7\u00e3o em 21.01.2008 Lattes CNPq CLAYTON DE ALBUQUERQUE MARANH\u00c3O Doutor em Direito [&hellip;]<\/p>\n","protected":false},"author":54,"featured_media":0,"parent":9534,"menu_order":0,"comment_status":"closed","ping_status":"closed","template":"","meta":{"_acf_changed":false,"_eb_attr":"","footnotes":""},"class_list":["post-433","page","type-page","status-publish","hentry"],"acf":[],"_links":{"self":[{"href":"https:\/\/direito.ufpr.br\/index.php?rest_route=\/wp\/v2\/pages\/433","targetHints":{"allow":["GET"]}}],"collection":[{"href":"https:\/\/direito.ufpr.br\/index.php?rest_route=\/wp\/v2\/pages"}],"about":[{"href":"https:\/\/direito.ufpr.br\/index.php?rest_route=\/wp\/v2\/types\/page"}],"author":[{"embeddable":true,"href":"https:\/\/direito.ufpr.br\/index.php?rest_route=\/wp\/v2\/users\/54"}],"replies":[{"embeddable":true,"href":"https:\/\/direito.ufpr.br\/index.php?rest_route=%2Fwp%2Fv2%2Fcomments&post=433"}],"version-history":[{"count":444,"href":"https:\/\/direito.ufpr.br\/index.php?rest_route=\/wp\/v2\/pages\/433\/revisions"}],"predecessor-version":[{"id":51983,"href":"https:\/\/direito.ufpr.br\/index.php?rest_route=\/wp\/v2\/pages\/433\/revisions\/51983"}],"up":[{"embeddable":true,"href":"https:\/\/direito.ufpr.br\/index.php?rest_route=\/wp\/v2\/pages\/9534"}],"wp:attachment":[{"href":"https:\/\/direito.ufpr.br\/index.php?rest_route=%2Fwp%2Fv2%2Fmedia&parent=433"}],"curies":[{"name":"wp","href":"https:\/\/api.w.org\/{rel}","templated":true}]}}