{"id":46908,"date":"2024-04-01T12:06:42","date_gmt":"2024-04-01T15:06:42","guid":{"rendered":"\/?page_id=46908"},"modified":"2024-04-01T12:24:39","modified_gmt":"2024-04-01T15:24:39","slug":"eventos-realizados","status":"publish","type":"page","link":"https:\/\/direito.ufpr.br\/?page_id=46908","title":{"rendered":"EVENTOS REALIZADOS"},"content":{"rendered":"\n<p class=\"has-text-align-center has-medium-font-size\"><strong>2024<\/strong><\/p>\n\n\n\n<figure class=\"wp-block-table\"><table><tbody><tr><td class=\"has-text-align-center\" data-align=\"center\"><strong>EVENTO<\/strong><\/td><td class=\"has-text-align-center\" data-align=\"center\"><strong>COORDENADOR(A)<\/strong><\/td><td class=\"has-text-align-center\" data-align=\"center\"><strong>IN\u00cdCIO<\/strong><\/td><td class=\"has-text-align-center\" data-align=\"center\"><strong>FIM<\/strong><\/td><\/tr><tr><td class=\"has-text-align-center\" data-align=\"center\">Semana da Calourada 2024 &#8211; &#8220;Ponto de Partida: o In\u00edcio de uma Jornada&#8221;<\/td><td class=\"has-text-align-center\" data-align=\"center\">ANDRE PEIXOTO DE SOUZA<\/td><td class=\"has-text-align-center\" data-align=\"center\">26\/02\/2024<\/td><td class=\"has-text-align-center\" data-align=\"center\">01\/03\/2024<\/td><\/tr><tr><td class=\"has-text-align-center\" data-align=\"center\">Direitos Humanos, Empresas e Minera\u00e7\u00e3o<\/td><td class=\"has-text-align-center\" data-align=\"center\">KATYA REGINA ISAGUIRRE TORRES<\/td><td class=\"has-text-align-center\" data-align=\"center\">21\/02\/2024<\/td><td class=\"has-text-align-center\" data-align=\"center\">21\/02\/2024<\/td><\/tr><\/tbody><\/table><\/figure>\n\n\n\n<p class=\"has-text-align-center has-medium-font-size\"><strong>2023<\/strong><\/p>\n\n\n\n<figure class=\"wp-block-table\"><table><tbody><tr><td class=\"has-text-align-center\" data-align=\"center\"><strong>EVENTO<\/strong><\/td><td class=\"has-text-align-center\" data-align=\"center\"><strong>COORDENADOR(A)<\/strong><\/td><td class=\"has-text-align-center\" data-align=\"center\"><strong>IN\u00cdCIO<\/strong><\/td><td class=\"has-text-align-center\" data-align=\"center\"><strong>FIM<\/strong><\/td><\/tr><tr><td class=\"has-text-align-center\" data-align=\"center\">Roda de Conversa: Maternidades no contexto acad\u00eamico<\/td><td class=\"has-text-align-center\" data-align=\"center\">TAYSA SCHIOCCHET<\/td><td class=\"has-text-align-center\" data-align=\"center\">10\/11\/2023<\/td><td class=\"has-text-align-center\" data-align=\"center\">10\/11\/2023<\/td><\/tr><tr><td class=\"has-text-align-center\" data-align=\"center\">Direito e (S)aben\u00e7as: por uma afroepistemologia de ax\u00e9<\/td><td class=\"has-text-align-center\" data-align=\"center\">THIAGO DE AZEVEDO PINHEIRO HOSHINO<\/td><td class=\"has-text-align-center\" data-align=\"center\">08\/11\/2023<\/td><td class=\"has-text-align-center\" data-align=\"center\">08\/11\/2023<\/td><\/tr><tr><td class=\"has-text-align-center\" data-align=\"center\">Legal Lab: Oficina de orat\u00f3ria<\/td><td class=\"has-text-align-center\" data-align=\"center\">TAYSA SCHIOCCHET<\/td><td class=\"has-text-align-center\" data-align=\"center\">26\/10\/2023<\/td><td class=\"has-text-align-center\" data-align=\"center\">26\/10\/2023<\/td><\/tr><tr><td class=\"has-text-align-center\" data-align=\"center\">Sociologia e Direito: Leituras Contempor\u00e2neas<\/td><td class=\"has-text-align-center\" data-align=\"center\">MANOEL EDUARDO ALVES CAMARGO E GOMES<\/td><td class=\"has-text-align-center\" data-align=\"center\">10\/10\/2023<\/td><td class=\"has-text-align-center\" data-align=\"center\">14\/11\/2023<\/td><\/tr><tr><td class=\"has-text-align-center\" data-align=\"center\">Legal Lab: Oficina de relato de experi\u00eancia<\/td><td class=\"has-text-align-center\" data-align=\"center\">TAYSA SCHIOCCHET<\/td><td class=\"has-text-align-center\" data-align=\"center\">05\/10\/2023<\/td><td class=\"has-text-align-center\" data-align=\"center\">05\/10\/2023<\/td><\/tr><tr><td class=\"has-text-align-center\" data-align=\"center\">J\u00fari Simulado &#8211; IURIS TRIVIUM x FAPI<\/td><td class=\"has-text-align-center\" data-align=\"center\">ANDRE PEIXOTO DE SOUZA<\/td><td class=\"has-text-align-center\" data-align=\"center\">30\/09\/2023<\/td><td class=\"has-text-align-center\" data-align=\"center\">30\/09\/2023<\/td><\/tr><tr><td class=\"has-text-align-center\" data-align=\"center\">II Rodadas de Pesquisa em Processo Civil: Prova estat\u00edstica e Processo Estrutural<\/td><td class=\"has-text-align-center\" data-align=\"center\">SERGIO CRUZ ARENHART<\/td><td class=\"has-text-align-center\" data-align=\"center\">27\/09\/2023<\/td><td class=\"has-text-align-center\" data-align=\"center\">27\/09\/2023<\/td><\/tr><tr><td class=\"has-text-align-center\" data-align=\"center\">Semin\u00e1rio &#8211; Conflitos socioambientais: a prote\u00e7\u00e3o de defensores e defensoras de direitos humanos<\/td><td class=\"has-text-align-center\" data-align=\"center\">KATYA REGINA ISAGUIRRE TORRES<\/td><td class=\"has-text-align-center\" data-align=\"center\">26\/09\/2023<\/td><td class=\"has-text-align-center\" data-align=\"center\">26\/09\/2023<\/td><\/tr><tr><td class=\"has-text-align-center\" data-align=\"center\">II Rodadas de Pesquisa em Processo Civil: Controle Estadual de Constitucionalidade<\/td><td class=\"has-text-align-center\" data-align=\"center\">SERGIO CRUZ ARENHART<\/td><td class=\"has-text-align-center\" data-align=\"center\">20\/09\/2023<\/td><td class=\"has-text-align-center\" data-align=\"center\">20\/09\/2023<\/td><\/tr><tr><td class=\"has-text-align-center\" data-align=\"center\">II Rodadas de Pesquisa em Processo Civil: Dispute Boards e Teoria Geral do Processo<\/td><td class=\"has-text-align-center\" data-align=\"center\">SERGIO CRUZ ARENHART<\/td><td class=\"has-text-align-center\" data-align=\"center\">14\/09\/2023<\/td><td class=\"has-text-align-center\" data-align=\"center\">14\/09\/2023<\/td><\/tr><tr><td class=\"has-text-align-center\" data-align=\"center\">Oficina de peticionamento<\/td><td class=\"has-text-align-center\" data-align=\"center\">TAYSA SCHIOCCHET<\/td><td class=\"has-text-align-center\" data-align=\"center\">14\/09\/2023<\/td><td class=\"has-text-align-center\" data-align=\"center\">14\/09\/2023<\/td><\/tr><tr><td class=\"has-text-align-center\" data-align=\"center\">II Rodadas de Pesquisa em Processo Civil: Recursos no IRDR e o Sistema Federativo<\/td><td class=\"has-text-align-center\" data-align=\"center\">SERGIO CRUZ ARENHART<\/td><td class=\"has-text-align-center\" data-align=\"center\">12\/09\/2023<\/td><td class=\"has-text-align-center\" data-align=\"center\">12\/09\/2023<\/td><\/tr><tr><td class=\"has-text-align-center\" data-align=\"center\">Legal Lab Ux Design e Design da Informa\u00e7\u00e3o<\/td><td class=\"has-text-align-center\" data-align=\"center\">TAYSA SCHIOCCHET<\/td><td class=\"has-text-align-center\" data-align=\"center\">31\/08\/2023<\/td><td class=\"has-text-align-center\" data-align=\"center\">31\/08\/2023<\/td><\/tr><tr><td class=\"has-text-align-center\" data-align=\"center\">Temas atuais sobre jurisdi\u00e7\u00e3o<\/td><td class=\"has-text-align-center\" data-align=\"center\">EDUARDO TALAMINI<\/td><td class=\"has-text-align-center\" data-align=\"center\">29\/08\/2023<\/td><td class=\"has-text-align-center\" data-align=\"center\">29\/08\/2023<\/td><\/tr><tr><td class=\"has-text-align-center\" data-align=\"center\">Oficina sobre Teoria Fundada em Dados<\/td><td class=\"has-text-align-center\" data-align=\"center\">TAYSA SCHIOCCHET<\/td><td class=\"has-text-align-center\" data-align=\"center\">24\/08\/2023<\/td><td class=\"has-text-align-center\" data-align=\"center\">24\/08\/2023<\/td><\/tr><tr><td class=\"has-text-align-center\" data-align=\"center\">II Semana de Carreiras Jur\u00eddicas<\/td><td class=\"has-text-align-center\" data-align=\"center\">CLAYTON DE ALBUQUERQUE MARANHAO<\/td><td class=\"has-text-align-center\" data-align=\"center\">22\/08\/2023<\/td><td class=\"has-text-align-center\" data-align=\"center\">23\/08\/2023<\/td><\/tr><tr><td class=\"has-text-align-center\" data-align=\"center\">Homenagem do Setor de Ci\u00eancias Jur\u00eddicas da UFPR ao Professor Elimar Szaniavski<\/td><td class=\"has-text-align-center\" data-align=\"center\">ADRIANA ESPINDOLA CORREA<\/td><td class=\"has-text-align-center\" data-align=\"center\">18\/08\/2023<\/td><td class=\"has-text-align-center\" data-align=\"center\">18\/08\/2023<\/td><\/tr><tr><td class=\"has-text-align-center\" data-align=\"center\">Oficina de litig\u00e2ncia estrat\u00e9gica em direitos sexuais e reprodutivos<\/td><td class=\"has-text-align-center\" data-align=\"center\">TAYSA SCHIOCCHET<\/td><td class=\"has-text-align-center\" data-align=\"center\">10\/08\/2023<\/td><td class=\"has-text-align-center\" data-align=\"center\">10\/08\/2023<\/td><\/tr><tr><td class=\"has-text-align-center\" data-align=\"center\">Tecidos de Luta: \u00e1guas para a vida- Saberes Manuais, feminismo e resist\u00eancia<\/td><td class=\"has-text-align-center\" data-align=\"center\">LEANDRO FRANKLIN GORSDORF<\/td><td class=\"has-text-align-center\" data-align=\"center\">09\/08\/2023<\/td><td class=\"has-text-align-center\" data-align=\"center\">09\/08\/2023<\/td><\/tr><tr><td class=\"has-text-align-center\" data-align=\"center\">Evento Internacional &#8211; Direitos Humanos no Mercosul: Mem\u00f3ria Verdade e Justi\u00e7a<\/td><td class=\"has-text-align-center\" data-align=\"center\">ADRIANA ESPINDOLA CORREA<\/td><td class=\"has-text-align-center\" data-align=\"center\">19\/06\/2023<\/td><td class=\"has-text-align-center\" data-align=\"center\">20\/06\/2023<\/td><\/tr><tr><td class=\"has-text-align-center\" data-align=\"center\">IV Semin\u00e1rio de forma\u00e7\u00e3o em direito socioambiental: racismo ambiental<\/td><td class=\"has-text-align-center\" data-align=\"center\">KATYA REGINA ISAGUIRRE TORRES<\/td><td class=\"has-text-align-center\" data-align=\"center\">15\/06\/2023<\/td><td class=\"has-text-align-center\" data-align=\"center\">15\/06\/2023<\/td><\/tr><tr><td class=\"has-text-align-center\" data-align=\"center\">Ciclo de Oficinas \u2013 Pesquisa Emp\u00edrica e Entrevistas<\/td><td class=\"has-text-align-center\" data-align=\"center\">TAYSA SCHIOCCHET<\/td><td class=\"has-text-align-center\" data-align=\"center\">14\/06\/2023<\/td><td class=\"has-text-align-center\" data-align=\"center\">16\/06\/2023<\/td><\/tr><tr><td class=\"has-text-align-center\" data-align=\"center\">Tecidos de luta:\u00e1guas para vida. Roda de Conversa&#8221;MAB e os conflitos socio-ambientais&#8221;<\/td><td class=\"has-text-align-center\" data-align=\"center\">LEANDRO FRANKLIN GORSDORF<\/td><td class=\"has-text-align-center\" data-align=\"center\">14\/06\/2023<\/td><td class=\"has-text-align-center\" data-align=\"center\">14\/06\/2023<\/td><\/tr><tr><td class=\"has-text-align-center\" data-align=\"center\">REFORMA TRIBUT\u00c1RIA E EXTRAFISCALIDADE<\/td><td class=\"has-text-align-center\" data-align=\"center\">BETINA TREIGER GRUPENMACHER<\/td><td class=\"has-text-align-center\" data-align=\"center\">02\/06\/2023<\/td><td class=\"has-text-align-center\" data-align=\"center\">02\/06\/2023<\/td><\/tr><tr><td class=\"has-text-align-center\" data-align=\"center\">III Semin\u00e1rio de forma\u00e7\u00e3o em direito socioambiental: justi\u00e7a clim\u00e1tica e mercantiliza\u00e7\u00e3o da natureza<\/td><td class=\"has-text-align-center\" data-align=\"center\">KATYA REGINA ISAGUIRRE TORRES<\/td><td class=\"has-text-align-center\" data-align=\"center\">01\/06\/2023<\/td><td class=\"has-text-align-center\" data-align=\"center\">01\/06\/2023<\/td><\/tr><tr><td class=\"has-text-align-center\" data-align=\"center\">Ado\u00e7\u00e3o e acolhimento nos 32 anos do Estatuto da Crian\u00e7a e do Adolescente<\/td><td class=\"has-text-align-center\" data-align=\"center\">ANA CARLA HARMATIUK MATOS<\/td><td class=\"has-text-align-center\" data-align=\"center\">24\/05\/2023<\/td><td class=\"has-text-align-center\" data-align=\"center\">24\/05\/2023<\/td><\/tr><tr><td class=\"has-text-align-center\" data-align=\"center\">II Semin\u00e1rio de forma\u00e7\u00e3o em direito socioambiental: extrativismos e desenvolvimento no contexto latino-americano<\/td><td class=\"has-text-align-center\" data-align=\"center\">KATYA REGINA ISAGUIRRE TORRES<\/td><td class=\"has-text-align-center\" data-align=\"center\">11\/05\/2023<\/td><td class=\"has-text-align-center\" data-align=\"center\">11\/05\/2023<\/td><\/tr><tr><td class=\"has-text-align-center\" data-align=\"center\">\u201cConvite \u00e0 Carreira Diplom\u00e1tica\u201d<\/td><td class=\"has-text-align-center\" data-align=\"center\">MELINA GIRARDI FACHIN<\/td><td class=\"has-text-align-center\" data-align=\"center\">28\/04\/2023<\/td><td class=\"has-text-align-center\" data-align=\"center\">28\/04\/2023<\/td><\/tr><tr><td class=\"has-text-align-center\" data-align=\"center\">Semin\u00e1rio de forma\u00e7\u00e3o em direito socioambiental: a colonialidade da natureza<\/td><td class=\"has-text-align-center\" data-align=\"center\">KATYA REGINA ISAGUIRRE TORRES<\/td><td class=\"has-text-align-center\" data-align=\"center\">27\/04\/2023<\/td><td class=\"has-text-align-center\" data-align=\"center\">27\/04\/2023<\/td><\/tr><tr><td class=\"has-text-align-center\" data-align=\"center\">Confer\u00eancia sobre viol\u00eancia de g\u00eanero nas universidades<\/td><td class=\"has-text-align-center\" data-align=\"center\">TAYSA SCHIOCCHET<\/td><td class=\"has-text-align-center\" data-align=\"center\">13\/04\/2023<\/td><td class=\"has-text-align-center\" data-align=\"center\">13\/04\/2023<\/td><\/tr><tr><td class=\"has-text-align-center\" data-align=\"center\">II Semin\u00e1rio De Integra\u00e7\u00e3o E Imers\u00e3o Em Pesquisa &#8211; CDH<\/td><td class=\"has-text-align-center\" data-align=\"center\">TAYSA SCHIOCCHET<\/td><td class=\"has-text-align-center\" data-align=\"center\">13\/04\/2023<\/td><td class=\"has-text-align-center\" data-align=\"center\">14\/04\/2023<\/td><\/tr><tr><td class=\"has-text-align-center\" data-align=\"center\">Apresenta\u00e7\u00e3o e Debate do Filme<\/td><td class=\"has-text-align-center\" data-align=\"center\">LEANDRO FRANKLIN GORSDORF<\/td><td class=\"has-text-align-center\" data-align=\"center\">16\/03\/2023<\/td><td class=\"has-text-align-center\" data-align=\"center\">16\/03\/2023<\/td><\/tr><tr><td class=\"has-text-align-center\" data-align=\"center\">I Semin\u00e1rio \u0093A pris\u00e3o no banco dos r\u00e9us\u0094<\/td><td class=\"has-text-align-center\" data-align=\"center\">KATIE SILENE CACERES ARGUELLO<\/td><td class=\"has-text-align-center\" data-align=\"center\">08\/02\/2023<\/td><td class=\"has-text-align-center\" data-align=\"center\">08\/03\/2023<\/td><\/tr><tr><td class=\"has-text-align-center\" data-align=\"center\">I Congresso de Direito e Religi\u00e3o<\/td><td class=\"has-text-align-center\" data-align=\"center\">MARIA CANDIDA PIRES VIEIRA DO AMARAL KROETZ<\/td><td class=\"has-text-align-center\" data-align=\"center\">02\/02\/2023<\/td><td class=\"has-text-align-center\" data-align=\"center\">03\/02\/2023<\/td><\/tr><tr><td class=\"has-text-align-center\" data-align=\"center\">Desafios da Pesquisa Emp\u00edrica em Direito<\/td><td class=\"has-text-align-center\" data-align=\"center\">ADRIANA ESPINDOLA CORREA<\/td><td class=\"has-text-align-center\" data-align=\"center\">08\/12\/2022<\/td><td class=\"has-text-align-center\" data-align=\"center\">08\/12\/2022<\/td><\/tr><tr><td class=\"has-text-align-center\" data-align=\"center\">Assessoria jur\u00eddica para cria\u00e7\u00e3o de associa\u00e7\u00e3o de artes\u00e3os &#8211; Parte I<\/td><td class=\"has-text-align-center\" data-align=\"center\">MARCELO MIGUEL CONRADO<\/td><td class=\"has-text-align-center\" data-align=\"center\">03\/11\/2022<\/td><td class=\"has-text-align-center\" data-align=\"center\">13\/02\/2023<\/td><\/tr><\/tbody><\/table><\/figure>\n\n\n\n<p class=\"has-text-align-center has-medium-font-size\"><strong>2022<\/strong><\/p>\n\n\n\n<figure class=\"wp-block-table\"><table><tbody><tr><td class=\"has-text-align-center\" data-align=\"center\"><strong>EVENTO<\/strong><\/td><td class=\"has-text-align-center\" data-align=\"center\"><strong>COORDENADOR(A)<\/strong><\/td><td class=\"has-text-align-center\" data-align=\"center\"><strong>IN\u00cdCIO<\/strong><\/td><td class=\"has-text-align-center\" data-align=\"center\"><strong>FIM<\/strong><\/td><\/tr><tr><td class=\"has-text-align-center\" data-align=\"center\">Lan\u00e7amento dos livros: Novos Estudos sobre a Concep\u00e7\u00e3o Significativa da A\u00e7\u00e3o? e ?An\u00e1lise Jur\u00eddico-penal da trag\u00e9dia de Mariana: o Caso Samarco? e apresenta\u00e7\u00e3o dos respectivos artigos da obra.<\/td><td class=\"has-text-align-center\" data-align=\"center\">ANDRE PEIXOTO DE SOUZA<\/td><td class=\"has-text-align-center\" data-align=\"center\">27\/10\/2022<\/td><td class=\"has-text-align-center\" data-align=\"center\">27\/10\/2022<\/td><\/tr><tr><td class=\"has-text-align-center\" data-align=\"center\">Lan\u00e7amento e debate do livro Manual de Educa\u00e7\u00e3o Jur\u00eddica Antirracista<\/td><td class=\"has-text-align-center\" data-align=\"center\">THIAGO DE AZEVEDO PINHEIRO HOSHINO<\/td><td class=\"has-text-align-center\" data-align=\"center\">24\/10\/2022<\/td><td class=\"has-text-align-center\" data-align=\"center\">25\/10\/2022<\/td><\/tr><tr><td class=\"has-text-align-center\" data-align=\"center\">J\u00fari Simulado IURIS TRIVIUM<\/td><td class=\"has-text-align-center\" data-align=\"center\">ANDRE PEIXOTO DE SOUZA<\/td><td class=\"has-text-align-center\" data-align=\"center\">22\/10\/2022<\/td><td class=\"has-text-align-center\" data-align=\"center\">22\/10\/2022<\/td><\/tr><tr><td class=\"has-text-align-center\" data-align=\"center\">A prote\u00e7\u00e3o dos direitos humanos em conflitos fundi\u00e1rios coletivos no Estado do Paran\u00e1<\/td><td class=\"has-text-align-center\" data-align=\"center\">THIAGO DE AZEVEDO PINHEIRO HOSHINO<\/td><td class=\"has-text-align-center\" data-align=\"center\">18\/10\/2022<\/td><td class=\"has-text-align-center\" data-align=\"center\">18\/10\/2022<\/td><\/tr><tr><td class=\"has-text-align-center\" data-align=\"center\">O papel da dogm\u00e1tica na pesquisa jur\u00eddica contempor\u00e2nea<\/td><td class=\"has-text-align-center\" data-align=\"center\">ADRIANA ESPINDOLA CORREA<\/td><td class=\"has-text-align-center\" data-align=\"center\">29\/09\/2022<\/td><td class=\"has-text-align-center\" data-align=\"center\">29\/09\/2022<\/td><\/tr><tr><td class=\"has-text-align-center\" data-align=\"center\">III Congresso Online de Resist\u00eancia LGBTI+<\/td><td class=\"has-text-align-center\" data-align=\"center\">MARCO AURELIO SERAU JUNIOR<\/td><td class=\"has-text-align-center\" data-align=\"center\">19\/09\/2022<\/td><td class=\"has-text-align-center\" data-align=\"center\">23\/09\/2022<\/td><\/tr><tr><td class=\"has-text-align-center\" data-align=\"center\">Semin\u00e1rio: o papel do direito na guerra \u00e0s drogas: controle violento do cotidiano<\/td><td class=\"has-text-align-center\" data-align=\"center\">KATIE SILENE CACERES ARGUELLO<\/td><td class=\"has-text-align-center\" data-align=\"center\">13\/09\/2022<\/td><td class=\"has-text-align-center\" data-align=\"center\">13\/09\/2022<\/td><\/tr><tr><td class=\"has-text-align-center\" data-align=\"center\">LEGAL LAB DE REVIS\u00c3O DE LITERATURA<\/td><td class=\"has-text-align-center\" data-align=\"center\">TAYSA SCHIOCCHET<\/td><td class=\"has-text-align-center\" data-align=\"center\">02\/08\/2022<\/td><td class=\"has-text-align-center\" data-align=\"center\">23\/08\/2022<\/td><\/tr><tr><td class=\"has-text-align-center\" data-align=\"center\">Workshop &#8211; Assembleia de S\u00f3cios<\/td><td class=\"has-text-align-center\" data-align=\"center\">LUIZ DANIEL RODRIGUES HAJ MUSSI<\/td><td class=\"has-text-align-center\" data-align=\"center\">30\/07\/2022<\/td><td class=\"has-text-align-center\" data-align=\"center\">30\/07\/2022<\/td><\/tr><tr><td class=\"has-text-align-center\" data-align=\"center\">5\u00ba Encontro STU &#8211; Agenda 2022<\/td><td class=\"has-text-align-center\" data-align=\"center\">MARILIA PEDROSO XAVIER<\/td><td class=\"has-text-align-center\" data-align=\"center\">29\/07\/2022<\/td><td class=\"has-text-align-center\" data-align=\"center\">29\/07\/2022<\/td><\/tr><tr><td class=\"has-text-align-center\" data-align=\"center\">Vozes da Metaf\u00edsica: cr\u00edtica da linguagem e da negatividade em Giorgio Agamben<\/td><td class=\"has-text-align-center\" data-align=\"center\">THIAGO DE AZEVEDO PINHEIRO HOSHINO<\/td><td class=\"has-text-align-center\" data-align=\"center\">27\/07\/2022<\/td><td class=\"has-text-align-center\" data-align=\"center\">27\/07\/2022<\/td><\/tr><tr><td class=\"has-text-align-center\" data-align=\"center\">UFPR e TJPR: Projeto Jovens promissores<\/td><td class=\"has-text-align-center\" data-align=\"center\">MARCELO MIGUEL CONRADO<\/td><td class=\"has-text-align-center\" data-align=\"center\">26\/07\/2022<\/td><td class=\"has-text-align-center\" data-align=\"center\">30\/08\/2022<\/td><\/tr><tr><td class=\"has-text-align-center\" data-align=\"center\">I Semin\u00e1rio De Integra\u00e7\u00e3o E Imers\u00e3o Em Pesquisa &#8211; CDH<\/td><td class=\"has-text-align-center\" data-align=\"center\">TAYSA SCHIOCCHET<\/td><td class=\"has-text-align-center\" data-align=\"center\">04\/07\/2022<\/td><td class=\"has-text-align-center\" data-align=\"center\">06\/07\/2022<\/td><\/tr><tr><td class=\"has-text-align-center\" data-align=\"center\">Mem\u00f3rias e Sujeitos LGBTI+: Arquivos e ativismos em movimento<\/td><td class=\"has-text-align-center\" data-align=\"center\">LEANDRO FRANKLIN GORSDORF<\/td><td class=\"has-text-align-center\" data-align=\"center\">30\/06\/2022<\/td><td class=\"has-text-align-center\" data-align=\"center\">30\/06\/2022<\/td><\/tr><tr><td class=\"has-text-align-center\" data-align=\"center\">4\u00ba Encontro STU &#8211; Agenda 2022<\/td><td class=\"has-text-align-center\" data-align=\"center\">MARILIA PEDROSO XAVIER<\/td><td class=\"has-text-align-center\" data-align=\"center\">24\/06\/2022<\/td><td class=\"has-text-align-center\" data-align=\"center\">24\/06\/2022<\/td><\/tr><tr><td class=\"has-text-align-center\" data-align=\"center\">Conhecimento dos Povos e Comunidades Tradicionais &amp; Agroecologia (Semin\u00e1rio&nbsp; da 19\u00aa Jornada de Agroecologia 2022)<\/td><td class=\"has-text-align-center\" data-align=\"center\">RICARDO PRESTES PAZELLO<\/td><td class=\"has-text-align-center\" data-align=\"center\">24\/06\/2022<\/td><td class=\"has-text-align-center\" data-align=\"center\">24\/06\/2022<\/td><\/tr><tr><td class=\"has-text-align-center\" data-align=\"center\">Semana da Calourada 2022: Amanh\u00e3 h\u00e1 de ser outro dia<\/td><td class=\"has-text-align-center\" data-align=\"center\">ANDRE PEIXOTO DE SOUZA<\/td><td class=\"has-text-align-center\" data-align=\"center\">06\/06\/2022<\/td><td class=\"has-text-align-center\" data-align=\"center\">10\/06\/2022<\/td><\/tr><tr><td class=\"has-text-align-center\" data-align=\"center\">3\u00ba Encontro STU &#8211; Agenda 2022<\/td><td class=\"has-text-align-center\" data-align=\"center\">MARILIA PEDROSO XAVIER<\/td><td class=\"has-text-align-center\" data-align=\"center\">20\/05\/2022<\/td><td class=\"has-text-align-center\" data-align=\"center\">20\/05\/2022<\/td><\/tr><tr><td class=\"has-text-align-center\" data-align=\"center\">2\u00ba Encontro STU &#8211; Agenda 2022<\/td><td class=\"has-text-align-center\" data-align=\"center\">MARILIA PEDROSO XAVIER<\/td><td class=\"has-text-align-center\" data-align=\"center\">29\/04\/2022<\/td><td class=\"has-text-align-center\" data-align=\"center\">29\/04\/2022<\/td><\/tr><tr><td class=\"has-text-align-center\" data-align=\"center\">Fazer pessoas, fazer direitos: di\u00e1logos entre antropologia e direito<\/td><td class=\"has-text-align-center\" data-align=\"center\">THIAGO DE AZEVEDO PINHEIRO HOSHINO<\/td><td class=\"has-text-align-center\" data-align=\"center\">28\/04\/2022<\/td><td class=\"has-text-align-center\" data-align=\"center\">28\/04\/2022<\/td><\/tr><tr><td class=\"has-text-align-center\" data-align=\"center\">Universidade e advocacy em direitos humanos: produtos e resultados da CDH|UFPR &#8211; 2021\/2022<\/td><td class=\"has-text-align-center\" data-align=\"center\">TAYSA SCHIOCCHET<\/td><td class=\"has-text-align-center\" data-align=\"center\">18\/04\/2022<\/td><td class=\"has-text-align-center\" data-align=\"center\">18\/04\/2022<\/td><\/tr><tr><td class=\"has-text-align-center\" data-align=\"center\">Tratamento de Dados Gen\u00e9ticos para fins Criminais e Prote\u00e7\u00e3o de Dados: uma discuss\u00e3o atualizada sobre o RExt 973.837<\/td><td class=\"has-text-align-center\" data-align=\"center\">TAYSA SCHIOCCHET<\/td><td class=\"has-text-align-center\" data-align=\"center\">28\/03\/2022<\/td><td class=\"has-text-align-center\" data-align=\"center\">28\/03\/2022<\/td><\/tr><tr><td class=\"has-text-align-center\" data-align=\"center\">Novos Direitos e Direitos Humanos<\/td><td class=\"has-text-align-center\" data-align=\"center\">TAYSA SCHIOCCHET<\/td><td class=\"has-text-align-center\" data-align=\"center\">24\/03\/2022<\/td><td class=\"has-text-align-center\" data-align=\"center\">01\/06\/2022<\/td><\/tr><tr><td class=\"has-text-align-center\" data-align=\"center\">Ciclos Formativos da Propriedade Intelectual<\/td><td class=\"has-text-align-center\" data-align=\"center\">MARCOS WACHOWICZ<\/td><td class=\"has-text-align-center\" data-align=\"center\">19\/03\/2022<\/td><td class=\"has-text-align-center\" data-align=\"center\">11\/06\/2022<\/td><\/tr><tr><td class=\"has-text-align-center\" data-align=\"center\">1\u00ba Encontro STU &#8211; Agenda 2022<\/td><td class=\"has-text-align-center\" data-align=\"center\">MARILIA PEDROSO XAVIER<\/td><td class=\"has-text-align-center\" data-align=\"center\">18\/03\/2022<\/td><td class=\"has-text-align-center\" data-align=\"center\">18\/03\/2022<\/td><\/tr><tr><td class=\"has-text-align-center\" data-align=\"center\">Por dentro dos feminismos: uma introdu\u00e7\u00e3o te\u00f3rica<\/td><td class=\"has-text-align-center\" data-align=\"center\">ANGELA COUTO MACHADO FONSECA<\/td><td class=\"has-text-align-center\" data-align=\"center\">16\/03\/2022<\/td><td class=\"has-text-align-center\" data-align=\"center\">30\/03\/2022<\/td><\/tr><tr><td class=\"has-text-align-center\" data-align=\"center\">I Encontro de Direito Empresarial Aplicado<\/td><td class=\"has-text-align-center\" data-align=\"center\">MARCOS WACHOWICZ<\/td><td class=\"has-text-align-center\" data-align=\"center\">08\/03\/2022<\/td><td class=\"has-text-align-center\" data-align=\"center\">03\/05\/2022<\/td><\/tr><tr><td class=\"has-text-align-center\" data-align=\"center\">Legal Lab: CDH Pesquisa | 2022<\/td><td class=\"has-text-align-center\" data-align=\"center\">TAYSA SCHIOCCHET<\/td><td class=\"has-text-align-center\" data-align=\"center\">07\/03\/2022<\/td><td class=\"has-text-align-center\" data-align=\"center\">07\/03\/2022<\/td><\/tr><tr><td class=\"has-text-align-center\" data-align=\"center\">F\u00f3rum sobre os 100 Anos da Semana de Arte Moderna de 1922<\/td><td class=\"has-text-align-center\" data-align=\"center\">MARCOS WACHOWICZ<\/td><td class=\"has-text-align-center\" data-align=\"center\">14\/02\/2022<\/td><td class=\"has-text-align-center\" data-align=\"center\">17\/02\/2022<\/td><\/tr><tr><td class=\"has-text-align-center\" data-align=\"center\">Oficinas do Legal Lab<\/td><td class=\"has-text-align-center\" data-align=\"center\">TAYSA SCHIOCCHET<\/td><td class=\"has-text-align-center\" data-align=\"center\">07\/02\/2022<\/td><td class=\"has-text-align-center\" data-align=\"center\">25\/04\/2022<\/td><\/tr><\/tbody><\/table><\/figure>\n\n\n\n<p class=\"has-text-align-center has-medium-font-size\"><strong>2021<\/strong><\/p>\n\n\n\n<figure class=\"wp-block-table\"><table><tbody><tr><td class=\"has-text-align-center\" data-align=\"center\"><strong>EVENTO<\/strong><\/td><td class=\"has-text-align-center\" data-align=\"center\"><strong>COORDENADOR(A)<\/strong><\/td><td class=\"has-text-align-center\" data-align=\"center\"><strong>IN\u00cdCIO<\/strong><\/td><td class=\"has-text-align-center\" data-align=\"center\"><strong>FIM<\/strong><\/td><\/tr><tr><td class=\"has-text-align-center\" data-align=\"center\">III Oficina Legal Lab &#8211; Litig\u00e2ncia, advocacy e carreira internacional em DH<\/td><td class=\"has-text-align-center\" data-align=\"center\">TAYSA SCHIOCCHET<\/td><td class=\"has-text-align-center\" data-align=\"center\">13\/12\/2021<\/td><td class=\"has-text-align-center\" data-align=\"center\">13\/12\/2021<\/td><\/tr><tr><td class=\"has-text-align-center\" data-align=\"center\">III Oficina Legal Lab &#8211; Visual Law<\/td><td class=\"has-text-align-center\" data-align=\"center\">TAYSA SCHIOCCHET<\/td><td class=\"has-text-align-center\" data-align=\"center\">13\/12\/2021<\/td><td class=\"has-text-align-center\" data-align=\"center\">13\/12\/2021<\/td><\/tr><tr><td class=\"has-text-align-center\" data-align=\"center\">MUDAN\u00c7AS CLIM\u00c1TICAS E DIREITOS HUMANOS: IMPACTOS, RESPONSABILIDADES, E OPORTUNIDADES<\/td><td class=\"has-text-align-center\" data-align=\"center\">MELINA GIRARDI FACHIN<\/td><td class=\"has-text-align-center\" data-align=\"center\">10\/12\/2021<\/td><td class=\"has-text-align-center\" data-align=\"center\">10\/12\/2021<\/td><\/tr><tr><td class=\"has-text-align-center\" data-align=\"center\">Semin\u00e1rio de 20 anos do MAJUP Isabel da Silva\/UFPR: hist\u00f3ria, movimentos e atualidade<\/td><td class=\"has-text-align-center\" data-align=\"center\">RICARDO PRESTES PAZELLO<\/td><td class=\"has-text-align-center\" data-align=\"center\">07\/12\/2021<\/td><td class=\"has-text-align-center\" data-align=\"center\">09\/12\/2021<\/td><\/tr><tr><td class=\"has-text-align-center\" data-align=\"center\">II Oficina Legal Lab &#8211; Comunica\u00e7\u00e3o e Design Thinking<\/td><td class=\"has-text-align-center\" data-align=\"center\">TAYSA SCHIOCCHET<\/td><td class=\"has-text-align-center\" data-align=\"center\">06\/12\/2021<\/td><td class=\"has-text-align-center\" data-align=\"center\">06\/12\/2021<\/td><\/tr><tr><td class=\"has-text-align-center\" data-align=\"center\">I Oficina Legal Lab &#8211; Soft Skills e presen\u00e7a digital nas redes sociais para profissionais do Direito<\/td><td class=\"has-text-align-center\" data-align=\"center\">TAYSA SCHIOCCHET<\/td><td class=\"has-text-align-center\" data-align=\"center\">29\/11\/2021<\/td><td class=\"has-text-align-center\" data-align=\"center\">29\/11\/2021<\/td><\/tr><tr><td class=\"has-text-align-center\" data-align=\"center\">XV Congresso de Direito de Autor e Interesse P\u00fablico<\/td><td class=\"has-text-align-center\" data-align=\"center\">MARCOS WACHOWICZ<\/td><td class=\"has-text-align-center\" data-align=\"center\">03\/11\/2021<\/td><td class=\"has-text-align-center\" data-align=\"center\">05\/11\/2021<\/td><\/tr><tr><td class=\"has-text-align-center\" data-align=\"center\">Depend\u00eancia e direito: economia pol\u00edtica e rela\u00e7\u00f5es jur\u00eddicas<\/td><td class=\"has-text-align-center\" data-align=\"center\">RICARDO PRESTES PAZELLO<\/td><td class=\"has-text-align-center\" data-align=\"center\">23\/09\/2021<\/td><td class=\"has-text-align-center\" data-align=\"center\">09\/12\/2021<\/td><\/tr><tr><td class=\"has-text-align-center\" data-align=\"center\">Cinco Anos de Vig\u00eancia do CPC\/15 &#8211; o que mudou?<\/td><td class=\"has-text-align-center\" data-align=\"center\">SERGIO CRUZ ARENHART<\/td><td class=\"has-text-align-center\" data-align=\"center\">21\/06\/2021<\/td><td class=\"has-text-align-center\" data-align=\"center\">25\/06\/2021<\/td><\/tr><tr><td class=\"has-text-align-center\" data-align=\"center\">Direito insurgente: cr\u00edtica marxista ao direito<\/td><td class=\"has-text-align-center\" data-align=\"center\">RICARDO PRESTES PAZELLO<\/td><td class=\"has-text-align-center\" data-align=\"center\">26\/05\/2021<\/td><td class=\"has-text-align-center\" data-align=\"center\">04\/08\/2021<\/td><\/tr><\/tbody><\/table><\/figure>\n\n\n\n<p class=\"has-text-align-center has-medium-font-size\"><strong>2020<\/strong><\/p>\n\n\n\n<figure class=\"wp-block-table\"><table><tbody><tr><td class=\"has-text-align-center\" data-align=\"center\"><strong>EVENTO<\/strong><\/td><td class=\"has-text-align-center\" data-align=\"center\"><strong>COORDENADOR(A)<\/strong><\/td><td class=\"has-text-align-center\" data-align=\"center\"><strong>IN\u00cdCIO<\/strong><\/td><td class=\"has-text-align-center\" data-align=\"center\"><strong>FIM<\/strong><\/td><\/tr><tr><td class=\"has-text-align-center\" data-align=\"center\">WEBINARIO: INF\u00c2NCIA, TRABALHO E PLATAFORMAS DIGITAIS<\/td><td class=\"has-text-align-center\" data-align=\"center\">MARCO AURELIO SERAU JUNIOR<\/td><td class=\"has-text-align-center\" data-align=\"center\">13\/10\/2020<\/td><td class=\"has-text-align-center\" data-align=\"center\">14\/10\/2020<\/td><\/tr><tr><td class=\"has-text-align-center\" data-align=\"center\">ICCMoot &#8211; Brazilian Round: seletiva nacional 2020<\/td><td class=\"has-text-align-center\" data-align=\"center\">RUI CARLO DISSENHA<\/td><td class=\"has-text-align-center\" data-align=\"center\">29\/04\/2020<\/td><td class=\"has-text-align-center\" data-align=\"center\">29\/04\/2020<\/td><\/tr><\/tbody><\/table><\/figure>\n\n\n\n<p class=\"has-text-align-center has-medium-font-size\"><strong>2019<\/strong><\/p>\n\n\n\n<figure class=\"wp-block-table\"><table><tbody><tr><td class=\"has-text-align-center\" data-align=\"center\"><strong>EVENTO<\/strong><\/td><td class=\"has-text-align-center\" data-align=\"center\"><strong>COORDENADOR(A)<\/strong><\/td><td class=\"has-text-align-center\" data-align=\"center\"><strong>IN\u00cdCIO<\/strong><\/td><td class=\"has-text-align-center\" data-align=\"center\"><strong>FIM<\/strong><\/td><\/tr><tr><td class=\"has-text-align-center\" data-align=\"center\">III SEMIN\u00c1RIO PARAIBANO DE DIREITO ANIMAL<\/td><td class=\"has-text-align-center\" data-align=\"center\">VICENTE DE PAULA ATAIDE JUNIOR<\/td><td class=\"has-text-align-center\" data-align=\"center\">09\/12\/2019<\/td><td class=\"has-text-align-center\" data-align=\"center\">09\/12\/2019<\/td><\/tr><tr><td class=\"has-text-align-center\" data-align=\"center\">As pol\u00edticas municipais de prote\u00e7\u00e3o ambiental e animal: S\u00e3o Francisco do Sul\/SC<\/td><td class=\"has-text-align-center\" data-align=\"center\">VICENTE DE PAULA ATAIDE JUNIOR<\/td><td class=\"has-text-align-center\" data-align=\"center\">26\/11\/2019<\/td><td class=\"has-text-align-center\" data-align=\"center\">26\/11\/2019<\/td><\/tr><tr><td class=\"has-text-align-center\" data-align=\"center\">Veganismo e crise de percep\u00e7\u00e3o<\/td><td class=\"has-text-align-center\" data-align=\"center\">VICENTE DE PAULA ATAIDE JUNIOR<\/td><td class=\"has-text-align-center\" data-align=\"center\">19\/11\/2019<\/td><td class=\"has-text-align-center\" data-align=\"center\">19\/11\/2019<\/td><\/tr><tr><td class=\"has-text-align-center\" data-align=\"center\">O Direito &amp; os Animais: uma abordagem \u00e9tica, filos\u00f3fica e normativa<\/td><td class=\"has-text-align-center\" data-align=\"center\">VICENTE DE PAULA ATAIDE JUNIOR<\/td><td class=\"has-text-align-center\" data-align=\"center\">05\/11\/2019<\/td><td class=\"has-text-align-center\" data-align=\"center\">05\/11\/2019<\/td><\/tr><tr><td class=\"has-text-align-center\" data-align=\"center\">Outubro Animal<\/td><td class=\"has-text-align-center\" data-align=\"center\">VICENTE DE PAULA ATAIDE JUNIOR<\/td><td class=\"has-text-align-center\" data-align=\"center\">27\/10\/2019<\/td><td class=\"has-text-align-center\" data-align=\"center\">27\/10\/2019<\/td><\/tr><tr><td class=\"has-text-align-center\" data-align=\"center\">Criminologia Latino-Americana e Desenvolvimento<\/td><td class=\"has-text-align-center\" data-align=\"center\">RUI CARLO DISSENHA<\/td><td class=\"has-text-align-center\" data-align=\"center\">23\/10\/2019<\/td><td class=\"has-text-align-center\" data-align=\"center\">24\/10\/2019<\/td><\/tr><tr><td class=\"has-text-align-center\" data-align=\"center\">IV Simp\u00f3sio de Arbitragem e Direito Comercial<\/td><td class=\"has-text-align-center\" data-align=\"center\">EDUARDO TALAMINI<\/td><td class=\"has-text-align-center\" data-align=\"center\">14\/10\/2019<\/td><td class=\"has-text-align-center\" data-align=\"center\">15\/10\/2019<\/td><\/tr><tr><td class=\"has-text-align-center\" data-align=\"center\">Diagn\u00f3stico veterin\u00e1rio de maus-tratos contra animais<\/td><td class=\"has-text-align-center\" data-align=\"center\">VICENTE DE PAULA ATAIDE JUNIOR<\/td><td class=\"has-text-align-center\" data-align=\"center\">08\/10\/2019<\/td><td class=\"has-text-align-center\" data-align=\"center\">08\/10\/2019<\/td><\/tr><tr><td class=\"has-text-align-center\" data-align=\"center\">Repress\u00e3o ao crime de maus-tratos a animais<\/td><td class=\"has-text-align-center\" data-align=\"center\">VICENTE DE PAULA ATAIDE JUNIOR<\/td><td class=\"has-text-align-center\" data-align=\"center\">01\/10\/2019<\/td><td class=\"has-text-align-center\" data-align=\"center\">01\/10\/2019<\/td><\/tr><tr><td class=\"has-text-align-center\" data-align=\"center\">Direito Penal Internacional e Tribunal Penal Internacional<\/td><td class=\"has-text-align-center\" data-align=\"center\">RUI CARLO DISSENHA<\/td><td class=\"has-text-align-center\" data-align=\"center\">06\/09\/2019<\/td><td class=\"has-text-align-center\" data-align=\"center\">07\/09\/2019<\/td><\/tr><tr><td class=\"has-text-align-center\" data-align=\"center\">III Simp\u00f3sio de Arbitragem e Direito Comercial UFPR<\/td><td class=\"has-text-align-center\" data-align=\"center\">EDUARDO TALAMINI<\/td><td class=\"has-text-align-center\" data-align=\"center\">28\/03\/2019<\/td><td class=\"has-text-align-center\" data-align=\"center\">29\/03\/2019<\/td><\/tr><\/tbody><\/table><\/figure>\n\n\n\n<p class=\"has-text-align-center has-medium-font-size\"><strong>2018<\/strong><\/p>\n\n\n\n<figure class=\"wp-block-table is-style-regular\"><table><tbody><tr><td class=\"has-text-align-center\" data-align=\"center\"><strong>EVENTO<\/strong><\/td><td class=\"has-text-align-center\" data-align=\"center\"><strong>COORDENADOR(A)<\/strong><\/td><td class=\"has-text-align-center\" data-align=\"center\"><strong>IN\u00cdCIO<\/strong><\/td><td class=\"has-text-align-center\" data-align=\"center\"><strong>FIM<\/strong><\/td><\/tr><tr><td class=\"has-text-align-center\" data-align=\"center\">II Simp\u00f3sio de Arbitragem e Direito Comercial UFPR<\/td><td class=\"has-text-align-center\" data-align=\"center\">EDUARDO TALAMINI<\/td><td class=\"has-text-align-center\" data-align=\"center\">05\/03\/2018<\/td><td class=\"has-text-align-center\" data-align=\"center\">06\/03\/2018<\/td><\/tr><\/tbody><\/table><\/figure>\n","protected":false},"excerpt":{"rendered":"<p>2024 EVENTO COORDENADOR(A) IN\u00cdCIO FIM Semana da Calourada 2024 &#8211; &#8220;Ponto de Partida: o In\u00edcio de uma Jornada&#8221; ANDRE PEIXOTO DE SOUZA 26\/02\/2024 01\/03\/2024 Direitos Humanos, Empresas e Minera\u00e7\u00e3o KATYA REGINA ISAGUIRRE TORRES 21\/02\/2024 21\/02\/2024 2023 EVENTO COORDENADOR(A) IN\u00cdCIO FIM Roda de Conversa: Maternidades no contexto acad\u00eamico TAYSA SCHIOCCHET 10\/11\/2023 10\/11\/2023 Direito e (S)aben\u00e7as: por [&hellip;]<\/p>\n","protected":false},"author":52,"featured_media":0,"parent":0,"menu_order":0,"comment_status":"closed","ping_status":"closed","template":"","meta":{"_acf_changed":false,"_eb_attr":"","footnotes":""},"class_list":["post-46908","page","type-page","status-publish","hentry"],"acf":[],"_links":{"self":[{"href":"https:\/\/direito.ufpr.br\/index.php?rest_route=\/wp\/v2\/pages\/46908","targetHints":{"allow":["GET"]}}],"collection":[{"href":"https:\/\/direito.ufpr.br\/index.php?rest_route=\/wp\/v2\/pages"}],"about":[{"href":"https:\/\/direito.ufpr.br\/index.php?rest_route=\/wp\/v2\/types\/page"}],"author":[{"embeddable":true,"href":"https:\/\/direito.ufpr.br\/index.php?rest_route=\/wp\/v2\/users\/52"}],"replies":[{"embeddable":true,"href":"https:\/\/direito.ufpr.br\/index.php?rest_route=%2Fwp%2Fv2%2Fcomments&post=46908"}],"version-history":[{"count":18,"href":"https:\/\/direito.ufpr.br\/index.php?rest_route=\/wp\/v2\/pages\/46908\/revisions"}],"predecessor-version":[{"id":46927,"href":"https:\/\/direito.ufpr.br\/index.php?rest_route=\/wp\/v2\/pages\/46908\/revisions\/46927"}],"wp:attachment":[{"href":"https:\/\/direito.ufpr.br\/index.php?rest_route=%2Fwp%2Fv2%2Fmedia&parent=46908"}],"curies":[{"name":"wp","href":"https:\/\/api.w.org\/{rel}","templated":true}]}}