{"id":48868,"date":"2024-09-17T15:56:21","date_gmt":"2024-09-17T18:56:21","guid":{"rendered":"https:\/\/direito.ufpr.br\/?page_id=48868"},"modified":"2026-04-22T10:13:33","modified_gmt":"2026-04-22T13:13:33","slug":"faq-extensiva","status":"publish","type":"page","link":"https:\/\/direito.ufpr.br\/?page_id=48868","title":{"rendered":"Perguntas Frequentes"},"content":{"rendered":"\n<p><\/p>\n\n\n\n<p class=\"has-white-color has-text-color has-link-color wp-elements-18c9a35051a08a746a66a646ddc3b93b\">123<\/p>\n\n\n\n<div class=\"wp-block-essential-blocks-wrapper  root-eb-wrapper-onn78\"><div class=\"eb-parent-wrapper eb-parent-eb-wrapper-onn78 \"><div class=\"eb-wrapper-outer eb-wrapper-onn78\"><div class=\"eb-wrapper-inner\"><div class=\"eb-wrapper-inner-blocks eb-wrapper-align-center\">\n<div class=\"wp-block-essential-blocks-advanced-heading  root-eb-advance-heading-vccou\" id=\"faq_section\"><div class=\"eb-parent-wrapper eb-parent-eb-advance-heading-vccou eb_animation eb___animated eb___fadeInUp\"><div class=\"eb-advance-heading-wrapper eb-advance-heading-vccou button-1 undefined\" data-id=\"eb-advance-heading-vccou\"><p class=\"eb-ah-title\"><span class=\"first-title\">DIRE\u00c7\u00c3O DO SETOR DE CI\u00caNCIAS JUR\u00cdDICAS<\/span><\/p><p class=\"eb-ah-subtitle\"><\/p><\/div><\/div><\/div>\n\n\n\n<div class=\"wp-block-essential-blocks-advanced-heading  root-eb-advance-heading-t7dpt\" id=\"faq_section\"><div class=\"eb-parent-wrapper eb-parent-eb-advance-heading-t7dpt eb_animation eb___animated eb___fadeInUp\"><div class=\"eb-advance-heading-wrapper eb-advance-heading-t7dpt button-1 undefined\" data-id=\"eb-advance-heading-t7dpt\"><p class=\"eb-ah-title\"><span class=\"first-title\"><\/span><\/p><\/div><\/div><\/div>\n<\/div><\/div><\/div><\/div><\/div>\n\n\n\n<div class=\"wp-block-essential-blocks-wrapper alignfull  root-eb-wrapper-n3gms\"><div class=\"eb-parent-wrapper eb-parent-eb-wrapper-n3gms \"><div class=\"eb-wrapper-outer eb-wrapper-n3gms eb-wrapper-align-center\"><div class=\"eb-wrapper-inner\"><div class=\"eb-wrapper-inner-blocks\">\n<hr class=\"wp-block-separator aligncenter has-alpha-channel-opacity is-style-default\"\/>\n\n\n\n<p><\/p>\n\n\n\n<div class=\"wp-block-essential-blocks-advanced-heading  root-eb-advance-heading-asmk3\"><div class=\"eb-parent-wrapper eb-parent-eb-advance-heading-asmk3 eb_animation eb___animated eb___fadeInUp\"><div class=\"eb-advance-heading-wrapper eb-advance-heading-asmk3 button-1 undefined\" data-id=\"eb-advance-heading-asmk3\"><p class=\"eb-ah-title\"><span class=\"first-title\">EVENTOS, ESPA\u00c7OS, INFORMA\u00c7\u00d5ES INSTITUCIONAIS E MANUTEN\u00c7\u00c3O<\/span><\/p><\/div><\/div><\/div>\n\n\n\n<div class=\"wp-block-group alignfull is-vertical is-layout-flex wp-container-core-group-is-layout-8cf370e7 wp-block-group-is-layout-flex\">\n<div class=\"wp-block-columns is-layout-flex wp-container-core-columns-is-layout-9d6595d7 wp-block-columns-is-layout-flex\">\n<div class=\"wp-block-column is-vertically-aligned-top is-layout-flow wp-block-column-is-layout-flow\" style=\"flex-basis:100%\">\n<div class=\"wp-block-columns is-layout-flex wp-container-core-columns-is-layout-9d6595d7 wp-block-columns-is-layout-flex\">\n<div class=\"wp-block-column is-layout-flow wp-block-column-is-layout-flow\" style=\"flex-basis:100%\">\n<div class=\"wp-block-essential-blocks-row alignfull  root-eb-row-uglf0\"><div class=\"eb-parent-wrapper eb-parent-eb-row-uglf0 \"><div class=\"eb-row-root-container eb-row-uglf0\" data-id=\"eb-row-uglf0\"><div class=\"eb-row-wrapper\"><div class=\"eb-row-inner\">\n<div class=\"wp-block-essential-blocks-column  root-eb-column-ebvv3\"><div class=\"eb-parent-wrapper eb-parent-eb-column-ebvv3 \"><div class=\"eb-column-wrapper eb-column-ebvv3\"><div class=\"eb-column-inner\">\n<div class=\"wp-block-columns is-layout-flex wp-container-core-columns-is-layout-9d6595d7 wp-block-columns-is-layout-flex\">\n<div class=\"wp-block-column is-layout-flow wp-block-column-is-layout-flow\" style=\"flex-basis:50%\">\n<div class=\"wp-block-essential-blocks-accordion  root-eb-accordion-qq5fs\"><div class=\"eb-parent-wrapper eb-parent-eb-accordion-qq5fs eb_animation eb___animated eb___fadeInLeft\"><div class=\"eb-accordion-container eb-accordion-qq5fs\" data-accordion-type=\"accordion\" data-tab-icon=\"fas fa-angle-down\" data-expanded-icon=\"fas fa-angle-up\" data-transition-duration=\"500\"><div class=\"eb-accordion-inner\">\n<div class=\"wp-block-essential-blocks-accordion-item eb-accordion-item-aoiso eb-accordion-wrapper\" data-clickable=\"false\"><div class=\"eb-accordion-title-wrapper eb-accordion-title-wrapper-eb-accordion-qq5fs\" tabindex=\"0\"><span class=\"eb-accordion-icon-wrapper eb-accordion-icon-wrapper-eb-accordion-qq5fs\"><i icon=\"fas fa-angle-down\" class=\"fas fa-angle-down eb-accordion-icon\"><\/i><\/span><div class=\"eb-accordion-title-content-wrap title-content-eb-accordion-qq5fs\"><h3 class=\"eb-accordion-title\"><strong><strong>Como solicitar a reserva de espa\u00e7o no Setor?<\/strong><\/strong> <strong><strong><strong><strong><strong><strong><strong><strong><strong>Quais s\u00e3o as salas e espa\u00e7os f\u00edsicos do Setor de Ci\u00eancias Jur\u00eddicas?<\/strong><\/strong><\/strong><\/strong><\/strong><\/strong><\/strong><\/strong><\/strong> <\/h3><\/div><\/div><div class=\"eb-accordion-content-wrapper eb-accordion-content-wrapper-eb-accordion-qq5fs\"><div class=\"eb-accordion-content\">\n<p>Os espa\u00e7os da Faculdade de Direito da UFPR s\u00e3o reservados prioritariamente para atividades acad\u00eamicas do Setor de Ci\u00eancias Jur\u00eddicas e eventos institucionais, garantindo um ambiente adequado para o ensino e a pesquisa.<\/p>\n\n\n\n<p>As solicita\u00e7\u00f5es de reserva de espa\u00e7os devem ser feitas exclusivamente por e-mail, seguindo as orienta\u00e7\u00f5es estabelecidas em nossa p\u00e1gina: <a href=\"https:\/\/direito.ufpr.br\/?page_id=670\" target=\"_blank\" rel=\"noreferrer noopener\">https:\/\/direito.ufpr.br\/?page_id=670<\/a>.<\/p>\n\n\n\n<p>Por\u00e9m, o envio da solicita\u00e7\u00e3o n\u00e3o garante a reserva, cabendo \u00e0 Dire\u00e7\u00e3o do Setor verificar a disponibilidade do local e a viabilidade da realiza\u00e7\u00e3o do evento na Faculdade de Direito da UFPR. Uma vez autorizada a reserva, o(a) solicitante ser\u00e1 informado(a) por e-mail.<\/p>\n\n\n\n<p><\/p>\n\n\n\n<p>O Setor possui em sua estrutura Salas de Aula e Salas de Eventos, todas estruturadas com equipamentos multim\u00eddia de som e imagem.<\/p>\n\n\n\n<p>Para conhecer os detalhes de cada espa\u00e7o, basta acessar o link: <a href=\"https:\/\/direito.ufpr.br\/?page_id=48333\" target=\"_blank\" rel=\"noreferrer noopener\">https:\/\/direito.ufpr.br\/?page_id=48333<\/a>.<\/p>\n<\/div><\/div><\/div>\n\n\n\n<div class=\"wp-block-essential-blocks-accordion-item eb-accordion-item-9be04 eb-accordion-wrapper\" data-clickable=\"false\"><div class=\"eb-accordion-title-wrapper eb-accordion-title-wrapper-eb-accordion-qq5fs\" tabindex=\"0\"><span class=\"eb-accordion-icon-wrapper eb-accordion-icon-wrapper-eb-accordion-qq5fs\"><i icon=\"fas fa-angle-down\" class=\"fas fa-angle-down eb-accordion-icon\"><\/i><\/span><div class=\"eb-accordion-title-content-wrap title-content-eb-accordion-qq5fs\"><h3 class=\"eb-accordion-title\"><strong><strong><strong><strong><strong><strong>Como solicitar o uso de \u00e1reas do Pr\u00e9dio Hist\u00f3rico (escadaria, p\u00e1tio interno, etc.)?<\/strong><\/strong><\/strong><\/strong><\/strong><\/strong><\/h3><\/div><\/div><div class=\"eb-accordion-content-wrapper eb-accordion-content-wrapper-eb-accordion-qq5fs\"><div class=\"eb-accordion-content\">\n<p>O pedido para uso de \u00e1reas comuns do Pr\u00e9dio Hist\u00f3rico (\u00e1reas abertas e que n\u00e3o fa\u00e7am parte dos espa\u00e7os que abrangem as salas de aula) deve ser encaminhado diretamente \u00e0 <a href=\"https:\/\/pra.ufpr.br\/fale-conosco\/\">Pr\u00f3-Reitoria de Administra\u00e7\u00e3o da UFPR<\/a>, que avaliar\u00e1 a solicita\u00e7\u00e3o e dar\u00e1 retorno \u00e0 demanda. <\/p>\n\n\n\n<p>Para \u00e1reas exclusivas do Setor de Ci\u00eancias Jur\u00eddicas, ser\u00e1 necess\u00e1rio consulta \u00e0 Dire\u00e7\u00e3o do Setor. Para conferir as instru\u00e7\u00f5es para realizar esta consulta, acesse: <a href=\"https:\/\/direito.ufpr.br\/?page_id=670\">https:\/\/direito.ufpr.br\/?page_id=670<\/a><\/p>\n<\/div><\/div><\/div>\n\n\n\n<div class=\"wp-block-essential-blocks-accordion-item eb-accordion-item-3dt8p eb-accordion-wrapper\" data-clickable=\"false\"><div class=\"eb-accordion-title-wrapper eb-accordion-title-wrapper-eb-accordion-qq5fs\" tabindex=\"0\"><span class=\"eb-accordion-icon-wrapper eb-accordion-icon-wrapper-eb-accordion-qq5fs\"><i icon=\"fas fa-angle-down\" class=\"fas fa-angle-down eb-accordion-icon\"><\/i><\/span><div class=\"eb-accordion-title-content-wrap title-content-eb-accordion-qq5fs\"><h3 class=\"eb-accordion-title\"><strong><strong><strong><strong><strong>Como solicitar anu\u00eancia do Setor de Ci\u00eancias Jur\u00eddicas\/UFPR para eventos na Pra\u00e7a Santos Andrade?<\/strong><\/strong><\/strong><\/strong><\/strong><\/h3><\/div><\/div><div class=\"eb-accordion-content-wrapper eb-accordion-content-wrapper-eb-accordion-qq5fs\"><div class=\"eb-accordion-content\">\n<p>Os eventos realizados na Pra\u00e7a Santos Andrade s\u00e3o geridos pela <a href=\"https:\/\/www.curitiba.pr.gov.br\/\" target=\"_blank\" rel=\"noreferrer noopener\">Prefeitura Municipal de Curitiba<\/a>, devendo, primeiramente, a referida autoriza\u00e7\u00e3o ser emitida por ela. Ap\u00f3s a obten\u00e7\u00e3o da autoriza\u00e7\u00e3o, a organiza\u00e7\u00e3o do evento dever\u00e1 consultar juntamente \u00e0 Secretaria Municipal que a expediu se haver\u00e1 necessidade de anu\u00eancia da UFPR para a realiza\u00e7\u00e3o do evento, uma vez que h\u00e1 legisla\u00e7\u00e3o municipal espec\u00edfica para cada tipo e porte de evento realizado em proximidade \u00e0 Institui\u00e7\u00f5es de Ensino. Em caso positivo, o pedido de anu\u00eancia dever\u00e1 ent\u00e3o ser encaminhado \u00e0 <a href=\"https:\/\/pra.ufpr.br\/\" target=\"_blank\" rel=\"noreferrer noopener\">Pr\u00f3-Reitoria de Administra\u00e7\u00e3o da UFPR<\/a>, pelo e-mail: pra@ufpr.br.<\/p>\n<\/div><\/div><\/div>\n<\/div><\/div><\/div><\/div>\n<\/div>\n\n\n\n<div class=\"wp-block-column is-layout-flow wp-block-column-is-layout-flow\" style=\"flex-basis:50%\">\n<div class=\"wp-block-essential-blocks-accordion  root-eb-accordion-to4u5\"><div class=\"eb-parent-wrapper eb-parent-eb-accordion-to4u5 eb_animation eb___animated eb___fadeInRight\"><div class=\"eb-accordion-container eb-accordion-to4u5\" data-accordion-type=\"accordion\" data-tab-icon=\"fas fa-angle-down\" data-expanded-icon=\"fas fa-angle-up\" data-transition-duration=\"500\"><div class=\"eb-accordion-inner\">\n<div class=\"wp-block-essential-blocks-accordion-item eb-accordion-item-i48o1 eb-accordion-wrapper\" data-clickable=\"false\"><div class=\"eb-accordion-title-wrapper eb-accordion-title-wrapper-eb-accordion-to4u5\" tabindex=\"0\"><span class=\"eb-accordion-icon-wrapper eb-accordion-icon-wrapper-eb-accordion-to4u5\"><i icon=\"fas fa-angle-down\" class=\"fas fa-angle-down eb-accordion-icon\"><\/i><\/span><div class=\"eb-accordion-title-content-wrap title-content-eb-accordion-to4u5\"><h3 class=\"eb-accordion-title\"><strong><strong><strong><strong><strong><strong><strong>Quais s\u00e3o as Unidades do Setor de Ci\u00eancias Jur\u00eddicas?<\/strong><\/strong><\/strong><\/strong><\/strong><\/strong><\/strong>                                                                                  <br><br><\/h3><\/div><\/div><div class=\"eb-accordion-content-wrapper eb-accordion-content-wrapper-eb-accordion-to4u5\"><div class=\"eb-accordion-content\">\n<p>O Setor de Ci\u00eancias Jur\u00eddicas \u00e9 composto por:<\/p>\n\n\n\n<ul class=\"wp-block-list\">\n<li>Dire\u00e7\u00e3o (Unidade de Apoio Administrativo), que engloba as \u00e1reas de: expediente, tecnologia da informa\u00e7\u00e3o, pesquisa e extens\u00e3o, patrim\u00f4nio, almoxarifado e manuten\u00e7\u00e3o.<\/li>\n\n\n\n<li>Coordena\u00e7\u00e3o da P\u00f3s-Gradua\u00e7\u00e3o<\/li>\n\n\n\n<li>Coordena\u00e7\u00e3o da Gradua\u00e7\u00e3o <\/li>\n\n\n\n<li>Departamentos de Direito Privado, Direito P\u00fablico, Direito Penal e Processual Penal, Direito Civil e Processual Civil, <\/li>\n\n\n\n<li>Departamento de Pr\u00e1ticas Jur\u00eddicas (incluindo o Servi\u00e7o Social).<\/li>\n<\/ul>\n<\/div><\/div><\/div>\n\n\n\n<div class=\"wp-block-essential-blocks-accordion-item eb-accordion-item-buhwi eb-accordion-wrapper\" data-clickable=\"false\"><div class=\"eb-accordion-title-wrapper eb-accordion-title-wrapper-eb-accordion-to4u5\" tabindex=\"0\"><span class=\"eb-accordion-icon-wrapper eb-accordion-icon-wrapper-eb-accordion-to4u5\"><i icon=\"fas fa-angle-down\" class=\"fas fa-angle-down eb-accordion-icon\"><\/i><\/span><div class=\"eb-accordion-title-content-wrap title-content-eb-accordion-to4u5\"><h3 class=\"eb-accordion-title\"><strong><strong><strong>Encontrei um problema que demanda um servi\u00e7o de manuten\u00e7\u00e3o. Como posso solicit\u00e1-lo? <\/strong><\/strong><\/strong><\/h3><\/div><\/div><div class=\"eb-accordion-content-wrapper eb-accordion-content-wrapper-eb-accordion-to4u5\"><div class=\"eb-accordion-content\">\n<p>As demandas de manuten\u00e7\u00e3o podem ser apresentadas presencialmente na Secretaria da Dire\u00e7\u00e3o ou encaminhadas (com detalhes do problema e, se poss\u00edvel, imagens) ao e-mail : manutencaojd@ufpr.br.<\/p>\n<\/div><\/div><\/div>\n\n\n\n<div class=\"wp-block-essential-blocks-accordion-item eb-accordion-item-oosg9 eb-accordion-wrapper\" data-clickable=\"false\"><div class=\"eb-accordion-title-wrapper eb-accordion-title-wrapper-eb-accordion-to4u5\" tabindex=\"0\"><span class=\"eb-accordion-icon-wrapper eb-accordion-icon-wrapper-eb-accordion-to4u5\"><i icon=\"fas fa-angle-down\" class=\"fas fa-angle-down eb-accordion-icon\"><\/i><\/span><div class=\"eb-accordion-title-content-wrap title-content-eb-accordion-to4u5\"><h3 class=\"eb-accordion-title\"><strong><strong><strong><strong><strong><strong><strong><strong><strong>Como ingressar como servidor no Setor de Ci\u00eancias Jur\u00eddicas e UFPR?<\/strong><\/strong><\/strong><\/strong><\/strong><\/strong><\/strong><\/strong><\/strong><\/h3><\/div><\/div><div class=\"eb-accordion-content-wrapper eb-accordion-content-wrapper-eb-accordion-to4u5\"><div class=\"eb-accordion-content\">\n<p>O ingresso no quadro de Servidores do Setor de Ci\u00eancias Jur\u00eddicas e na UFPR se d\u00e1 por duas modalidades: <em>Concurso P\u00fablico<\/em> e <em>Processo Seletivo<\/em>. Ambas as sele\u00e7\u00f5es s\u00e3o coordenadas pela <a href=\"https:\/\/progepe.ufpr.br\/\" target=\"_blank\" rel=\"noreferrer noopener\">Pr\u00f3-Reitoria de Gest\u00e3o de Pessoas<\/a> por meio de Editais de Sele\u00e7\u00e3o.<\/p>\n\n\n\n<p>Confira os documentos emitidos e em andamento no site da Progepe: <a href=\"https:\/\/progepe.ufpr.br\/concursos\/\" target=\"_blank\" rel=\"noreferrer noopener\">https:\/\/progepe.ufpr.br\/concursos\/<\/a><\/p>\n<\/div><\/div><\/div>\n\n\n\n<div class=\"wp-block-essential-blocks-accordion-item eb-accordion-item-k2w0m eb-accordion-wrapper\" data-clickable=\"false\"><div class=\"eb-accordion-title-wrapper eb-accordion-title-wrapper-eb-accordion-to4u5\" tabindex=\"0\"><span class=\"eb-accordion-icon-wrapper eb-accordion-icon-wrapper-eb-accordion-to4u5\"><i icon=\"fas fa-angle-down\" class=\"fas fa-angle-down eb-accordion-icon\"><\/i><\/span><div class=\"eb-accordion-title-content-wrap title-content-eb-accordion-to4u5\"><h3 class=\"eb-accordion-title\">Sou Docente e g<strong><strong><strong><strong><strong><strong><strong><strong><strong>ostaria de movimentar bens patrimoniais do Setor para serem utilizados em palestras, cursos, aulas etc. Como posso solicitar essa autoriza\u00e7\u00e3o ?<\/strong><\/strong><\/strong><\/strong><\/strong><\/strong><\/strong><\/strong><\/strong><\/h3><\/div><\/div><div class=\"eb-accordion-content-wrapper eb-accordion-content-wrapper-eb-accordion-to4u5\"><div class=\"eb-accordion-content\">\n<p>Para qualquer altera\u00e7\u00e3o relacionada a bens patrimoniais no Setor de Ci\u00eancias Jur\u00eddicas, ser\u00e1 necess\u00e1ria consulta junto ao respons\u00e1vel pelo Patrim\u00f4nio do Setor, para an\u00e1lise da demanda e verifica\u00e7\u00e3o da possibilidade de atend\u00ea-la, segundo procedimento da \u00e1rea, orienta\u00e7\u00f5es da Unidade de Patrim\u00f4nio da PRA e Resolu\u00e7\u00f5es vigentes. Esta consulta dever\u00e1 ser realizada atrav\u00e9s do e-mail: patrimoniojd@ufpr.br<\/p>\n<\/div><\/div><\/div>\n<\/div><\/div><\/div><\/div>\n<\/div>\n<\/div>\n<\/div><\/div><\/div><\/div>\n<\/div><\/div><\/div><\/div><\/div>\n<\/div>\n<\/div>\n<\/div>\n<\/div>\n<\/div>\n<\/div><\/div><\/div><\/div><\/div>\n\n\n\n<p><\/p>\n\n\n\n<div class=\"wp-block-essential-blocks-wrapper  root-eb-wrapper-7ewxb\"><div class=\"eb-parent-wrapper eb-parent-eb-wrapper-7ewxb \"><div class=\"eb-wrapper-outer eb-wrapper-7ewxb\"><div class=\"eb-wrapper-inner\"><div class=\"eb-wrapper-inner-blocks eb-wrapper-align-center\">\n<div class=\"wp-block-essential-blocks-advanced-heading  root-eb-advance-heading-rp61u\" id=\"faq_section\"><div class=\"eb-parent-wrapper eb-parent-eb-advance-heading-rp61u eb_animation eb___animated eb___fadeInUp\"><div class=\"eb-advance-heading-wrapper eb-advance-heading-rp61u button-1 undefined\" data-id=\"eb-advance-heading-rp61u\"><p class=\"eb-ah-title\"><span class=\"first-title\">coordena\u00e7\u00e3o do curso<\/span><\/p><p class=\"eb-ah-subtitle\"><\/p><\/div><\/div><\/div>\n\n\n\n<div class=\"wp-block-essential-blocks-advanced-heading  root-eb-advance-heading-74vrk\" id=\"faq_section\"><div class=\"eb-parent-wrapper eb-parent-eb-advance-heading-74vrk eb_animation eb___animated eb___fadeInUp\"><div class=\"eb-advance-heading-wrapper eb-advance-heading-74vrk button-1 undefined\" data-id=\"eb-advance-heading-74vrk\"><p class=\"eb-ah-title\"><span class=\"first-title\"><\/span><\/p><\/div><\/div><\/div>\n<\/div><\/div><\/div><\/div><\/div>\n\n\n\n<div class=\"wp-block-essential-blocks-wrapper alignfull  root-eb-wrapper-f2o2l\"><div class=\"eb-parent-wrapper eb-parent-eb-wrapper-f2o2l \"><div class=\"eb-wrapper-outer eb-wrapper-f2o2l eb-wrapper-align-center\"><div class=\"eb-wrapper-inner\"><div class=\"eb-wrapper-inner-blocks\">\n<hr class=\"wp-block-separator aligncenter has-alpha-channel-opacity is-style-default\"\/>\n\n\n\n<p><\/p>\n\n\n\n<div class=\"wp-block-essential-blocks-advanced-heading  root-eb-advance-heading-2gvsz\"><div class=\"eb-parent-wrapper eb-parent-eb-advance-heading-2gvsz eb_animation eb___animated eb___fadeInUp\"><div class=\"eb-advance-heading-wrapper eb-advance-heading-2gvsz button-1 undefined\" data-id=\"eb-advance-heading-2gvsz\"><p class=\"eb-ah-title\"><span class=\"first-title\">MATR\u00cdCULA, HIST\u00d3RICO, EXERC\u00cdCIO DOMICILIAR E CANCELAMENTOS<\/span><\/p><\/div><\/div><\/div>\n\n\n\n<div class=\"wp-block-group alignfull is-vertical is-layout-flex wp-container-core-group-is-layout-8cf370e7 wp-block-group-is-layout-flex\">\n<div class=\"wp-block-columns is-layout-flex wp-container-core-columns-is-layout-9d6595d7 wp-block-columns-is-layout-flex\">\n<div class=\"wp-block-column is-vertically-aligned-top is-layout-flow wp-block-column-is-layout-flow\" style=\"flex-basis:100%\">\n<div class=\"wp-block-columns is-layout-flex wp-container-core-columns-is-layout-9d6595d7 wp-block-columns-is-layout-flex\">\n<div class=\"wp-block-column is-layout-flow wp-block-column-is-layout-flow\" style=\"flex-basis:100%\">\n<div class=\"wp-block-essential-blocks-row alignfull  root-eb-row-phpyx\"><div class=\"eb-parent-wrapper eb-parent-eb-row-phpyx \"><div class=\"eb-row-root-container eb-row-phpyx\" data-id=\"eb-row-phpyx\"><div class=\"eb-row-wrapper\"><div class=\"eb-row-inner\">\n<div class=\"wp-block-essential-blocks-column  root-eb-column-1c9gm\"><div class=\"eb-parent-wrapper eb-parent-eb-column-1c9gm \"><div class=\"eb-column-wrapper eb-column-1c9gm\"><div class=\"eb-column-inner\">\n<div class=\"wp-block-columns is-layout-flex wp-container-core-columns-is-layout-9d6595d7 wp-block-columns-is-layout-flex\">\n<div class=\"wp-block-column is-layout-flow wp-block-column-is-layout-flow\" style=\"flex-basis:50%\">\n<div class=\"wp-block-essential-blocks-accordion  root-eb-accordion-0entj\"><div class=\"eb-parent-wrapper eb-parent-eb-accordion-0entj eb_animation eb___animated eb___fadeInLeft\"><div class=\"eb-accordion-container eb-accordion-0entj\" data-accordion-type=\"accordion\" data-tab-icon=\"fas fa-angle-down\" data-expanded-icon=\"fas fa-angle-up\" data-transition-duration=\"500\"><div class=\"eb-accordion-inner\">\n<div class=\"wp-block-essential-blocks-accordion-item eb-accordion-item-6zxbp eb-accordion-wrapper\" data-clickable=\"false\"><div class=\"eb-accordion-title-wrapper eb-accordion-title-wrapper-eb-accordion-0entj\" tabindex=\"0\"><span class=\"eb-accordion-icon-wrapper eb-accordion-icon-wrapper-eb-accordion-0entj\"><i icon=\"fas fa-angle-down\" class=\"fas fa-angle-down eb-accordion-icon\"><\/i><\/span><div class=\"eb-accordion-title-content-wrap title-content-eb-accordion-0entj\"><h3 class=\"eb-accordion-title\"><strong><strong>Como solicitar a matr\u00edcula no Curso de Direito?<\/strong><\/strong><\/h3><\/div><\/div><div class=\"eb-accordion-content-wrapper eb-accordion-content-wrapper-eb-accordion-0entj\"><div class=\"eb-accordion-content\">\n<p>A solicita\u00e7\u00e3o dever\u00e1 ser feita diretamente no SIGA conforme <a href=\"https:\/\/direito.ufpr.br\/?page_id=10913\">calend\u00e1rio acad\u00eamico<\/a> do ano letivo vigente. Apresentamos um tutorial do procedimento nesta p\u00e1gina: <a href=\"https:\/\/ufpraberta.ufpr.br\/course\/view.php?id=9\">https:\/\/ufpraberta.ufpr.br\/course\/view.php?id=9<\/a><\/p>\n<\/div><\/div><\/div>\n\n\n\n<div class=\"wp-block-essential-blocks-accordion-item eb-accordion-item-a8d53 eb-accordion-wrapper\" data-clickable=\"false\"><div class=\"eb-accordion-title-wrapper eb-accordion-title-wrapper-eb-accordion-0entj\" tabindex=\"0\"><span class=\"eb-accordion-icon-wrapper eb-accordion-icon-wrapper-eb-accordion-0entj\"><i icon=\"fas fa-angle-down\" class=\"fas fa-angle-down eb-accordion-icon\"><\/i><\/span><div class=\"eb-accordion-title-content-wrap title-content-eb-accordion-0entj\"><h3 class=\"eb-accordion-title\"><strong>Como obter Hist\u00f3rico Escolar, Comprovante de Matr\u00edcula, Declara\u00e7\u00e3o de Matr\u00edcula ou Relat\u00f3rio de Integraliza\u00e7\u00e3o?<\/strong><\/h3><\/div><\/div><div class=\"eb-accordion-content-wrapper eb-accordion-content-wrapper-eb-accordion-0entj\"><div class=\"eb-accordion-content\">\n<p>Para alunos ativos os documentos podem ser retirados diretamente no sistema SIGA.<\/p>\n\n\n\n<p>Para alunos egressos, documentos do curso de gradua\u00e7\u00e3o devem ser solicitados exclusivamente pelo e-mail: atendimento@ufpr.br.<br>Informar nome completo, curso, GRR , cpf e qual documento solicitado. Anexe uma c\u00f3pia digitalizada de documento oficial com foto.<\/p>\n\n\n\n<ul class=\"wp-block-list\">\n<li>Certificado de Conclus\u00e3o de Curso;<\/li>\n\n\n\n<li>Certificado de Disciplina Isolada;<\/li>\n\n\n\n<li>Crit\u00e9rio de Avalia\u00e7\u00e3o;<\/li>\n\n\n\n<li>Declara\u00e7\u00e3o de Solicita\u00e7\u00e3o de Cancelamento de Curso;<\/li>\n\n\n\n<li>Hist\u00f3rico Escolar<\/li>\n<\/ul>\n<\/div><\/div><\/div>\n\n\n\n<div class=\"wp-block-essential-blocks-accordion-item eb-accordion-item-r3x8h eb-accordion-wrapper\" data-clickable=\"false\"><div class=\"eb-accordion-title-wrapper eb-accordion-title-wrapper-eb-accordion-0entj\" tabindex=\"0\"><span class=\"eb-accordion-icon-wrapper eb-accordion-icon-wrapper-eb-accordion-0entj\"><i icon=\"fas fa-angle-down\" class=\"fas fa-angle-down eb-accordion-icon\"><\/i><\/span><div class=\"eb-accordion-title-content-wrap title-content-eb-accordion-0entj\"><h3 class=\"eb-accordion-title\"><strong><strong><strong><strong>Como solicitar Exerc\u00edcios Domiciliares?<\/strong><\/strong><\/strong><\/strong><\/h3><\/div><\/div><div class=\"eb-accordion-content-wrapper eb-accordion-content-wrapper-eb-accordion-0entj\"><div class=\"eb-accordion-content\">\n<p>Ser\u00e1 permitido \u00e0s alunas em estado de gravidez (lei n\u00ba 6202\/75) e aos alunos amparados nos termos do Decreto-Lei n\u00ba 1044\/69, substituir a frequ\u00eancia \u00e0s aulas por exerc\u00edcios domiciliares &nbsp;(Resolu\u00e7\u00e3o 37\/97 \u2013 CEPE art. 84 e 85). Caso a natureza da disciplina seja incompat\u00edvel com os exerc\u00edcios domiciliares, a coordena\u00e7\u00e3o enviar\u00e1 o requerimento aprovado pelo colegiado do curso \u00e0 COPAP para a exclus\u00e3o desta disciplina.<\/p>\n\n\n\n<p>Veja mais detalhes do procedimento na p\u00e1gina: <a href=\"https:\/\/direito.ufpr.br\/?page_id=3121\">https:\/\/direito.ufpr.br\/?page_id=3121<\/a>.<\/p>\n<\/div><\/div><\/div>\n<\/div><\/div><\/div><\/div>\n<\/div>\n\n\n\n<div class=\"wp-block-column is-layout-flow wp-block-column-is-layout-flow\" style=\"flex-basis:50%\">\n<div class=\"wp-block-essential-blocks-accordion  root-eb-accordion-8lrwh\"><div class=\"eb-parent-wrapper eb-parent-eb-accordion-8lrwh eb_animation eb___animated eb___fadeInRight\"><div class=\"eb-accordion-container eb-accordion-8lrwh\" data-accordion-type=\"accordion\" data-tab-icon=\"fas fa-angle-down\" data-expanded-icon=\"fas fa-angle-up\" data-transition-duration=\"500\"><div class=\"eb-accordion-inner\">\n<div class=\"wp-block-essential-blocks-accordion-item eb-accordion-item-g137l eb-accordion-wrapper\" data-clickable=\"false\"><div class=\"eb-accordion-title-wrapper eb-accordion-title-wrapper-eb-accordion-8lrwh\" tabindex=\"0\"><span class=\"eb-accordion-icon-wrapper eb-accordion-icon-wrapper-eb-accordion-8lrwh\"><i icon=\"fas fa-angle-down\" class=\"fas fa-angle-down eb-accordion-icon\"><\/i><\/span><div class=\"eb-accordion-title-content-wrap title-content-eb-accordion-8lrwh\"><h3 class=\"eb-accordion-title\"><strong><strong><strong>Como cancelar Disciplinas?<\/strong><\/strong><\/strong><\/h3><\/div><\/div><div class=\"eb-accordion-content-wrapper eb-accordion-content-wrapper-eb-accordion-8lrwh\"><div class=\"eb-accordion-content\">\n<p>Cancelar uma disciplina do per\u00edodo letivo segue os procedimentos estabelecidos na&nbsp;<a href=\"http:\/\/www.soc.ufpr.br\/portal\/wp-content\/uploads\/2016\/07\/Res-37-97-CEPE-atividades-acad%C3%AAmicas-alterada-pela-Res.-10-19-CEPE.pdf\"><u>RESOLU\u00c7\u00c3O N\u00ba 37\/97-CEPE,<\/u><\/a>&nbsp;Art. 60 e deve ser solicitada via sistema SIGA, no prazo estabelecido em <a href=\"https:\/\/direito.ufpr.br\/?page_id=10913\">calend\u00e1rio acad\u00eamico<\/a>. A P\u00e1gina &nbsp;<a href=\"https:\/\/ufpraberta.ufpr.br\/course\/view.php?id=9\"><u>UFPR Aberta<\/u><\/a>&nbsp;apresenta um tutorial. Acesse a p\u00e1gina v\u00e1 para as guias:&nbsp;<em>Apoio ao Usu\u00e1rio \u2013 Conhe\u00e7a o SIGA \u2013 Bloco 1 \u2013 Alunos e Alunas \u2013 Como solicitar cancelamento.<\/em><\/p>\n<\/div><\/div><\/div>\n\n\n\n<div class=\"wp-block-essential-blocks-accordion-item eb-accordion-item-lhs4c eb-accordion-wrapper\" data-clickable=\"false\"><div class=\"eb-accordion-title-wrapper eb-accordion-title-wrapper-eb-accordion-8lrwh\" tabindex=\"0\"><span class=\"eb-accordion-icon-wrapper eb-accordion-icon-wrapper-eb-accordion-8lrwh\"><i icon=\"fas fa-angle-down\" class=\"fas fa-angle-down eb-accordion-icon\"><\/i><\/span><div class=\"eb-accordion-title-content-wrap title-content-eb-accordion-8lrwh\"><h3 class=\"eb-accordion-title\"><strong><br><strong>Como solicitar o Trancamento<\/strong>\u00a0do Curso?<\/strong><\/h3><\/div><\/div><div class=\"eb-accordion-content-wrapper eb-accordion-content-wrapper-eb-accordion-8lrwh\"><div class=\"eb-accordion-content\">\n<p>Atrav\u00e9s do trancamento de curso, o estudante&nbsp; pode suspender&nbsp; o seu curso e paralisar a contagem do seu prazo para conclus\u00e3o do curso pelo per\u00edodo de um ano. O procedimento deve ser solicitado pelo sistema<strong>&nbsp;SIGA<\/strong>, dentro dos prazos previstos no&nbsp;<a href=\"https:\/\/direito.ufpr.br\/?page_id=10913\"><u>calend\u00e1rio acad\u00eamico.<\/u><\/a><\/p>\n\n\n\n<p>O&nbsp;trancamento&nbsp;possui algumas peculiaridades que devem ser observadas,&nbsp;<a href=\"http:\/\/www.soc.ufpr.br\/portal\/wp-content\/uploads\/2016\/07\/cepe-97a15.pdf\" target=\"_blank\" rel=\"noreferrer noopener\"><u>Resolu\u00e7\u00e3o n\u00ba 97-A\/15 \u2013 CEPE<\/u><\/a>.<\/p>\n\n\n\n<p><a href=\"https:\/\/ufpraberta.ufpr.br\/mod\/page\/view.php?id=167\"><u>Clique aqui<\/u><\/a>&nbsp;para acessar o tutorial dispon\u00edvel na UFPR Aberta.<\/p>\n<\/div><\/div><\/div>\n\n\n\n<div class=\"wp-block-essential-blocks-accordion-item eb-accordion-item-5fsor eb-accordion-wrapper\" data-clickable=\"false\"><div class=\"eb-accordion-title-wrapper eb-accordion-title-wrapper-eb-accordion-8lrwh\" tabindex=\"0\"><span class=\"eb-accordion-icon-wrapper eb-accordion-icon-wrapper-eb-accordion-8lrwh\"><i icon=\"fas fa-angle-down\" class=\"fas fa-angle-down eb-accordion-icon\"><\/i><\/span><div class=\"eb-accordion-title-content-wrap title-content-eb-accordion-8lrwh\"><h3 class=\"eb-accordion-title\"><strong><strong><strong><strong><strong>Como proceder para cancelar meu Curso?<\/strong><\/strong><\/strong><\/strong><\/strong><\/h3><\/div><\/div><div class=\"eb-accordion-content-wrapper eb-accordion-content-wrapper-eb-accordion-8lrwh\"><div class=\"eb-accordion-content\">\n<p>Acesse a p\u00e1gina&nbsp;<a href=\"http:\/\/www.prograd.ufpr.br\/portal\/copap\/formularios\/\" target=\"_blank\" rel=\"noreferrer noopener\"><u>http:\/\/www.prograd.ufpr.br\/portal\/copap\/formularios\/<\/u><\/a>&nbsp; e selecione o formul\u00e1rio 3 \u2013 Cancelamento de Registro.<\/p>\n\n\n\n<p>Preencha, imprima e assine o documento. Na sequ\u00eancia, envie para o e-mail:&nbsp;<em>coordenacaojd@ufpr.br<\/em>&nbsp;a c\u00f3pia digitalizada do formul\u00e1rio preenchido e assinado junto com uma c\u00f3pia digitalizada de um documento de identifica\u00e7\u00e3o com foto.<\/p>\n<\/div><\/div><\/div>\n<\/div><\/div><\/div><\/div>\n<\/div>\n<\/div>\n<\/div><\/div><\/div><\/div>\n<\/div><\/div><\/div><\/div><\/div>\n<\/div>\n<\/div>\n<\/div>\n<\/div>\n<\/div>\n<\/div><\/div><\/div><\/div><\/div>\n\n\n\n<div class=\"wp-block-essential-blocks-wrapper alignfull  root-eb-wrapper-5rq7o\"><div class=\"eb-parent-wrapper eb-parent-eb-wrapper-5rq7o \"><div class=\"eb-wrapper-outer eb-wrapper-5rq7o eb-wrapper-align-center\"><div class=\"eb-wrapper-inner\"><div class=\"eb-wrapper-inner-blocks\">\n<p><\/p>\n\n\n\n<div class=\"wp-block-essential-blocks-advanced-heading  root-eb-advance-heading-tf7q2\"><div class=\"eb-parent-wrapper eb-parent-eb-advance-heading-tf7q2 eb_animation eb___animated eb___fadeInUp\"><div class=\"eb-advance-heading-wrapper eb-advance-heading-tf7q2 button-1 undefined\" data-id=\"eb-advance-heading-tf7q2\"><p class=\"eb-ah-title\"><span class=\"first-title\"><strong><strong><strong><strong><strong><strong>EST\u00c1GIO, DISCIPLINAS, HABILITA\u00c7\u00c3O E ATIVIDADES COMPLEMENTARES<\/strong><\/strong><\/strong><\/strong><\/strong><\/strong><\/span><\/p><\/div><\/div><\/div>\n\n\n\n<div class=\"wp-block-group alignfull is-vertical is-layout-flex wp-container-core-group-is-layout-8cf370e7 wp-block-group-is-layout-flex\">\n<div class=\"wp-block-columns is-layout-flex wp-container-core-columns-is-layout-9d6595d7 wp-block-columns-is-layout-flex\">\n<div class=\"wp-block-column is-vertically-aligned-top is-layout-flow wp-block-column-is-layout-flow\" style=\"flex-basis:100%\">\n<div class=\"wp-block-columns is-layout-flex wp-container-core-columns-is-layout-9d6595d7 wp-block-columns-is-layout-flex\">\n<div class=\"wp-block-column is-layout-flow wp-block-column-is-layout-flow\" style=\"flex-basis:100%\">\n<div class=\"wp-block-essential-blocks-row alignfull  root-eb-row-kr2b1\"><div class=\"eb-parent-wrapper eb-parent-eb-row-kr2b1 \"><div class=\"eb-row-root-container eb-row-kr2b1\" data-id=\"eb-row-kr2b1\"><div class=\"eb-row-wrapper\"><div class=\"eb-row-inner\">\n<div class=\"wp-block-essential-blocks-column  root-eb-column-ze01h\"><div class=\"eb-parent-wrapper eb-parent-eb-column-ze01h \"><div class=\"eb-column-wrapper eb-column-ze01h\"><div class=\"eb-column-inner\">\n<div class=\"wp-block-columns is-layout-flex wp-container-core-columns-is-layout-9d6595d7 wp-block-columns-is-layout-flex\">\n<div class=\"wp-block-column is-layout-flow wp-block-column-is-layout-flow\" style=\"flex-basis:50%\">\n<div class=\"wp-block-essential-blocks-accordion  root-eb-accordion-5nquu\"><div class=\"eb-parent-wrapper eb-parent-eb-accordion-5nquu eb_animation eb___animated eb___fadeInLeft\"><div class=\"eb-accordion-container eb-accordion-5nquu\" data-accordion-type=\"accordion\" data-tab-icon=\"fas fa-angle-down\" data-expanded-icon=\"fas fa-angle-up\" data-transition-duration=\"500\"><div class=\"eb-accordion-inner\">\n<div class=\"wp-block-essential-blocks-accordion-item eb-accordion-item-4jlk9 eb-accordion-wrapper\" data-clickable=\"false\"><div class=\"eb-accordion-title-wrapper eb-accordion-title-wrapper-eb-accordion-5nquu\" tabindex=\"0\"><span class=\"eb-accordion-icon-wrapper eb-accordion-icon-wrapper-eb-accordion-5nquu\"><i icon=\"fas fa-angle-down\" class=\"fas fa-angle-down eb-accordion-icon\"><\/i><\/span><div class=\"eb-accordion-title-content-wrap title-content-eb-accordion-5nquu\"><h3 class=\"eb-accordion-title\"><strong><strong><strong><strong><strong><strong><strong><strong><strong><strong><strong><strong><strong><strong>Quais os tipos de Est\u00e1gio?<\/strong><\/strong><\/strong><\/strong><\/strong><\/strong><\/strong><\/strong><\/strong><\/strong><\/strong><\/strong><\/strong><\/strong><\/h3><\/div><\/div><div class=\"eb-accordion-content-wrapper eb-accordion-content-wrapper-eb-accordion-5nquu\"><div class=\"eb-accordion-content\">\n<p>O Est\u00e1gio \u00e9 ato educativo supervisionado que visa a prepara\u00e7\u00e3o para o trabalho produtivo dos alunos matriculados e com frequ\u00eancia regular no curso de Bacharelado em Direito, cujo Projeto Did\u00e1tico Pedag\u00f3gico contempla duas modalidades: <strong>Est\u00e1gio n\u00e3o Obrigat\u00f3rio<\/strong> e <strong>Est\u00e1gio Supervisionado <\/strong>(obrigat\u00f3rio).<\/p>\n\n\n\n<p>O Est\u00e1gio n\u00e3o Obrigat\u00f3rio \u00e9 tratado na Coordena\u00e7\u00e3o do Curso, e o Est\u00e1gio Supervisionado no N\u00facleo de Pr\u00e1tica Jur\u00eddica. Em ambos os casos, \u00e9 necess\u00e1ria a apresenta\u00e7\u00e3o de documentos e formul\u00e1rios espec\u00edficos para cada caso, estando as informa\u00e7\u00f5es e orienta\u00e7\u00f5es relativas a estas modalidades dispon\u00edveis na p\u00e1gina: <a href=\"https:\/\/direito.ufpr.br\/?page_id=3118\">https:\/\/direito.ufpr.br\/?page_id=3118<\/a>.<\/p>\n<\/div><\/div><\/div>\n\n\n\n<div class=\"wp-block-essential-blocks-accordion-item eb-accordion-item-ur5gl eb-accordion-wrapper\" data-clickable=\"false\"><div class=\"eb-accordion-title-wrapper eb-accordion-title-wrapper-eb-accordion-5nquu\" tabindex=\"0\"><span class=\"eb-accordion-icon-wrapper eb-accordion-icon-wrapper-eb-accordion-5nquu\"><i icon=\"fas fa-angle-down\" class=\"fas fa-angle-down eb-accordion-icon\"><\/i><\/span><div class=\"eb-accordion-title-content-wrap title-content-eb-accordion-5nquu\"><h3 class=\"eb-accordion-title\"><strong><strong><strong><strong><strong><strong>Como solicitar Equival\u00eancia de Disciplinas?<\/strong><\/strong><\/strong><\/strong><\/strong><\/strong><\/h3><\/div><\/div><div class=\"eb-accordion-content-wrapper eb-accordion-content-wrapper-eb-accordion-5nquu\"><div class=\"eb-accordion-content\">\n<p>A solicita\u00e7\u00e3o de equival\u00eancia de disciplina deve ser realizada pelo pr\u00f3prio estudante no SIGA. Na p\u00e1gina&nbsp;<a href=\"https:\/\/ufpraberta.ufpr.br\/course\/view.php?id=9\" target=\"_blank\" rel=\"noreferrer noopener\">Conhe\u00e7a o SIGA UFPR<\/a>, bloco 1 <em>Alunos e Alunas<\/em> &#8211; <em>Como Solicitar Equival\u00eancia<\/em>, h\u00e1 um tutorial com instru\u00e7\u00f5es para o procedimento.<\/p>\n\n\n\n<p>Trazemos ainda mais informa\u00e7\u00f5es sobre o tema em nossa p\u00e1gina: <a href=\"https:\/\/direito.ufpr.br\/?p=29809\">https:\/\/direito.ufpr.br\/?p=29809<\/a><\/p>\n<\/div><\/div><\/div>\n\n\n\n<div class=\"wp-block-essential-blocks-accordion-item eb-accordion-item-xayg6 eb-accordion-wrapper\" data-clickable=\"false\"><div class=\"eb-accordion-title-wrapper eb-accordion-title-wrapper-eb-accordion-5nquu\" tabindex=\"0\"><span class=\"eb-accordion-icon-wrapper eb-accordion-icon-wrapper-eb-accordion-5nquu\"><i icon=\"fas fa-angle-down\" class=\"fas fa-angle-down eb-accordion-icon\"><\/i><\/span><div class=\"eb-accordion-title-content-wrap title-content-eb-accordion-5nquu\"><h3 class=\"eb-accordion-title\"><strong><strong><strong><strong><strong><strong>Como solicitar Exame de Adiantamento de Disciplinas <\/strong><\/strong><br><strong><strong>e<\/strong><\/strong> <strong><strong>Exame de Aproveitamento de Conhecimento?<\/strong><\/strong><\/strong><\/strong><\/strong><\/strong><\/h3><\/div><\/div><div class=\"eb-accordion-content-wrapper eb-accordion-content-wrapper-eb-accordion-5nquu\"><div class=\"eb-accordion-content\">\n<p>As solicita\u00e7\u00f5es s\u00e3o realizadas no SIGA, nos per\u00edodos previstos no Calend\u00e1rio Acad\u00eamico, nos termos da resolu\u00e7\u00e3o <a href=\"https:\/\/direito.ufpr.br\/wp-content\/uploads\/2024\/08\/resolucao-no-92-13-cepe-1.pdf\">92\/13 CEPE<\/a> e <a href=\"http:\/\/www.prograd.ufpr.br\/portal\/copap\/wp-content\/uploads\/sites\/2\/2023\/05\/in0114CEPEmodificada.pdf\">IN 01\/14-PROGRAD<\/a> . Confira ainda as informa\u00e7\u00f5es constantes no site da UFPR Aberta (acesse o Bloco 1 &#8211; Alunos e Alunas): <a href=\"https:\/\/ufpraberta.ufpr.br\/course\/view.php?id=9\">https:\/\/ufpraberta.ufpr.br\/course\/view.php?id=9<\/a><\/p>\n<\/div><\/div><\/div>\n<\/div><\/div><\/div><\/div>\n<\/div>\n\n\n\n<div class=\"wp-block-column is-layout-flow wp-block-column-is-layout-flow\" style=\"flex-basis:50%\">\n<div class=\"wp-block-essential-blocks-accordion  root-eb-accordion-c5jjz\"><div class=\"eb-parent-wrapper eb-parent-eb-accordion-c5jjz eb_animation eb___animated eb___fadeInRight\"><div class=\"eb-accordion-container eb-accordion-c5jjz\" data-accordion-type=\"accordion\" data-tab-icon=\"fas fa-angle-down\" data-expanded-icon=\"fas fa-angle-up\" data-transition-duration=\"500\"><div class=\"eb-accordion-inner\">\n<div class=\"wp-block-essential-blocks-accordion-item eb-accordion-item-msrj0 eb-accordion-wrapper\" data-clickable=\"false\"><div class=\"eb-accordion-title-wrapper eb-accordion-title-wrapper-eb-accordion-c5jjz\" tabindex=\"0\"><span class=\"eb-accordion-icon-wrapper eb-accordion-icon-wrapper-eb-accordion-c5jjz\"><i icon=\"fas fa-angle-down\" class=\"fas fa-angle-down eb-accordion-icon\"><\/i><\/span><div class=\"eb-accordion-title-content-wrap title-content-eb-accordion-c5jjz\"><h3 class=\"eb-accordion-title\"><strong><strong><strong><strong><strong><strong><strong><strong><strong><strong>Como validar Atividades Formativas Complementares?<\/strong><\/strong><\/strong><\/strong><\/strong><\/strong><\/strong><\/strong><\/strong><\/strong><\/h3><\/div><\/div><div class=\"eb-accordion-content-wrapper eb-accordion-content-wrapper-eb-accordion-c5jjz\"><div class=\"eb-accordion-content\">\n<p>Para solicitar a valida\u00e7\u00e3o das horas complementares, ser\u00e1 necess\u00e1rio encaminhar \u00e0 Coordena\u00e7\u00e3o do Curso o formul\u00e1rio e documentos listados na p\u00e1gina: <a href=\"https:\/\/direito.ufpr.br\/?page_id=2740\">https:\/\/direito.ufpr.br\/?page_id=2740<\/a>.<\/p>\n<\/div><\/div><\/div>\n\n\n\n<div class=\"wp-block-essential-blocks-accordion-item eb-accordion-item-vf5wi eb-accordion-wrapper\" data-clickable=\"false\"><div class=\"eb-accordion-title-wrapper eb-accordion-title-wrapper-eb-accordion-c5jjz\" tabindex=\"0\"><span class=\"eb-accordion-icon-wrapper eb-accordion-icon-wrapper-eb-accordion-c5jjz\"><i icon=\"fas fa-angle-down\" class=\"fas fa-angle-down eb-accordion-icon\"><\/i><\/span><div class=\"eb-accordion-title-content-wrap title-content-eb-accordion-c5jjz\"><h3 class=\"eb-accordion-title\"><strong><strong><strong>Como solicitar Mudan\u00e7a de Habilita\u00e7\u00e3o?<\/strong><\/strong><\/strong><\/h3><\/div><\/div><div class=\"eb-accordion-content-wrapper eb-accordion-content-wrapper-eb-accordion-c5jjz\"><div class=\"eb-accordion-content\">\n<p>&#8220;A mudan\u00e7a de habilita\u00e7\u00e3o do aluno, requerida diretamente \u00e0 coordena\u00e7\u00e3o do curso, uma vez deferida pelo respectivo colegiado, dever\u00e1 ser formalmente comunicada pela Coordena\u00e7\u00e3o ao Departamento de Assuntos Acad\u00eamicos, para fins de registro no sistema de controle acad\u00eamico,&nbsp;at\u00e9 o \u00faltimo dia \u00fatil do primeiro m\u00eas letivo do per\u00edodo para o qual entrar\u00e1 em vigor o cadastramento<strong>\u201c<\/strong>.<a href=\"https:\/\/engprod.ufpr.br\/wp-content\/uploads\/2023\/02\/res-37-97-cepe-atividades-academicas-alterada-pela-res-10-19-cepe-1.pdf\"> Resolu\u00e7\u00e3o 37\/97<\/a>, Art.36, \u00a72\u00ba.<\/p>\n\n\n\n<p>A mudan\u00e7a de habilita\u00e7\u00e3o s\u00f3 pode ser solicitada uma \u00fanica vez, estando o procedimento para a solicita\u00e7\u00e3o dispon\u00edvel na p\u00e1gina: <a href=\"https:\/\/direito.ufpr.br\/?page_id=30408\">https:\/\/direito.ufpr.br\/?page_id=30408<\/a>.<\/p>\n<\/div><\/div><\/div>\n\n\n\n<div class=\"wp-block-essential-blocks-accordion-item eb-accordion-item-ljdud eb-accordion-wrapper\" data-clickable=\"false\"><div class=\"eb-accordion-title-wrapper eb-accordion-title-wrapper-eb-accordion-c5jjz\" tabindex=\"0\"><span class=\"eb-accordion-icon-wrapper eb-accordion-icon-wrapper-eb-accordion-c5jjz\"><i icon=\"fas fa-angle-down\" class=\"fas fa-angle-down eb-accordion-icon\"><\/i><\/span><div class=\"eb-accordion-title-content-wrap title-content-eb-accordion-c5jjz\"><h3 class=\"eb-accordion-title\"><strong><strong><strong><strong><strong>Qual a Grade Curricular do Curso e quais as Disciplinas ministradas por cada Docente?  <\/strong><\/strong><\/strong><\/strong><\/strong><\/h3><\/div><\/div><div class=\"eb-accordion-content-wrapper eb-accordion-content-wrapper-eb-accordion-c5jjz\"><div class=\"eb-accordion-content\">\n<p>O Curr\u00edculo Pleno do curso \u00e9 composto pelo elenco das disciplinas que o integram e o pr\u00e9-requisito, como tamb\u00e9m os prazos para integraliza\u00e7\u00e3o do curso.<\/p>\n\n\n\n<p>Para consultar a grade completa, bem como os hor\u00e1rios das aulas e as disciplinas de cada Docente, consulte a p\u00e1gina de <a href=\"https:\/\/direito.ufpr.br\/?page_id=11712\">Informa\u00e7\u00f5es Fundamentais.<\/a><\/p>\n<\/div><\/div><\/div>\n<\/div><\/div><\/div><\/div>\n<\/div>\n<\/div>\n<\/div><\/div><\/div><\/div>\n<\/div><\/div><\/div><\/div><\/div>\n<\/div>\n<\/div>\n<\/div>\n<\/div>\n<\/div>\n<\/div><\/div><\/div><\/div><\/div>\n\n\n\n<div class=\"wp-block-essential-blocks-wrapper alignfull  root-eb-wrapper-vlefu\"><div class=\"eb-parent-wrapper eb-parent-eb-wrapper-vlefu \"><div class=\"eb-wrapper-outer eb-wrapper-vlefu eb-wrapper-align-center\"><div class=\"eb-wrapper-inner\"><div class=\"eb-wrapper-inner-blocks\">\n<p><\/p>\n\n\n\n<div class=\"wp-block-essential-blocks-advanced-heading  root-eb-advance-heading-sdi5a\"><div class=\"eb-parent-wrapper eb-parent-eb-advance-heading-sdi5a eb_animation eb___animated eb___fadeInUp\"><div class=\"eb-advance-heading-wrapper eb-advance-heading-sdi5a button-1 undefined\" data-id=\"eb-advance-heading-sdi5a\"><p class=\"eb-ah-title\"><span class=\"first-title\"><strong><strong><strong><br><strong>CONCLUS\u00c3O DO CURSO, DIPLOMA E COLA\u00c7\u00c3O DE GRAU<\/strong><\/strong><\/strong><\/strong><\/span><\/p><\/div><\/div><\/div>\n\n\n\n<div class=\"wp-block-group alignfull is-vertical is-layout-flex wp-container-core-group-is-layout-8cf370e7 wp-block-group-is-layout-flex\">\n<div class=\"wp-block-columns is-layout-flex wp-container-core-columns-is-layout-9d6595d7 wp-block-columns-is-layout-flex\">\n<div class=\"wp-block-column is-vertically-aligned-top is-layout-flow wp-block-column-is-layout-flow\" style=\"flex-basis:100%\">\n<div class=\"wp-block-columns is-layout-flex wp-container-core-columns-is-layout-9d6595d7 wp-block-columns-is-layout-flex\">\n<div class=\"wp-block-column is-layout-flow wp-block-column-is-layout-flow\" style=\"flex-basis:100%\">\n<div class=\"wp-block-essential-blocks-row alignfull  root-eb-row-oc9lh\"><div class=\"eb-parent-wrapper eb-parent-eb-row-oc9lh \"><div class=\"eb-row-root-container eb-row-oc9lh\" data-id=\"eb-row-oc9lh\"><div class=\"eb-row-wrapper\"><div class=\"eb-row-inner\">\n<div class=\"wp-block-essential-blocks-column  root-eb-column-4qj7v\"><div class=\"eb-parent-wrapper eb-parent-eb-column-4qj7v \"><div class=\"eb-column-wrapper eb-column-4qj7v\"><div class=\"eb-column-inner\">\n<div class=\"wp-block-columns is-layout-flex wp-container-core-columns-is-layout-9d6595d7 wp-block-columns-is-layout-flex\">\n<div class=\"wp-block-column is-layout-flow wp-block-column-is-layout-flow\" style=\"flex-basis:50%\">\n<div class=\"wp-block-essential-blocks-accordion  root-eb-accordion-7rasa\"><div class=\"eb-parent-wrapper eb-parent-eb-accordion-7rasa eb_animation eb___animated eb___fadeInLeft\"><div class=\"eb-accordion-container eb-accordion-7rasa\" data-accordion-type=\"accordion\" data-tab-icon=\"fas fa-angle-down\" data-expanded-icon=\"fas fa-angle-up\" data-transition-duration=\"500\"><div class=\"eb-accordion-inner\">\n<div class=\"wp-block-essential-blocks-accordion-item eb-accordion-item-z84mx eb-accordion-wrapper\" data-clickable=\"false\"><div class=\"eb-accordion-title-wrapper eb-accordion-title-wrapper-eb-accordion-7rasa\" tabindex=\"0\"><span class=\"eb-accordion-icon-wrapper eb-accordion-icon-wrapper-eb-accordion-7rasa\"><i icon=\"fas fa-angle-down\" class=\"fas fa-angle-down eb-accordion-icon\"><\/i><\/span><div class=\"eb-accordion-title-content-wrap title-content-eb-accordion-7rasa\"><h3 class=\"eb-accordion-title\"><strong><strong><strong><strong><strong><strong><strong><strong><strong><strong><strong><strong><strong><strong><strong>Quais s\u00e3o as formas de Colar Grau?<\/strong><\/strong><\/strong><\/strong><\/strong><\/strong><\/strong><\/strong><\/strong><\/strong><\/strong><\/strong><\/strong> <\/strong><\/strong><br><strong><strong>Posso antecipar minha Cola\u00e7\u00e3o?                                                                             <\/strong><\/strong><\/h3><\/div><\/div><div class=\"eb-accordion-content-wrapper eb-accordion-content-wrapper-eb-accordion-7rasa\"><div class=\"eb-accordion-content\">\n<p>Cola\u00e7\u00e3o de grau \u00e9 o ato oficial da Universidade, obrigat\u00f3rio, por meio do qual o formando \u00e9 investido na posse do grau acad\u00eamico a que tem direito por haver integralizado o curr\u00edculo pleno do respectivo Curso de Gradua\u00e7\u00e3o, com duas modalidades: <strong>Cola\u00e7\u00e3o de grau com solenidade<\/strong> e <strong>Cola\u00e7\u00e3o de grau sem solenidade<\/strong>. Para conferir as orienta\u00e7\u00f5es e procedimentos para cada tipo, acesse: <a href=\"https:\/\/direito.ufpr.br\/?page_id=45955\">https:\/\/direito.ufpr.br\/?page_id=45955<\/a><\/p>\n\n\n\n<p><\/p>\n\n\n\n<p>A antecipa\u00e7\u00e3o de cola\u00e7\u00e3o de grau \u00e9 um processo <strong>excepcional<\/strong>, solicitado via SEI, que passa por an\u00e1lise e deferimento de quatro inst\u00e2ncias dentro da UFPR, com prazo m\u00ednimo de 15 dias \u00fateis. A solicita\u00e7\u00e3o necessita de requerimento formal, hist\u00f3rico escolar integralizado e comprovantes que atestem a excepcionalidade do pedido, como por exemplo a convoca\u00e7\u00e3o em concurso p\u00fablico ou aprova\u00e7\u00e3o em mestrado.<\/p>\n\n\n\n<p>N\u00e3o \u00e9 poss\u00edvel pedir a antecipa\u00e7\u00e3o da cola\u00e7\u00e3o de grau antes do \u00faltimo dia letivo expresso no&nbsp;<a href=\"https:\/\/direito.ufpr.br\/?page_id=10913\" target=\"_blank\" rel=\"noreferrer noopener\">calend\u00e1rio acad\u00eamico<\/a>&nbsp;vigente.<\/p>\n\n\n\n<p>Para verificar mais informa\u00e7\u00f5es e procedimentos, acesse nossa p\u00e1gina de <a href=\"https:\/\/direito.ufpr.br\/?page_id=45955\">Cola\u00e7\u00f5es de Grau<\/a>.<\/p>\n<\/div><\/div><\/div>\n\n\n\n<div class=\"wp-block-essential-blocks-accordion-item eb-accordion-item-r527l eb-accordion-wrapper\" data-clickable=\"false\"><div class=\"eb-accordion-title-wrapper eb-accordion-title-wrapper-eb-accordion-7rasa\" tabindex=\"0\"><span class=\"eb-accordion-icon-wrapper eb-accordion-icon-wrapper-eb-accordion-7rasa\"><i icon=\"fas fa-angle-down\" class=\"fas fa-angle-down eb-accordion-icon\"><\/i><\/span><div class=\"eb-accordion-title-content-wrap title-content-eb-accordion-7rasa\"><h3 class=\"eb-accordion-title\"><strong><strong><strong><strong><strong><strong><strong><strong><strong><strong><strong><strong><strong><strong><strong><strong><strong><strong><strong><strong><strong><strong><strong>Quais s\u00e3o os documentos emitidos pela UFPR para os(as) alunos(as) que j\u00e1 integralizaram o Curr\u00edculo e est\u00e3o aguardando a Cola\u00e7\u00e3o de Grau?<\/strong><\/strong><\/strong><\/strong><\/strong><\/strong><\/strong><\/strong><\/strong>                                     <\/strong><\/strong><\/strong><\/strong><\/strong><\/strong><\/strong><\/strong><\/strong><\/strong><\/strong><\/strong><\/strong><\/strong><\/h3><\/div><\/div><div class=\"eb-accordion-content-wrapper eb-accordion-content-wrapper-eb-accordion-7rasa\"><div class=\"eb-accordion-content\">\n<p>Existem 2 documentos que podem ser solicitados. S\u00e3o eles:<\/p>\n\n\n\n<ul class=\"wp-block-list\">\n<li><strong>Declara\u00e7\u00e3o de Prov\u00e1vel Formando:<\/strong> \u00e9 emitida\/gerada pela Coordena\u00e7\u00e3o do Curso aos alunos que tiverem com todas as disciplinas do curr\u00edculo do curso em situa\u00e7\u00e3o de matr\u00edcula ou vencidas e que tenham integralizado as horas formativas complementares.<\/li>\n\n\n\n<li><strong>Declara\u00e7\u00e3o de Prov\u00e1vel Formando com a data da Cola\u00e7\u00e3o de Grau: <\/strong>\u00e9 emitida\/gerada pela Coordena\u00e7\u00e3o do Curso quando o status do aluno no SIGA muda de \u201cregistro ativo\u201d para \u201cconclus\u00e3o formatura\u201d, isto ocorre em m\u00e9dia 15 dias antes da cola\u00e7\u00e3o de grau.<\/li>\n<\/ul>\n\n\n\n<p>A solicita\u00e7\u00e3o de qualquer uma das op\u00e7\u00f5es deve ser realizada pessoalmente na Coordena\u00e7\u00e3o, ou pelo e-mail: <a href=\"mailto:coordenacaojd@ufpr.br\"><em>coordenacaojd@ufpr.br<\/em><\/a> Para a obten\u00e7\u00e3o das informa\u00e7\u00f5es, pode-se ainda visitar nossa p\u00e1gina sobre o tema <a href=\"https:\/\/direito.ufpr.br\/?page_id=45955\">Cola\u00e7\u00f5es de Grau.<\/a><\/p>\n<\/div><\/div><\/div>\n\n\n\n<div class=\"wp-block-essential-blocks-accordion-item eb-accordion-item-ygqbg eb-accordion-wrapper\" data-clickable=\"false\"><div class=\"eb-accordion-title-wrapper eb-accordion-title-wrapper-eb-accordion-7rasa\" tabindex=\"0\"><span class=\"eb-accordion-icon-wrapper eb-accordion-icon-wrapper-eb-accordion-7rasa\"><i icon=\"fas fa-angle-down\" class=\"fas fa-angle-down eb-accordion-icon\"><\/i><\/span><div class=\"eb-accordion-title-content-wrap title-content-eb-accordion-7rasa\"><h3 class=\"eb-accordion-title\"><strong><strong><strong>Integralizei o Curr\u00edculo do Curso, posso solicitar o Hist\u00f3rico Escolar e o Certificado de Conclus\u00e3o de Curso?<\/strong><\/strong><\/strong><\/h3><\/div><\/div><div class=\"eb-accordion-content-wrapper eb-accordion-content-wrapper-eb-accordion-7rasa\"><div class=\"eb-accordion-content\">\n<p>N\u00e3o. O Certificado de Conclus\u00e3o de Gradua\u00e7\u00e3o \u00e9 um documento gerado pela PROGRAD e s\u00f3 \u00e9 liberado ap\u00f3s a cola\u00e7\u00e3o de grau, parte integrante e obrigat\u00f3ria para a finaliza\u00e7\u00e3o do curso.<\/p>\n\n\n\n<p>Portanto, para solicitar o Certificado de Conclus\u00e3o de Curso e Hist\u00f3rico Escolar, o(a) aluno(a) dever\u00e1, obrigatoriamente, ter colado grau. Acesse a <a href=\"http:\/\/www.prograd.ufpr.br\/portal\/copap\/faq-perguntas-frequentes\/\">FAQ da Prograd<\/a> para obter mais informa\u00e7\u00f5es.<\/p>\n<\/div><\/div><\/div>\n<\/div><\/div><\/div><\/div>\n<\/div>\n\n\n\n<div class=\"wp-block-column is-layout-flow wp-block-column-is-layout-flow\" style=\"flex-basis:50%\">\n<div class=\"wp-block-essential-blocks-accordion  root-eb-accordion-l39es\"><div class=\"eb-parent-wrapper eb-parent-eb-accordion-l39es eb_animation eb___animated eb___fadeInRight\"><div class=\"eb-accordion-container eb-accordion-l39es\" data-accordion-type=\"accordion\" data-tab-icon=\"fas fa-angle-down\" data-expanded-icon=\"fas fa-angle-up\" data-transition-duration=\"500\"><div class=\"eb-accordion-inner\">\n<div class=\"wp-block-essential-blocks-accordion-item eb-accordion-item-6lcbp eb-accordion-wrapper\" data-clickable=\"false\"><div class=\"eb-accordion-title-wrapper eb-accordion-title-wrapper-eb-accordion-l39es\" tabindex=\"0\"><span class=\"eb-accordion-icon-wrapper eb-accordion-icon-wrapper-eb-accordion-l39es\"><i icon=\"fas fa-angle-down\" class=\"fas fa-angle-down eb-accordion-icon\"><\/i><\/span><div class=\"eb-accordion-title-content-wrap title-content-eb-accordion-l39es\"><h3 class=\"eb-accordion-title\"><strong><strong><strong><strong><strong><strong><strong><strong><strong><strong><strong><strong>Qual \u00e9 o documento que substitui temporariamente <\/strong><\/strong><\/strong><\/strong><\/strong><br><strong><strong><strong><strong><strong>o diploma?<\/strong><\/strong><\/strong><\/strong><\/strong> <\/strong><\/strong><\/strong><\/strong><\/strong><\/strong><\/strong><\/h3><\/div><\/div><div class=\"eb-accordion-content-wrapper eb-accordion-content-wrapper-eb-accordion-l39es\"><div class=\"eb-accordion-content\">\n<p>O <strong>Certificado de Conclus\u00e3o de Curso<\/strong> \u00e9 o \u00fanico documento capaz de substituir um diploma de gradua\u00e7\u00e3o, ainda que&nbsp;apenas de forma provis\u00f3ria. Para saber como solicit\u00e1-lo, acesse a<a href=\"http:\/\/www.prograd.ufpr.br\/portal\/copap\/faq-perguntas-frequentes\/\"> FAQ da Prograd<\/a> e siga as instru\u00e7\u00f5es sobre como obter documentos para alunos egressos.<\/p>\n<\/div><\/div><\/div>\n\n\n\n<div class=\"wp-block-essential-blocks-accordion-item eb-accordion-item-fev3r eb-accordion-wrapper\" data-clickable=\"false\"><div class=\"eb-accordion-title-wrapper eb-accordion-title-wrapper-eb-accordion-l39es\" tabindex=\"0\"><span class=\"eb-accordion-icon-wrapper eb-accordion-icon-wrapper-eb-accordion-l39es\"><i icon=\"fas fa-angle-down\" class=\"fas fa-angle-down eb-accordion-icon\"><\/i><\/span><div class=\"eb-accordion-title-content-wrap title-content-eb-accordion-l39es\"><h3 class=\"eb-accordion-title\"><strong><strong><strong>Quais s\u00e3o as provid\u00eancias para a emiss\u00e3o do Diploma?<\/strong><br>O documento \u00e9 f\u00edsico ou digital?<\/strong><\/strong><\/h3><\/div><\/div><div class=\"eb-accordion-content-wrapper eb-accordion-content-wrapper-eb-accordion-l39es\"><div class=\"eb-accordion-content\">\n<p>Os encaminhamentos para solicitar o diploma s\u00e3o feitos pela Coordena\u00e7\u00e3o do Curso. Ao aluno cabe conferir os dados de cadastro no SIGA e anexar os documentos pessoais no sistema.<\/p>\n\n\n\n<p>Conforme determina\u00e7\u00e3o do MEC, os diplomas da UFPR s\u00e3o emitidos em formato digital e o prazo para expedi\u00e7\u00e3o e registro do diploma \u00e9 de at\u00e9 120 dias ap\u00f3s a data de cola\u00e7\u00e3o de grau, n\u00e3o sendo poss\u00edvel a emiss\u00e3o do documento f\u00edsico. Para obter todas as orienta\u00e7\u00f5es sobre o tema, acesse a p\u00e1gina: <a href=\"https:\/\/direito.ufpr.br\/?page_id=45955\">https:\/\/direito.ufpr.br\/?page_id=45955<\/a> (Bloco 1 &#8211; Alunos e Alunas, item Tutorial de Diploma Digital). <br>O Diploma Digital possui uma c\u00f3pia impressa com as mesmas caracter\u00edsticas do diploma f\u00edsico, o que denominamos Representa\u00e7\u00e3o Visual Diploma Digital \u2013 RVDD. A RVDD, apesar de n\u00e3o ser o diploma propriamente dito, \u00e9 a interface para remeter, com aux\u00edlio do QR Code, para onde estar\u00e1 o seu Diploma Digital dentro desse universo eletr\u00f4nico. A Impress\u00e3o de Representa\u00e7\u00e3o Visual do Diploma Digital com a utiliza\u00e7\u00e3o de papel e tratamento gr\u00e1ficos necessita o pagamento de taxa e deve ser feito por meio de Guia de Recolhimento da Uni\u00e3o. Para mais informa\u00e7\u00f5es e orienta\u00e7\u00f5es nossa p\u00e1gina sobre <a href=\"https:\/\/direito.ufpr.br\/?page_id=37450#:~:text=Representa%C3%A7%C3%A3o%20Visual%20do%20Diploma%20Digital%20(RVDD)&amp;text=Esta%20RVDD%2C%20possui%20as%20mesmas,Digital%20dentro%20desse%20universo%20eletr%C3%B4nico.\">Diplomas<\/a>.<\/p>\n<\/div><\/div><\/div>\n\n\n\n<div class=\"wp-block-essential-blocks-accordion-item eb-accordion-item-961zu eb-accordion-wrapper\" data-clickable=\"false\"><div class=\"eb-accordion-title-wrapper eb-accordion-title-wrapper-eb-accordion-l39es\" tabindex=\"0\"><span class=\"eb-accordion-icon-wrapper eb-accordion-icon-wrapper-eb-accordion-l39es\"><i icon=\"fas fa-angle-down\" class=\"fas fa-angle-down eb-accordion-icon\"><\/i><\/span><div class=\"eb-accordion-title-content-wrap title-content-eb-accordion-l39es\"><h3 class=\"eb-accordion-title\"><strong><strong><strong><strong><strong><strong><strong><strong><strong>Como solicitar segunda via de Diploma e RVDD?<\/strong><\/strong><\/strong><\/strong>                                                 <\/strong><\/strong><\/strong><\/strong><\/strong><br><strong><strong><strong><strong><strong>                                           <br><\/strong><\/strong><\/strong><\/strong><\/strong><\/h3><\/div><\/div><div class=\"eb-accordion-content-wrapper eb-accordion-content-wrapper-eb-accordion-l39es\"><div class=\"eb-accordion-content\">\n<p>Para a solicita\u00e7\u00e3o da&nbsp;segunda&nbsp;via&nbsp;do&nbsp;diploma, \u00e9 necess\u00e1rio encaminhar os seguintes&nbsp;documentos&nbsp;para a Coordena\u00e7\u00e3o&nbsp;do&nbsp;Curso:<\/p>\n\n\n\n<ul class=\"wp-block-list\">\n<li>Formul\u00e1rio de Solicita\u00e7\u00e3o de&nbsp;Segunda&nbsp;Via&nbsp;do&nbsp;Diploma&nbsp;preenchido, datado e assinado;&nbsp;<\/li>\n\n\n\n<li>C\u00f3pia autenticada da Certid\u00e3o de Nascimento ou Casamento;&nbsp;<\/li>\n\n\n\n<li>C\u00f3pia autenticada&nbsp;do&nbsp;RG;<\/li>\n\n\n\n<li>Guia de Recolhimento da Uni\u00e3o (GRU) com o comprovante de pagamento.<\/li>\n<\/ul>\n\n\n\n<p>Os prazos para emiss\u00e3o e registro de&nbsp;segunda&nbsp;via&nbsp;est\u00e3o contidos no formul\u00e1rio. E, caso o(a) interessado(a) necessite com urg\u00eancia, a PROGRAD-UFPR emite e envia para o e-mail&nbsp;do(a) requerente o&nbsp;<em>Certificado de Conclus\u00e3o de Curso<\/em>,&nbsp;que pode ser utilizado como substituto. Neste caso, a solicita\u00e7\u00e3o dever\u00e1 ser realizada exclusivamente pelo e-mail&nbsp;<a href=\"mailto:atendimento@ufpr.br\" target=\"_blank\" rel=\"noreferrer noopener\">atendimento@ufpr.br<\/a>.<\/p>\n\n\n\n<p>Para acessar o formul\u00e1rio e todas as orienta\u00e7\u00f5es sobre o tema, visite nossa p\u00e1gina sobre <a href=\"https:\/\/direito.ufpr.br\/?page_id=37450#:~:text=Representa%C3%A7%C3%A3o%20Visual%20do%20Diploma%20Digital%20(RVDD)&amp;text=Esta%20RVDD%2C%20possui%20as%20mesmas,Digital%20dentro%20desse%20universo%20eletr%C3%B4nico.\">Diplomas<\/a>.<\/p>\n<\/div><\/div><\/div>\n<\/div><\/div><\/div><\/div>\n<\/div>\n<\/div>\n<\/div><\/div><\/div><\/div>\n<\/div><\/div><\/div><\/div><\/div>\n<\/div>\n<\/div>\n<\/div>\n<\/div>\n<\/div>\n<\/div><\/div><\/div><\/div><\/div>\n\n\n\n<div class=\"wp-block-essential-blocks-advanced-heading  root-eb-advance-heading-v3x21\" id=\"faq_section\"><div class=\"eb-parent-wrapper eb-parent-eb-advance-heading-v3x21 eb_animation eb___animated eb___fadeInUp\"><div class=\"eb-advance-heading-wrapper eb-advance-heading-v3x21 button-1 undefined\" data-id=\"eb-advance-heading-v3x21\"><p class=\"eb-ah-title\"><span class=\"first-title\"><br>SECRETARIA DOS DEPARTAMENTOS<\/span><\/p><p class=\"eb-ah-subtitle\"><\/p><\/div><\/div><\/div>\n\n\n\n<div class=\"wp-block-essential-blocks-wrapper alignfull  root-eb-wrapper-u0p2r\"><div class=\"eb-parent-wrapper eb-parent-eb-wrapper-u0p2r \"><div class=\"eb-wrapper-outer eb-wrapper-u0p2r eb-wrapper-align-center\"><div class=\"eb-wrapper-inner\"><div class=\"eb-wrapper-inner-blocks\">\n<hr class=\"wp-block-separator aligncenter has-alpha-channel-opacity is-style-default\"\/>\n\n\n\n<p><\/p>\n\n\n\n<div class=\"wp-block-essential-blocks-advanced-heading  root-eb-advance-heading-7ml68\"><div class=\"eb-parent-wrapper eb-parent-eb-advance-heading-7ml68 eb_animation eb___animated eb___fadeInUp\"><div class=\"eb-advance-heading-wrapper eb-advance-heading-7ml68 button-1 undefined\" data-id=\"eb-advance-heading-7ml68\"><p class=\"eb-ah-title\"><span class=\"first-title\">PROVAS, DISCIPLINAS, MONITORIA E VOLUNTARIADO<\/span><\/p><\/div><\/div><\/div>\n\n\n\n<div class=\"wp-block-group alignfull is-vertical is-layout-flex wp-container-core-group-is-layout-8cf370e7 wp-block-group-is-layout-flex\">\n<div class=\"wp-block-columns is-layout-flex wp-container-core-columns-is-layout-9d6595d7 wp-block-columns-is-layout-flex\">\n<div class=\"wp-block-column is-vertically-aligned-top is-layout-flow wp-block-column-is-layout-flow\" style=\"flex-basis:100%\">\n<div class=\"wp-block-columns is-layout-flex wp-container-core-columns-is-layout-9d6595d7 wp-block-columns-is-layout-flex\">\n<div class=\"wp-block-column is-layout-flow wp-block-column-is-layout-flow\" style=\"flex-basis:100%\">\n<div class=\"wp-block-essential-blocks-row alignfull  root-eb-row-ppj1z\"><div class=\"eb-parent-wrapper eb-parent-eb-row-ppj1z \"><div class=\"eb-row-root-container eb-row-ppj1z\" data-id=\"eb-row-ppj1z\"><div class=\"eb-row-wrapper\"><div class=\"eb-row-inner\">\n<div class=\"wp-block-essential-blocks-column  root-eb-column-8boup\"><div class=\"eb-parent-wrapper eb-parent-eb-column-8boup \"><div class=\"eb-column-wrapper eb-column-8boup\"><div class=\"eb-column-inner\">\n<div class=\"wp-block-columns is-layout-flex wp-container-core-columns-is-layout-9d6595d7 wp-block-columns-is-layout-flex\">\n<div class=\"wp-block-column is-layout-flow wp-block-column-is-layout-flow\" style=\"flex-basis:50%\">\n<div class=\"wp-block-essential-blocks-accordion  root-eb-accordion-f6wrq\"><div class=\"eb-parent-wrapper eb-parent-eb-accordion-f6wrq eb_animation eb___animated eb___fadeInLeft\"><div class=\"eb-accordion-container eb-accordion-f6wrq\" data-accordion-type=\"accordion\" data-tab-icon=\"fas fa-angle-down\" data-expanded-icon=\"fas fa-angle-up\" data-transition-duration=\"500\"><div class=\"eb-accordion-inner\">\n<div class=\"wp-block-essential-blocks-accordion-item eb-accordion-item-m9a8c eb-accordion-wrapper\" data-clickable=\"false\"><div class=\"eb-accordion-title-wrapper eb-accordion-title-wrapper-eb-accordion-f6wrq\" tabindex=\"0\"><span class=\"eb-accordion-icon-wrapper eb-accordion-icon-wrapper-eb-accordion-f6wrq\"><i icon=\"fas fa-angle-down\" class=\"fas fa-angle-down eb-accordion-icon\"><\/i><\/span><div class=\"eb-accordion-title-content-wrap title-content-eb-accordion-f6wrq\"><h3 class=\"eb-accordion-title\"><strong><strong><strong><strong>Como \u00e9 feita a organiza\u00e7\u00e3o e atualiza\u00e7\u00e3o do Calend\u00e1rio de Provas?<\/strong><\/strong><\/strong><\/strong><\/h3><\/div><\/div><div class=\"eb-accordion-content-wrapper eb-accordion-content-wrapper-eb-accordion-f6wrq\"><div class=\"eb-accordion-content\">\n<p>As informa\u00e7\u00f5es s\u00e3o registradas em nosso site conforme repassadas \u00e0 Secretaria dos Departamentos, estando sob a responsabilidade do(a) representante da turma obter a informa\u00e7\u00e3o e encaminhar a solicita\u00e7\u00e3o de atualiza\u00e7\u00e3o das datas das provas para a Secretaria dos Departamentos no e-mail: <a href=\"mailto:departamentosjd@ufpr.br\">departamentosjd@ufpr.br<\/a>.<\/p>\n\n\n\n<p>Os editais publicados podem ser consultados no link: <a href=\"https:\/\/direito.ufpr.br\/?page_id=9547\">https:\/\/direito.ufpr.br\/?page_id=9547<\/a><\/p>\n\n\n\n<p><\/p>\n<\/div><\/div><\/div>\n\n\n\n<div class=\"wp-block-essential-blocks-accordion-item eb-accordion-item-39z1s eb-accordion-wrapper\" data-clickable=\"false\"><div class=\"eb-accordion-title-wrapper eb-accordion-title-wrapper-eb-accordion-f6wrq\" tabindex=\"0\"><span class=\"eb-accordion-icon-wrapper eb-accordion-icon-wrapper-eb-accordion-f6wrq\"><i icon=\"fas fa-angle-down\" class=\"fas fa-angle-down eb-accordion-icon\"><\/i><\/span><div class=\"eb-accordion-title-content-wrap title-content-eb-accordion-f6wrq\"><h3 class=\"eb-accordion-title\"><strong><strong><strong>Como solicitar Segunda Chamada de Prova?<\/strong><\/strong><\/strong><\/h3><\/div><\/div><div class=\"eb-accordion-content-wrapper eb-accordion-content-wrapper-eb-accordion-f6wrq\"><div class=\"eb-accordion-content\">\n<p>A solicita\u00e7\u00e3o de segunda chamada deve ser realizada pelo aluno que n\u00e3o tenha comparecido \u00e0 avalia\u00e7\u00e3o do rendimento escolar, exceto na segunda avalia\u00e7\u00e3o final, nos casos e condi\u00e7\u00f5es constantes nos termos do Artigo 106 da <a href=\"https:\/\/engprod.ufpr.br\/wp-content\/uploads\/2023\/02\/res-37-97-cepe-atividades-academicas-alterada-pela-res-10-19-cepe-1.pdf\">Resolu\u00e7\u00e3o 37\/97-CEPE<\/a>, que dever\u00e1 ser conferido antes do envio do pedido.<\/p>\n\n\n\n<p>Ap\u00f3s confirmar que seu pedido se encaixa nos casos e condi\u00e7\u00f5es do referido Artigo, o requerente deve entregar o formul\u00e1rio de solicita\u00e7\u00e3o (<a href=\"https:\/\/direito.ufpr.br\/?page_id=1386\">https:\/\/direito.ufpr.br\/?page_id=1386<\/a>) devidamente preenchido e assinado junto com o documento comprobat\u00f3rio do impedimento pessoalmente na Secretaria dos Departamentos do Curso de Direito ou enviar para o e-mail: <a href=\"mailto:departamentosjd@ufpr.br\">departamentosjd@ufpr.br.<\/a><\/p>\n<\/div><\/div><\/div>\n\n\n\n<div class=\"wp-block-essential-blocks-accordion-item eb-accordion-item-0pj91 eb-accordion-wrapper\" data-clickable=\"false\"><div class=\"eb-accordion-title-wrapper eb-accordion-title-wrapper-eb-accordion-f6wrq\" tabindex=\"0\"><span class=\"eb-accordion-icon-wrapper eb-accordion-icon-wrapper-eb-accordion-f6wrq\"><i icon=\"fas fa-angle-down\" class=\"fas fa-angle-down eb-accordion-icon\"><\/i><\/span><div class=\"eb-accordion-title-content-wrap title-content-eb-accordion-f6wrq\"><h3 class=\"eb-accordion-title\"><strong><strong><strong><strong><strong><strong><strong>Como solicitar Revis\u00e3o de Prova?<\/strong><\/strong><\/strong><\/strong><\/strong><\/strong><\/strong><\/h3><\/div><\/div><div class=\"eb-accordion-content-wrapper eb-accordion-content-wrapper-eb-accordion-f6wrq\"><div class=\"eb-accordion-content\">\n<p>O direito \u00e0 revis\u00e3o do resultado das avalia\u00e7\u00f5es escritas est\u00e1 previsto no Artigo 105 da <a href=\"https:\/\/engprod.ufpr.br\/wp-content\/uploads\/2023\/02\/res-37-97-cepe-atividades-academicas-alterada-pela-res-10-19-cepe-1.pdf\">Resolu\u00e7\u00e3o 37\/97-CEPE<\/a>, incisos \u201ca\u201d, \u201cc\u201d e \u201cd\u201d, que dever\u00e1 ser conferido antes do envio do pedido.<\/p>\n\n\n\n<p>Ap\u00f3s confirmar que seu pedido se encaixa nos casos e condi\u00e7\u00f5es do referido Artigo, o requerente deve entregar o formul\u00e1rio de solicita\u00e7\u00e3o (<a href=\"https:\/\/direito.ufpr.br\/?page_id=1386\">https:\/\/direito.ufpr.br\/?page_id=1386<\/a>) devidamente preenchido e assinado junto com a argumenta\u00e7\u00e3o do pedido pessoalmente na Secretaria dos Departamentos do Curso de Direito ou enviar para o e-mail: <a href=\"mailto:departamentosjd@ufpr.br\">departamentosjd@ufpr.br<\/a>.<\/p>\n<\/div><\/div><\/div>\n\n\n\n<div class=\"wp-block-essential-blocks-accordion-item eb-accordion-item-d8voo eb-accordion-wrapper\" data-clickable=\"false\"><div class=\"eb-accordion-title-wrapper eb-accordion-title-wrapper-eb-accordion-f6wrq\" tabindex=\"0\"><span class=\"eb-accordion-icon-wrapper eb-accordion-icon-wrapper-eb-accordion-f6wrq\"><i icon=\"fas fa-angle-down\" class=\"fas fa-angle-down eb-accordion-icon\"><\/i><\/span><div class=\"eb-accordion-title-content-wrap title-content-eb-accordion-f6wrq\"><h3 class=\"eb-accordion-title\"><strong><strong><strong><strong><strong><strong><strong>O que \u00e9 e como <strong style=\"font-weight: bold;\">solicitar Vista de Prova?<\/strong><\/strong><\/strong><\/strong><\/strong><\/strong><\/strong><\/strong><\/h3><\/div><\/div><div class=\"eb-accordion-content-wrapper eb-accordion-content-wrapper-eb-accordion-f6wrq\"><div class=\"eb-accordion-content\">\n<p>A Solicita\u00e7\u00e3o de vista de prova (<a href=\"https:\/\/soc.ufpr.br\/wp-content\/uploads\/2016\/07\/Res.-37-97-CEPE.pdf\">Resolu\u00e7\u00e3o 37\/97-CEP<\/a>E, art. 105, inciso \u201cb\u201d) pressup\u00f5e possibilitar ao aluno ler, anotar, copiar e fotografar o que julgar necess\u00e1rio  em rela\u00e7\u00e3o \u00e0 sua prova, ser\u00e1 concedida no prazo m\u00e1ximo de tr\u00eas (03) dias \u00fateis, a contar da entrega da avalia\u00e7\u00e3o pelo Docente no Departamento.<\/p>\n<\/div><\/div><\/div>\n\n\n\n<div class=\"wp-block-essential-blocks-accordion-item eb-accordion-item-78bip eb-accordion-wrapper\" data-clickable=\"false\"><div class=\"eb-accordion-title-wrapper eb-accordion-title-wrapper-eb-accordion-f6wrq\" tabindex=\"0\"><span class=\"eb-accordion-icon-wrapper eb-accordion-icon-wrapper-eb-accordion-f6wrq\"><i icon=\"fas fa-angle-down\" class=\"fas fa-angle-down eb-accordion-icon\"><\/i><\/span><div class=\"eb-accordion-title-content-wrap title-content-eb-accordion-f6wrq\"><h3 class=\"eb-accordion-title\"><strong><strong><strong><strong><strong><strong><strong><strong><strong><strong>Como solicitar a<\/strong> <strong>Segunda Avalia\u00e7\u00e3o Final?<\/strong><\/strong><\/strong><\/strong><\/strong><\/strong><\/strong><\/strong><\/strong><\/strong><\/h3><\/div><\/div><div class=\"eb-accordion-content-wrapper eb-accordion-content-wrapper-eb-accordion-f6wrq\"><div class=\"eb-accordion-content\">\n<p>Ter\u00e1 direito \u00e0 realiza\u00e7\u00e3o de exames de segunda avalia\u00e7\u00e3o final nas disciplinas de regime anual o aluno que preencher \u00e0s condi\u00e7\u00f5es expostas na <a href=\"https:\/\/engprod.ufpr.br\/wp-content\/uploads\/2023\/02\/res-37-97-cepe-atividades-academicas-alterada-pela-res-10-19-cepe-1.pdf\">Resolu\u00e7\u00e3o 37\/97-CEPE<\/a>, art. 101 a 104<\/p>\n\n\n\n<p>Ap\u00f3s confirmar que seu pedido se encaixa nos casos e condi\u00e7\u00f5es dos referidos Artigos e dentro do per\u00edodo determinado em <a href=\"https:\/\/direito.ufpr.br\/?page_id=10913\">calend\u00e1rio acad\u00eamico<\/a>, o requerente deve entregar o formul\u00e1rio de solicita\u00e7\u00e3o (<a href=\"https:\/\/direito.ufpr.br\/?page_id=1386\">https:\/\/direito.ufpr.br\/?page_id=1386<\/a>) devidamente preenchido e assinado pessoalmente na Secretaria dos Departamentos do Curso de Direito ou enviar ao e-mail: <a href=\"mailto:departamentosjd@ufpr.br\">departamentosjd@ufpr.br<\/a>.<\/p>\n<\/div><\/div><\/div>\n<\/div><\/div><\/div><\/div>\n<\/div>\n\n\n\n<div class=\"wp-block-column is-layout-flow wp-block-column-is-layout-flow\" style=\"flex-basis:50%\">\n<div class=\"wp-block-essential-blocks-accordion  root-eb-accordion-6p6li\"><div class=\"eb-parent-wrapper eb-parent-eb-accordion-6p6li eb_animation eb___animated eb___fadeInRight\"><div class=\"eb-accordion-container eb-accordion-6p6li\" data-accordion-type=\"accordion\" data-tab-icon=\"fas fa-angle-down\" data-expanded-icon=\"fas fa-angle-up\" data-transition-duration=\"500\"><div class=\"eb-accordion-inner\">\n<div class=\"wp-block-essential-blocks-accordion-item eb-accordion-item-do41x eb-accordion-wrapper\" data-clickable=\"false\"><div class=\"eb-accordion-title-wrapper eb-accordion-title-wrapper-eb-accordion-6p6li\" tabindex=\"0\"><span class=\"eb-accordion-icon-wrapper eb-accordion-icon-wrapper-eb-accordion-6p6li\"><i icon=\"fas fa-angle-down\" class=\"fas fa-angle-down eb-accordion-icon\"><\/i><\/span><div class=\"eb-accordion-title-content-wrap title-content-eb-accordion-6p6li\"><h3 class=\"eb-accordion-title\"><strong><strong><strong><strong><strong><strong>Como consultar as Ementas e Programas das disciplinas do Curso?<\/strong><\/strong><\/strong><\/strong><\/strong><\/strong><\/h3><\/div><\/div><div class=\"eb-accordion-content-wrapper eb-accordion-content-wrapper-eb-accordion-6p6li\"><div class=\"eb-accordion-content\">\n<p>Os programas das disciplinas podem ser consultados no link: <a href=\"https:\/\/direito.ufpr.br\/?page_id=11262\">https:\/\/direito.ufpr.br\/?page_id=11262<\/a><\/p>\n\n\n\n<p>Em caso de necessidade de ementas\/programas das disciplinas autenticadas, favor solicitar pessoalmente na Secretaria dos Departamentos ou pelo e-mail: <a href=\"mailto:departamentosjd@ufpr.br\">departamentosjd@ufpr.br<\/a><\/p>\n<\/div><\/div><\/div>\n\n\n\n<div class=\"wp-block-essential-blocks-accordion-item eb-accordion-item-pj2pk eb-accordion-wrapper\" data-clickable=\"false\"><div class=\"eb-accordion-title-wrapper eb-accordion-title-wrapper-eb-accordion-6p6li\" tabindex=\"0\"><span class=\"eb-accordion-icon-wrapper eb-accordion-icon-wrapper-eb-accordion-6p6li\"><i icon=\"fas fa-angle-down\" class=\"fas fa-angle-down eb-accordion-icon\"><\/i><\/span><div class=\"eb-accordion-title-content-wrap title-content-eb-accordion-6p6li\"><h3 class=\"eb-accordion-title\"><strong><strong><strong><strong>Como realizar matr\u00edcula em Disciplinas Isoladas?<\/strong><\/strong><\/strong><\/strong><\/h3><\/div><\/div><div class=\"eb-accordion-content-wrapper eb-accordion-content-wrapper-eb-accordion-6p6li\"><div class=\"eb-accordion-content\">\n<p>Ao pessoal n\u00e3o integrante do corpo discente regular da UFPR, com no m\u00ednimo o ensino m\u00e9dio completo, \u00e9 disponibilizado o ingresso em disciplinas t\u00f3picas do curso de Direito nas vagas que ficarem remanescentes ap\u00f3s a matr\u00edcula dos alunos regulares.<\/p>\n\n\n\n<p>A periodicidade \u00e9 semestral e os editais de ingresso s\u00e3o publicados no link: <a href=\"https:\/\/direito.ufpr.br\/?page_id=17231\">https:\/\/direito.ufpr.br\/?page_id=17231<\/a><\/p>\n\n\n\n<p><em><strong>Importante: <\/strong><\/em>Disciplinas obrigat\u00f3rias do curso n\u00e3o s\u00e3o disponibilizadas e os certificados n\u00e3o podem ser utilizados como valida\u00e7\u00e3o em ingresso regular no curso.<\/p>\n<\/div><\/div><\/div>\n\n\n\n<div class=\"wp-block-essential-blocks-accordion-item eb-accordion-item-bc5ep eb-accordion-wrapper\" data-clickable=\"false\"><div class=\"eb-accordion-title-wrapper eb-accordion-title-wrapper-eb-accordion-6p6li\" tabindex=\"0\"><span class=\"eb-accordion-icon-wrapper eb-accordion-icon-wrapper-eb-accordion-6p6li\"><i icon=\"fas fa-angle-down\" class=\"fas fa-angle-down eb-accordion-icon\"><\/i><\/span><div class=\"eb-accordion-title-content-wrap title-content-eb-accordion-6p6li\"><h3 class=\"eb-accordion-title\"><strong><strong><strong><strong><strong><strong>O que \u00e9 o Programa de Monitoria Acad\u00eamica? <\/strong><\/strong><\/strong><\/strong><\/strong><\/strong><\/h3><\/div><\/div><div class=\"eb-accordion-content-wrapper eb-accordion-content-wrapper-eb-accordion-6p6li\"><div class=\"eb-accordion-content\">\n<p>O Programa Institucional de Monitoria (PIM) tem como finalidade o aprimoramento do processo de ensino e aprendizagem, promovendo tanto a forma\u00e7\u00e3o complementar do discente que desempenha a fun\u00e7\u00e3o de monitor quanto o cumprimento dos objetivos estrat\u00e9gicos do ensino de gradua\u00e7\u00e3o contidos no Plano de Desenvolvimento Institucional (PDI), em conformidade com o disposto no Projeto Pedag\u00f3gico Institucional (PPI) da UFPR.<\/p>\n\n\n\n<p>Os programas s\u00e3o de periodicidade semestral e os editais podem ser consultados no link: <a href=\"https:\/\/direito.ufpr.br\/?page_id=8135\">https:\/\/direito.ufpr.br\/?page_id=8135<\/a><\/p>\n<\/div><\/div><\/div>\n\n\n\n<div class=\"wp-block-essential-blocks-accordion-item eb-accordion-item-oo28g eb-accordion-wrapper\" data-clickable=\"false\"><div class=\"eb-accordion-title-wrapper eb-accordion-title-wrapper-eb-accordion-6p6li\" tabindex=\"0\"><span class=\"eb-accordion-icon-wrapper eb-accordion-icon-wrapper-eb-accordion-6p6li\"><i icon=\"fas fa-angle-down\" class=\"fas fa-angle-down eb-accordion-icon\"><\/i><\/span><div class=\"eb-accordion-title-content-wrap title-content-eb-accordion-6p6li\"><h3 class=\"eb-accordion-title\"><strong><strong><strong><strong><strong><strong><strong><strong>O que \u00e9 o Programa de Voluntariado Acad\u00eamico? <\/strong><\/strong><\/strong><\/strong><\/strong><\/strong><\/strong><\/strong><\/h3><\/div><\/div><div class=\"eb-accordion-content-wrapper eb-accordion-content-wrapper-eb-accordion-6p6li\"><div class=\"eb-accordion-content\">\n<p>O Programa de Voluntariado Acad\u00eamico visa oportunizar a participa\u00e7\u00e3o do corpo discente em atividades acad\u00eamicas de natureza educacional e cient\u00edfica, sob a orienta\u00e7\u00e3o de um (a) Professor (a), no \u00e2mbito da Universidade Federal do Paran\u00e1. A participa\u00e7\u00e3o do (a) estudante no PVA \u00e9 regulamentada pela <a href=\"http:\/\/www.prograd.ufpr.br\/portal\/copeg\/wp-content\/uploads\/sites\/3\/2013\/08\/RESOLU%C3%87%C3%83O-76.09-CEPE.pdf\">Resolu\u00e7\u00e3o n. 76\/09 \u2013 CEPE<\/a> e n\u00e3o gera v\u00ednculo empregat\u00edcio, obriga\u00e7\u00f5es trabalhistas, previdenci\u00e1rias ou afins, conforme a legisla\u00e7\u00e3o em vigor.<\/p>\n\n\n\n<p>Podem participar do Programa de Voluntariado Acad\u00eamico os (as) alunos (as) regularmente matriculados (as) em cursos de gradua\u00e7\u00e3o ou profissionalizantes da UFPR.<\/p>\n\n\n\n<p>Os procedimentos para o ingresso no Programa est\u00e3o divulgados na p\u00e1gina da PROGRAP: <a href=\"https:\/\/prograp.ufpr.br\/coafe\/uaf\/pva\/\">https:\/\/prograp.ufpr.br\/coafe\/uaf\/pva\/<\/a><\/p>\n\n\n\n<p>Para mais informa\u00e7\u00f5es, solicite aux\u00edlio pelo e-mail: <a href=\"mailto:departamentosjd@ufpr.br\">departamentosjd@ufpr.br<\/a><\/p>\n<\/div><\/div><\/div>\n<\/div><\/div><\/div><\/div>\n<\/div>\n<\/div>\n<\/div><\/div><\/div><\/div>\n<\/div><\/div><\/div><\/div><\/div>\n<\/div>\n<\/div>\n<\/div>\n<\/div>\n<\/div>\n<\/div><\/div><\/div><\/div><\/div>\n\n\n\n<div class=\"wp-block-essential-blocks-wrapper alignfull  root-eb-wrapper-poo6d\"><div class=\"eb-parent-wrapper eb-parent-eb-wrapper-poo6d \"><div class=\"eb-wrapper-outer eb-wrapper-poo6d eb-wrapper-align-center\"><div class=\"eb-wrapper-inner\"><div class=\"eb-wrapper-inner-blocks\">\n<p><\/p>\n\n\n\n<div class=\"wp-block-essential-blocks-advanced-heading  root-eb-advance-heading-5hfvy\"><div class=\"eb-parent-wrapper eb-parent-eb-advance-heading-5hfvy eb_animation eb___animated eb___fadeInUp\"><div class=\"eb-advance-heading-wrapper eb-advance-heading-5hfvy button-1 undefined\" data-id=\"eb-advance-heading-5hfvy\"><p class=\"eb-ah-title\"><span class=\"first-title\">TRABALHO DE CONCLUS\u00c3O DE CURSO<\/span><\/p><\/div><\/div><\/div>\n\n\n\n<div class=\"wp-block-group alignfull is-vertical is-layout-flex wp-container-core-group-is-layout-8cf370e7 wp-block-group-is-layout-flex\">\n<div class=\"wp-block-columns is-layout-flex wp-container-core-columns-is-layout-9d6595d7 wp-block-columns-is-layout-flex\">\n<div class=\"wp-block-column is-vertically-aligned-top is-layout-flow wp-block-column-is-layout-flow\" style=\"flex-basis:100%\">\n<div class=\"wp-block-columns is-layout-flex wp-container-core-columns-is-layout-9d6595d7 wp-block-columns-is-layout-flex\">\n<div class=\"wp-block-column is-layout-flow wp-block-column-is-layout-flow\" style=\"flex-basis:100%\">\n<div class=\"wp-block-essential-blocks-row alignfull  root-eb-row-bbofm\"><div class=\"eb-parent-wrapper eb-parent-eb-row-bbofm \"><div class=\"eb-row-root-container eb-row-bbofm\" data-id=\"eb-row-bbofm\"><div class=\"eb-row-wrapper\"><div class=\"eb-row-inner\">\n<div class=\"wp-block-essential-blocks-column  root-eb-column-5n3hj\"><div class=\"eb-parent-wrapper eb-parent-eb-column-5n3hj \"><div class=\"eb-column-wrapper eb-column-5n3hj\"><div class=\"eb-column-inner\">\n<div class=\"wp-block-columns is-layout-flex wp-container-core-columns-is-layout-9d6595d7 wp-block-columns-is-layout-flex\">\n<div class=\"wp-block-column is-layout-flow wp-block-column-is-layout-flow\" style=\"flex-basis:50%\">\n<div class=\"wp-block-essential-blocks-accordion  root-eb-accordion-vxe1b\"><div class=\"eb-parent-wrapper eb-parent-eb-accordion-vxe1b eb_animation eb___animated eb___fadeInLeft\"><div class=\"eb-accordion-container eb-accordion-vxe1b\" data-accordion-type=\"accordion\" data-tab-icon=\"fas fa-angle-down\" data-expanded-icon=\"fas fa-angle-up\" data-transition-duration=\"500\"><div class=\"eb-accordion-inner\">\n<div class=\"wp-block-essential-blocks-accordion-item eb-accordion-item-rjj5l eb-accordion-wrapper\" data-clickable=\"false\"><div class=\"eb-accordion-title-wrapper eb-accordion-title-wrapper-eb-accordion-vxe1b\" tabindex=\"0\"><span class=\"eb-accordion-icon-wrapper eb-accordion-icon-wrapper-eb-accordion-vxe1b\"><i icon=\"fas fa-angle-down\" class=\"fas fa-angle-down eb-accordion-icon\"><\/i><\/span><div class=\"eb-accordion-title-content-wrap title-content-eb-accordion-vxe1b\"><h3 class=\"eb-accordion-title\"><strong><strong><strong><strong><strong><strong><strong><strong><strong>Como \u00e9 realizada a defesa de Trabalho de Conclus\u00e3o de Curso? <\/strong><\/strong><\/strong><\/strong><\/strong><\/strong><\/strong><\/strong><\/strong><\/h3><\/div><\/div><div class=\"eb-accordion-content-wrapper eb-accordion-content-wrapper-eb-accordion-vxe1b\"><div class=\"eb-accordion-content\">\n<p>Todas as orienta\u00e7\u00f5es sobre o TCC est\u00e3o contidas na <a href=\"https:\/\/direito.ufpr.br\/wp-content\/uploads\/2020\/09\/Resolucao-Conjunta-no-01-2018-JD-Regulamenta-TCC.pdf\">Res. 01\/2018<\/a> do Conselho do Setor de Ci\u00eancias Jur\u00eddicas, e, ap\u00f3s agendamento junto ao Departamento, a rela\u00e7\u00e3o dos trabalhos a serem defendidos se encontrar\u00e3o dispon\u00edveis em nossa p\u00e1gina. Consulte: <a href=\"https:\/\/direito.ufpr.br\/?page_id=9549\">https:\/\/direito.ufpr.br\/?page_id=9549<\/a> para mais informa\u00e7\u00f5es.<\/p>\n\n\n\n<p>Al\u00e9m das orienta\u00e7\u00f5es da Resolu\u00e7\u00e3o, a aluna ou aluno deve protocolar os dados da banca do TCC na intranet do curso 7 dias antes da data defesa, atrav\u00e9s do link: <a href=\"http:\/\/200.17.249.19\/intranetjd\/\">http:\/\/200.17.249.19\/intranetjd\/<\/a> tendo como login a forma: GRRxxxxxxxxxx e senha o CPF do(a) aluno(a).<\/p>\n<\/div><\/div><\/div>\n\n\n\n<div class=\"wp-block-essential-blocks-accordion-item eb-accordion-item-582uo eb-accordion-wrapper\" data-clickable=\"false\"><div class=\"eb-accordion-title-wrapper eb-accordion-title-wrapper-eb-accordion-vxe1b\" tabindex=\"0\"><span class=\"eb-accordion-icon-wrapper eb-accordion-icon-wrapper-eb-accordion-vxe1b\"><i icon=\"fas fa-angle-down\" class=\"fas fa-angle-down eb-accordion-icon\"><\/i><\/span><div class=\"eb-accordion-title-content-wrap title-content-eb-accordion-vxe1b\"><h3 class=\"eb-accordion-title\"><strong><strong><strong><strong><strong><strong><strong>Posso alterar o orientador ou orientadora do meu TCC?<\/strong><\/strong><\/strong><\/strong><\/strong><\/strong><\/strong><\/h3><\/div><\/div><div class=\"eb-accordion-content-wrapper eb-accordion-content-wrapper-eb-accordion-vxe1b\"><div class=\"eb-accordion-content\">\n<p>Ap\u00f3s agendado o TCC, caso seja necess\u00e1rio alterar o (a) orientador(a), \u00e9 necess\u00e1rio encaminhar of\u00edcio ao Departamento, atrav\u00e9s do e-mail: <a href=\"mailto:departamentosjd@ufpr.br\">departamentosjd@ufpr.br,<\/a> devendo a mensagem ser endere\u00e7ada ao Coordenador de TCC, com a ci\u00eancia do orientador atual e do futuro, com a devida justificativa, para aprecia\u00e7\u00e3o.<\/p>\n<\/div><\/div><\/div>\n<\/div><\/div><\/div><\/div>\n<\/div>\n\n\n\n<div class=\"wp-block-column is-layout-flow wp-block-column-is-layout-flow\" style=\"flex-basis:50%\">\n<div class=\"wp-block-essential-blocks-accordion  root-eb-accordion-yjwv2\"><div class=\"eb-parent-wrapper eb-parent-eb-accordion-yjwv2 eb_animation eb___animated eb___fadeInRight\"><div class=\"eb-accordion-container eb-accordion-yjwv2\" data-accordion-type=\"accordion\" data-tab-icon=\"fas fa-angle-down\" data-expanded-icon=\"fas fa-angle-up\" data-transition-duration=\"500\"><div class=\"eb-accordion-inner\">\n<div class=\"wp-block-essential-blocks-accordion-item eb-accordion-item-0ud58 eb-accordion-wrapper\" data-clickable=\"false\"><div class=\"eb-accordion-title-wrapper eb-accordion-title-wrapper-eb-accordion-yjwv2\" tabindex=\"0\"><span class=\"eb-accordion-icon-wrapper eb-accordion-icon-wrapper-eb-accordion-yjwv2\"><i icon=\"fas fa-angle-down\" class=\"fas fa-angle-down eb-accordion-icon\"><\/i><\/span><div class=\"eb-accordion-title-content-wrap title-content-eb-accordion-yjwv2\"><h3 class=\"eb-accordion-title\"><strong><strong><strong><strong>Quero cadastrar minha defesa. Como proceder para acessar a Intranet?<\/strong><\/strong><\/strong><\/strong><\/h3><\/div><\/div><div class=\"eb-accordion-content-wrapper eb-accordion-content-wrapper-eb-accordion-yjwv2\"><div class=\"eb-accordion-content\">\n<p>Para cadastro da Banca, a aluna ou aluno deve protocolar os dados da banca do TCC na Intranet do curso 7 dias antes da data defesa, atrav\u00e9s do link: <a href=\"http:\/\/200.17.249.19\/intranetjd\/\">http:\/\/200.17.249.19\/intranetjd\/<\/a>.<\/p>\n\n\n\n<p>Para efetuar o login, utilize a sua matr\u00edcula ( todos os n\u00fameros e informando as iniciais, grr, grt ou iso) e senha utilize o seu CPF ( sem pontos, tra\u00e7o e sem o zero a esquerda se houver). <\/p>\n\n\n\n<p>A partir do GRR2023 o login deve possuir como senha o CPF completo (inclusive com zero), excluindo-se os pontos e tra\u00e7os.<\/p>\n\n\n\n<p><em>Exemplo:<br>Login: GRR20230000<br>Senha: 000345678911<\/em><\/p>\n\n\n\n<p>Para mais informa\u00e7\u00f5es, consulte: <a href=\"https:\/\/direito.ufpr.br\/?page_id=9549\">https:\/\/direito.ufpr.br\/?page_id=9549<\/a>.<\/p>\n<\/div><\/div><\/div>\n\n\n\n<div class=\"wp-block-essential-blocks-accordion-item eb-accordion-item-9kyoy eb-accordion-wrapper\" data-clickable=\"false\"><div class=\"eb-accordion-title-wrapper eb-accordion-title-wrapper-eb-accordion-yjwv2\" tabindex=\"0\"><span class=\"eb-accordion-icon-wrapper eb-accordion-icon-wrapper-eb-accordion-yjwv2\"><i icon=\"fas fa-angle-down\" class=\"fas fa-angle-down eb-accordion-icon\"><\/i><\/span><div class=\"eb-accordion-title-content-wrap title-content-eb-accordion-yjwv2\"><h3 class=\"eb-accordion-title\"><strong><strong><strong><strong><strong><strong><strong><strong><strong><strong><strong><strong><strong><strong><strong><strong><strong><strong><strong>Como consultar<\/strong> <strong>atas de bancas de TCC antigas?<\/strong><\/strong><\/strong><\/strong><\/strong><\/strong><\/strong><\/strong><\/strong><\/strong><\/strong><\/strong><\/strong><\/strong><\/strong><\/strong><\/strong><\/strong><\/strong><\/h3><\/div><\/div><div class=\"eb-accordion-content-wrapper eb-accordion-content-wrapper-eb-accordion-yjwv2\"><div class=\"eb-accordion-content\">\n<p>Atas de bancas de TCC antigas podem ser obtidas em nosso site, na \u00e1rea do Departamento do Curso de Direito pelo seguinte link: <a href=\"https:\/\/direito.ufpr.br\/?page_id=9549\">https:\/\/direito.ufpr.br\/?page_id=9549<\/a>.<\/p>\n<\/div><\/div><\/div>\n<\/div><\/div><\/div><\/div>\n<\/div>\n<\/div>\n<\/div><\/div><\/div><\/div>\n<\/div><\/div><\/div><\/div><\/div>\n<\/div>\n<\/div>\n<\/div>\n<\/div>\n<\/div>\n<\/div><\/div><\/div><\/div><\/div>\n\n\n\n<div class=\"wp-block-essential-blocks-wrapper  root-eb-wrapper-07zft\"><div class=\"eb-parent-wrapper eb-parent-eb-wrapper-07zft \"><div class=\"eb-wrapper-outer eb-wrapper-07zft\"><div class=\"eb-wrapper-inner\"><div class=\"eb-wrapper-inner-blocks eb-wrapper-align-center\">\n<div class=\"wp-block-essential-blocks-advanced-heading  root-eb-advance-heading-dc9xm\" id=\"faq_section\"><div class=\"eb-parent-wrapper eb-parent-eb-advance-heading-dc9xm eb_animation eb___animated eb___fadeInUp\"><div class=\"eb-advance-heading-wrapper eb-advance-heading-dc9xm button-1 undefined\" data-id=\"eb-advance-heading-dc9xm\"><p class=\"eb-ah-title\"><span class=\"first-title\">PESQUISA E EXTENS\u00c3O<\/span><\/p><p class=\"eb-ah-subtitle\"><\/p><\/div><\/div><\/div>\n\n\n\n<div class=\"wp-block-essential-blocks-advanced-heading  root-eb-advance-heading-l80pm\" id=\"faq_section\"><div class=\"eb-parent-wrapper eb-parent-eb-advance-heading-l80pm eb_animation eb___animated eb___fadeInUp\"><div class=\"eb-advance-heading-wrapper eb-advance-heading-l80pm button-1 undefined\" data-id=\"eb-advance-heading-l80pm\"><p class=\"eb-ah-title\"><span class=\"first-title\"><\/span><\/p><\/div><\/div><\/div>\n<\/div><\/div><\/div><\/div><\/div>\n\n\n\n<div class=\"wp-block-essential-blocks-wrapper alignfull  root-eb-wrapper-v5ppz\"><div class=\"eb-parent-wrapper eb-parent-eb-wrapper-v5ppz \"><div class=\"eb-wrapper-outer eb-wrapper-v5ppz eb-wrapper-align-center\"><div class=\"eb-wrapper-inner\"><div class=\"eb-wrapper-inner-blocks\">\n<hr class=\"wp-block-separator aligncenter has-alpha-channel-opacity is-style-default\"\/>\n\n\n\n<div class=\"wp-block-essential-blocks-advanced-heading  root-eb-advance-heading-uo0wy\"><div class=\"eb-parent-wrapper eb-parent-eb-advance-heading-uo0wy eb_animation eb___animated eb___fadeInUp\"><div class=\"eb-advance-heading-wrapper eb-advance-heading-uo0wy button-1 undefined\" data-id=\"eb-advance-heading-uo0wy\"><p class=\"eb-ah-title\"><span class=\"first-title\">PROJETOS, ATIVIDADES E INICIA\u00c7\u00c3O CIENT\u00cdFICA<\/span><\/p><\/div><\/div><\/div>\n\n\n\n<div class=\"wp-block-group alignfull is-vertical is-layout-flex wp-container-core-group-is-layout-8cf370e7 wp-block-group-is-layout-flex\">\n<div class=\"wp-block-columns is-layout-flex wp-container-core-columns-is-layout-9d6595d7 wp-block-columns-is-layout-flex\">\n<div class=\"wp-block-column is-vertically-aligned-top is-layout-flow wp-block-column-is-layout-flow\" style=\"flex-basis:100%\">\n<div class=\"wp-block-columns is-layout-flex wp-container-core-columns-is-layout-9d6595d7 wp-block-columns-is-layout-flex\">\n<div class=\"wp-block-column is-layout-flow wp-block-column-is-layout-flow\" style=\"flex-basis:100%\">\n<div class=\"wp-block-essential-blocks-row alignfull  root-eb-row-cjtee\"><div class=\"eb-parent-wrapper eb-parent-eb-row-cjtee \"><div class=\"eb-row-root-container eb-row-cjtee\" data-id=\"eb-row-cjtee\"><div class=\"eb-row-wrapper\"><div class=\"eb-row-inner\">\n<div class=\"wp-block-essential-blocks-column  root-eb-column-6x4tw\"><div class=\"eb-parent-wrapper eb-parent-eb-column-6x4tw \"><div class=\"eb-column-wrapper eb-column-6x4tw\"><div class=\"eb-column-inner\">\n<div class=\"wp-block-columns is-layout-flex wp-container-core-columns-is-layout-9d6595d7 wp-block-columns-is-layout-flex\">\n<div class=\"wp-block-column is-layout-flow wp-block-column-is-layout-flow\" style=\"flex-basis:50%\">\n<div class=\"wp-block-essential-blocks-accordion  root-eb-accordion-cyakb\"><div class=\"eb-parent-wrapper eb-parent-eb-accordion-cyakb eb_animation eb___animated eb___fadeInLeft\"><div class=\"eb-accordion-container eb-accordion-cyakb\" data-accordion-type=\"accordion\" data-tab-icon=\"fas fa-angle-down\" data-expanded-icon=\"fas fa-angle-up\" data-transition-duration=\"500\"><div class=\"eb-accordion-inner\">\n<div class=\"wp-block-essential-blocks-accordion-item eb-accordion-item-fblol eb-accordion-wrapper\" data-clickable=\"false\"><div class=\"eb-accordion-title-wrapper eb-accordion-title-wrapper-eb-accordion-cyakb\" tabindex=\"0\"><span class=\"eb-accordion-icon-wrapper eb-accordion-icon-wrapper-eb-accordion-cyakb\"><i icon=\"fas fa-angle-down\" class=\"fas fa-angle-down eb-accordion-icon\"><\/i><\/span><div class=\"eb-accordion-title-content-wrap title-content-eb-accordion-cyakb\"><h3 class=\"eb-accordion-title\"><strong><strong><strong><strong><strong>Quem pode coordenar Projetos de Pesquisa na UFPR e <br>q<strong>ual sistema deve ser usado para a tramita\u00e7\u00e3o de propostas<\/strong>?<\/strong><\/strong><\/strong><\/strong><\/strong><\/h3><\/div><\/div><div class=\"eb-accordion-content-wrapper eb-accordion-content-wrapper-eb-accordion-cyakb\"><div class=\"eb-accordion-content\">\n<p>Servidoras e servidores Docentes e T\u00e9cnicos(as) podem atuar como Coordenadoras e Coordenadores de Projetos de Pesquisa no \u00e2mbito da UFPR, nos Termos da&nbsp;<a href=\"http:\/\/www.soc.ufpr.br\/portal\/wp-content\/uploads\/2016\/07\/resolucao_cepe_20042001-56.pdf\">resolu\u00e7\u00e3o N.\u00ba 01\/2023 \u2013 Cepe\/Ufpr<\/a>.<\/p>\n\n\n\n<p>O projeto de pesquisa dever\u00e1 ser formalizado e tramitado atrav\u00e9s do&nbsp;<a href=\"https:\/\/cgr.ufpr.br\/portal\/sei\/\">sistema sei\/ufpr<\/a>&nbsp;na categoria \u201cPesquisa: Projeto de Pesquisa\u201d.<\/p>\n<\/div><\/div><\/div>\n\n\n\n<div class=\"wp-block-essential-blocks-accordion-item eb-accordion-item-q9jsc eb-accordion-wrapper\" data-clickable=\"false\"><div class=\"eb-accordion-title-wrapper eb-accordion-title-wrapper-eb-accordion-cyakb\" tabindex=\"0\"><span class=\"eb-accordion-icon-wrapper eb-accordion-icon-wrapper-eb-accordion-cyakb\"><i icon=\"fas fa-angle-down\" class=\"fas fa-angle-down eb-accordion-icon\"><\/i><\/span><div class=\"eb-accordion-title-content-wrap title-content-eb-accordion-cyakb\"><h3 class=\"eb-accordion-title\"><strong><strong>Qual o prazo de dura\u00e7\u00e3o dos Projetos de Pesquisa?<\/strong> \u00c9<strong> poss\u00edvel solicitar prorroga\u00e7\u00e3o de prazo?<\/strong><\/strong><\/h3><\/div><\/div><div class=\"eb-accordion-content-wrapper eb-accordion-content-wrapper-eb-accordion-cyakb\"><div class=\"eb-accordion-content\">\n<p>Os Projetos de Pesquisa t\u00eam vig\u00eancia de at\u00e9 5 (cinco) anos e poder\u00e3o ser prorrogados uma vez por um per\u00edodo n\u00e3o superior \u00e0 sua dura\u00e7\u00e3o inicial.<\/p>\n\n\n\n<p>A renova\u00e7\u00e3o da aprova\u00e7\u00e3o do projeto \u00e9 condicionada \u00e0 apresenta\u00e7\u00e3o dos produtos de pesquisa gerados e dever\u00e1 ser submetida e analisada pelo CSPq do proponente, antes do encerramento do per\u00edodo de vig\u00eancia do projeto.<\/p>\n\n\n\n<p>Para mais informa\u00e7\u00f5es, basta acessar o detalhamento da informa\u00e7\u00e3o na p\u00e1gina de Perguntas Frequentes &#8211; Pesquisa: <a href=\"https:\/\/direito.ufpr.br\/?page_id=46703\">https:\/\/direito.ufpr.br\/?page_id=46703<\/a>. <\/p>\n<\/div><\/div><\/div>\n\n\n\n<div class=\"wp-block-essential-blocks-accordion-item eb-accordion-item-anz06 eb-accordion-wrapper\" data-clickable=\"false\"><div class=\"eb-accordion-title-wrapper eb-accordion-title-wrapper-eb-accordion-cyakb\" tabindex=\"0\"><span class=\"eb-accordion-icon-wrapper eb-accordion-icon-wrapper-eb-accordion-cyakb\"><i icon=\"fas fa-angle-down\" class=\"fas fa-angle-down eb-accordion-icon\"><\/i><\/span><div class=\"eb-accordion-title-content-wrap title-content-eb-accordion-cyakb\"><h3 class=\"eb-accordion-title\"><strong><strong><strong><strong>Q<strong><strong><strong><strong>uais itens devem constar obrigatoriamente na proposta de Projeto de Pesquisa?<\/strong><\/strong><\/strong><\/strong><\/strong><\/strong><\/strong><\/strong><\/h3><\/div><\/div><div class=\"eb-accordion-content-wrapper eb-accordion-content-wrapper-eb-accordion-cyakb\"><div class=\"eb-accordion-content\">\n<p>A estrutura m\u00ednima para envio de Projetos de Pesquisa deve ser composta de:<\/p>\n\n\n\n<p><em>I \u2013 identifica\u00e7\u00e3o do projeto, incluindo t\u00edtulo, palavras-chave e resumo;<\/em><\/p>\n\n\n\n<p><em>II \u2013 objetivos geral e espec\u00edficos;<\/em><\/p>\n\n\n\n<p><em>III \u2013 introdu\u00e7\u00e3o com fundamenta\u00e7\u00e3o te\u00f3rica que contextualiza e justifica os objetivos propostos e caracteriza seu car\u00e1ter t\u00e9cnico-cient\u00edfico;<\/em><\/p>\n\n\n\n<p><em>IV \u2013 metodologias, procedimentos e materiais a serem utilizados;<\/em><\/p>\n\n\n\n<p><em>V \u2013 equipe, indicando o(a) coordenador(a) e demais participantes;<\/em><\/p>\n\n\n\n<p><em>VI \u2013 cronograma de desenvolvimento; e<\/em><\/p>\n\n\n\n<p><em>VII \u2013 produtos e impactos esperados.<\/em><\/p>\n\n\n\n<p>Para mais informa\u00e7\u00f5es sobre o assunto, consulte a p\u00e1gina de Perguntas Frequentes &#8211; Pesquisa: <a href=\"https:\/\/direito.ufpr.br\/?page_id=46703\">https:\/\/direito.ufpr.br\/?page_id=46703<\/a>.<\/p>\n<\/div><\/div><\/div>\n\n\n\n<div class=\"wp-block-essential-blocks-accordion-item eb-accordion-item-axbf3 eb-accordion-wrapper\" data-clickable=\"false\"><div class=\"eb-accordion-title-wrapper eb-accordion-title-wrapper-eb-accordion-cyakb\" tabindex=\"0\"><span class=\"eb-accordion-icon-wrapper eb-accordion-icon-wrapper-eb-accordion-cyakb\"><i icon=\"fas fa-angle-down\" class=\"fas fa-angle-down eb-accordion-icon\"><\/i><\/span><div class=\"eb-accordion-title-content-wrap title-content-eb-accordion-cyakb\"><h3 class=\"eb-accordion-title\"><strong><strong><strong><strong><strong>Como cadastrar Projetos de Pesquisa j\u00e1 aprovados no banco de projetos da <strong>PRPPG\/UFPR<\/strong>?<\/strong><\/strong><\/strong><\/strong><\/strong><\/h3><\/div><\/div><div class=\"eb-accordion-content-wrapper eb-accordion-content-wrapper-eb-accordion-cyakb\"><div class=\"eb-accordion-content\">\n<p>Para tal, o (a) coordenador(a) deve cadastrar\/registrar o projeto de pesquisa em seu curr\u00edculo&nbsp;<em>lattes<\/em> e sincroniz\u00e1-lo em ser perfil de Docente no Novo Portal de Sistemas da UFPR. Ser\u00e1 necess\u00e1rio ter em m\u00e3os o extrato de ata de aprova\u00e7\u00e3o do projeto, e registr\u00e1-lo dentro da pasta do projeto no sistema.<\/p>\n\n\n\n<p>Para mais informa\u00e7\u00f5es, basta seguir o tutorial detalhado constante na p\u00e1gina de Perguntas Frequentes &#8211; Pesquisa: <a href=\"https:\/\/direito.ufpr.br\/?page_id=46703\">https:\/\/direito.ufpr.br\/?page_id=46703<\/a>.<\/p>\n<\/div><\/div><\/div>\n\n\n\n<div class=\"wp-block-essential-blocks-accordion-item eb-accordion-item-oc9r1 eb-accordion-wrapper\" data-clickable=\"false\"><div class=\"eb-accordion-title-wrapper eb-accordion-title-wrapper-eb-accordion-cyakb\" tabindex=\"0\"><span class=\"eb-accordion-icon-wrapper eb-accordion-icon-wrapper-eb-accordion-cyakb\"><i icon=\"fas fa-angle-down\" class=\"fas fa-angle-down eb-accordion-icon\"><\/i><\/span><div class=\"eb-accordion-title-content-wrap title-content-eb-accordion-cyakb\"><h3 class=\"eb-accordion-title\"><strong><strong><strong><strong><strong>Q<strong>uais atividades s\u00e3o consideradas como produtos de pesquisa para fins de prorroga\u00e7\u00e3o de Projetos de Pesquisa?<\/strong><\/strong><\/strong><\/strong><\/strong><\/strong><\/h3><\/div><\/div><div class=\"eb-accordion-content-wrapper eb-accordion-content-wrapper-eb-accordion-cyakb\"><div class=\"eb-accordion-content\">\n<p>S\u00e3o v\u00e1rias as atividades consideradas para este tipo de solicita\u00e7\u00e3o, tais como: orienta\u00e7\u00e3o de inicia\u00e7\u00e3o cient\u00edfica, inicia\u00e7\u00e3o em desenvolvimento tecnol\u00f3gico e inova\u00e7\u00e3o, voluntariado acad\u00eamico, livro ou cap\u00edtulos com ISBN publicados por editoras que adotem pr\u00e1tica de revis\u00e3o por pares, dentre outras.<\/p>\n\n\n\n<p>Confira a lista completa das possibilidades na p\u00e1gina de Perguntas Frequentes &#8211; Pesquisa: <a href=\"https:\/\/direito.ufpr.br\/?page_id=46703\">https:\/\/direito.ufpr.br\/?page_id=46703<\/a>.<\/p>\n<\/div><\/div><\/div>\n<\/div><\/div><\/div><\/div>\n<\/div>\n\n\n\n<div class=\"wp-block-column is-layout-flow wp-block-column-is-layout-flow\" style=\"flex-basis:50%\">\n<div class=\"wp-block-essential-blocks-accordion  root-eb-accordion-nabed\"><div class=\"eb-parent-wrapper eb-parent-eb-accordion-nabed eb_animation eb___animated eb___fadeInRight\"><div class=\"eb-accordion-container eb-accordion-nabed\" data-accordion-type=\"accordion\" data-tab-icon=\"fas fa-angle-down\" data-expanded-icon=\"fas fa-angle-up\" data-transition-duration=\"500\"><div class=\"eb-accordion-inner\">\n<div class=\"wp-block-essential-blocks-accordion-item eb-accordion-item-i593s eb-accordion-wrapper\" data-clickable=\"false\"><div class=\"eb-accordion-title-wrapper eb-accordion-title-wrapper-eb-accordion-nabed\" tabindex=\"0\"><span class=\"eb-accordion-icon-wrapper eb-accordion-icon-wrapper-eb-accordion-nabed\"><i icon=\"fas fa-angle-down\" class=\"fas fa-angle-down eb-accordion-icon\"><\/i><\/span><div class=\"eb-accordion-title-content-wrap title-content-eb-accordion-nabed\"><h3 class=\"eb-accordion-title\"><strong><strong><strong><strong>O que \u00e9 Extens\u00e3o Universit\u00e1ria e q<strong><strong><strong>uais as modalidades de Atividades Extensionistas?<\/strong><\/strong><\/strong><\/strong><\/strong><\/strong><\/strong>                                                               <br>                                                          <br><\/h3><\/div><\/div><div class=\"eb-accordion-content-wrapper eb-accordion-content-wrapper-eb-accordion-nabed\"><div class=\"eb-accordion-content\">\n<p>&#8220;A extens\u00e3o \u00e9 a atividade que se integra \u00e0 matriz curricular e \u00e0 organiza\u00e7\u00e3o da pesquisa, constituindo-se em processo interdisciplinar, pol\u00edtico educacional, cultural, cient\u00edfico, tecnol\u00f3gico, que promove a intera\u00e7\u00e3o transformadora entre as institui\u00e7\u00f5es de ensino superior e os outros setores da sociedade, por meio da produ\u00e7\u00e3o e da aplica\u00e7\u00e3o do conhecimento, em articula\u00e7\u00e3o permanente com o ensino e a pesquisa.&#8221; <em>Art.3\u00ba da Resolu\u00e7\u00e3o <a href=\"http:\/\/portal.mec.gov.br\/index.php?option=com_docman&amp;view=download&amp;alias=104251-rces007-18&amp;category_slug=dezembro-2018-pdf&amp;Itemid=30192\">CNE\/CES N\u00ba 7\/2018<\/a><\/em><\/p>\n\n\n\n<p>As<strong> modalidades <\/strong>de atividades extensionistas s\u00e3o compostas por: Programas de Extens\u00e3o, Projetos Vinculados, Projetos de Extens\u00e3o, Cursos de Extens\u00e3o, Eventos de Extens\u00e3o e Presta\u00e7\u00e3o de Servi\u00e7o Extensionista.<\/p>\n\n\n\n<p>Confira o detalhamento de cada uma destas atividades na p\u00e1gina de Perguntas Frequentes \u2013 Extens\u00e3o: <a href=\"https:\/\/direito.ufpr.br\/?page_id=42935\">https:\/\/direito.ufpr.br\/?page_id=42935<\/a><\/p>\n<\/div><\/div><\/div>\n\n\n\n<div class=\"wp-block-essential-blocks-accordion-item eb-accordion-item-ddslc eb-accordion-wrapper\" data-clickable=\"false\"><div class=\"eb-accordion-title-wrapper eb-accordion-title-wrapper-eb-accordion-nabed\" tabindex=\"0\"><span class=\"eb-accordion-icon-wrapper eb-accordion-icon-wrapper-eb-accordion-nabed\"><i icon=\"fas fa-angle-down\" class=\"fas fa-angle-down eb-accordion-icon\"><\/i><\/span><div class=\"eb-accordion-title-content-wrap title-content-eb-accordion-nabed\"><h3 class=\"eb-accordion-title\"><strong><br><strong>O que s\u00e3o Atividades Curriculares de Extens\u00e3o (ACEs)?<\/strong><\/strong><\/h3><\/div><\/div><div class=\"eb-accordion-content-wrapper eb-accordion-content-wrapper-eb-accordion-nabed\"><div class=\"eb-accordion-content\">\n<p>As Atividades Curriculares de Extens\u00e3o (ACE) s\u00e3o componentes obrigat\u00f3rios dos Projetos Pedag\u00f3gicos dos Cursos (PPCs), totalizando 10% do total da carga hor\u00e1ria do curso, divididas em 5 etapas e que t\u00eam por finalidade ressaltar o valor das atividades de extens\u00e3o que contribuem para a efetiva indissociabilidade entre Ensino, Pesquisa e Extens\u00e3o na Universidade.<br>Consulte mais informa\u00e7\u00f5es sobre o tema e o detalhamento de cada etapa na p\u00e1gina de Perguntas Frequentes \u2013 Extens\u00e3o: <a href=\"https:\/\/direito.ufpr.br\/?page_id=42935\">https:\/\/direito.ufpr.br\/?page_id=42935<\/a><\/p>\n<\/div><\/div><\/div>\n\n\n\n<div class=\"wp-block-essential-blocks-accordion-item eb-accordion-item-5a68d eb-accordion-wrapper\" data-clickable=\"false\"><div class=\"eb-accordion-title-wrapper eb-accordion-title-wrapper-eb-accordion-nabed\" tabindex=\"0\"><span class=\"eb-accordion-icon-wrapper eb-accordion-icon-wrapper-eb-accordion-nabed\"><i icon=\"fas fa-angle-down\" class=\"fas fa-angle-down eb-accordion-icon\"><\/i><\/span><div class=\"eb-accordion-title-content-wrap title-content-eb-accordion-nabed\"><h3 class=\"eb-accordion-title\"><strong><strong><strong><strong><strong>A I<strong><strong><strong>ntegraliza\u00e7\u00e3o da Extens\u00e3o \u00e9 obrigat\u00f3ria para todos os estudantes de Gradua\u00e7\u00e3o?<\/strong><\/strong><\/strong><\/strong><\/strong><\/strong><\/strong><\/strong><\/h3><\/div><\/div><div class=\"eb-accordion-content-wrapper eb-accordion-content-wrapper-eb-accordion-nabed\"><div class=\"eb-accordion-content\">\n<p>A realiza\u00e7\u00e3o de atividades curriculares de extens\u00e3o \u00e9 componente curricular obrigat\u00f3rio para:<br><strong>a)<\/strong>&nbsp;todos os\/as estudantes dos cursos de gradua\u00e7\u00e3o ingressantes na UFPR a partir do ano letivo de 2023.<br><strong>b)<\/strong>&nbsp;todos os\/as estudantes que ingressaram anteriormente ao ano de 2023 cujos PPCs j\u00e1 estiverem adequados a <a href=\"https:\/\/soc.ufpr.br\/wp-content\/uploads\/2020\/11\/Res.-86-2020-CEPE.pdf\">Resolu\u00e7\u00e3o 86\/20-CEPE<\/a>.<br><strong>c)<\/strong>&nbsp;todos os\/as estudantes que optarem por migrar para PPC que j\u00e1 tenha incorporado a integraliza\u00e7\u00e3o da Extens\u00e3o, conforme previsto na <a href=\"https:\/\/soc.ufpr.br\/wp-content\/uploads\/2020\/11\/Res.-86-2020-CEPE.pdf\">Resolu\u00e7\u00e3o 86\/20-CEPE<\/a>.<br>A carga hor\u00e1ria de extens\u00e3o constar\u00e1 no hist\u00f3rico do aluno e, caso o aluno n\u00e3o cumpra os requisitos m\u00ednimos exigidos para a sua integraliza\u00e7\u00e3o curricular, n\u00e3o poder\u00e1 se formar.<\/p>\n\n\n\n<p>Consulte mais informa\u00e7\u00f5es sobre o tema na p\u00e1gina de Perguntas Frequentes \u2013 Extens\u00e3o: <a href=\"https:\/\/direito.ufpr.br\/?page_id=42935\">https:\/\/direito.ufpr.br\/?page_id=42935<\/a><\/p>\n<\/div><\/div><\/div>\n\n\n\n<div class=\"wp-block-essential-blocks-accordion-item eb-accordion-item-ipxop eb-accordion-wrapper\" data-clickable=\"false\"><div class=\"eb-accordion-title-wrapper eb-accordion-title-wrapper-eb-accordion-nabed\" tabindex=\"0\"><span class=\"eb-accordion-icon-wrapper eb-accordion-icon-wrapper-eb-accordion-nabed\"><i icon=\"fas fa-angle-down\" class=\"fas fa-angle-down eb-accordion-icon\"><\/i><\/span><div class=\"eb-accordion-title-content-wrap title-content-eb-accordion-nabed\"><h3 class=\"eb-accordion-title\"><strong><strong><strong><strong><strong><strong>O que \u00e9 Inicia\u00e7\u00e3o Cient\u00edfica? Como posso me candidatar?                                                                                                                           <br><\/strong><\/strong><\/strong><\/strong><\/strong><\/strong><\/h3><\/div><\/div><div class=\"eb-accordion-content-wrapper eb-accordion-content-wrapper-eb-accordion-nabed\"><div class=\"eb-accordion-content\">\n<p>Na Universidade Federal do Paran\u00e1, o Programa de Inicia\u00e7\u00e3o Cient\u00edfica \u00e9 e gerenciado pela Pr\u00f3-Reitoria de Pesquisa e P\u00f3s-Gradua\u00e7\u00e3o (<a href=\"https:\/\/www.prppg.ufpr.br\/site\/pb\/ic\/programa\/\">PRPPG\/UFPR<\/a>) e se estabelece como a forma mais acess\u00edvel de fomento \u00e0 pesquisa para professores\/pesquisadores e de ingresso dos alunos de gradua\u00e7\u00e3o \u00e0 pesquisa.<\/p>\n\n\n\n<p>A rela\u00e7\u00e3o dos Projetos com vagas abertas para a sele\u00e7\u00e3o de estudantes da Faculdade de Direito \u00e9 publicada em nossa p\u00e1gina, por meio de Editais de Sele\u00e7\u00e3o lan\u00e7ados ao longo do primeiro semestre de cada ano. <\/p>\n\n\n\n<p>Para verificar os editais publicados e as normas gerais do Programa, acesse: <a href=\"https:\/\/direito.ufpr.br\/?page_id=43356\">https:\/\/direito.ufpr.br\/?page_id=43356<\/a><\/p>\n<\/div><\/div><\/div>\n\n\n\n<div class=\"wp-block-essential-blocks-accordion-item eb-accordion-item-ui0y2 eb-accordion-wrapper\" data-clickable=\"false\"><div class=\"eb-accordion-title-wrapper eb-accordion-title-wrapper-eb-accordion-nabed\" tabindex=\"0\"><span class=\"eb-accordion-icon-wrapper eb-accordion-icon-wrapper-eb-accordion-nabed\"><i icon=\"fas fa-angle-down\" class=\"fas fa-angle-down eb-accordion-icon\"><\/i><\/span><div class=\"eb-accordion-title-content-wrap title-content-eb-accordion-nabed\"><h3 class=\"eb-accordion-title\"><strong><strong><strong><strong><strong><strong>Como obter Certificado(s) de Membro de Equipe Organizadora e\/ou de Participante em Atividade Extensionista<\/strong>?<\/strong><\/strong><\/strong><\/strong><\/strong><\/h3><\/div><\/div><div class=\"eb-accordion-content-wrapper eb-accordion-content-wrapper-eb-accordion-nabed\"><div class=\"eb-accordion-content\">\n<p>O local de solicita\u00e7\u00e3o depende do ano no qual as Atividades Extensionistas foram realizadas, conforme exposto abaixo:<\/p>\n\n\n\n<p><strong>a) \u2013<\/strong>&nbsp;Atividades extensionistas realizadas entre 01\/01\/2006 e 30\/09\/2018 no seguinte link:&nbsp;<a href=\"https:\/\/direito.ufpr.br\/?page_id=42839\">https:\/\/direito.ufpr.br\/?page_id=42839<\/a><br><br><strong>b) \u2013<\/strong>&nbsp;Atividades extensionistas realizadas entre 01\/10\/2018 e 31\/12\/2019 no seguinte link:&nbsp;<a href=\"https:\/\/intranet.ufpr.br\/sigeu\/public\/certificado!search.action\">https:\/\/intranet.ufpr.br\/sigeu\/public\/certificado!search.action<\/a><br><br><strong>c) \u2013<\/strong>&nbsp;Certificados de atividades extensionistas realizadas a partir de 01\/01\/2020 ser\u00e3o enviados automaticamente pelo Sistema de Gerenciamento da Extens\u00e3o Universit\u00e1ria SISTEMAS\/SIGA\/UFPR ao endere\u00e7o de e-mail informado pelo participante.<\/p>\n<\/div><\/div><\/div>\n<\/div><\/div><\/div><\/div>\n<\/div>\n<\/div>\n<\/div><\/div><\/div><\/div>\n<\/div><\/div><\/div><\/div><\/div>\n<\/div>\n<\/div>\n<\/div>\n<\/div>\n<\/div>\n<\/div><\/div><\/div><\/div><\/div>\n\n\n\n<div class=\"wp-block-essential-blocks-wrapper  root-eb-wrapper-iay9s\"><div class=\"eb-parent-wrapper eb-parent-eb-wrapper-iay9s \"><div class=\"eb-wrapper-outer eb-wrapper-iay9s\"><div class=\"eb-wrapper-inner\"><div class=\"eb-wrapper-inner-blocks eb-wrapper-align-center\">\n<div class=\"wp-block-essential-blocks-advanced-heading  root-eb-advance-heading-ommm8\" id=\"faq_section\"><div class=\"eb-parent-wrapper eb-parent-eb-advance-heading-ommm8 eb_animation eb___animated eb___fadeInUp\"><div class=\"eb-advance-heading-wrapper eb-advance-heading-ommm8 button-1 undefined\" data-id=\"eb-advance-heading-ommm8\"><p class=\"eb-ah-title\"><span class=\"first-title\">N\u00daCLEO DE PR\u00c1TICA JUR\u00cdDICA<\/span><\/p><p class=\"eb-ah-subtitle\"><\/p><\/div><\/div><\/div>\n\n\n\n<div class=\"wp-block-essential-blocks-advanced-heading  root-eb-advance-heading-sbz84\" id=\"faq_section\"><div class=\"eb-parent-wrapper eb-parent-eb-advance-heading-sbz84 eb_animation eb___animated eb___fadeInUp\"><div class=\"eb-advance-heading-wrapper eb-advance-heading-sbz84 button-1 undefined\" data-id=\"eb-advance-heading-sbz84\"><p class=\"eb-ah-title\"><span class=\"first-title\"><br><\/span><\/p><\/div><\/div><\/div>\n<\/div><\/div><\/div><\/div><\/div>\n\n\n\n<div class=\"wp-block-essential-blocks-wrapper alignfull  root-eb-wrapper-7yt05\"><div class=\"eb-parent-wrapper eb-parent-eb-wrapper-7yt05 \"><div class=\"eb-wrapper-outer eb-wrapper-7yt05 eb-wrapper-align-center\"><div class=\"eb-wrapper-inner\"><div class=\"eb-wrapper-inner-blocks\">\n<hr class=\"wp-block-separator aligncenter has-alpha-channel-opacity is-style-default\"\/>\n\n\n\n<div class=\"wp-block-essential-blocks-advanced-heading  root-eb-advance-heading-0hgis\"><div class=\"eb-parent-wrapper eb-parent-eb-advance-heading-0hgis eb_animation eb___animated eb___fadeInUp\"><div class=\"eb-advance-heading-wrapper eb-advance-heading-0hgis button-1 undefined\" data-id=\"eb-advance-heading-0hgis\"><p class=\"eb-ah-title\"><span class=\"first-title\">EST\u00c1GIO SUPERVISIONADO, PR\u00c1TICA JUR\u00cdDICA E ATENDIMENTO \u00c0 COMUNIDADE EXTERNA<\/span><\/p><\/div><\/div><\/div>\n\n\n\n<div class=\"wp-block-group alignfull is-vertical is-layout-flex wp-container-core-group-is-layout-8cf370e7 wp-block-group-is-layout-flex\">\n<div class=\"wp-block-columns is-layout-flex wp-container-core-columns-is-layout-9d6595d7 wp-block-columns-is-layout-flex\">\n<div class=\"wp-block-column is-vertically-aligned-top is-layout-flow wp-block-column-is-layout-flow\" style=\"flex-basis:100%\">\n<div class=\"wp-block-columns is-layout-flex wp-container-core-columns-is-layout-9d6595d7 wp-block-columns-is-layout-flex\">\n<div class=\"wp-block-column is-layout-flow wp-block-column-is-layout-flow\" style=\"flex-basis:100%\">\n<div class=\"wp-block-essential-blocks-row alignfull  root-eb-row-8w57d\"><div class=\"eb-parent-wrapper eb-parent-eb-row-8w57d \"><div class=\"eb-row-root-container eb-row-8w57d\" data-id=\"eb-row-8w57d\"><div class=\"eb-row-wrapper\"><div class=\"eb-row-inner\">\n<div class=\"wp-block-essential-blocks-column  root-eb-column-ksw1o\"><div class=\"eb-parent-wrapper eb-parent-eb-column-ksw1o \"><div class=\"eb-column-wrapper eb-column-ksw1o\"><div class=\"eb-column-inner\">\n<div class=\"wp-block-columns is-layout-flex wp-container-core-columns-is-layout-9d6595d7 wp-block-columns-is-layout-flex\">\n<div class=\"wp-block-column is-layout-flow wp-block-column-is-layout-flow\" style=\"flex-basis:50%\">\n<div class=\"wp-block-essential-blocks-accordion  root-eb-accordion-clngm\"><div class=\"eb-parent-wrapper eb-parent-eb-accordion-clngm eb_animation eb___animated eb___fadeInLeft\"><div class=\"eb-accordion-container eb-accordion-clngm\" data-accordion-type=\"accordion\" data-tab-icon=\"fas fa-angle-down\" data-expanded-icon=\"fas fa-angle-up\" data-transition-duration=\"500\"><div class=\"eb-accordion-inner\">\n<div class=\"wp-block-essential-blocks-accordion-item eb-accordion-item-m7n42 eb-accordion-wrapper\" data-clickable=\"false\"><div class=\"eb-accordion-title-wrapper eb-accordion-title-wrapper-eb-accordion-clngm\" tabindex=\"0\"><span class=\"eb-accordion-icon-wrapper eb-accordion-icon-wrapper-eb-accordion-clngm\"><i icon=\"fas fa-angle-down\" class=\"fas fa-angle-down eb-accordion-icon\"><\/i><\/span><div class=\"eb-accordion-title-content-wrap title-content-eb-accordion-clngm\"><h3 class=\"eb-accordion-title\"><strong><strong><strong><strong>O que \u00e9 Est\u00e1gio Supervisionado?<\/strong><\/strong><\/strong><\/strong><\/h3><\/div><\/div><div class=\"eb-accordion-content-wrapper eb-accordion-content-wrapper-eb-accordion-clngm\"><div class=\"eb-accordion-content\">\n<p>Disciplina anual obrigat\u00f3ria aos alunos e alunas do quarto e quinto ano, com carga hor\u00e1ria de 150 horas (n\u00e3o confundir com Pr\u00e1tica Jur\u00eddica, s\u00e3o disciplinas distintas) regulada pelo N\u00facleo de Pr\u00e1tica Jur\u00eddica. Poder\u00e1 ser realizado:<\/p>\n\n\n\n<ul class=\"wp-block-list\">\n<li>Integralmente em servi\u00e7os de assist\u00eancia judici\u00e1ria, implantados na institui\u00e7\u00e3o, nos \u00f3rg\u00e3os do Poder Judici\u00e1rio, do Minist\u00e9rio P\u00fablico, da Defensoria P\u00fablica ou em departamentos jur\u00eddicos oficiais, sob orienta\u00e7\u00e3o&nbsp;<strong>indireta<\/strong>&nbsp;do professor da disciplina de est\u00e1gio supervisionado.<\/li>\n\n\n\n<li>Integralmente, no N\u00facleo de Pr\u00e1tica Jur\u00eddica da UFPR, sob orienta\u00e7\u00e3o&nbsp;<strong>direta<\/strong>&nbsp;do(a) professor(a) da disciplina de est\u00e1gio supervisionado.<\/li>\n\n\n\n<li>Integralmente em outros campos de est\u00e1gio, conforme as normas da UFPR, sob orienta\u00e7\u00e3o <strong>indireta<\/strong> do professor da disciplina de est\u00e1gio supervisionado.<\/li>\n\n\n\n<li>De forma composta, combinando qualquer das modalidades elencadas nos itens I a III.<\/li>\n<\/ul>\n\n\n\n<p>No ato da matr\u00edcula na disciplina, o(a) aluno(a) dever\u00e1 escolher a categoria do est\u00e1gio e posteriormente apresentar documenta\u00e7\u00e3o para sua comprova\u00e7\u00e3o, que ser\u00e1 estabelecida Edital futuro, lan\u00e7ado anualmente no m\u00eas de Outubro (<a href=\"https:\/\/direito.ufpr.br\/?cat=114\">acesse a p\u00e1gina de Editais do NPJ<\/a>).<\/p>\n\n\n\n<p>Para maiores informa\u00e7\u00f5es e verifica\u00e7\u00e3o dos formul\u00e1rios relativos a esta modalidade, consulte: <a href=\"https:\/\/direito.ufpr.br\/?page_id=1402\">https:\/\/direito.ufpr.br\/?page_id=1402<\/a><\/p>\n<\/div><\/div><\/div>\n\n\n\n<div class=\"wp-block-essential-blocks-accordion-item eb-accordion-item-zm3sk eb-accordion-wrapper\" data-clickable=\"false\"><div class=\"eb-accordion-title-wrapper eb-accordion-title-wrapper-eb-accordion-clngm\" tabindex=\"0\"><span class=\"eb-accordion-icon-wrapper eb-accordion-icon-wrapper-eb-accordion-clngm\"><i icon=\"fas fa-angle-down\" class=\"fas fa-angle-down eb-accordion-icon\"><\/i><\/span><div class=\"eb-accordion-title-content-wrap title-content-eb-accordion-clngm\"><h3 class=\"eb-accordion-title\"><strong>Tenho uma causa jur\u00eddica, o NPJ da UFPR fornece o servi\u00e7o de um(a) advogado(a)? <\/strong><\/h3><\/div><\/div><div class=\"eb-accordion-content-wrapper eb-accordion-content-wrapper-eb-accordion-clngm\"><div class=\"eb-accordion-content\">\n<p><strong>N\u00e3o<\/strong>. O NPJ fornece orienta\u00e7\u00e3o jur\u00eddica gratuita \u00e0 popula\u00e7\u00e3o, mas n\u00e3o fornece os servi\u00e7os de advocacia nem de representa\u00e7\u00e3o processual (tais como: abertura e acompanhamento de causa\/processo,&nbsp; elabora\u00e7\u00e3o de contratos, defesa em processos judiciais, media\u00e7\u00e3o e arbitragem, etc).<\/p>\n<\/div><\/div><\/div>\n\n\n\n<div class=\"wp-block-essential-blocks-accordion-item eb-accordion-item-7rzhx eb-accordion-wrapper\" data-clickable=\"false\"><div class=\"eb-accordion-title-wrapper eb-accordion-title-wrapper-eb-accordion-clngm\" tabindex=\"0\"><span class=\"eb-accordion-icon-wrapper eb-accordion-icon-wrapper-eb-accordion-clngm\"><i icon=\"fas fa-angle-down\" class=\"fas fa-angle-down eb-accordion-icon\"><\/i><\/span><div class=\"eb-accordion-title-content-wrap title-content-eb-accordion-clngm\"><h3 class=\"eb-accordion-title\"><strong><strong><strong><strong>Quais os dias de atendimento para receber Orienta\u00e7\u00e3o Jur\u00eddica?<\/strong><\/strong><\/strong><\/strong><\/h3><\/div><\/div><div class=\"eb-accordion-content-wrapper eb-accordion-content-wrapper-eb-accordion-clngm\"><div class=\"eb-accordion-content\">\n<p>Os atendimentos s\u00e3o realizados de uma a duas vezes na semana, sempre no per\u00edodo da tarde. O dia de atendimento depender\u00e1 do calend\u00e1rio de aulas estabelecido para aquele ano. No ato da triagem pr\u00e9via, ser\u00e1 informado pela equipe de Servi\u00e7o Social, em qual dia e hor\u00e1rio dever\u00e1 comparecer para receber seu atendimento. <\/p>\n<\/div><\/div><\/div>\n<\/div><\/div><\/div><\/div>\n<\/div>\n\n\n\n<div class=\"wp-block-column is-layout-flow wp-block-column-is-layout-flow\" style=\"flex-basis:50%\">\n<div class=\"wp-block-essential-blocks-accordion  root-eb-accordion-q17ps\"><div class=\"eb-parent-wrapper eb-parent-eb-accordion-q17ps eb_animation eb___animated eb___fadeInRight\"><div class=\"eb-accordion-container eb-accordion-q17ps\" data-accordion-type=\"accordion\" data-tab-icon=\"fas fa-angle-down\" data-expanded-icon=\"fas fa-angle-up\" data-transition-duration=\"500\"><div class=\"eb-accordion-inner\">\n<div class=\"wp-block-essential-blocks-accordion-item eb-accordion-item-o068q eb-accordion-wrapper\" data-clickable=\"false\"><div class=\"eb-accordion-title-wrapper eb-accordion-title-wrapper-eb-accordion-q17ps\" tabindex=\"0\"><span class=\"eb-accordion-icon-wrapper eb-accordion-icon-wrapper-eb-accordion-q17ps\"><i icon=\"fas fa-angle-down\" class=\"fas fa-angle-down eb-accordion-icon\"><\/i><\/span><div class=\"eb-accordion-title-content-wrap title-content-eb-accordion-q17ps\"><h3 class=\"eb-accordion-title\"><strong><strong><strong>O que \u00e9 Pr\u00e1tica Jur\u00eddica?<\/strong><\/strong><\/strong><\/h3><\/div><\/div><div class=\"eb-accordion-content-wrapper eb-accordion-content-wrapper-eb-accordion-q17ps\"><div class=\"eb-accordion-content\">\n<p>Trata-se de uma disciplina curricular anual obrigat\u00f3ria aos alunos e alunas do quarto e quinto ano, com carga hor\u00e1ria de 150 horas que contempla a pr\u00e1tica jur\u00eddica orientativa em \u00e1rea a ser escolhida pelo(a) acad\u00eamico(a) dentre as seguintes op\u00e7\u00f5es:<\/p>\n\n\n\n<ul class=\"wp-block-list\">\n<li>Pr\u00e1tica Jur\u00eddica C\u00edvel<\/li>\n\n\n\n<li>Pr\u00e1tica Jur\u00eddica Penal<\/li>\n\n\n\n<li>Pr\u00e1tica jur\u00eddica trabalhista\/Previdenci\u00e1ria<\/li>\n\n\n\n<li>Pr\u00e1tica Previdenci\u00e1ria<\/li>\n\n\n\n<li>Pr\u00e1tica Jur\u00eddica em Direitos Humanos<\/li>\n<\/ul>\n\n\n\n<p>Os atendimentos s\u00e3o supervisionados pelo professor e acompanhados pela equipe do Servi\u00e7o Social do NPJ-UFPR.<\/p>\n\n\n\n<p>A matr\u00edcula na disciplina escolhida deve ser feita conforme orienta\u00e7\u00e3o de Edital lan\u00e7ado para ela (<a href=\"https:\/\/direito.ufpr.br\/?cat=114\">acessar a \u00e1rea de Editais do NPJ<\/a>), tendo, em cada turma, a limita\u00e7\u00e3o de vagas estipulada no referido documento, n\u00e3o sendo poss\u00edvel exceder o limite estabelecido.<\/p>\n\n\n\n<p>Para informar-se mais sobre o tema e a proposta de cada disciplina, acesse: <a href=\"https:\/\/direito.ufpr.br\/?page_id=2721\">https:\/\/direito.ufpr.br\/?page_id=2721<\/a><\/p>\n<\/div><\/div><\/div>\n\n\n\n<div class=\"wp-block-essential-blocks-accordion-item eb-accordion-item-9ozk9 eb-accordion-wrapper\" data-clickable=\"false\"><div class=\"eb-accordion-title-wrapper eb-accordion-title-wrapper-eb-accordion-q17ps\" tabindex=\"0\"><span class=\"eb-accordion-icon-wrapper eb-accordion-icon-wrapper-eb-accordion-q17ps\"><i icon=\"fas fa-angle-down\" class=\"fas fa-angle-down eb-accordion-icon\"><\/i><\/span><div class=\"eb-accordion-title-content-wrap title-content-eb-accordion-q17ps\"><h3 class=\"eb-accordion-title\"><strong><strong><strong><strong>Preciso de Orienta\u00e7\u00e3o Jur\u00eddica, como posso obt\u00ea-la pelo NPJ?<\/strong><\/strong> \u00c9 necess\u00e1rio pagar algum valor?<\/strong><\/strong><\/h3><\/div><\/div><div class=\"eb-accordion-content-wrapper eb-accordion-content-wrapper-eb-accordion-q17ps\"><div class=\"eb-accordion-content\">\n<p>A orienta\u00e7\u00e3o jur\u00eddica fornecida pelo NPJ \u00e9 gratuita e n\u00e3o envolve a abertura de processos, apenas fornece informa\u00e7\u00f5es preliminares em rela\u00e7\u00e3o ao problema apresentado.<\/p>\n\n\n\n<p>O agendamento pode ser feito de forma presencial ou atrav\u00e9s dos telefones: (41) 3310-2623 \/ (41) 3310-2733&nbsp;ou e-mail:&nbsp;<a>ssocialnpj@ufpr.br<\/a>.<\/p>\n\n\n\n<p>Caso realize o agendamento \u00e0 dist\u00e2ncia, o(a) interessado(a) dever\u00e1 comparecer ao NPJ com pelo  menos 30 minutos de anteced\u00eancia, a fim de que seu cadastro seja realizado e a ficha repassada aos respons\u00e1veis pelo atendimento. <\/p>\n\n\n\n<p>Caso seu cadastro seja feito antecipadamente de maneira presencial, basta comparecer ao NPJ na data e hor\u00e1rio marcados no ato do cadastro.<\/p>\n<\/div><\/div><\/div>\n\n\n\n<div class=\"wp-block-essential-blocks-accordion-item eb-accordion-item-tljlz eb-accordion-wrapper\" data-clickable=\"false\"><div class=\"eb-accordion-title-wrapper eb-accordion-title-wrapper-eb-accordion-q17ps\" tabindex=\"0\"><span class=\"eb-accordion-icon-wrapper eb-accordion-icon-wrapper-eb-accordion-q17ps\"><i icon=\"fas fa-angle-down\" class=\"fas fa-angle-down eb-accordion-icon\"><\/i><\/span><div class=\"eb-accordion-title-content-wrap title-content-eb-accordion-q17ps\"><h3 class=\"eb-accordion-title\"><strong><strong><strong><strong><strong>O NPJ indica algum(a) advogado(a) para os casos apresentados na Orienta\u00e7\u00e3o Jur\u00eddica?<\/strong><\/strong><\/strong><\/strong><\/strong><\/h3><\/div><\/div><div class=\"eb-accordion-content-wrapper eb-accordion-content-wrapper-eb-accordion-q17ps\"><div class=\"eb-accordion-content\">\n<p><strong>N\u00e3o<\/strong>. Os atendimentos de orienta\u00e7\u00e3o jur\u00eddica visam analisar previamente a situa\u00e7\u00e3o apresentada e direcionar a pessoa atendida a qual inst\u00e2ncia\/especialidade jur\u00eddica procurar, por\u00e9m n\u00e3o h\u00e1 a possibilidade de indica\u00e7\u00e3o de profissionais para tal. Ap\u00f3s o atendimento, o(a) interessado(a) ser\u00e1 respons\u00e1vel por encontrar um profissional na especialidade indicada no atendimento.<\/p>\n<\/div><\/div><\/div>\n<\/div><\/div><\/div><\/div>\n<\/div>\n<\/div>\n<\/div><\/div><\/div><\/div>\n<\/div><\/div><\/div><\/div><\/div>\n<\/div>\n<\/div>\n<\/div>\n<\/div>\n<\/div>\n<\/div><\/div><\/div><\/div><\/div>\n\n\n\n<div class=\"wp-block-essential-blocks-wrapper  root-eb-wrapper-hrben\"><div class=\"eb-parent-wrapper eb-parent-eb-wrapper-hrben \"><div class=\"eb-wrapper-outer eb-wrapper-hrben\"><div class=\"eb-wrapper-inner\"><div class=\"eb-wrapper-inner-blocks eb-wrapper-align-center\">\n<div class=\"wp-block-essential-blocks-advanced-heading  root-eb-advance-heading-h2fda\" id=\"faq_section\"><div class=\"eb-parent-wrapper eb-parent-eb-advance-heading-h2fda eb_animation eb___animated eb___fadeInUp\"><div class=\"eb-advance-heading-wrapper eb-advance-heading-h2fda button-1 undefined\" data-id=\"eb-advance-heading-h2fda\"><p class=\"eb-ah-title\"><span class=\"first-title\">\u00c1REA DE TECNOLOGIA DA INFORMA\u00c7\u00c3O<\/span><\/p><p class=\"eb-ah-subtitle\"><\/p><\/div><\/div><\/div>\n\n\n\n<div class=\"wp-block-essential-blocks-advanced-heading  root-eb-advance-heading-rg2ay\" id=\"faq_section\"><div class=\"eb-parent-wrapper eb-parent-eb-advance-heading-rg2ay eb_animation eb___animated eb___fadeInUp\"><div class=\"eb-advance-heading-wrapper eb-advance-heading-rg2ay button-1 undefined\" data-id=\"eb-advance-heading-rg2ay\"><p class=\"eb-ah-title\"><span class=\"first-title\"><br><\/span><\/p><\/div><\/div><\/div>\n<\/div><\/div><\/div><\/div><\/div>\n\n\n\n<div class=\"wp-block-essential-blocks-wrapper alignfull  root-eb-wrapper-be4yy\"><div class=\"eb-parent-wrapper eb-parent-eb-wrapper-be4yy \"><div class=\"eb-wrapper-outer eb-wrapper-be4yy eb-wrapper-align-center\"><div class=\"eb-wrapper-inner\"><div class=\"eb-wrapper-inner-blocks\">\n<hr class=\"wp-block-separator aligncenter has-alpha-channel-opacity is-style-default\"\/>\n\n\n\n<p><\/p>\n\n\n\n<div class=\"wp-block-essential-blocks-advanced-heading  root-eb-advance-heading-lc47r\"><div class=\"eb-parent-wrapper eb-parent-eb-advance-heading-lc47r eb_animation eb___animated eb___fadeInUp\"><div class=\"eb-advance-heading-wrapper eb-advance-heading-lc47r button-1 undefined\" data-id=\"eb-advance-heading-lc47r\"><p class=\"eb-ah-title\"><span class=\"first-title\">EQUIPAMENTOS, INTERNET, LABORAT\u00d3RIO DE INFORM\u00c1TICA<\/span><\/p><\/div><\/div><\/div>\n\n\n\n<div class=\"wp-block-group alignfull is-vertical is-layout-flex wp-container-core-group-is-layout-8cf370e7 wp-block-group-is-layout-flex\">\n<div class=\"wp-block-columns is-layout-flex wp-container-core-columns-is-layout-9d6595d7 wp-block-columns-is-layout-flex\">\n<div class=\"wp-block-column is-vertically-aligned-top is-layout-flow wp-block-column-is-layout-flow\" style=\"flex-basis:100%\">\n<div class=\"wp-block-columns is-layout-flex wp-container-core-columns-is-layout-9d6595d7 wp-block-columns-is-layout-flex\">\n<div class=\"wp-block-column is-layout-flow wp-block-column-is-layout-flow\" style=\"flex-basis:100%\">\n<div class=\"wp-block-essential-blocks-row alignfull  root-eb-row-okeh0\"><div class=\"eb-parent-wrapper eb-parent-eb-row-okeh0 \"><div class=\"eb-row-root-container eb-row-okeh0\" data-id=\"eb-row-okeh0\"><div class=\"eb-row-wrapper\"><div class=\"eb-row-inner\">\n<div class=\"wp-block-essential-blocks-column  root-eb-column-tbnu9\"><div class=\"eb-parent-wrapper eb-parent-eb-column-tbnu9 \"><div class=\"eb-column-wrapper eb-column-tbnu9\"><div class=\"eb-column-inner\">\n<div class=\"wp-block-columns is-layout-flex wp-container-core-columns-is-layout-9d6595d7 wp-block-columns-is-layout-flex\">\n<div class=\"wp-block-column is-layout-flow wp-block-column-is-layout-flow\" style=\"flex-basis:50%\">\n<div class=\"wp-block-essential-blocks-accordion  root-eb-accordion-smxdi\"><div class=\"eb-parent-wrapper eb-parent-eb-accordion-smxdi eb_animation eb___animated eb___fadeInLeft\"><div class=\"eb-accordion-container eb-accordion-smxdi\" data-accordion-type=\"accordion\" data-tab-icon=\"fas fa-angle-down\" data-expanded-icon=\"fas fa-angle-up\" data-transition-duration=\"500\"><div class=\"eb-accordion-inner\">\n<div class=\"wp-block-essential-blocks-accordion-item eb-accordion-item-bs8vz eb-accordion-wrapper\" data-clickable=\"false\"><div class=\"eb-accordion-title-wrapper eb-accordion-title-wrapper-eb-accordion-smxdi\" tabindex=\"0\"><span class=\"eb-accordion-icon-wrapper eb-accordion-icon-wrapper-eb-accordion-smxdi\"><i icon=\"fas fa-angle-down\" class=\"fas fa-angle-down eb-accordion-icon\"><\/i><\/span><div class=\"eb-accordion-title-content-wrap title-content-eb-accordion-smxdi\"><h3 class=\"eb-accordion-title\"><strong><strong><strong><strong>Sou Aluno(a) da UFPR. Posso usar o Laborat\u00f3rio de Inform\u00e1tica do Direito?<\/strong><\/strong><\/strong><\/strong><\/h3><\/div><\/div><div class=\"eb-accordion-content-wrapper eb-accordion-content-wrapper-eb-accordion-smxdi\"><div class=\"eb-accordion-content\">\n<p>As m\u00e1quinas do Laborat\u00f3rio de Inform\u00e1tica est\u00e3o configuradas para login e senha com base no GRR ativo no curso de Direito da UFPR, com lista retirada do sistema SIGA. Portanto, os alunos e alunas de outros cursos, mesmo que da UFPR, n\u00e3o conseguir\u00e3o acessar os computadores.<\/p>\n<\/div><\/div><\/div>\n\n\n\n<div class=\"wp-block-essential-blocks-accordion-item eb-accordion-item-f4720 eb-accordion-wrapper\" data-clickable=\"false\"><div class=\"eb-accordion-title-wrapper eb-accordion-title-wrapper-eb-accordion-smxdi\" tabindex=\"0\"><span class=\"eb-accordion-icon-wrapper eb-accordion-icon-wrapper-eb-accordion-smxdi\"><i icon=\"fas fa-angle-down\" class=\"fas fa-angle-down eb-accordion-icon\"><\/i><\/span><div class=\"eb-accordion-title-content-wrap title-content-eb-accordion-smxdi\"><h3 class=\"eb-accordion-title\"><strong>Quais os dados de acesso para logar no computador do Laborat\u00f3rio de Inform\u00e1tica?<\/strong><\/h3><\/div><\/div><div class=\"eb-accordion-content-wrapper eb-accordion-content-wrapper-eb-accordion-smxdi\"><div class=\"eb-accordion-content\">\n<p>Os alunos e alunas do Direito UFPR com GRR ativo, para efetuar o login, devem utilizar sua matr\u00edcula ( todos os n\u00fameros e informando as iniciais, grr, grt ou iso)  como usu\u00e1rio e seu CPF como senha  ( sem pontos, tra\u00e7o e sem o zero a esquerda se houver).<\/p>\n\n\n\n<p>A partir do GRR2023 o login deve possuir como senha o CPF completo (inclusive com zero \u00e0 esquerda), excluindo-se os pontos e tra\u00e7os.<\/p>\n\n\n\n<p>Exemplo:<br><em>Login: GRR20230000<br>Senha: 000345678911<\/em><\/p>\n<\/div><\/div><\/div>\n\n\n\n<div class=\"wp-block-essential-blocks-accordion-item eb-accordion-item-h28nw eb-accordion-wrapper\" data-clickable=\"false\"><div class=\"eb-accordion-title-wrapper eb-accordion-title-wrapper-eb-accordion-smxdi\" tabindex=\"0\"><span class=\"eb-accordion-icon-wrapper eb-accordion-icon-wrapper-eb-accordion-smxdi\"><i icon=\"fas fa-angle-down\" class=\"fas fa-angle-down eb-accordion-icon\"><\/i><\/span><div class=\"eb-accordion-title-content-wrap title-content-eb-accordion-smxdi\"><h3 class=\"eb-accordion-title\"><strong><strong><strong><strong>Quais as Regras do Laborat\u00f3rio de Inform\u00e1tica?<\/strong><\/strong><\/strong><\/strong><\/h3><\/div><\/div><div class=\"eb-accordion-content-wrapper eb-accordion-content-wrapper-eb-accordion-smxdi\"><div class=\"eb-accordion-content\">\n<p>O Regimento Interno para uso do Laborat\u00f3rio de Inform\u00e1tica pode ser encontrado no link: <a href=\"https:\/\/direito.ufpr.br\/wp-content\/uploads\/2014\/03\/Regimento-do-Laborat%C3%B3rio-1.pdf\">https:\/\/direito.ufpr.br\/wp-content\/uploads\/2014\/03\/Regimento-do-Laborat%C3%B3rio-1.pdf<\/a>. <\/p>\n\n\n\n<p>Alguns pontos a serem destacados s\u00e3o: <\/p>\n\n\n\n<ul class=\"wp-block-list\">\n<li>N\u00e3o consumir alimentos, bebidas ou cigarros;<\/li>\n\n\n\n<li>Em caso de sons, portar fones de ouvido<\/li>\n\n\n\n<li>Respeitar o sil\u00eancio no ambiente do Laborat\u00f3rio<\/li>\n\n\n\n<li>N\u00e3o realizar reuni\u00f5es, presencialmente ou online. <\/li>\n<\/ul>\n<\/div><\/div><\/div>\n<\/div><\/div><\/div><\/div>\n<\/div>\n\n\n\n<div class=\"wp-block-column is-layout-flow wp-block-column-is-layout-flow\" style=\"flex-basis:50%\">\n<div class=\"wp-block-essential-blocks-accordion  root-eb-accordion-6rnhb\"><div class=\"eb-parent-wrapper eb-parent-eb-accordion-6rnhb eb_animation eb___animated eb___fadeInRight\"><div class=\"eb-accordion-container eb-accordion-6rnhb\" data-accordion-type=\"accordion\" data-tab-icon=\"fas fa-angle-down\" data-expanded-icon=\"fas fa-angle-up\" data-transition-duration=\"500\"><div class=\"eb-accordion-inner\">\n<div class=\"wp-block-essential-blocks-accordion-item eb-accordion-item-m2umw eb-accordion-wrapper\" data-clickable=\"false\"><div class=\"eb-accordion-title-wrapper eb-accordion-title-wrapper-eb-accordion-6rnhb\" tabindex=\"0\"><span class=\"eb-accordion-icon-wrapper eb-accordion-icon-wrapper-eb-accordion-6rnhb\"><i icon=\"fas fa-angle-down\" class=\"fas fa-angle-down eb-accordion-icon\"><\/i><\/span><div class=\"eb-accordion-title-content-wrap title-content-eb-accordion-6rnhb\"><h3 class=\"eb-accordion-title\"><strong><strong><strong>J\u00e1 reservei uma sala para evento e preciso fazer uma transmiss\u00e3o. Como proceder?<\/strong><\/strong><\/strong><\/h3><\/div><\/div><div class=\"eb-accordion-content-wrapper eb-accordion-content-wrapper-eb-accordion-6rnhb\"><div class=\"eb-accordion-content\">\n<p>As transmiss\u00f5es advindas de reserva de sala s\u00e3o de responsabilidade dos(as) realizadores(as) do evento a ser realizado, devendo estes(as) apontar um(a) respons\u00e1vel por sua realiza\u00e7\u00e3o, sendo que:<\/p>\n\n\n\n<p><strong>1)&nbsp;<\/strong>No caso de Transmiss\u00f5es no Canal do Direito UFPR, al\u00e9m da reserva de equipamentos, \u00e9 necess\u00e1rio obter autoriza\u00e7\u00e3o da Dire\u00e7\u00e3o do Setor de Ci\u00eancias Jur\u00eddicas por escrito, com anteced\u00eancia m\u00ednima de 10 dias da realiza\u00e7\u00e3o do evento. A solicita\u00e7\u00e3o pode ser feita atrav\u00e9s do e-mail:&nbsp;<em>juridica@ufpr.br<\/em><\/p>\n\n\n\n<p><strong>2)<\/strong>&nbsp;Nos casos em que a transmiss\u00e3o venha a ser feita em canal n\u00e3o pertencente ao Setor, n\u00e3o \u00e9 necess\u00e1ria a solicita\u00e7\u00e3o de autoriza\u00e7\u00e3o, apenas reserva dos equipamentos.<\/p>\n\n\n\n<p>A \u00c1rea de TI preparou um guia para transmiss\u00f5es, que pode ser conferido na p\u00e1gina: <a href=\"https:\/\/direito.ufpr.br\/?p=40440\">https:\/\/direito.ufpr.br\/?p=40440<\/a><\/p>\n<\/div><\/div><\/div>\n\n\n\n<div class=\"wp-block-essential-blocks-accordion-item eb-accordion-item-s7yiz eb-accordion-wrapper\" data-clickable=\"false\"><div class=\"eb-accordion-title-wrapper eb-accordion-title-wrapper-eb-accordion-6rnhb\" tabindex=\"0\"><span class=\"eb-accordion-icon-wrapper eb-accordion-icon-wrapper-eb-accordion-6rnhb\"><i icon=\"fas fa-angle-down\" class=\"fas fa-angle-down eb-accordion-icon\"><\/i><\/span><div class=\"eb-accordion-title-content-wrap title-content-eb-accordion-6rnhb\"><h3 class=\"eb-accordion-title\"><strong><strong>As salas de aula possuem equipamentos de \u00e1udio\/v\u00eddeo. Eles podem ser manipulados? <\/strong><\/strong><\/h3><\/div><\/div><div class=\"eb-accordion-content-wrapper eb-accordion-content-wrapper-eb-accordion-6rnhb\"><div class=\"eb-accordion-content\">\n<p>As salas de aula contam com equipamentos de Som e Imagem. Eles est\u00e3o todos configurados para uso e a orienta\u00e7\u00e3o do TI \u00e9 de que aqueles que utilizam a sala n\u00e3o manipulem essa configura\u00e7\u00e3o. No entanto, existem algumas a\u00e7\u00f5es e confer\u00eancias que podem ser realizadas para ligar e utilizar essa estrutura que n\u00e3o implica na altera\u00e7\u00e3o de sua configura\u00e7\u00e3o. Estas a\u00e7\u00f5es podem ser consultadas na p\u00e1gina: <a href=\"https:\/\/direito.ufpr.br\/?page_id=46448\">https:\/\/direito.ufpr.br\/?page_id=46448<\/a>.<\/p>\n<\/div><\/div><\/div>\n\n\n\n<div class=\"wp-block-essential-blocks-accordion-item eb-accordion-item-6gs5c eb-accordion-wrapper\" data-clickable=\"false\"><div class=\"eb-accordion-title-wrapper eb-accordion-title-wrapper-eb-accordion-6rnhb\" tabindex=\"0\"><span class=\"eb-accordion-icon-wrapper eb-accordion-icon-wrapper-eb-accordion-6rnhb\"><i icon=\"fas fa-angle-down\" class=\"fas fa-angle-down eb-accordion-icon\"><\/i><\/span><div class=\"eb-accordion-title-content-wrap title-content-eb-accordion-6rnhb\"><h3 class=\"eb-accordion-title\"><strong><strong><strong><strong><strong>Como logar no Wi-fi do Pr\u00e9dio Hist\u00f3rico?<\/strong><\/strong><\/strong><\/strong><\/strong><\/h3><\/div><\/div><div class=\"eb-accordion-content-wrapper eb-accordion-content-wrapper-eb-accordion-6rnhb\"><div class=\"eb-accordion-content\">\n<p>A Rede de Internet sem Fio (Wi-fi) \u00e9 mantida pela Ag\u00eancia de Tecnologia da Informa\u00e7\u00e3o da UFPR (Agitic) e possui duas redes ativas: <em>&#8220;UFPR Sem Fio&#8221;<\/em> e <em>&#8220;Eduroam&#8221;<\/em>.<\/p>\n\n\n\n<p>Para acessar a rede<strong>&#8221; <\/strong>UFPR Sem Fio&#8221;, basta procurar, no seu dispositivo ou computador a rede sem fio de nome \u201cUFPR SEM FIO\u201d. Conecte-se e abra o navegador de sua prefer\u00eancia. Ao ser solicitado usu\u00e1rio e senha, utilize os mesmos dados do seu e-mail UFPR (@ufpr.br).<\/p>\n\n\n\n<p><em>Exemplo:<\/em> para um usu\u00e1rio que possui o seguinte e-mail institucional: <strong>nome.sobrenome@ufpr.br<\/strong> &#8211; senha: <strong>1234<\/strong>, o acesso \u00e0 rede ser\u00e1 feito com os dados: <\/p>\n\n\n\n<ul class=\"wp-block-list\">\n<li>Login: <strong>nome.sobrenome<\/strong> <\/li>\n\n\n\n<li>Senha <strong>1234<\/strong><\/li>\n<\/ul>\n\n\n\n<p>J\u00e1 o Eduroam \u00e9 uma rede que visa oferecer acesso \u00e0 internet sem fio aos estudantes, pesquisadores, professores e servidores das&nbsp;institui\u00e7\u00f5es cadastradas em todo o mundo, sem a necessidade de m\u00faltiplos logins e senhas, formando assim uma rede de confian\u00e7a global. Para acess\u00e1-la, basta informar seus dados de cadastro. <\/p>\n\n\n\n<p>Se ainda n\u00e3o possui cadastro em seu equipamento para esta rede, poder\u00e1 faz\u00ea-lo atrav\u00e9s das orienta\u00e7\u00f5es fornecidas pela AGITIC no link: <a href=\"https:\/\/www.agtic.ufpr.br\/portal\/csi\/o-que-e-eduroam\/\">https:\/\/www.agtic.ufpr.br\/portal\/csi\/o-que-e-eduroam\/<\/a><\/p>\n<\/div><\/div><\/div>\n<\/div><\/div><\/div><\/div>\n<\/div>\n<\/div>\n<\/div><\/div><\/div><\/div>\n<\/div><\/div><\/div><\/div><\/div>\n<\/div>\n<\/div>\n<\/div>\n<\/div>\n<\/div>\n<\/div><\/div><\/div><\/div><\/div>\n\n\n\n<div class=\"wp-block-essential-blocks-advanced-heading  root-eb-advance-heading-v3z0z\" id=\"faq_section\"><div class=\"eb-parent-wrapper eb-parent-eb-advance-heading-v3z0z eb_animation eb___animated eb___fadeInUp\"><div class=\"eb-advance-heading-wrapper eb-advance-heading-v3z0z button-1 undefined\" data-id=\"eb-advance-heading-v3z0z\"><p class=\"eb-ah-title\"><span class=\"first-title\">outras d\u00favidas FREQUENTES<\/span><\/p><\/div><\/div><\/div>\n\n\n\n<div class=\"wp-block-essential-blocks-wrapper alignfull  root-eb-wrapper-w8rv9\"><div class=\"eb-parent-wrapper eb-parent-eb-wrapper-w8rv9 \"><div class=\"eb-wrapper-outer eb-wrapper-w8rv9 eb-wrapper-align-center\"><div class=\"eb-wrapper-inner\"><div class=\"eb-wrapper-inner-blocks\">\n<hr class=\"wp-block-separator aligncenter has-alpha-channel-opacity is-style-default\"\/>\n\n\n\n<p><\/p>\n\n\n\n<div class=\"wp-block-essential-blocks-advanced-heading  root-eb-advance-heading-skrnw\"><div class=\"eb-parent-wrapper eb-parent-eb-advance-heading-skrnw eb_animation eb___animated eb___fadeInUp\"><div class=\"eb-advance-heading-wrapper eb-advance-heading-skrnw button-1 undefined\" data-id=\"eb-advance-heading-skrnw\"><p class=\"eb-ah-title\"><span class=\"first-title\">TRANSFER\u00caNCIAS, VISITAS, INFORMA\u00c7\u00d5ES AOS SERVIDORES E DEMAIS D\u00daVIDAS<\/span><\/p><\/div><\/div><\/div>\n\n\n\n<div class=\"wp-block-group alignfull is-vertical is-layout-flex wp-container-core-group-is-layout-8cf370e7 wp-block-group-is-layout-flex\">\n<div class=\"wp-block-columns is-layout-flex wp-container-core-columns-is-layout-9d6595d7 wp-block-columns-is-layout-flex\">\n<div class=\"wp-block-column is-vertically-aligned-top is-layout-flow wp-block-column-is-layout-flow\" style=\"flex-basis:100%\">\n<div class=\"wp-block-columns is-layout-flex wp-container-core-columns-is-layout-9d6595d7 wp-block-columns-is-layout-flex\">\n<div class=\"wp-block-column is-layout-flow wp-block-column-is-layout-flow\" style=\"flex-basis:100%\">\n<div class=\"wp-block-essential-blocks-row alignfull  root-eb-row-fnahd\"><div class=\"eb-parent-wrapper eb-parent-eb-row-fnahd \"><div class=\"eb-row-root-container eb-row-fnahd\" data-id=\"eb-row-fnahd\"><div class=\"eb-row-wrapper\"><div class=\"eb-row-inner\">\n<div class=\"wp-block-essential-blocks-column  root-eb-column-45jak\"><div class=\"eb-parent-wrapper eb-parent-eb-column-45jak \"><div class=\"eb-column-wrapper eb-column-45jak\"><div class=\"eb-column-inner\">\n<div class=\"wp-block-columns is-layout-flex wp-container-core-columns-is-layout-9d6595d7 wp-block-columns-is-layout-flex\">\n<div class=\"wp-block-column is-layout-flow wp-block-column-is-layout-flow\" style=\"flex-basis:50%\">\n<div class=\"wp-block-essential-blocks-accordion  root-eb-accordion-13u72\"><div class=\"eb-parent-wrapper eb-parent-eb-accordion-13u72 eb_animation eb___animated eb___fadeInLeft\"><div class=\"eb-accordion-container eb-accordion-13u72\" data-accordion-type=\"accordion\" data-tab-icon=\"fas fa-angle-down\" data-expanded-icon=\"fas fa-angle-up\" data-transition-duration=\"500\"><div class=\"eb-accordion-inner\">\n<div class=\"wp-block-essential-blocks-accordion-item eb-accordion-item-row2w eb-accordion-wrapper\" data-clickable=\"false\"><div class=\"eb-accordion-title-wrapper eb-accordion-title-wrapper-eb-accordion-13u72\" tabindex=\"0\"><span class=\"eb-accordion-icon-wrapper eb-accordion-icon-wrapper-eb-accordion-13u72\"><i icon=\"fas fa-angle-down\" class=\"fas fa-angle-down eb-accordion-icon\"><\/i><\/span><div class=\"eb-accordion-title-content-wrap title-content-eb-accordion-13u72\"><h3 class=\"eb-accordion-title\"><strong><strong><strong><strong><strong><strong><strong><strong>Qual o hor\u00e1rio de funcionamento do Pr\u00e9dio Hist\u00f3rico?<\/strong><\/strong><\/strong><\/strong><\/strong><\/strong><\/strong><\/strong> <br><strong><strong><strong><strong><strong><strong>Gostaria de realizar uma visita tur\u00edstica,<\/strong><\/strong><\/strong><\/strong> \u00e9 poss\u00edvel?<\/strong><\/strong>                                                                             <\/h3><\/div><\/div><div class=\"eb-accordion-content-wrapper eb-accordion-content-wrapper-eb-accordion-13u72\"><div class=\"eb-accordion-content\">\n<p>O Pr\u00e9dio Hist\u00f3rico funciona de segunda a sexta-feira, das 07h \u00e0s 23h, e aos s\u00e1bados, das 07h \u00e0s 13h. Aos domingos e feriados, o edif\u00edcio permanece fechado, conforme a <a href=\"https:\/\/pra.ufpr.br\/wp-content\/uploads\/2019\/02\/ORDEM-DE-SERVI%C3%87O-001-2019.pdf\">Ordem de Servi\u00e7o n\u00ba 001\/2019 \u2013 PRA\/UFPR<\/a>.<br><\/p>\n\n\n\n<p>Al\u00e9m das visitas ao <a href=\"http:\/\/www.musa.ufpr.br\/index.html\">Museu de Arte<\/a> e ao <a href=\"https:\/\/mae.ufpr.br\/visite-curitiba\/\">Museu de Arqueologia e Etnologia<\/a> da UFPR, visitas tur\u00edsticas \u00e0s \u00e1reas comuns do Pr\u00e9dio Hist\u00f3rico s\u00e3o permitidas durante o hor\u00e1rio de funcionamento do mesmo. Para realizar a visita\u00e7\u00e3o, \u00e9 necess\u00e1rio identificar-se na recep\u00e7\u00e3o para demais orienta\u00e7\u00f5es.<\/p>\n\n\n\n<p>Para visitas em grupo, \u00e9 necess\u00e1ria a obten\u00e7\u00e3o de autoriza\u00e7\u00e3o da Pr\u00f3-Reitoria de Administra\u00e7\u00e3o, conforme instru\u00e7\u00f5es fornecidas na p\u00e1gina: <a href=\"https:\/\/pra.ufpr.br\/termo-de-responsabilidade\/\">https:\/\/pra.ufpr.br\/termo-de-responsabilidade\/<\/a><\/p>\n<\/div><\/div><\/div>\n\n\n\n<div class=\"wp-block-essential-blocks-accordion-item eb-accordion-item-kr0k4 eb-accordion-wrapper\" data-clickable=\"false\"><div class=\"eb-accordion-title-wrapper eb-accordion-title-wrapper-eb-accordion-13u72\" tabindex=\"0\"><span class=\"eb-accordion-icon-wrapper eb-accordion-icon-wrapper-eb-accordion-13u72\"><i icon=\"fas fa-angle-down\" class=\"fas fa-angle-down eb-accordion-icon\"><\/i><\/span><div class=\"eb-accordion-title-content-wrap title-content-eb-accordion-13u72\"><h3 class=\"eb-accordion-title\">Existe algum conv\u00eanio da UFPR com estacionamentos pr\u00f3ximos ao Pr\u00e9dio Hist\u00f3rico?                                                                          <\/h3><\/div><\/div><div class=\"eb-accordion-content-wrapper eb-accordion-content-wrapper-eb-accordion-13u72\"><div class=\"eb-accordion-content\">\n<p>A UFPR n\u00e3o firma parceria com estacionamentos, por\u00e9m algumas empresas deste segmento oferecem voluntariamente desconto \u00e0s pessoas que afirmam vir ao Pr\u00e9dio da UFPR.<\/p>\n\n\n\n<p>Diante disso, caso seja necess\u00e1rio comprovar seu comparecimento, o ticket fornecido pela empresa de estacionamento deve ser carimbado na Recep\u00e7\u00e3o da portaria central do Pr\u00e9dio Hist\u00f3rico.<\/p>\n<\/div><\/div><\/div>\n\n\n\n<div class=\"wp-block-essential-blocks-accordion-item eb-accordion-item-aobcw eb-accordion-wrapper\" data-clickable=\"false\"><div class=\"eb-accordion-title-wrapper eb-accordion-title-wrapper-eb-accordion-13u72\" tabindex=\"0\"><span class=\"eb-accordion-icon-wrapper eb-accordion-icon-wrapper-eb-accordion-13u72\"><i icon=\"fas fa-angle-down\" class=\"fas fa-angle-down eb-accordion-icon\"><\/i><\/span><div class=\"eb-accordion-title-content-wrap title-content-eb-accordion-13u72\"><h3 class=\"eb-accordion-title\"><strong><strong>Sou estudante de Gradua\u00e7\u00e3o em outra Institui\u00e7\u00e3o. Posso me transferir para a UFPR? <\/strong><\/strong><\/h3><\/div><\/div><div class=\"eb-accordion-content-wrapper eb-accordion-content-wrapper-eb-accordion-13u72\"><div class=\"eb-accordion-content\">\n<p>A Transfer\u00eancia externa \u00e9 destinada a estudantes com registro acad\u00eamico ativo em outra institui\u00e7\u00e3o de ensino superior nacional ou estrangeira interessados em ingressar em curso ofertado pela UFPR desde que o seu curso de origem seja identificado como curso afim pela coordena\u00e7\u00e3o do curso desejado.&nbsp;<\/p>\n\n\n\n<p>O processo para este tipo de solicita\u00e7\u00e3o \u00e9 realizado pela PROGRAD (Pr\u00f3-Reitoria de Gradua\u00e7\u00e3o e Educa\u00e7\u00e3o Profissional) e chamado de Processo de Ocupa\u00e7\u00e3o de Vagas Remanescentes (PROVAR). Consulte a p\u00e1gina que trata deste assunto: <a href=\"http:\/\/www.prograd.ufpr.br\/portal\/informacoesprovar\/\">Informa\u00e7\u00f5es sobre o PROVAR \u2013 PROGRAD (ufpr.br)<\/a><\/p>\n<\/div><\/div><\/div>\n\n\n\n<div class=\"wp-block-essential-blocks-accordion-item eb-accordion-item-b8dm9 eb-accordion-wrapper\" data-clickable=\"false\"><div class=\"eb-accordion-title-wrapper eb-accordion-title-wrapper-eb-accordion-13u72\" tabindex=\"0\"><span class=\"eb-accordion-icon-wrapper eb-accordion-icon-wrapper-eb-accordion-13u72\"><i icon=\"fas fa-angle-down\" class=\"fas fa-angle-down eb-accordion-icon\"><\/i><\/span><div class=\"eb-accordion-title-content-wrap title-content-eb-accordion-13u72\"><h3 class=\"eb-accordion-title\"><strong><strong><strong><strong><strong><strong><strong>Sou aluno(a) da UFPR, mas de outro curso, posso pedir transfer\u00eancia para o Direito?<\/strong><\/strong><\/strong> <\/strong><\/strong><\/strong><\/strong><\/h3><\/div><\/div><div class=\"eb-accordion-content-wrapper eb-accordion-content-wrapper-eb-accordion-13u72\"><div class=\"eb-accordion-content\">\n<p>Para a mudan\u00e7a de curso dentro da UFPR, o aluno dever\u00e1 observar as instru\u00e7\u00f5es e orienta\u00e7\u00f5es fornecidas pela Prograd para tal. O procedimento \u00e9 chamado de &#8220;Processo de Ocupa\u00e7\u00e3o de Vagas Remanescentes (PROVAR)&#8221;. O PROVAR \u00e9 realizado uma vez por ano, sempre no segundo semestre.&nbsp;&nbsp; Consulte a p\u00e1gina que trata deste assunto: <a href=\"http:\/\/www.prograd.ufpr.br\/portal\/informacoesprovar\/\">Informa\u00e7\u00f5es sobre o PROVAR \u2013 PROGRAD (ufpr.br)<\/a><\/p>\n<\/div><\/div><\/div>\n\n\n\n<div class=\"wp-block-essential-blocks-accordion-item eb-accordion-item-f9oq6 eb-accordion-wrapper\" data-clickable=\"false\"><div class=\"eb-accordion-title-wrapper eb-accordion-title-wrapper-eb-accordion-13u72\" tabindex=\"0\"><span class=\"eb-accordion-icon-wrapper eb-accordion-icon-wrapper-eb-accordion-13u72\"><i icon=\"fas fa-angle-down\" class=\"fas fa-angle-down eb-accordion-icon\"><\/i><\/span><div class=\"eb-accordion-title-content-wrap title-content-eb-accordion-13u72\"><h3 class=\"eb-accordion-title\"><strong><strong><strong>Sou <\/strong><\/strong>aluno(a) do Direito, por\u00e9m gostaria de mudar meu turno. \u00c9 poss\u00edvel faz\u00ea-lo pela Coordena\u00e7\u00e3o do Curso?<\/strong><\/h3><\/div><\/div><div class=\"eb-accordion-content-wrapper eb-accordion-content-wrapper-eb-accordion-13u72\"><div class=\"eb-accordion-content\">\n<p>N\u00e3o. O Aluno n\u00e3o poder\u00e1 mudar seu turno diretamente pela Faculdade de Direito. Neste caso, dever\u00e1 pedir transfer\u00eancia para o outro &#8216;curso&#8217; (mesmo se tratando da mesma titularidade de gradua\u00e7\u00e3o, este processo \u00e9 considerado mudan\u00e7a de curso).<\/p>\n\n\n\n<p>Este procedimento \u00e9 chamado de &#8220;Processo de Ocupa\u00e7\u00e3o de Vagas Remanescentes (PROVAR)&#8221; e \u00e9 realizado pela Prograd uma vez por ano, sempre no segundo semestre. Consulte a p\u00e1gina que trata deste assunto: <a href=\"http:\/\/www.prograd.ufpr.br\/portal\/informacoesprovar\/\">Informa\u00e7\u00f5es sobre o PROVAR \u2013 PROGRAD (ufpr.br)<\/a><\/p>\n<\/div><\/div><\/div>\n\n\n\n<div class=\"wp-block-essential-blocks-accordion-item eb-accordion-item-djrzb eb-accordion-wrapper\" data-clickable=\"false\"><div class=\"eb-accordion-title-wrapper eb-accordion-title-wrapper-eb-accordion-13u72\" tabindex=\"0\"><span class=\"eb-accordion-icon-wrapper eb-accordion-icon-wrapper-eb-accordion-13u72\"><i icon=\"fas fa-angle-down\" class=\"fas fa-angle-down eb-accordion-icon\"><\/i><\/span><div class=\"eb-accordion-title-content-wrap title-content-eb-accordion-13u72\"><h3 class=\"eb-accordion-title\"><strong><strong><strong><strong><strong>Como consultar as Normas B\u00e1sicas de Controle e Registro da Atividade Acad\u00eamica dos cursos de Gradua\u00e7\u00e3o da UFPR?<\/strong><\/strong><\/strong><\/strong><\/strong><\/h3><\/div><\/div><div class=\"eb-accordion-content-wrapper eb-accordion-content-wrapper-eb-accordion-13u72\"><div class=\"eb-accordion-content\">\n<p>As normativas relativas aos Cursos de Gradua\u00e7\u00e3o da UFPR est\u00e3o dispon\u00edveis na <a href=\"https:\/\/engprod.ufpr.br\/wp-content\/uploads\/2023\/02\/res-37-97-cepe-atividades-academicas-alterada-pela-res-10-19-cepe-1.pdf\">Resolu\u00e7\u00e3o 37\/97 \u2013 CEPE<\/a>. Caso queira, \u00e9 poss\u00edvel consultar diretamente as normativas relativas a Abandono de Curso, Cancelamento de Registro Acad\u00eamico a pedido do estudante, Cola\u00e7\u00e3o de Grau (Formatura), Confirma\u00e7\u00e3o de Ocupa\u00e7\u00e3o de Vaga, entre outras, diretamente no site da Prograd, pelo link: <a href=\"http:\/\/www.prograd.ufpr.br\/portal\/copap\/normativas\/\">http:\/\/www.prograd.ufpr.br\/portal\/copap\/normativas\/<\/a><\/p>\n<\/div><\/div><\/div>\n<\/div><\/div><\/div><\/div>\n<\/div>\n\n\n\n<div class=\"wp-block-column is-layout-flow wp-block-column-is-layout-flow\" style=\"flex-basis:50%\">\n<div class=\"wp-block-essential-blocks-accordion  root-eb-accordion-g5961\"><div class=\"eb-parent-wrapper eb-parent-eb-accordion-g5961 eb_animation eb___animated eb___fadeInRight\"><div class=\"eb-accordion-container eb-accordion-g5961\" data-accordion-type=\"accordion\" data-tab-icon=\"fas fa-angle-down\" data-expanded-icon=\"fas fa-angle-up\" data-transition-duration=\"500\"><div class=\"eb-accordion-inner\">\n<div class=\"wp-block-essential-blocks-accordion-item eb-accordion-item-yv5j4 eb-accordion-wrapper\" data-clickable=\"false\"><div class=\"eb-accordion-title-wrapper eb-accordion-title-wrapper-eb-accordion-g5961\" tabindex=\"0\"><span class=\"eb-accordion-icon-wrapper eb-accordion-icon-wrapper-eb-accordion-g5961\"><i icon=\"fas fa-angle-down\" class=\"fas fa-angle-down eb-accordion-icon\"><\/i><\/span><div class=\"eb-accordion-title-content-wrap title-content-eb-accordion-g5961\"><h3 class=\"eb-accordion-title\">Sou Servidor(a). Como posso solicitar Crach\u00e1, Progress\u00e3o, F\u00e9rias, Afastamento, Aposentadoria, etc?<\/h3><\/div><\/div><div class=\"eb-accordion-content-wrapper eb-accordion-content-wrapper-eb-accordion-g5961\"><div class=\"eb-accordion-content\">\n<ul class=\"wp-block-list\">\n<li><strong>Crach\u00e1:<\/strong> estas solicita\u00e7\u00f5es realizada por meio do SEI. Para aux\u00edlio aos que tiverem dificuldades, a Progepe disponibiliza um tutorial com instru\u00e7\u00f5es de como realizar o pedido na plataforma. Para obt\u00ea-lo, basta solicitar uma c\u00f3pia do documento pelo: cas@ufpr.br.<\/li>\n\n\n\n<li><strong>Progress\u00e3o Funcional:<\/strong> informa\u00e7\u00f5es sobre progress\u00e3o de servidores t\u00e9cnicos encontram-se no Manual do Servidor, e podem ser consultadas no link:  <a href=\"https:\/\/progepe.ufpr.br\/manual\/\">https:\/\/progepe.ufpr.br\/manual\/<\/a>. <br>No caso de Docentes, as informa\u00e7\u00f5es a respeito de Progress\u00e3o  podem ser obtidas com a Comiss\u00e3o Permanente de Pessoal Docente (CPPD) no seguinte link: <a href=\"http:\/\/www.cppd.ufpr.br\/portal\/\">http:\/\/www.cppd.ufpr.br\/portal\/<\/a>.<\/li>\n\n\n\n<li><strong>F\u00e9rias:<\/strong> as solicita\u00e7\u00f5es de f\u00e9rias precisam ser realizadas diretamente no<a href=\"https:\/\/sougov.sigepe.gov.br\/sougov\/\"> sistema SouGov<\/a>. <\/li>\n\n\n\n<li><strong>Afastamento\/Aposentadoria:<\/strong> a s informa\u00e7\u00f5es sobre afastamento e aposentadoria est\u00e3o descritas no Manual do Servidor, que pode ser consultado no link: <a href=\"https:\/\/progepe.ufpr.br\/manual\/\">https:\/\/progepe.ufpr.br\/manual\/<\/a>.<\/li>\n<\/ul>\n<\/div><\/div><\/div>\n\n\n\n<div class=\"wp-block-essential-blocks-accordion-item eb-accordion-item-snlns eb-accordion-wrapper\" data-clickable=\"false\"><div class=\"eb-accordion-title-wrapper eb-accordion-title-wrapper-eb-accordion-g5961\" tabindex=\"0\"><span class=\"eb-accordion-icon-wrapper eb-accordion-icon-wrapper-eb-accordion-g5961\"><i icon=\"fas fa-angle-down\" class=\"fas fa-angle-down eb-accordion-icon\"><\/i><\/span><div class=\"eb-accordion-title-content-wrap title-content-eb-accordion-g5961\"><h3 class=\"eb-accordion-title\">Sou servidor(a) da UFPR. Como posso acessar as Portarias antigas emitidas pela Progepe?<\/h3><\/div><\/div><div class=\"eb-accordion-content-wrapper eb-accordion-content-wrapper-eb-accordion-g5961\"><div class=\"eb-accordion-content\">\n<p>As Portarias antigas podem ser encontradas no site da PROGEPE pelo link: <a href=\"https:\/\/progepe.ufpr.br\/bgp\/\">https:\/\/progepe.ufpr.br\/bgp\/<\/a><\/p>\n\n\n\n<p>Caso n\u00e3o encontre o que precisa, pode ainda entrar em contato com a Unidade de Emiss\u00e3o de Portarias e Controle e Fun\u00e7\u00f5es da PROGEPE: <a href=\"https:\/\/progepe.ufpr.br\/progepe\/dap\/uepcf\/\">https:\/\/progepe.ufpr.br\/progepe\/dap\/uepcf\/<\/a>.<\/p>\n<\/div><\/div><\/div>\n\n\n\n<div class=\"wp-block-essential-blocks-accordion-item eb-accordion-item-vxqvk eb-accordion-wrapper\" data-clickable=\"false\"><div class=\"eb-accordion-title-wrapper eb-accordion-title-wrapper-eb-accordion-g5961\" tabindex=\"0\"><span class=\"eb-accordion-icon-wrapper eb-accordion-icon-wrapper-eb-accordion-g5961\"><i icon=\"fas fa-angle-down\" class=\"fas fa-angle-down eb-accordion-icon\"><\/i><\/span><div class=\"eb-accordion-title-content-wrap title-content-eb-accordion-g5961\"><h3 class=\"eb-accordion-title\">Sou\/J\u00e1 fui servidor(a) da UFPR e preciso de Certid\u00f5es Negativas. Como proceder?<\/h3><\/div><\/div><div class=\"eb-accordion-content-wrapper eb-accordion-content-wrapper-eb-accordion-g5961\"><div class=\"eb-accordion-content\">\n<p>Existem 3 tipos de Certid\u00f5es Negativas que podem ser Solicitadas: <\/p>\n\n\n\n<ul class=\"wp-block-list\">\n<li><strong>Certid\u00e3o Negativa De Carga Bibliogr\u00e1fica<\/strong>: O Sistema de Bibliotecas da UFPR fornece um tutorial para a solicita\u00e7\u00e3o de Certid\u00f5es Negativas de D\u00e9bito de maneira Online. Acesse o arquivo pelo link: <a href=\"https:\/\/bibliotecas.ufpr.br\/wp-content\/uploads\/2022\/01\/tutorial_CND_online.pdf\">tutorial_CND_online.pdf (ufpr.br)<\/a><\/li>\n\n\n\n<li><strong>Certid\u00e3o Negativa de Carga Patrimonial<\/strong>: esta Certid\u00e3o deve ser solicitada via SEI ou por e-mail junto Ao Departamento de Log\u00edstica da UFPR. Confira as instru\u00e7\u00f5es para o procedimento na p\u00e1gina do DELOG: <a href=\"https:\/\/pra.ufpr.br\/delog\/unidades\/unidade-de-patrimonio\/certidao-negativa-de-carga-patrimonial\/\">https:\/\/pra.ufpr.br\/delog\/unidades\/unidade-de-patrimonio\/certidao-negativa-de-carga-patrimonial\/<\/a><\/li>\n\n\n\n<li><strong>Certid\u00e3o Negativa de Processo Disciplinar<\/strong>:  estas certid\u00f5es est\u00e3o \u00e0 cabo da Controladoria Geral da Uni\u00e3o. Para maiores orienta\u00e7\u00f5es, consulte a Diretoria Disciplinas da UFPR na p\u00e1gina: <a href=\"http:\/\/www.diretoriadisciplinar.ufpr.br\/portal\/certidoes\/\">http:\/\/www.diretoriadisciplinar.ufpr.br\/portal\/certidoes\/<\/a><\/li>\n<\/ul>\n<\/div><\/div><\/div>\n\n\n\n<div class=\"wp-block-essential-blocks-accordion-item eb-accordion-item-630sw eb-accordion-wrapper\" data-clickable=\"false\"><div class=\"eb-accordion-title-wrapper eb-accordion-title-wrapper-eb-accordion-g5961\" tabindex=\"0\"><span class=\"eb-accordion-icon-wrapper eb-accordion-icon-wrapper-eb-accordion-g5961\"><i icon=\"fas fa-angle-down\" class=\"fas fa-angle-down eb-accordion-icon\"><\/i><\/span><div class=\"eb-accordion-title-content-wrap title-content-eb-accordion-g5961\"><h3 class=\"eb-accordion-title\">Acabei esquecendo um item no Pr\u00e9dio. <strong><strong><strong><strong><strong><strong>O Setor possui uma \u00e1rea de Achados e Perdidos?<\/strong><\/strong><\/strong><\/strong><\/strong><\/strong><\/h3><\/div><\/div><div class=\"eb-accordion-content-wrapper eb-accordion-content-wrapper-eb-accordion-g5961\"><div class=\"eb-accordion-content\">\n<p>Os itens encontrados no Setor de Ci\u00eancias Jur\u00eddicas s\u00e3o guardados na Recep\u00e7\u00e3o Central do Pr\u00e9dio por tempo limitado. <\/p>\n\n\n\n<p>Para mais informa\u00e7\u00f5es, entre em contato com a Recep\u00e7\u00e3o pelo telefone: (41) 3310-2902.<\/p>\n<\/div><\/div><\/div>\n\n\n\n<div class=\"wp-block-essential-blocks-accordion-item eb-accordion-item-fimac eb-accordion-wrapper\" data-clickable=\"false\"><div class=\"eb-accordion-title-wrapper eb-accordion-title-wrapper-eb-accordion-g5961\" tabindex=\"0\"><span class=\"eb-accordion-icon-wrapper eb-accordion-icon-wrapper-eb-accordion-g5961\"><i icon=\"fas fa-angle-down\" class=\"fas fa-angle-down eb-accordion-icon\"><\/i><\/span><div class=\"eb-accordion-title-content-wrap title-content-eb-accordion-g5961\"><h3 class=\"eb-accordion-title\">Como me informar sobre P\u00f3s-Gradua\u00e7\u00e3o em Direito?                                                                  <br><br><\/h3><\/div><\/div><div class=\"eb-accordion-content-wrapper eb-accordion-content-wrapper-eb-accordion-g5961\"><div class=\"eb-accordion-content\">\n<p>O Programa de P\u00f3s-Gradua\u00e7\u00e3o em Direito \u00e9 regida pela <a href=\"https:\/\/www.prppg.ufpr.br\/site\/pb\/\">Pr\u00f3-Reitoria de Pesquisa e P\u00f3s-Gradua\u00e7\u00e3o<\/a> da Institui\u00e7\u00e3o e possui site pr\u00f3prio para consultas e informa\u00e7\u00f5es. Acesse: <a href=\"https:\/\/ppgd.ufpr.br\/\">https:\/\/ppgd.ufpr.br\/<\/a> <\/p>\n<\/div><\/div><\/div>\n<\/div><\/div><\/div><\/div>\n<\/div>\n<\/div>\n<\/div><\/div><\/div><\/div>\n<\/div><\/div><\/div><\/div><\/div>\n<\/div>\n<\/div>\n<\/div>\n<\/div>\n<\/div>\n<\/div><\/div><\/div><\/div><\/div>\n\n\n\n<div class=\"wp-block-essential-blocks-wrapper alignfull  root-eb-wrapper-8jtws\"><div class=\"eb-parent-wrapper eb-parent-eb-wrapper-8jtws \"><div class=\"eb-wrapper-outer eb-wrapper-8jtws eb-wrapper-align-center\"><div class=\"eb-wrapper-inner\"><div class=\"eb-wrapper-inner-blocks\">\n<div class=\"wp-block-essential-blocks-wrapper  root-eb-wrapper-4ygo7\"><div class=\"eb-parent-wrapper eb-parent-eb-wrapper-4ygo7 \"><div class=\"eb-wrapper-outer eb-wrapper-4ygo7\"><div class=\"eb-wrapper-inner\"><div class=\"eb-wrapper-inner-blocks eb-wrapper-align-center\">\n<div class=\"wp-block-essential-blocks-advanced-heading  root-eb-advance-heading-8orzd\" id=\"faq_section\"><div class=\"eb-parent-wrapper eb-parent-eb-advance-heading-8orzd eb_animation eb___animated eb___fadeInUp\"><div class=\"eb-advance-heading-wrapper eb-advance-heading-8orzd button-1 undefined\" data-id=\"eb-advance-heading-8orzd\"><p class=\"eb-ah-title\"><span class=\"first-title\">N\u00c3O ENCONTROU O QUE PROCURAVA?<\/span><\/p><\/div><\/div><\/div>\n<\/div><\/div><\/div><\/div><\/div>\n<\/div><\/div><\/div><\/div><\/div>\n\n\n\n<hr class=\"wp-block-separator aligncenter has-alpha-channel-opacity\"\/>\n\n\n\n<div class=\"wp-block-essential-blocks-advanced-heading  root-eb-advance-heading-87fcb\"><div class=\"eb-parent-wrapper eb-parent-eb-advance-heading-87fcb eb_animation eb___animated eb___fadeInUp\"><div class=\"eb-advance-heading-wrapper eb-advance-heading-87fcb button-1 undefined\" data-id=\"eb-advance-heading-87fcb\"><p class=\"eb-ah-title\"><span class=\"first-title\">ENTRE EM CONTATO CONOSCO<\/span><\/p><\/div><\/div><\/div>\n\n\n\n<p><\/p>\n\n\n\n<div class=\"wp-block-columns is-layout-flex wp-container-core-columns-is-layout-9d6595d7 wp-block-columns-is-layout-flex\" style=\"font-size:0px\">\n<div class=\"wp-block-column is-layout-flow wp-block-column-is-layout-flow\" style=\"flex-basis:180%\">\n<div class=\"wp-block-group\"><div class=\"wp-block-group__inner-container is-layout-constrained wp-block-group-is-layout-constrained\">\n<div class=\"wp-block-columns is-layout-flex wp-container-core-columns-is-layout-9d6595d7 wp-block-columns-is-layout-flex\">\n<div class=\"wp-block-column is-layout-flow wp-block-column-is-layout-flow\" style=\"flex-basis:160%\">\n<div class=\"wp-block-group\"><div class=\"wp-block-group__inner-container is-layout-constrained wp-block-group-is-layout-constrained\">\n<div class=\"wp-block-essential-blocks-flipbox  root-eb-flipbox-g6f5c\"><div class=\"eb-parent-wrapper eb-parent-eb-flipbox-g6f5c \"><div class=\"eb-flipbox-container eb-flipbox-g6f5c eb-flipbox-align-center eb-hover-mode\" data-id=\"eb-flipbox-g6f5c\" data-flip-type=\"flip-left\" data-flip-mode=\"hover\"><div class=\"eb-flipper flip-left\"><div class=\"eb-flipbox-front\"><div class=\"eb-flipbox-items-container\"><div class=\"eb-flipbox-icon-wrapper\"><div class=\"eb-flipbox-front-image-container\"><div class=\"eb-image-wrapper\"><div class=\"eb-image-wrapper-inner eb-flipbox-front-image eb-img-style-rounded\"><img decoding=\"async\" src=\"https:\/\/direito.ufpr.br\/wp-content\/uploads\/2024\/09\/Logo-UFPR-branco-png.png\" alt=\"\"\/><\/div><\/div><\/div><\/div><div class=\"eb-flipbox-front-title-wrapper\"><h3 class=\"eb-flipbox-front-title\">DIRE\u00c7\u00c3O DO SETOR DE CI\u00caNCIAS JUR\u00cdDICAS<\/h3><\/div><\/div><\/div><div class=\"eb-flipbox-back\"><div class=\"eb-flipbox-items-container\"><div class=\"eb-flipbox-icon-wrapper\"><div class=\"eb-flipbox-back-image-container\"><div class=\"eb-image-wrapper\"><div class=\"eb-image-wrapper-inner eb-flipbox-back-image eb-img-style-rounded\"><img decoding=\"async\" src=\"https:\/\/direito.ufpr.br\/wp-content\/uploads\/2024\/09\/Logo-UFPR-direito-png-2.png\" alt=\"\"\/><\/div><\/div><\/div><\/div><div class=\"eb-flipbox-back-content-wrapper\"><p class=\"eb-flipbox-back-content\">SECRETARIA<br>Telefone: (41) 3310-2750<br>E-mail: juridica@ufpr.br<br><br>PESQUISA\/EXTENS\u00c3O<br>E-mail: <br>extensaojuridicas@ufpr.br<br><br>\u00c1REA DE TI<br>Telefone: (41) 3310-2679<br>E-mail: tiscj@ufpr.br<\/p><\/div><\/div><\/div><\/div><\/div><\/div><\/div>\n<\/div><\/div>\n<\/div>\n<\/div>\n<\/div><\/div>\n<\/div>\n\n\n\n<div class=\"wp-block-column is-layout-flow wp-block-column-is-layout-flow\" style=\"flex-basis:180%\">\n<div class=\"wp-block-essential-blocks-flipbox  root-eb-flipbox-ff9io\"><div class=\"eb-parent-wrapper eb-parent-eb-flipbox-ff9io \"><div class=\"eb-flipbox-container eb-flipbox-ff9io eb-flipbox-align-center eb-hover-mode\" data-id=\"eb-flipbox-ff9io\" data-flip-type=\"flip-left\" data-flip-mode=\"hover\"><div class=\"eb-flipper flip-left\"><div class=\"eb-flipbox-front\"><div class=\"eb-flipbox-items-container\"><div class=\"eb-flipbox-icon-wrapper\"><div class=\"eb-flipbox-front-image-container\"><div class=\"eb-image-wrapper\"><div class=\"eb-image-wrapper-inner eb-flipbox-front-image eb-img-style-rounded\"><img decoding=\"async\" src=\"https:\/\/direito.ufpr.br\/wp-content\/uploads\/2024\/09\/Logo-UFPR-branco-png.png\" alt=\"\"\/><\/div><\/div><\/div><\/div><div class=\"eb-flipbox-front-title-wrapper\"><h3 class=\"eb-flipbox-front-title\">COORDENA\u00c7\u00c3O DO CURSO DE DIREITO<\/h3><\/div><div class=\"eb-flipbox-front-content-wrapper\"><p class=\"eb-flipbox-front-content\"><\/p><\/div><\/div><\/div><div class=\"eb-flipbox-back\"><div class=\"eb-flipbox-items-container\"><div class=\"eb-flipbox-icon-wrapper\"><div class=\"eb-flipbox-back-image-container\"><div class=\"eb-image-wrapper\"><div class=\"eb-image-wrapper-inner eb-flipbox-back-image eb-img-style-rounded\"><img decoding=\"async\" src=\"https:\/\/direito.ufpr.br\/wp-content\/uploads\/2024\/09\/Logo-UFPR-direito-png-2.png\" alt=\"\"\/><\/div><\/div><\/div><\/div><div class=\"eb-flipbox-back-title-wrapper\"><h3 class=\"eb-flipbox-back-title\">Telefones <br> (41) 3310-2667 <br>(41) 3310-2744<br><br>E-mail<\/h3><\/div><div class=\"eb-flipbox-back-content-wrapper\"><p class=\"eb-flipbox-back-content\">coordenacaojd@ufpr.br<\/p><\/div><\/div><\/div><\/div><\/div><\/div><\/div>\n<\/div>\n\n\n\n<div class=\"wp-block-column is-vertically-aligned-top is-layout-flow wp-block-column-is-layout-flow\" style=\"flex-basis:190%\">\n<div class=\"wp-block-essential-blocks-flipbox  root-eb-flipbox-tplih\"><div class=\"eb-parent-wrapper eb-parent-eb-flipbox-tplih \"><div class=\"eb-flipbox-container eb-flipbox-tplih eb-flipbox-align-center eb-hover-mode\" data-id=\"eb-flipbox-tplih\" data-flip-type=\"flip-left\" data-flip-mode=\"hover\"><div class=\"eb-flipper flip-left\"><div class=\"eb-flipbox-front\"><div class=\"eb-flipbox-items-container\"><div class=\"eb-flipbox-icon-wrapper\"><div class=\"eb-flipbox-front-image-container\"><div class=\"eb-image-wrapper\"><div class=\"eb-image-wrapper-inner eb-flipbox-front-image eb-img-style-rounded\"><img decoding=\"async\" src=\"https:\/\/direito.ufpr.br\/wp-content\/uploads\/2024\/09\/Logo-UFPR-branco-png.png\" alt=\"\"\/><\/div><\/div><\/div><\/div><div class=\"eb-flipbox-front-title-wrapper\"><h3 class=\"eb-flipbox-front-title\">SECRETARIA DOS DEPARTAMENTOS<\/h3><\/div><div class=\"eb-flipbox-front-content-wrapper\"><p class=\"eb-flipbox-front-content\"><\/p><\/div><\/div><\/div><div class=\"eb-flipbox-back\"><div class=\"eb-flipbox-items-container\"><div class=\"eb-flipbox-icon-wrapper\"><div class=\"eb-flipbox-back-image-container\"><div class=\"eb-image-wrapper\"><div class=\"eb-image-wrapper-inner eb-flipbox-back-image eb-img-style-rounded\"><img decoding=\"async\" src=\"https:\/\/direito.ufpr.br\/wp-content\/uploads\/2024\/09\/Logo-UFPR-direito-png-2.png\" alt=\"\"\/><\/div><\/div><\/div><\/div><div class=\"eb-flipbox-back-title-wrapper\"><h3 class=\"eb-flipbox-back-title\">Telefones <br>(41) 3310-2690  <br>(41) 3310-2720 <br><br>E-mail<\/h3><\/div><div class=\"eb-flipbox-back-content-wrapper\"><p class=\"eb-flipbox-back-content\">departamentosjd@ufpr.br<\/p><\/div><\/div><\/div><\/div><\/div><\/div><\/div>\n<\/div>\n\n\n\n<div class=\"wp-block-column is-layout-flow wp-block-column-is-layout-flow\" style=\"flex-basis:190%\">\n<div class=\"wp-block-columns is-layout-flex wp-container-core-columns-is-layout-9d6595d7 wp-block-columns-is-layout-flex\">\n<div class=\"wp-block-column is-layout-flow wp-block-column-is-layout-flow\" style=\"flex-basis:200%\">\n<div class=\"wp-block-essential-blocks-flipbox  root-eb-flipbox-s928r\"><div class=\"eb-parent-wrapper eb-parent-eb-flipbox-s928r \"><div class=\"eb-flipbox-container eb-flipbox-s928r eb-flipbox-align-center eb-hover-mode\" data-id=\"eb-flipbox-s928r\" data-flip-type=\"flip-left\" data-flip-mode=\"hover\"><div class=\"eb-flipper flip-left\"><div class=\"eb-flipbox-front\"><div class=\"eb-flipbox-items-container\"><div class=\"eb-flipbox-icon-wrapper\"><div class=\"eb-flipbox-front-image-container\"><div class=\"eb-image-wrapper\"><div class=\"eb-image-wrapper-inner eb-flipbox-front-image eb-img-style-rounded\"><img decoding=\"async\" src=\"https:\/\/direito.ufpr.br\/wp-content\/uploads\/2024\/09\/Logo-UFPR-branco-png.png\" alt=\"\"\/><\/div><\/div><\/div><\/div><div class=\"eb-flipbox-front-title-wrapper\"><h3 class=\"eb-flipbox-front-title\">N\u00daCLEO DE PR\u00c1TICA JUR\u00cdDICA<\/h3><\/div><\/div><\/div><div class=\"eb-flipbox-back\"><div class=\"eb-flipbox-items-container\"><div class=\"eb-flipbox-icon-wrapper\"><div class=\"eb-flipbox-back-image-container\"><div class=\"eb-image-wrapper\"><div class=\"eb-image-wrapper-inner eb-flipbox-back-image eb-img-style-rounded\"><img decoding=\"async\" src=\"https:\/\/direito.ufpr.br\/wp-content\/uploads\/2024\/09\/Logo-UFPR-direito-png-2.png\" alt=\"\"\/><\/div><\/div><\/div><\/div><div class=\"eb-flipbox-back-content-wrapper\"><p class=\"eb-flipbox-back-content\">SECRETARIA DO NPJ<br><br>Telefone: (41) 3310-2724<br>E-mail: npj@ufpr.br<br><br>SERVI\u00c7O SOCIAL<br>Telefones<br> (41) 3310-2623<br>(41) 3310-2733<br>E-mail: ssocialnpj@ufpr.br<br><br><\/p><\/div><\/div><\/div><\/div><\/div><\/div><\/div>\n<\/div>\n<\/div>\n<\/div>\n\n\n\n<div class=\"wp-block-column is-layout-flow wp-block-column-is-layout-flow\" style=\"flex-basis:180%\">\n<div class=\"wp-block-columns is-layout-flex wp-container-core-columns-is-layout-9d6595d7 wp-block-columns-is-layout-flex\">\n<div class=\"wp-block-column is-layout-flow wp-block-column-is-layout-flow\" style=\"flex-basis:100%\">\n<div class=\"wp-block-group\"><div class=\"wp-block-group__inner-container is-layout-constrained wp-block-group-is-layout-constrained\">\n<div class=\"wp-block-essential-blocks-flipbox  root-eb-flipbox-61zzq\"><div class=\"eb-parent-wrapper eb-parent-eb-flipbox-61zzq \"><div class=\"eb-flipbox-container eb-flipbox-61zzq eb-flipbox-align-center eb-hover-mode\" data-id=\"eb-flipbox-61zzq\" data-flip-type=\"flip-left\" data-flip-mode=\"hover\"><div class=\"eb-flipper flip-left\"><div class=\"eb-flipbox-front\"><div class=\"eb-flipbox-items-container\"><div class=\"eb-flipbox-icon-wrapper\"><div class=\"eb-flipbox-front-image-container\"><div class=\"eb-image-wrapper\"><div class=\"eb-image-wrapper-inner eb-flipbox-front-image eb-img-style-rounded\"><img decoding=\"async\" src=\"https:\/\/direito.ufpr.br\/wp-content\/uploads\/2024\/09\/Logo-UFPR-branco-png.png\" alt=\"\"\/><\/div><\/div><\/div><\/div><div class=\"eb-flipbox-front-title-wrapper\"><h3 class=\"eb-flipbox-front-title\">PROGRAMA DE P\u00d3S-GRADUA\u00c7\u00c3O<\/h3><\/div><\/div><\/div><div class=\"eb-flipbox-back\"><div class=\"eb-flipbox-items-container\"><div class=\"eb-flipbox-icon-wrapper\"><div class=\"eb-flipbox-back-image-container\"><div class=\"eb-image-wrapper\"><div class=\"eb-image-wrapper-inner eb-flipbox-back-image eb-img-style-rounded\"><img decoding=\"async\" src=\"https:\/\/direito.ufpr.br\/wp-content\/uploads\/2024\/09\/Logo-UFPR-direito-png-2.png\" alt=\"\"\/><\/div><\/div><\/div><\/div><div class=\"eb-flipbox-back-title-wrapper\"><h3 class=\"eb-flipbox-back-title\"><a href=\"https:\/\/ppgd.ufpr.br\/\">SITE<\/a> <br>Telefone<br>(41) 3310-2685<br><br>E-mail<\/h3><\/div><div class=\"eb-flipbox-back-content-wrapper\"><p class=\"eb-flipbox-back-content\">ppgdufpr@gmail.com<\/p><\/div><\/div><\/div><\/div><\/div><\/div><\/div>\n<\/div><\/div>\n<\/div>\n<\/div>\n<\/div>\n<\/div>\n\n\n\n<p><\/p>\n\n\n\n<p><\/p>\n\n\n\n<p><\/p>\n","protected":false},"excerpt":{"rendered":"<p>123<\/p>\n","protected":false},"author":46,"featured_media":0,"parent":0,"menu_order":0,"comment_status":"closed","ping_status":"closed","template":"","meta":{"_acf_changed":false,"_eb_attr":"","footnotes":""},"class_list":["post-48868","page","type-page","status-publish","hentry"],"acf":[],"_links":{"self":[{"href":"https:\/\/direito.ufpr.br\/index.php?rest_route=\/wp\/v2\/pages\/48868","targetHints":{"allow":["GET"]}}],"collection":[{"href":"https:\/\/direito.ufpr.br\/index.php?rest_route=\/wp\/v2\/pages"}],"about":[{"href":"https:\/\/direito.ufpr.br\/index.php?rest_route=\/wp\/v2\/types\/page"}],"author":[{"embeddable":true,"href":"https:\/\/direito.ufpr.br\/index.php?rest_route=\/wp\/v2\/users\/46"}],"replies":[{"embeddable":true,"href":"https:\/\/direito.ufpr.br\/index.php?rest_route=%2Fwp%2Fv2%2Fcomments&post=48868"}],"version-history":[{"count":420,"href":"https:\/\/direito.ufpr.br\/index.php?rest_route=\/wp\/v2\/pages\/48868\/revisions"}],"predecessor-version":[{"id":55479,"href":"https:\/\/direito.ufpr.br\/index.php?rest_route=\/wp\/v2\/pages\/48868\/revisions\/55479"}],"wp:attachment":[{"href":"https:\/\/direito.ufpr.br\/index.php?rest_route=%2Fwp%2Fv2%2Fmedia&parent=48868"}],"curies":[{"name":"wp","href":"https:\/\/api.w.org\/{rel}","templated":true}]}}