{"id":51699,"date":"2025-04-01T08:30:43","date_gmt":"2025-04-01T11:30:43","guid":{"rendered":"https:\/\/direito.ufpr.br\/?page_id=51699"},"modified":"2025-07-30T11:47:34","modified_gmt":"2025-07-30T14:47:34","slug":"51699-2","status":"publish","type":"page","link":"https:\/\/direito.ufpr.br\/?page_id=51699","title":{"rendered":""},"content":{"rendered":"\n<figure class=\"wp-block-image size-full\"><img loading=\"lazy\" decoding=\"async\" width=\"1024\" height=\"200\" src=\"https:\/\/direito.ufpr.br\/wp-content\/uploads\/2024\/06\/Reunioes-Ordinarias-\u2013-CSEJDUFPR1.png\" alt=\"\" class=\"wp-image-47692\" srcset=\"https:\/\/direito.ufpr.br\/wp-content\/uploads\/2024\/06\/Reunioes-Ordinarias-\u2013-CSEJDUFPR1.png 1024w, https:\/\/direito.ufpr.br\/wp-content\/uploads\/2024\/06\/Reunioes-Ordinarias-\u2013-CSEJDUFPR1-300x59.png 300w, https:\/\/direito.ufpr.br\/wp-content\/uploads\/2024\/06\/Reunioes-Ordinarias-\u2013-CSEJDUFPR1-768x150.png 768w\" sizes=\"auto, (max-width: 1024px) 100vw, 1024px\" \/><\/figure>\n\n\n<div class=\"wp-block-image\">\n<figure class=\"aligncenter size-large\"><img loading=\"lazy\" decoding=\"async\" width=\"724\" height=\"1024\" src=\"https:\/\/direito.ufpr.br\/wp-content\/uploads\/2025\/07\/edital-iniciacao-cientifica-Abordagens-do-Terceiro-Mundo-ao-Direito-Internacional--724x1024.jpg\" alt=\"\" class=\"wp-image-52828\" srcset=\"https:\/\/direito.ufpr.br\/wp-content\/uploads\/2025\/07\/edital-iniciacao-cientifica-Abordagens-do-Terceiro-Mundo-ao-Direito-Internacional--724x1024.jpg 724w, https:\/\/direito.ufpr.br\/wp-content\/uploads\/2025\/07\/edital-iniciacao-cientifica-Abordagens-do-Terceiro-Mundo-ao-Direito-Internacional--212x300.jpg 212w, https:\/\/direito.ufpr.br\/wp-content\/uploads\/2025\/07\/edital-iniciacao-cientifica-Abordagens-do-Terceiro-Mundo-ao-Direito-Internacional--768x1086.jpg 768w, https:\/\/direito.ufpr.br\/wp-content\/uploads\/2025\/07\/edital-iniciacao-cientifica-Abordagens-do-Terceiro-Mundo-ao-Direito-Internacional--1086x1536.jpg 1086w, https:\/\/direito.ufpr.br\/wp-content\/uploads\/2025\/07\/edital-iniciacao-cientifica-Abordagens-do-Terceiro-Mundo-ao-Direito-Internacional-.jpg 1131w\" sizes=\"auto, (max-width: 724px) 100vw, 724px\" \/><\/figure>\n<\/div>\n\n\n<p><\/p>\n\n\n\n<p class=\"has-text-align-center has-vivid-cyan-blue-color has-text-color has-link-color wp-elements-b76dc2296a81a777e003b2717b97685d\"><strong><a href=\"https:\/\/direito.ufpr.br\/wp-content\/uploads\/2025\/07\/EDITAL-DE-SELECAO-DE-ALUNOS-IC-2025.pdf\" target=\"_blank\" rel=\"noreferrer noopener\">EDITAL DE SELE\u00c7\u00c3O<\/a><\/strong><\/p>\n\n\n\n<p class=\"has-text-align-center has-vivid-cyan-blue-color has-text-color has-link-color wp-elements-b7cde9c3298735e02d5a2e4d09156abc\"><strong>PRAZO DE INSCRI\u00c7\u00c3O: 17\/07\/25 a 22\/07\/25<\/strong><\/p>\n\n\n\n<p class=\"has-text-align-center has-vivid-cyan-blue-color has-text-color has-link-color wp-elements-742a4ae39d1721e2d82ab56dea52a1ae\"><strong>INSCRI\u00c7\u00d5ES POR E-MAIL: raminalarissa@gmail.com<\/strong><\/p>\n\n\n\n<hr class=\"wp-block-separator has-alpha-channel-opacity\"\/>\n\n\n\n<div class=\"wp-block-columns is-layout-flex wp-container-core-columns-is-layout-9d6595d7 wp-block-columns-is-layout-flex\">\n<div class=\"wp-block-column is-layout-flow wp-block-column-is-layout-flow\"><div class=\"wp-block-image\">\n<figure class=\"aligncenter size-large\"><img loading=\"lazy\" decoding=\"async\" width=\"724\" height=\"1024\" src=\"https:\/\/direito.ufpr.br\/wp-content\/uploads\/2025\/07\/A-INTERNACIONALIZACAO-DO-PODER-PUNITIVO-E-AS-PERSPECTIVAS-MODIFICADORAS-DO-DIREITO-PENAL-7-724x1024.jpg\" alt=\"\" class=\"wp-image-52752\" srcset=\"https:\/\/direito.ufpr.br\/wp-content\/uploads\/2025\/07\/A-INTERNACIONALIZACAO-DO-PODER-PUNITIVO-E-AS-PERSPECTIVAS-MODIFICADORAS-DO-DIREITO-PENAL-7-724x1024.jpg 724w, https:\/\/direito.ufpr.br\/wp-content\/uploads\/2025\/07\/A-INTERNACIONALIZACAO-DO-PODER-PUNITIVO-E-AS-PERSPECTIVAS-MODIFICADORAS-DO-DIREITO-PENAL-7-212x300.jpg 212w, https:\/\/direito.ufpr.br\/wp-content\/uploads\/2025\/07\/A-INTERNACIONALIZACAO-DO-PODER-PUNITIVO-E-AS-PERSPECTIVAS-MODIFICADORAS-DO-DIREITO-PENAL-7-768x1086.jpg 768w, https:\/\/direito.ufpr.br\/wp-content\/uploads\/2025\/07\/A-INTERNACIONALIZACAO-DO-PODER-PUNITIVO-E-AS-PERSPECTIVAS-MODIFICADORAS-DO-DIREITO-PENAL-7-1086x1536.jpg 1086w, https:\/\/direito.ufpr.br\/wp-content\/uploads\/2025\/07\/A-INTERNACIONALIZACAO-DO-PODER-PUNITIVO-E-AS-PERSPECTIVAS-MODIFICADORAS-DO-DIREITO-PENAL-7-1448x2048.jpg 1448w, https:\/\/direito.ufpr.br\/wp-content\/uploads\/2025\/07\/A-INTERNACIONALIZACAO-DO-PODER-PUNITIVO-E-AS-PERSPECTIVAS-MODIFICADORAS-DO-DIREITO-PENAL-7.jpg 1587w\" sizes=\"auto, (max-width: 724px) 100vw, 724px\" \/><\/figure>\n<\/div><\/div>\n<\/div>\n\n\n\n<p><\/p>\n\n\n\n<p class=\"has-text-align-center has-vivid-cyan-blue-color has-text-color has-link-color wp-elements-ca248ba944017e117b1dd5d126e4eb70\"><strong><strong><a href=\"https:\/\/direito.ufpr.br\/wp-content\/uploads\/2025\/07\/Edital-de-selecao-PIBIC-2025-Profa.-Rosalice.pdf\">EDITAL DE SELE\u00c7\u00c3O<\/a><\/strong><\/strong><\/p>\n\n\n\n<p class=\"has-text-align-center has-vivid-cyan-blue-color has-text-color has-link-color wp-elements-2433df3970bb04ad39f28823f881ddbe\"><strong>PRAZO DE INSCRI\u00c7\u00c3O: 07\/07\/25 a 15\/07\/25<\/strong><\/p>\n\n\n\n<p class=\"has-text-align-center has-vivid-cyan-blue-color has-text-color has-link-color wp-elements-9e1fd171575d3e6cb554a1e828438d49\"><strong>INSCRI\u00c7\u00d5ES POR E-MAIL: rosallice@gmail.com <\/strong><\/p>\n\n\n\n<hr class=\"wp-block-separator has-alpha-channel-opacity\"\/>\n\n\n\n<div class=\"wp-block-columns is-layout-flex wp-container-core-columns-is-layout-9d6595d7 wp-block-columns-is-layout-flex\">\n<div class=\"wp-block-column is-layout-flow wp-block-column-is-layout-flow\"><div class=\"wp-block-image\">\n<figure class=\"aligncenter size-large\"><img loading=\"lazy\" decoding=\"async\" width=\"724\" height=\"1024\" src=\"https:\/\/direito.ufpr.br\/wp-content\/uploads\/2025\/07\/A-INTERNACIONALIZACAO-DO-PODER-PUNITIVO-E-AS-PERSPECTIVAS-MODIFICADORAS-DO-DIREITO-PENAL-6-724x1024.jpg\" alt=\"\" class=\"wp-image-52717\" srcset=\"https:\/\/direito.ufpr.br\/wp-content\/uploads\/2025\/07\/A-INTERNACIONALIZACAO-DO-PODER-PUNITIVO-E-AS-PERSPECTIVAS-MODIFICADORAS-DO-DIREITO-PENAL-6-724x1024.jpg 724w, https:\/\/direito.ufpr.br\/wp-content\/uploads\/2025\/07\/A-INTERNACIONALIZACAO-DO-PODER-PUNITIVO-E-AS-PERSPECTIVAS-MODIFICADORAS-DO-DIREITO-PENAL-6-212x300.jpg 212w, https:\/\/direito.ufpr.br\/wp-content\/uploads\/2025\/07\/A-INTERNACIONALIZACAO-DO-PODER-PUNITIVO-E-AS-PERSPECTIVAS-MODIFICADORAS-DO-DIREITO-PENAL-6-768x1086.jpg 768w, https:\/\/direito.ufpr.br\/wp-content\/uploads\/2025\/07\/A-INTERNACIONALIZACAO-DO-PODER-PUNITIVO-E-AS-PERSPECTIVAS-MODIFICADORAS-DO-DIREITO-PENAL-6-1086x1536.jpg 1086w, https:\/\/direito.ufpr.br\/wp-content\/uploads\/2025\/07\/A-INTERNACIONALIZACAO-DO-PODER-PUNITIVO-E-AS-PERSPECTIVAS-MODIFICADORAS-DO-DIREITO-PENAL-6-1448x2048.jpg 1448w, https:\/\/direito.ufpr.br\/wp-content\/uploads\/2025\/07\/A-INTERNACIONALIZACAO-DO-PODER-PUNITIVO-E-AS-PERSPECTIVAS-MODIFICADORAS-DO-DIREITO-PENAL-6.jpg 1587w\" sizes=\"auto, (max-width: 724px) 100vw, 724px\" \/><\/figure>\n<\/div><\/div>\n<\/div>\n\n\n\n<p><\/p>\n\n\n\n<p class=\"has-text-align-center has-vivid-cyan-blue-color has-text-color has-link-color wp-elements-9b18be7bff1b488185c9e8f8551d74bf\"><strong><a href=\"https:\/\/direito.ufpr.br\/wp-content\/uploads\/2025\/07\/EDITAL-PIC-Prof-Francisco-01-07-2025.docx\">EDITAL DE SELE\u00c7\u00c3O<\/a><\/strong><\/p>\n\n\n\n<p class=\"has-text-align-center has-vivid-cyan-blue-color has-text-color has-link-color wp-elements-9dc6a06c68387a551b4242446de41038\"><strong>INSCRI\u00c7\u00c3O POR E-MAIL: francisco@monteirorocha.com<\/strong><\/p>\n\n\n\n<p class=\"has-text-align-center has-vivid-cyan-blue-color has-text-color has-link-color wp-elements-60b37b08c732c8c91aadb79d2c2d60a1\"><strong>PRAZO DE INSCRI\u00c7\u00c3O: 01\/07\/25 a 11\/07\/25<\/strong><\/p>\n\n\n\n<hr class=\"wp-block-separator has-alpha-channel-opacity\"\/>\n\n\n\n<div class=\"wp-block-columns is-layout-flex wp-container-core-columns-is-layout-9d6595d7 wp-block-columns-is-layout-flex\">\n<div class=\"wp-block-column is-layout-flow wp-block-column-is-layout-flow\"><div class=\"wp-block-image\">\n<figure class=\"aligncenter size-large\"><img loading=\"lazy\" decoding=\"async\" width=\"724\" height=\"1024\" src=\"https:\/\/direito.ufpr.br\/wp-content\/uploads\/2025\/07\/A-INTERNACIONALIZACAO-DO-PODER-PUNITIVO-E-AS-PERSPECTIVAS-MODIFICADORAS-DO-DIREITO-PENAL-5-724x1024.jpg\" alt=\"\" class=\"wp-image-52714\" srcset=\"https:\/\/direito.ufpr.br\/wp-content\/uploads\/2025\/07\/A-INTERNACIONALIZACAO-DO-PODER-PUNITIVO-E-AS-PERSPECTIVAS-MODIFICADORAS-DO-DIREITO-PENAL-5-724x1024.jpg 724w, https:\/\/direito.ufpr.br\/wp-content\/uploads\/2025\/07\/A-INTERNACIONALIZACAO-DO-PODER-PUNITIVO-E-AS-PERSPECTIVAS-MODIFICADORAS-DO-DIREITO-PENAL-5-212x300.jpg 212w, https:\/\/direito.ufpr.br\/wp-content\/uploads\/2025\/07\/A-INTERNACIONALIZACAO-DO-PODER-PUNITIVO-E-AS-PERSPECTIVAS-MODIFICADORAS-DO-DIREITO-PENAL-5-768x1086.jpg 768w, https:\/\/direito.ufpr.br\/wp-content\/uploads\/2025\/07\/A-INTERNACIONALIZACAO-DO-PODER-PUNITIVO-E-AS-PERSPECTIVAS-MODIFICADORAS-DO-DIREITO-PENAL-5-1086x1536.jpg 1086w, https:\/\/direito.ufpr.br\/wp-content\/uploads\/2025\/07\/A-INTERNACIONALIZACAO-DO-PODER-PUNITIVO-E-AS-PERSPECTIVAS-MODIFICADORAS-DO-DIREITO-PENAL-5-1448x2048.jpg 1448w, https:\/\/direito.ufpr.br\/wp-content\/uploads\/2025\/07\/A-INTERNACIONALIZACAO-DO-PODER-PUNITIVO-E-AS-PERSPECTIVAS-MODIFICADORAS-DO-DIREITO-PENAL-5.jpg 1587w\" sizes=\"auto, (max-width: 724px) 100vw, 724px\" \/><\/figure>\n<\/div><\/div>\n<\/div>\n\n\n\n<p><\/p>\n\n\n\n<p class=\"has-text-align-center has-vivid-cyan-blue-color has-text-color has-link-color wp-elements-2dfa4de8ec4eb4003420a25b04a38bad\"><a href=\"https:\/\/direito.ufpr.br\/wp-content\/uploads\/2025\/07\/EDITAL-CLINICA-DE-DIREITO-E-ARTE-DA-UFPR-2025.pdf\"><strong>EDITAL DE SELE\u00c7\u00c3O<\/strong><\/a><\/p>\n\n\n\n<p class=\"has-text-align-center has-vivid-cyan-blue-color has-text-color has-link-color wp-elements-f3cd0bc27023ffea001d73d1256a263b\"><strong>INSCRI\u00c7\u00d5ES POR E-MAIL: marceloconrado@hotmail.com<\/strong><\/p>\n\n\n\n<p class=\"has-text-align-center has-vivid-cyan-blue-color has-text-color has-link-color wp-elements-b9628995677ef8b137be5a812596e38a\"><strong>PRAZO DE INSCRI\u00c7\u00c3O: 01\/07\/25 a 15\/07\/25<\/strong><\/p>\n\n\n\n<hr class=\"wp-block-separator has-alpha-channel-opacity\"\/>\n\n\n\n<div class=\"wp-block-columns is-layout-flex wp-container-core-columns-is-layout-9d6595d7 wp-block-columns-is-layout-flex\">\n<div class=\"wp-block-column is-layout-flow wp-block-column-is-layout-flow\"><div class=\"wp-block-image\">\n<figure class=\"aligncenter size-large\"><img loading=\"lazy\" decoding=\"async\" width=\"724\" height=\"1024\" src=\"https:\/\/direito.ufpr.br\/wp-content\/uploads\/2025\/06\/A-INTERNACIONALIZACAO-DO-PODER-PUNITIVO-E-AS-PERSPECTIVAS-MODIFICADORAS-DO-DIREITO-PENAL-4-724x1024.jpg\" alt=\"\" class=\"wp-image-52699\" srcset=\"https:\/\/direito.ufpr.br\/wp-content\/uploads\/2025\/06\/A-INTERNACIONALIZACAO-DO-PODER-PUNITIVO-E-AS-PERSPECTIVAS-MODIFICADORAS-DO-DIREITO-PENAL-4-724x1024.jpg 724w, https:\/\/direito.ufpr.br\/wp-content\/uploads\/2025\/06\/A-INTERNACIONALIZACAO-DO-PODER-PUNITIVO-E-AS-PERSPECTIVAS-MODIFICADORAS-DO-DIREITO-PENAL-4-212x300.jpg 212w, https:\/\/direito.ufpr.br\/wp-content\/uploads\/2025\/06\/A-INTERNACIONALIZACAO-DO-PODER-PUNITIVO-E-AS-PERSPECTIVAS-MODIFICADORAS-DO-DIREITO-PENAL-4-768x1086.jpg 768w, https:\/\/direito.ufpr.br\/wp-content\/uploads\/2025\/06\/A-INTERNACIONALIZACAO-DO-PODER-PUNITIVO-E-AS-PERSPECTIVAS-MODIFICADORAS-DO-DIREITO-PENAL-4-1086x1536.jpg 1086w, https:\/\/direito.ufpr.br\/wp-content\/uploads\/2025\/06\/A-INTERNACIONALIZACAO-DO-PODER-PUNITIVO-E-AS-PERSPECTIVAS-MODIFICADORAS-DO-DIREITO-PENAL-4-1448x2048.jpg 1448w, https:\/\/direito.ufpr.br\/wp-content\/uploads\/2025\/06\/A-INTERNACIONALIZACAO-DO-PODER-PUNITIVO-E-AS-PERSPECTIVAS-MODIFICADORAS-DO-DIREITO-PENAL-4.jpg 1587w\" sizes=\"auto, (max-width: 724px) 100vw, 724px\" \/><\/figure>\n<\/div><\/div>\n<\/div>\n\n\n\n<p><\/p>\n\n\n\n<p class=\"has-text-align-center has-vivid-cyan-blue-color has-text-color has-link-color wp-elements-5433330023184ee159d4a192307503c1\"><strong><a href=\"https:\/\/direito.ufpr.br\/wp-content\/uploads\/2025\/06\/Edital-de-selecao-2025-2026.pdf\" target=\"_blank\" rel=\"noreferrer noopener\">EDITAL DE SELE\u00c7\u00c3O<\/a><\/strong><\/p>\n\n\n\n<p class=\"has-text-align-center has-vivid-cyan-blue-color has-text-color has-link-color wp-elements-ea0af0af7c2feaca944c43876d7f921a\"><strong>INSCRI\u00c7\u00d5ES POR E-MAIL: ricardo2p@yahoo.com.br<\/strong><\/p>\n\n\n\n<p class=\"has-text-align-center has-vivid-cyan-blue-color has-text-color has-link-color wp-elements-037b2c6b268a4719b7c922e02854548c\"><strong>PRAZO DE INSCRI\u00c7\u00c3O: 26\/06\/25 a 13\/07\/25<\/strong><\/p>\n\n\n\n<hr class=\"wp-block-separator has-alpha-channel-opacity\"\/>\n\n\n\n<div class=\"wp-block-columns is-layout-flex wp-container-core-columns-is-layout-9d6595d7 wp-block-columns-is-layout-flex\">\n<div class=\"wp-block-column is-layout-flow wp-block-column-is-layout-flow\"><div class=\"wp-block-image\">\n<figure class=\"aligncenter size-large\"><img loading=\"lazy\" decoding=\"async\" width=\"724\" height=\"1024\" src=\"https:\/\/direito.ufpr.br\/wp-content\/uploads\/2025\/06\/A-INTERNACIONALIZACAO-DO-PODER-PUNITIVO-E-AS-PERSPECTIVAS-MODIFICADORAS-DO-DIREITO-PENAL-1-1-724x1024.png\" alt=\"\" class=\"wp-image-52653\" srcset=\"https:\/\/direito.ufpr.br\/wp-content\/uploads\/2025\/06\/A-INTERNACIONALIZACAO-DO-PODER-PUNITIVO-E-AS-PERSPECTIVAS-MODIFICADORAS-DO-DIREITO-PENAL-1-1-724x1024.png 724w, https:\/\/direito.ufpr.br\/wp-content\/uploads\/2025\/06\/A-INTERNACIONALIZACAO-DO-PODER-PUNITIVO-E-AS-PERSPECTIVAS-MODIFICADORAS-DO-DIREITO-PENAL-1-1-212x300.png 212w, https:\/\/direito.ufpr.br\/wp-content\/uploads\/2025\/06\/A-INTERNACIONALIZACAO-DO-PODER-PUNITIVO-E-AS-PERSPECTIVAS-MODIFICADORAS-DO-DIREITO-PENAL-1-1-768x1086.png 768w, https:\/\/direito.ufpr.br\/wp-content\/uploads\/2025\/06\/A-INTERNACIONALIZACAO-DO-PODER-PUNITIVO-E-AS-PERSPECTIVAS-MODIFICADORAS-DO-DIREITO-PENAL-1-1.png 1587w\" sizes=\"auto, (max-width: 724px) 100vw, 724px\" \/><\/figure>\n<\/div><\/div>\n<\/div>\n\n\n\n<p><\/p>\n\n\n\n<p class=\"has-text-align-center has-vivid-cyan-blue-color has-text-color has-link-color wp-elements-b4f437386c454d8f251ebe656b851add\"><strong><a href=\"https:\/\/direito.ufpr.br\/wp-content\/uploads\/2025\/06\/Edital-04-25_PIBIC-2025_CLINICA-DIREITO-DO-TRABALHO.pdf\" target=\"_blank\" rel=\"noreferrer noopener\">EDITAL DE SELE\u00c7\u00c3O<\/a><\/strong><\/p>\n\n\n\n<p class=\"has-text-align-center has-vivid-cyan-blue-color has-text-color has-link-color wp-elements-ffab7f83d2b0cac76fd3f5cae463160a\"><strong>INSCRI\u00c7\u00d5ES POR E-MAIL: sidneimachado@ufpr.br<\/strong><\/p>\n\n\n\n<p class=\"has-text-align-center has-vivid-cyan-blue-color has-text-color has-link-color wp-elements-90a4e22405ede988c7b9575ce3fb1a5c\"><strong>PRAZO DE INSCRI\u00c7\u00c3O: 23\/06\/25 a 30\/06\/25<\/strong><\/p>\n\n\n\n<hr class=\"wp-block-separator has-alpha-channel-opacity\"\/>\n\n\n\n<div class=\"wp-block-columns is-layout-flex wp-container-core-columns-is-layout-9d6595d7 wp-block-columns-is-layout-flex\">\n<div class=\"wp-block-column is-layout-flow wp-block-column-is-layout-flow\"><div class=\"wp-block-image\">\n<figure class=\"aligncenter size-large\"><img loading=\"lazy\" decoding=\"async\" width=\"724\" height=\"1024\" src=\"https:\/\/direito.ufpr.br\/wp-content\/uploads\/2025\/06\/A-INTERNACIONALIZACAO-DO-PODER-PUNITIVO-E-AS-PERSPECTIVAS-MODIFICADORAS-DO-DIREITO-PENAL-3-724x1024.jpg\" alt=\"\" class=\"wp-image-52647\" srcset=\"https:\/\/direito.ufpr.br\/wp-content\/uploads\/2025\/06\/A-INTERNACIONALIZACAO-DO-PODER-PUNITIVO-E-AS-PERSPECTIVAS-MODIFICADORAS-DO-DIREITO-PENAL-3-724x1024.jpg 724w, https:\/\/direito.ufpr.br\/wp-content\/uploads\/2025\/06\/A-INTERNACIONALIZACAO-DO-PODER-PUNITIVO-E-AS-PERSPECTIVAS-MODIFICADORAS-DO-DIREITO-PENAL-3-212x300.jpg 212w, https:\/\/direito.ufpr.br\/wp-content\/uploads\/2025\/06\/A-INTERNACIONALIZACAO-DO-PODER-PUNITIVO-E-AS-PERSPECTIVAS-MODIFICADORAS-DO-DIREITO-PENAL-3-768x1086.jpg 768w, https:\/\/direito.ufpr.br\/wp-content\/uploads\/2025\/06\/A-INTERNACIONALIZACAO-DO-PODER-PUNITIVO-E-AS-PERSPECTIVAS-MODIFICADORAS-DO-DIREITO-PENAL-3-1086x1536.jpg 1086w, https:\/\/direito.ufpr.br\/wp-content\/uploads\/2025\/06\/A-INTERNACIONALIZACAO-DO-PODER-PUNITIVO-E-AS-PERSPECTIVAS-MODIFICADORAS-DO-DIREITO-PENAL-3-1448x2048.jpg 1448w, https:\/\/direito.ufpr.br\/wp-content\/uploads\/2025\/06\/A-INTERNACIONALIZACAO-DO-PODER-PUNITIVO-E-AS-PERSPECTIVAS-MODIFICADORAS-DO-DIREITO-PENAL-3.jpg 1587w\" sizes=\"auto, (max-width: 724px) 100vw, 724px\" \/><\/figure>\n<\/div><\/div>\n<\/div>\n\n\n\n<p><\/p>\n\n\n\n<p class=\"has-text-align-center has-vivid-cyan-blue-color has-text-color has-link-color wp-elements-86ceb01cdc83481855f53ff770f68040\"><strong><a href=\"https:\/\/direito.ufpr.br\/wp-content\/uploads\/2025\/06\/edital-IC-2025-Ana-Carla.pdf\" target=\"_blank\" rel=\"noreferrer noopener\">EDITAL DE SELE\u00c7\u00c3O<\/a><\/strong><\/p>\n\n\n\n<p class=\"has-text-align-center has-vivid-cyan-blue-color has-text-color has-link-color wp-elements-085ff196a36d6f2b541cccafdebf989e\"><strong>INSCRI\u00c7\u00d5ES POR E-MAIL:<\/strong> matheus.idets@gmail.com <\/p>\n\n\n\n<p class=\"has-text-align-center has-vivid-cyan-blue-color has-text-color has-link-color wp-elements-8fbf1c4419b09e3d49302723dfe9453b\"><strong>PRAZO DE INSCRI\u00c7\u00c3O: 25\/06\/25 a 14\/07\/25<\/strong><\/p>\n\n\n\n<p class=\"has-text-align-center has-vivid-cyan-blue-color has-text-color has-link-color wp-elements-7c9692b051bfd4d5e31c19f14ecf94c8\"><strong><a href=\"https:\/\/direito.ufpr.br\/wp-content\/uploads\/2025\/07\/resultado-IC-2025-Ana-Carla.pdf\">EDITAL DE RESULTADO <\/a><\/strong><\/p>\n\n\n\n<hr class=\"wp-block-separator has-alpha-channel-opacity\"\/>\n\n\n\n<div class=\"wp-block-columns is-layout-flex wp-container-core-columns-is-layout-9d6595d7 wp-block-columns-is-layout-flex\">\n<div class=\"wp-block-column is-layout-flow wp-block-column-is-layout-flow\"><div class=\"wp-block-image\">\n<figure class=\"aligncenter size-large\"><img loading=\"lazy\" decoding=\"async\" width=\"724\" height=\"1024\" src=\"https:\/\/direito.ufpr.br\/wp-content\/uploads\/2025\/06\/A-INTERNACIONALIZACAO-DO-PODER-PUNITIVO-E-AS-PERSPECTIVAS-MODIFICADORAS-DO-DIREITO-PENAL-2-724x1024.jpg\" alt=\"\" class=\"wp-image-52617\" srcset=\"https:\/\/direito.ufpr.br\/wp-content\/uploads\/2025\/06\/A-INTERNACIONALIZACAO-DO-PODER-PUNITIVO-E-AS-PERSPECTIVAS-MODIFICADORAS-DO-DIREITO-PENAL-2-724x1024.jpg 724w, https:\/\/direito.ufpr.br\/wp-content\/uploads\/2025\/06\/A-INTERNACIONALIZACAO-DO-PODER-PUNITIVO-E-AS-PERSPECTIVAS-MODIFICADORAS-DO-DIREITO-PENAL-2-212x300.jpg 212w, https:\/\/direito.ufpr.br\/wp-content\/uploads\/2025\/06\/A-INTERNACIONALIZACAO-DO-PODER-PUNITIVO-E-AS-PERSPECTIVAS-MODIFICADORAS-DO-DIREITO-PENAL-2-768x1086.jpg 768w, https:\/\/direito.ufpr.br\/wp-content\/uploads\/2025\/06\/A-INTERNACIONALIZACAO-DO-PODER-PUNITIVO-E-AS-PERSPECTIVAS-MODIFICADORAS-DO-DIREITO-PENAL-2-1086x1536.jpg 1086w, https:\/\/direito.ufpr.br\/wp-content\/uploads\/2025\/06\/A-INTERNACIONALIZACAO-DO-PODER-PUNITIVO-E-AS-PERSPECTIVAS-MODIFICADORAS-DO-DIREITO-PENAL-2-1448x2048.jpg 1448w, https:\/\/direito.ufpr.br\/wp-content\/uploads\/2025\/06\/A-INTERNACIONALIZACAO-DO-PODER-PUNITIVO-E-AS-PERSPECTIVAS-MODIFICADORAS-DO-DIREITO-PENAL-2.jpg 1587w\" sizes=\"auto, (max-width: 724px) 100vw, 724px\" \/><\/figure>\n<\/div><\/div>\n<\/div>\n\n\n\n<p><\/p>\n\n\n\n<p class=\"has-text-align-center\"><a href=\"https:\/\/direito.ufpr.br\/wp-content\/uploads\/2025\/06\/EDITAL-DE-SELECAO-PIBIC-2025-2026-Profa.-Tit.-Vera-Karam-de-Chueiri-1.pdf\" target=\"_blank\" rel=\"noreferrer noopener\"><strong>EDITAL DE SELE\u00c7\u00c3O<\/strong><\/a><\/p>\n\n\n\n<p class=\"has-text-align-center has-vivid-cyan-blue-color has-text-color has-link-color wp-elements-34742f10a6931741b208c67ed3e1f0fc\"><strong>INSCRI\u00c7\u00d5ES POR E-MAIL: vkchueiri@ufpr.br<\/strong><\/p>\n\n\n\n<p class=\"has-text-align-center has-vivid-cyan-blue-color has-text-color has-link-color wp-elements-98ec22dc7bad229398dfda1a6dcf63b2\"><strong>PRAZO DE INSCRI\u00c7\u00c3O: 24\/06\/25 a 01\/07\/25<\/strong><\/p>\n\n\n\n<hr class=\"wp-block-separator has-alpha-channel-opacity\"\/>\n\n\n\n<div class=\"wp-block-columns is-layout-flex wp-container-core-columns-is-layout-9d6595d7 wp-block-columns-is-layout-flex\">\n<div class=\"wp-block-column is-layout-flow wp-block-column-is-layout-flow\"><div class=\"wp-block-image\">\n<figure class=\"aligncenter size-large\"><img loading=\"lazy\" decoding=\"async\" width=\"724\" height=\"1024\" src=\"https:\/\/direito.ufpr.br\/wp-content\/uploads\/2025\/06\/A-INTERNACIONALIZACAO-DO-PODER-PUNITIVO-E-AS-PERSPECTIVAS-MODIFICADORAS-DO-DIREITO-PENAL-1-724x1024.jpg\" alt=\"\" class=\"wp-image-52605\" srcset=\"https:\/\/direito.ufpr.br\/wp-content\/uploads\/2025\/06\/A-INTERNACIONALIZACAO-DO-PODER-PUNITIVO-E-AS-PERSPECTIVAS-MODIFICADORAS-DO-DIREITO-PENAL-1-724x1024.jpg 724w, https:\/\/direito.ufpr.br\/wp-content\/uploads\/2025\/06\/A-INTERNACIONALIZACAO-DO-PODER-PUNITIVO-E-AS-PERSPECTIVAS-MODIFICADORAS-DO-DIREITO-PENAL-1-212x300.jpg 212w, https:\/\/direito.ufpr.br\/wp-content\/uploads\/2025\/06\/A-INTERNACIONALIZACAO-DO-PODER-PUNITIVO-E-AS-PERSPECTIVAS-MODIFICADORAS-DO-DIREITO-PENAL-1-768x1086.jpg 768w, https:\/\/direito.ufpr.br\/wp-content\/uploads\/2025\/06\/A-INTERNACIONALIZACAO-DO-PODER-PUNITIVO-E-AS-PERSPECTIVAS-MODIFICADORAS-DO-DIREITO-PENAL-1-1086x1536.jpg 1086w, https:\/\/direito.ufpr.br\/wp-content\/uploads\/2025\/06\/A-INTERNACIONALIZACAO-DO-PODER-PUNITIVO-E-AS-PERSPECTIVAS-MODIFICADORAS-DO-DIREITO-PENAL-1-1448x2048.jpg 1448w, https:\/\/direito.ufpr.br\/wp-content\/uploads\/2025\/06\/A-INTERNACIONALIZACAO-DO-PODER-PUNITIVO-E-AS-PERSPECTIVAS-MODIFICADORAS-DO-DIREITO-PENAL-1.jpg 1587w\" sizes=\"auto, (max-width: 724px) 100vw, 724px\" \/><\/figure>\n<\/div><\/div>\n<\/div>\n\n\n\n<p><\/p>\n\n\n\n<p class=\"has-text-align-center\"><strong><a href=\"https:\/\/direito.ufpr.br\/wp-content\/uploads\/2025\/06\/EDITAL_IC_PROFA_MELINA_FACHIN.pdf\" target=\"_blank\" rel=\"noreferrer noopener\">EDITAL DE SELE\u00c7\u00c3O<\/a><\/strong><\/p>\n\n\n\n<p class=\"has-text-align-center\"><strong><a href=\"https:\/\/docs.google.com\/forms\/d\/e\/1FAIpQLSfMZNS3J5xC1n3XK-gzm5R_p7zwCyN_nKY5o_yTrWc27cNi3Q\/viewform\" target=\"_blank\" rel=\"noreferrer noopener\">FORMUL\u00c1RIO ELETR\u00d4NICO DE INSCRI\u00c7\u00c3O<\/a><\/strong><\/p>\n\n\n\n<p class=\"has-text-align-center has-vivid-cyan-blue-color has-text-color has-link-color wp-elements-b05a2af3211a61c48582b0e1acbe6c26\"><strong>PRAZO DE INSCRI\u00c7\u00c3O: 24\/06\/25 a 04\/07\/25<\/strong><\/p>\n\n\n\n<hr class=\"wp-block-separator has-alpha-channel-opacity\"\/>\n\n\n<div class=\"wp-block-image\">\n<figure class=\"aligncenter size-large\"><img loading=\"lazy\" decoding=\"async\" width=\"724\" height=\"1024\" src=\"https:\/\/direito.ufpr.br\/wp-content\/uploads\/2025\/06\/A-INTERNACIONALIZACAO-DO-PODER-PUNITIVO-E-AS-PERSPECTIVAS-MODIFICADORAS-DO-DIREITO-PENAL-724x1024.jpg\" alt=\"\" class=\"wp-image-52600\" srcset=\"https:\/\/direito.ufpr.br\/wp-content\/uploads\/2025\/06\/A-INTERNACIONALIZACAO-DO-PODER-PUNITIVO-E-AS-PERSPECTIVAS-MODIFICADORAS-DO-DIREITO-PENAL-724x1024.jpg 724w, https:\/\/direito.ufpr.br\/wp-content\/uploads\/2025\/06\/A-INTERNACIONALIZACAO-DO-PODER-PUNITIVO-E-AS-PERSPECTIVAS-MODIFICADORAS-DO-DIREITO-PENAL-212x300.jpg 212w, https:\/\/direito.ufpr.br\/wp-content\/uploads\/2025\/06\/A-INTERNACIONALIZACAO-DO-PODER-PUNITIVO-E-AS-PERSPECTIVAS-MODIFICADORAS-DO-DIREITO-PENAL-768x1086.jpg 768w, https:\/\/direito.ufpr.br\/wp-content\/uploads\/2025\/06\/A-INTERNACIONALIZACAO-DO-PODER-PUNITIVO-E-AS-PERSPECTIVAS-MODIFICADORAS-DO-DIREITO-PENAL-1086x1536.jpg 1086w, https:\/\/direito.ufpr.br\/wp-content\/uploads\/2025\/06\/A-INTERNACIONALIZACAO-DO-PODER-PUNITIVO-E-AS-PERSPECTIVAS-MODIFICADORAS-DO-DIREITO-PENAL-1448x2048.jpg 1448w, https:\/\/direito.ufpr.br\/wp-content\/uploads\/2025\/06\/A-INTERNACIONALIZACAO-DO-PODER-PUNITIVO-E-AS-PERSPECTIVAS-MODIFICADORAS-DO-DIREITO-PENAL.jpg 1587w\" sizes=\"auto, (max-width: 724px) 100vw, 724px\" \/><\/figure>\n<\/div>\n\n\n<p><\/p>\n\n\n\n<p class=\"has-text-align-center has-vivid-cyan-blue-color has-text-color has-link-color wp-elements-dc12cac55b47f7c55750ba556e66d45a\"><strong><a href=\"https:\/\/direito.ufpr.br\/wp-content\/uploads\/2025\/06\/Edital-PIBIC-2025-1.pdf\" target=\"_blank\" rel=\"noreferrer noopener\">EDITAL DE SELE\u00c7\u00c3O<\/a><\/strong><\/p>\n\n\n\n<p class=\"has-text-align-center has-vivid-cyan-blue-color has-text-color has-link-color wp-elements-3ab827116a7ca09089cfaf7df4302d46\"><strong>INSCRI\u00c7\u00d5ES POR E-MAIL: hoshino.thiago@ufpr.br<\/strong><\/p>\n\n\n\n<p class=\"has-text-align-center has-vivid-cyan-blue-color has-text-color has-link-color wp-elements-8af75c7765e20d603f19b57e5ea7d2c3\"><strong>PRAZO DE INSCRI\u00c7\u00c3O: 23\/06\/25 a 02\/07\/25<\/strong><\/p>\n\n\n\n<p class=\"has-text-align-center has-vivid-cyan-blue-color has-text-color has-link-color wp-elements-9f0b3b50bfa6d45efe1696f1e291460b\"><strong><a href=\"https:\/\/direito.ufpr.br\/wp-content\/uploads\/2025\/07\/RESULTADO-PIBIC-NOSSO-SAGRADO-2025-26.pdf\">EDITAL DE RESULTADO<\/a><\/strong><\/p>\n\n\n\n<hr class=\"wp-block-separator has-alpha-channel-opacity\"\/>\n\n\n\n<div class=\"wp-block-columns is-layout-flex wp-container-core-columns-is-layout-9d6595d7 wp-block-columns-is-layout-flex\">\n<div class=\"wp-block-column is-layout-flow wp-block-column-is-layout-flow\"><div class=\"wp-block-image\">\n<figure class=\"aligncenter size-large\"><img loading=\"lazy\" decoding=\"async\" width=\"724\" height=\"1024\" src=\"https:\/\/direito.ufpr.br\/wp-content\/uploads\/2025\/06\/profa_heloisa_camara-724x1024.png\" alt=\"\" class=\"wp-image-52589\" srcset=\"https:\/\/direito.ufpr.br\/wp-content\/uploads\/2025\/06\/profa_heloisa_camara-724x1024.png 724w, https:\/\/direito.ufpr.br\/wp-content\/uploads\/2025\/06\/profa_heloisa_camara-212x300.png 212w, https:\/\/direito.ufpr.br\/wp-content\/uploads\/2025\/06\/profa_heloisa_camara-768x1086.png 768w, https:\/\/direito.ufpr.br\/wp-content\/uploads\/2025\/06\/profa_heloisa_camara.png 1587w\" sizes=\"auto, (max-width: 724px) 100vw, 724px\" \/><\/figure>\n<\/div><\/div>\n<\/div>\n\n\n\n<p><\/p>\n\n\n\n<p class=\"has-text-align-center has-vivid-cyan-blue-color has-text-color has-link-color wp-elements-27283e279fb1246a1ff6482343d0ac41\"><strong><a href=\"https:\/\/direito.ufpr.br\/wp-content\/uploads\/2025\/06\/Edital-Iniciacao-Cientifica-Profa.-Heloisa-Fernandes-Camara.pdf\" target=\"_blank\" rel=\"noreferrer noopener\">EDITAL DE SELE\u00c7\u00c3O<\/a><\/strong><\/p>\n\n\n\n<p class=\"has-text-align-center has-vivid-cyan-blue-color has-text-color has-link-color wp-elements-38d8d939dea6a63006f4d91211593689\"><strong>INSCRI\u00c7\u00d5ES POR E-MAIL: helocamara@ufpr.br<\/strong><\/p>\n\n\n\n<p class=\"has-text-align-center has-vivid-cyan-blue-color has-text-color has-link-color wp-elements-06ca5645e278dfc32331312b83491285\"><strong>PRAZO DE INSCRI\u00c7\u00c3O: 23\/05\/25 a 06\/07\/2025<\/strong><\/p>\n\n\n\n<hr class=\"wp-block-separator has-alpha-channel-opacity\"\/>\n\n\n\n<div class=\"wp-block-columns is-layout-flex wp-container-core-columns-is-layout-9d6595d7 wp-block-columns-is-layout-flex\">\n<div class=\"wp-block-column is-layout-flow wp-block-column-is-layout-flow\"><div class=\"wp-block-image\">\n<figure class=\"aligncenter size-large\"><img loading=\"lazy\" decoding=\"async\" width=\"724\" height=\"1024\" src=\"https:\/\/direito.ufpr.br\/wp-content\/uploads\/2025\/06\/A-INTERNACIONALIZACAO-DO-PODER-PUNITIVO-E-AS-PERSPECTIVAS-MODIFICADORAS-DO-DIREITO-PENAL-5-724x1024.png\" alt=\"\" class=\"wp-image-52586\" srcset=\"https:\/\/direito.ufpr.br\/wp-content\/uploads\/2025\/06\/A-INTERNACIONALIZACAO-DO-PODER-PUNITIVO-E-AS-PERSPECTIVAS-MODIFICADORAS-DO-DIREITO-PENAL-5-724x1024.png 724w, https:\/\/direito.ufpr.br\/wp-content\/uploads\/2025\/06\/A-INTERNACIONALIZACAO-DO-PODER-PUNITIVO-E-AS-PERSPECTIVAS-MODIFICADORAS-DO-DIREITO-PENAL-5-212x300.png 212w, https:\/\/direito.ufpr.br\/wp-content\/uploads\/2025\/06\/A-INTERNACIONALIZACAO-DO-PODER-PUNITIVO-E-AS-PERSPECTIVAS-MODIFICADORAS-DO-DIREITO-PENAL-5-768x1086.png 768w, https:\/\/direito.ufpr.br\/wp-content\/uploads\/2025\/06\/A-INTERNACIONALIZACAO-DO-PODER-PUNITIVO-E-AS-PERSPECTIVAS-MODIFICADORAS-DO-DIREITO-PENAL-5.png 1587w\" sizes=\"auto, (max-width: 724px) 100vw, 724px\" \/><\/figure>\n<\/div><\/div>\n<\/div>\n\n\n\n<p><\/p>\n\n\n\n<p class=\"has-text-align-center\"><strong><a href=\"https:\/\/direito.ufpr.br\/wp-content\/uploads\/2025\/06\/UFPR2025-PIC-RuiDissenha-Edital-de-selecao.pdf\" target=\"_blank\" rel=\"noreferrer noopener\">EDITAL DE SELE\u00c7\u00c3O<\/a><\/strong><\/p>\n\n\n\n<p class=\"has-text-align-center has-vivid-cyan-blue-color has-text-color has-link-color wp-elements-0c4e8555c387ba33c02285b23a1cc4b2\"><strong>INSCRI\u00c7\u00d5ES POR E-MAIL: dissenha@ufpr.br <\/strong><\/p>\n\n\n\n<p class=\"has-text-align-center has-vivid-cyan-blue-color has-text-color has-link-color wp-elements-1f1099b0a79a107e1290fb22aa081cc5\"><strong>PRAZO DE INSCRI\u00c7\u00c3O: 23\/06\/25 a 04\/07\/25<\/strong><\/p>\n\n\n\n<p class=\"has-text-align-center has-vivid-cyan-blue-color has-text-color has-link-color wp-elements-a9424562f52b315e7244d46b0bd29a39\"><strong><a href=\"https:\/\/direito.ufpr.br\/wp-content\/uploads\/2025\/07\/UFPR2025-PIC-RuiDissenha-ResultadoFinal-Publicacao.pdf\">EDITAL DE RESULTADO<\/a><\/strong><\/p>\n\n\n\n<hr class=\"wp-block-separator has-alpha-channel-opacity\"\/>\n\n\n\n<div class=\"wp-block-columns is-layout-flex wp-container-core-columns-is-layout-9d6595d7 wp-block-columns-is-layout-flex\">\n<div class=\"wp-block-column is-layout-flow wp-block-column-is-layout-flow\"><div class=\"wp-block-image\">\n<figure class=\"aligncenter size-large\"><img loading=\"lazy\" decoding=\"async\" width=\"724\" height=\"1024\" src=\"https:\/\/direito.ufpr.br\/wp-content\/uploads\/2025\/06\/perspectivas_criticas_de_direitos_humanos-2-724x1024.png\" alt=\"\" class=\"wp-image-52561\" srcset=\"https:\/\/direito.ufpr.br\/wp-content\/uploads\/2025\/06\/perspectivas_criticas_de_direitos_humanos-2-724x1024.png 724w, https:\/\/direito.ufpr.br\/wp-content\/uploads\/2025\/06\/perspectivas_criticas_de_direitos_humanos-2-212x300.png 212w, https:\/\/direito.ufpr.br\/wp-content\/uploads\/2025\/06\/perspectivas_criticas_de_direitos_humanos-2-768x1086.png 768w, https:\/\/direito.ufpr.br\/wp-content\/uploads\/2025\/06\/perspectivas_criticas_de_direitos_humanos-2.png 1587w\" sizes=\"auto, (max-width: 724px) 100vw, 724px\" \/><\/figure>\n<\/div><\/div>\n<\/div>\n\n\n\n<p><\/p>\n\n\n\n<p class=\"has-text-align-center\"><strong><a href=\"https:\/\/direito.ufpr.br\/wp-content\/uploads\/2025\/06\/EDITAL-2025-26-IC-1.docx\" target=\"_blank\" rel=\"noreferrer noopener\">EDITAL DE SELE\u00c7\u00c3O<\/a><\/strong><\/p>\n\n\n\n<p class=\"has-text-align-center\"><a href=\"https:\/\/forms.gle\/FH9VtA6edy8Ryy2u8\"><strong>FORMUL\u00c1RIO ELETR\u00d4NICO DE INSCRI\u00c7\u00c3O<\/strong><\/a><\/p>\n\n\n\n<p class=\"has-text-align-center has-vivid-cyan-blue-color has-text-color has-link-color wp-elements-51dbf6052e652a1b6614088c48e0d875\"><strong>PRAZO DE INSCRI\u00c7\u00c3O: 23\/06\/25 a 07\/07\/25<\/strong><\/p>\n\n\n\n<hr class=\"wp-block-separator has-alpha-channel-opacity\"\/>\n\n\n\n<div class=\"wp-block-columns is-layout-flex wp-container-core-columns-is-layout-9d6595d7 wp-block-columns-is-layout-flex\">\n<div class=\"wp-block-column is-layout-flow wp-block-column-is-layout-flow\"><div class=\"wp-block-image\">\n<figure class=\"aligncenter size-large\"><img loading=\"lazy\" decoding=\"async\" width=\"724\" height=\"1024\" src=\"https:\/\/direito.ufpr.br\/wp-content\/uploads\/2025\/06\/ekoa-2-1-724x1024.png\" alt=\"\" class=\"wp-image-52550\" srcset=\"https:\/\/direito.ufpr.br\/wp-content\/uploads\/2025\/06\/ekoa-2-1-724x1024.png 724w, https:\/\/direito.ufpr.br\/wp-content\/uploads\/2025\/06\/ekoa-2-1-212x300.png 212w, https:\/\/direito.ufpr.br\/wp-content\/uploads\/2025\/06\/ekoa-2-1-768x1086.png 768w, https:\/\/direito.ufpr.br\/wp-content\/uploads\/2025\/06\/ekoa-2-1.png 1587w\" sizes=\"auto, (max-width: 724px) 100vw, 724px\" \/><\/figure>\n<\/div><\/div>\n<\/div>\n\n\n\n<p><\/p>\n\n\n\n<p class=\"has-text-align-center has-vivid-cyan-blue-color has-text-color has-link-color wp-elements-f87e03e9eb1042d6d709616cdd44428a\"><strong><a href=\"https:\/\/direito.ufpr.br\/wp-content\/uploads\/2025\/06\/EDITAL-DE-SELECAO-EKOA.docx\">EDITAL DE SELE<\/a><a href=\"https:\/\/direito.ufpr.br\/wp-content\/uploads\/2025\/06\/EDITAL-DE-SELECAO-EKOA.docx\" target=\"_blank\" rel=\"noreferrer noopener\">\u00c7<\/a><a href=\"https:\/\/direito.ufpr.br\/wp-content\/uploads\/2025\/06\/EDITAL-DE-SELECAO-EKOA.docx\">\u00c3O<\/a><\/strong><\/p>\n\n\n\n<p class=\"has-text-align-center has-vivid-cyan-blue-color has-text-color has-link-color wp-elements-5179a996f4df1ad002140706ef4e1fd3\"><strong>INSCRI\u00c7\u00d5ES POR E-MAIL: grupoekoa@gmail.com<\/strong><\/p>\n\n\n\n<p class=\"has-text-align-center has-vivid-cyan-blue-color has-text-color has-link-color wp-elements-6e99a6072bd49af1e2089315dc64cca5\"><strong>PRAZO DE INSCRI\u00c7\u00c3O: 23\/06\/25 a 26\/06\/25<\/strong><\/p>\n\n\n\n<p class=\"has-text-align-center has-vivid-cyan-blue-color has-text-color has-link-color wp-elements-f3d82bdcb0c7f6dea8ad622fbac48748\"><strong><a href=\"https:\/\/direito.ufpr.br\/wp-content\/uploads\/2025\/06\/EDITAL-DE-SELECAO-IC-2025-2026-EKOA-1.pdf\" target=\"_blank\" rel=\"noreferrer noopener\">EDITAL DE RESULTADO<\/a><\/strong><\/p>\n\n\n\n<hr class=\"wp-block-separator has-alpha-channel-opacity\"\/>\n\n\n\n<div class=\"wp-block-columns is-layout-flex wp-container-core-columns-is-layout-9d6595d7 wp-block-columns-is-layout-flex\">\n<div class=\"wp-block-column is-layout-flow wp-block-column-is-layout-flow\"><div class=\"wp-block-image\">\n<figure class=\"aligncenter size-large\"><img loading=\"lazy\" decoding=\"async\" width=\"724\" height=\"1024\" src=\"https:\/\/direito.ufpr.br\/wp-content\/uploads\/2025\/06\/PROFA_STEFANIA-1-724x1024.png\" alt=\"\" class=\"wp-image-52542\" srcset=\"https:\/\/direito.ufpr.br\/wp-content\/uploads\/2025\/06\/PROFA_STEFANIA-1-724x1024.png 724w, https:\/\/direito.ufpr.br\/wp-content\/uploads\/2025\/06\/PROFA_STEFANIA-1-212x300.png 212w, https:\/\/direito.ufpr.br\/wp-content\/uploads\/2025\/06\/PROFA_STEFANIA-1-768x1086.png 768w, https:\/\/direito.ufpr.br\/wp-content\/uploads\/2025\/06\/PROFA_STEFANIA-1.png 1587w\" sizes=\"auto, (max-width: 724px) 100vw, 724px\" \/><\/figure>\n<\/div><\/div>\n<\/div>\n\n\n\n<p><\/p>\n\n\n\n<p class=\"has-text-align-center has-vivid-cyan-blue-color has-text-color has-link-color wp-elements-1e7695360f1650f859e0c64e07071cf8\"><strong><a href=\"https:\/\/direito.ufpr.br\/wp-content\/uploads\/2025\/06\/Edital-de-Selecao-2025-Estef-Barboza.pdf\" target=\"_blank\" rel=\"noreferrer noopener\">EDITAL DE SELE\u00c7\u00c3O<\/a><\/strong><\/p>\n\n\n\n<p class=\"has-text-align-center has-vivid-cyan-blue-color has-text-color has-link-color wp-elements-3ce41f0b699571c0d7971cbfaecd870c\"><strong>INSCRI\u00c7\u00d5ES POR E-MAIL: estefania.barboza@ufpr.br<\/strong><\/p>\n\n\n\n<p class=\"has-text-align-center has-vivid-cyan-blue-color has-text-color has-link-color wp-elements-819a732e531cbd29ce0cd2a849dca96d\"><strong>PRAZO DE INSCRI\u00c7\u00c3O: 17\/06\/25 a 27\/06\/25<\/strong><\/p>\n\n\n\n<p class=\"has-text-align-center has-vivid-cyan-blue-color has-text-color has-link-color wp-elements-990e4fa179de9091b8cf239d05ae0d0b\"><strong><a href=\"https:\/\/direito.ufpr.br\/wp-content\/uploads\/2025\/07\/Edital-de-resultado-IC-EB.pdf\" target=\"_blank\" rel=\"noreferrer noopener\">EDITAL DE RESULTADO<\/a><\/strong><\/p>\n\n\n\n<hr class=\"wp-block-separator has-alpha-channel-opacity\"\/>\n\n\n\n<div class=\"wp-block-columns is-layout-flex wp-container-core-columns-is-layout-9d6595d7 wp-block-columns-is-layout-flex\">\n<div class=\"wp-block-column is-layout-flow wp-block-column-is-layout-flow\"><div class=\"wp-block-image\">\n<figure class=\"aligncenter size-large\"><img loading=\"lazy\" decoding=\"async\" width=\"724\" height=\"1024\" src=\"https:\/\/direito.ufpr.br\/wp-content\/uploads\/2025\/06\/PROF_FREDERICO_GLITZ-724x1024.png\" alt=\"\" class=\"wp-image-52520\" srcset=\"https:\/\/direito.ufpr.br\/wp-content\/uploads\/2025\/06\/PROF_FREDERICO_GLITZ-724x1024.png 724w, https:\/\/direito.ufpr.br\/wp-content\/uploads\/2025\/06\/PROF_FREDERICO_GLITZ-212x300.png 212w, https:\/\/direito.ufpr.br\/wp-content\/uploads\/2025\/06\/PROF_FREDERICO_GLITZ-768x1086.png 768w, https:\/\/direito.ufpr.br\/wp-content\/uploads\/2025\/06\/PROF_FREDERICO_GLITZ-1086x1536.png 1086w, https:\/\/direito.ufpr.br\/wp-content\/uploads\/2025\/06\/PROF_FREDERICO_GLITZ.png 1587w\" sizes=\"auto, (max-width: 724px) 100vw, 724px\" \/><\/figure>\n<\/div><\/div>\n<\/div>\n\n\n\n<p><\/p>\n\n\n\n<p class=\"has-text-align-center has-vivid-cyan-blue-color has-text-color has-link-color wp-elements-48df26f92da4968ab19f298952904c13\"><a href=\"https:\/\/direito.ufpr.br\/wp-content\/uploads\/2025\/06\/EDITAL-SELECAO-1.docx\" target=\"_blank\" rel=\"noreferrer noopener\"><strong>EDITAL DE SELE\u00c7\u00c3O<\/strong><\/a><\/p>\n\n\n\n<p class=\"has-text-align-center has-vivid-cyan-blue-color has-text-color has-link-color wp-elements-c0bd5fffd386432f664a74d27c08d659\"><strong>INSCRI\u00c7\u00d5ES POR E-MAIL: frederico.glitz@ufpr.b<\/strong>r<\/p>\n\n\n\n<p class=\"has-text-align-center has-vivid-cyan-blue-color has-text-color has-link-color wp-elements-3ef7f5e9cfd2f70f62bb2f2113ee1dc4\"><strong>PRAZO DE INSCRI\u00c7\u00c3O: 23\/06\/25 a 27\/06\/25<\/strong><\/p>\n\n\n\n<p class=\"has-text-align-center has-vivid-cyan-blue-color has-text-color has-link-color wp-elements-b1cb77305d5460630c62c46bce145c5c\"><strong><a href=\"https:\/\/direito.ufpr.br\/wp-content\/uploads\/2025\/06\/EDITAL-SELECAO-resultado.pdf\" target=\"_blank\" rel=\"noreferrer noopener\">EDITAL DE RESULTADO<\/a><\/strong><\/p>\n\n\n\n<hr class=\"wp-block-separator has-alpha-channel-opacity\"\/>\n\n\n\n<div class=\"wp-block-columns is-layout-flex wp-container-core-columns-is-layout-9d6595d7 wp-block-columns-is-layout-flex\">\n<div class=\"wp-block-column is-layout-flow wp-block-column-is-layout-flow\"><div class=\"wp-block-image\">\n<figure class=\"aligncenter size-large\"><img loading=\"lazy\" decoding=\"async\" width=\"724\" height=\"1024\" src=\"https:\/\/direito.ufpr.br\/wp-content\/uploads\/2025\/06\/A-INTERNACIONALIZACAO-DO-PODER-PUNITIVO-E-AS-PERSPECTIVAS-MODIFICADORAS-DO-DIREITO-PENAL-3-724x1024.png\" alt=\"\" class=\"wp-image-52511\" srcset=\"https:\/\/direito.ufpr.br\/wp-content\/uploads\/2025\/06\/A-INTERNACIONALIZACAO-DO-PODER-PUNITIVO-E-AS-PERSPECTIVAS-MODIFICADORAS-DO-DIREITO-PENAL-3-724x1024.png 724w, https:\/\/direito.ufpr.br\/wp-content\/uploads\/2025\/06\/A-INTERNACIONALIZACAO-DO-PODER-PUNITIVO-E-AS-PERSPECTIVAS-MODIFICADORAS-DO-DIREITO-PENAL-3-212x300.png 212w, https:\/\/direito.ufpr.br\/wp-content\/uploads\/2025\/06\/A-INTERNACIONALIZACAO-DO-PODER-PUNITIVO-E-AS-PERSPECTIVAS-MODIFICADORAS-DO-DIREITO-PENAL-3-768x1086.png 768w, https:\/\/direito.ufpr.br\/wp-content\/uploads\/2025\/06\/A-INTERNACIONALIZACAO-DO-PODER-PUNITIVO-E-AS-PERSPECTIVAS-MODIFICADORAS-DO-DIREITO-PENAL-3-1086x1536.png 1086w, https:\/\/direito.ufpr.br\/wp-content\/uploads\/2025\/06\/A-INTERNACIONALIZACAO-DO-PODER-PUNITIVO-E-AS-PERSPECTIVAS-MODIFICADORAS-DO-DIREITO-PENAL-3.png 1587w\" sizes=\"auto, (max-width: 724px) 100vw, 724px\" \/><\/figure>\n<\/div><\/div>\n<\/div>\n\n\n\n<p><\/p>\n\n\n\n<p class=\"has-text-align-center has-vivid-cyan-blue-color has-text-color has-link-color wp-elements-c33214c79a46be517fb78f48eedc4a96\"><strong><a href=\"https:\/\/direito.ufpr.br\/wp-content\/uploads\/2025\/06\/Edital-de-Selecao-2025-1.pdf\" target=\"_blank\" rel=\"noreferrer noopener\">EDITAL DE SELE\u00c7\u00c3O<\/a><\/strong><\/p>\n\n\n\n<p class=\"has-text-align-center has-vivid-cyan-blue-color has-text-color has-link-color wp-elements-d476c68293b8f4f73e27619bf5b04941\"><strong><a href=\"https:\/\/forms.office.com\/r\/K5hRfr3cLa\">FORMUL\u00c1RIO DE INSCRI\u00c7\u00c3O<\/a><\/strong><\/p>\n\n\n\n<p class=\"has-text-align-center has-vivid-cyan-blue-color has-text-color has-link-color wp-elements-8b97144e7811d22958929bc65ad52a32\"><strong>PRAZO DE INSCRI\u00c7\u00c3O: 16\/06\/25 a 23\/06\/25<\/strong><\/p>\n\n\n\n<hr class=\"wp-block-separator has-alpha-channel-opacity\"\/>\n\n\n<div class=\"wp-block-image\">\n<figure class=\"aligncenter size-large\"><a href=\"https:\/\/direito.ufpr.br\/wp-content\/uploads\/2025\/04\/EDITAL-DE-SELECAO-INICIACAO-CIENTIFICA-BIOTEC.docx.pdf\"><img loading=\"lazy\" decoding=\"async\" width=\"724\" height=\"1024\" src=\"https:\/\/direito.ufpr.br\/wp-content\/uploads\/2025\/04\/PROFA_ADRIANA-724x1024.png\" alt=\"\" class=\"wp-image-51700\" srcset=\"https:\/\/direito.ufpr.br\/wp-content\/uploads\/2025\/04\/PROFA_ADRIANA-724x1024.png 724w, https:\/\/direito.ufpr.br\/wp-content\/uploads\/2025\/04\/PROFA_ADRIANA-212x300.png 212w, https:\/\/direito.ufpr.br\/wp-content\/uploads\/2025\/04\/PROFA_ADRIANA-768x1086.png 768w, https:\/\/direito.ufpr.br\/wp-content\/uploads\/2025\/04\/PROFA_ADRIANA-1086x1536.png 1086w, https:\/\/direito.ufpr.br\/wp-content\/uploads\/2025\/04\/PROFA_ADRIANA-1448x2048.png 1448w, https:\/\/direito.ufpr.br\/wp-content\/uploads\/2025\/04\/PROFA_ADRIANA.png 1587w\" sizes=\"auto, (max-width: 724px) 100vw, 724px\" \/><\/a><\/figure>\n<\/div>\n\n\n<p><\/p>\n\n\n\n<p class=\"has-text-align-center has-vivid-cyan-blue-color has-text-color has-link-color wp-elements-d50237db6636b0a32fbed84bfc62866b\"><strong><a href=\"https:\/\/direito.ufpr.br\/wp-content\/uploads\/2025\/04\/EDITAL-DE-SELECAO-INICIACAO-CIENTIFICA-BIOTEC.docx.pdf\" target=\"_blank\" rel=\"noreferrer noopener\">EDITAL DE SELE\u00c7\u00c3O<\/a><\/strong><\/p>\n\n\n\n<p class=\"has-text-align-center has-vivid-cyan-blue-color has-text-color has-link-color wp-elements-821bb846cb810b8caeb350cc35cc3b6b\"><strong><a href=\"https:\/\/ufprbr0-my.sharepoint.com\/:f:\/g\/personal\/adriana_correa_ufpr_br\/EtDLMrziG81\">FORMUL\u00c1RIO DE INSCRI\u00c7\u00c3O<\/a><\/strong><\/p>\n\n\n\n<p class=\"has-text-align-center has-vivid-cyan-blue-color has-text-color has-link-color wp-elements-bda8b82ca5c506743ece040fc3760893\"><strong>PRAZO DE INSCRI\u00c7\u00c3O: 31\/03\/25 a 02\/04\/25<\/strong><\/p>\n\n\n\n<hr class=\"wp-block-separator has-alpha-channel-opacity\"\/>\n\n\n\n<p><\/p>\n","protected":false},"excerpt":{"rendered":"<p>EDITAL DE SELE\u00c7\u00c3O PRAZO DE INSCRI\u00c7\u00c3O: 17\/07\/25 a 22\/07\/25 INSCRI\u00c7\u00d5ES POR E-MAIL: raminalarissa@gmail.com EDITAL DE SELE\u00c7\u00c3O PRAZO DE INSCRI\u00c7\u00c3O: 07\/07\/25 a 15\/07\/25 INSCRI\u00c7\u00d5ES POR E-MAIL: rosallice@gmail.com EDITAL DE SELE\u00c7\u00c3O INSCRI\u00c7\u00c3O POR E-MAIL: francisco@monteirorocha.com PRAZO DE INSCRI\u00c7\u00c3O: 01\/07\/25 a 11\/07\/25 EDITAL DE SELE\u00c7\u00c3O INSCRI\u00c7\u00d5ES POR E-MAIL: marceloconrado@hotmail.com PRAZO DE INSCRI\u00c7\u00c3O: 01\/07\/25 a 15\/07\/25 EDITAL DE SELE\u00c7\u00c3O [&hellip;]<\/p>\n","protected":false},"author":52,"featured_media":0,"parent":0,"menu_order":0,"comment_status":"closed","ping_status":"closed","template":"","meta":{"_acf_changed":false,"_eb_attr":"","footnotes":""},"class_list":["post-51699","page","type-page","status-publish","hentry"],"acf":[],"_links":{"self":[{"href":"https:\/\/direito.ufpr.br\/index.php?rest_route=\/wp\/v2\/pages\/51699","targetHints":{"allow":["GET"]}}],"collection":[{"href":"https:\/\/direito.ufpr.br\/index.php?rest_route=\/wp\/v2\/pages"}],"about":[{"href":"https:\/\/direito.ufpr.br\/index.php?rest_route=\/wp\/v2\/types\/page"}],"author":[{"embeddable":true,"href":"https:\/\/direito.ufpr.br\/index.php?rest_route=\/wp\/v2\/users\/52"}],"replies":[{"embeddable":true,"href":"https:\/\/direito.ufpr.br\/index.php?rest_route=%2Fwp%2Fv2%2Fcomments&post=51699"}],"version-history":[{"count":105,"href":"https:\/\/direito.ufpr.br\/index.php?rest_route=\/wp\/v2\/pages\/51699\/revisions"}],"predecessor-version":[{"id":52883,"href":"https:\/\/direito.ufpr.br\/index.php?rest_route=\/wp\/v2\/pages\/51699\/revisions\/52883"}],"wp:attachment":[{"href":"https:\/\/direito.ufpr.br\/index.php?rest_route=%2Fwp%2Fv2%2Fmedia&parent=51699"}],"curies":[{"name":"wp","href":"https:\/\/api.w.org\/{rel}","templated":true}]}}